{"id":14102,"date":"2023-08-19T14:22:02","date_gmt":"2023-08-19T12:22:02","guid":{"rendered":"https:\/\/humboldt-greifswald.de\/web\/?page_id=14102"},"modified":"2026-04-17T21:39:58","modified_gmt":"2026-04-17T19:39:58","slug":"termine","status":"publish","type":"page","link":"https:\/\/humboldt-greifswald.de\/web\/termine\/","title":{"rendered":"Termine"},"content":{"rendered":"\t\t<div data-elementor-type=\"wp-page\" data-elementor-id=\"14102\" class=\"elementor elementor-14102\">\n\t\t\t\t<div class=\"elementor-element elementor-element-29472a2 e-flex e-con-boxed e-con e-parent\" data-id=\"29472a2\" data-element_type=\"container\" data-e-type=\"container\">\n\t\t\t\t\t<div class=\"e-con-inner\">\n\t\t\t\t<div class=\"elementor-element elementor-element-8dee678 elementor-position-inline-start elementor-view-default elementor-mobile-position-block-start elementor-widget elementor-widget-icon-box\" data-id=\"8dee678\" data-element_type=\"widget\" data-e-type=\"widget\" data-widget_type=\"icon-box.default\">\n\t\t\t\t<div class=\"elementor-widget-container\">\n\t\t\t\t\t\t\t<div class=\"elementor-icon-box-wrapper\">\n\n\t\t\t\t\t\t<div class=\"elementor-icon-box-icon\">\n\t\t\t\t<a href=\"https:\/\/humboldt-greifswald.de\/web\/wp-content\/uploads\/2025\/09\/Dienstplan-2025-26-Schueler.pdf\" class=\"elementor-icon\" tabindex=\"-1\" aria-label=\"Jahresterminplan (Dienstplan)\">\n\t\t\t\t<i aria-hidden=\"true\" class=\"far fa-calendar\"><\/i>\t\t\t\t<\/a>\n\t\t\t<\/div>\n\t\t\t\n\t\t\t\t\t\t<div class=\"elementor-icon-box-content\">\n\n\t\t\t\t\t\t\t\t\t<h3 class=\"elementor-icon-box-title\">\n\t\t\t\t\t\t<a href=\"https:\/\/humboldt-greifswald.de\/web\/wp-content\/uploads\/2025\/09\/Dienstplan-2025-26-Schueler.pdf\" >\n\t\t\t\t\t\t\tJahresterminplan (Dienstplan)\t\t\t\t\t\t<\/a>\n\t\t\t\t\t<\/h3>\n\t\t\t\t\n\t\t\t\t\t\t\t\t\t<p class=\"elementor-icon-box-description\">\n\t\t\t\t\t\tf\u00fcr das Schuljahr 2025\/26 (Stand 01.09.2025)\t\t\t\t\t<\/p>\n\t\t\t\t\n\t\t\t<\/div>\n\t\t\t\n\t\t<\/div>\n\t\t\t\t\t\t<\/div>\n\t\t\t\t<\/div>\n\t\t\t\t<div class=\"elementor-element elementor-element-bafa43f elementor-position-inline-start elementor-view-default elementor-mobile-position-block-start elementor-widget elementor-widget-icon-box\" data-id=\"bafa43f\" data-element_type=\"widget\" data-e-type=\"widget\" data-widget_type=\"icon-box.default\">\n\t\t\t\t<div class=\"elementor-widget-container\">\n\t\t\t\t\t\t\t<div class=\"elementor-icon-box-wrapper\">\n\n\t\t\t\t\t\t<div class=\"elementor-icon-box-icon\">\n\t\t\t\t<a href=\"https:\/\/humboldt-greifswald.de\/web\/wp-content\/uploads\/2026\/04\/Abiturablaufplan_Schueler_2026.pdf\" class=\"elementor-icon\" tabindex=\"-1\" aria-label=\"Ablaufplan Abitur\">\n\t\t\t\t<i aria-hidden=\"true\" class=\"far fa-calendar\"><\/i>\t\t\t\t<\/a>\n\t\t\t<\/div>\n\t\t\t\n\t\t\t\t\t\t<div class=\"elementor-icon-box-content\">\n\n\t\t\t\t\t\t\t\t\t<h3 class=\"elementor-icon-box-title\">\n\t\t\t\t\t\t<a href=\"https:\/\/humboldt-greifswald.de\/web\/wp-content\/uploads\/2026\/04\/Abiturablaufplan_Schueler_2026.pdf\" >\n\t\t\t\t\t\t\tAblaufplan Abitur\t\t\t\t\t\t<\/a>\n\t\t\t\t\t<\/h3>\n\t\t\t\t\n\t\t\t\t\t\t\t\t\t<p class=\"elementor-icon-box-description\">\n\t\t\t\t\t\tf\u00fcr das Abitur 2026 (Stand: 17.04.2026)\t\t\t\t\t<\/p>\n\t\t\t\t\n\t\t\t<\/div>\n\t\t\t\n\t\t<\/div>\n\t\t\t\t\t\t<\/div>\n\t\t\t\t<\/div>\n\t\t\t\t<div class=\"elementor-element elementor-element-820a4bc elementor-position-inline-start elementor-view-default elementor-mobile-position-block-start elementor-widget elementor-widget-icon-box\" data-id=\"820a4bc\" data-element_type=\"widget\" data-e-type=\"widget\" data-widget_type=\"icon-box.default\">\n\t\t\t\t<div class=\"elementor-widget-container\">\n\t\t\t\t\t\t\t<div class=\"elementor-icon-box-wrapper\">\n\n\t\t\t\t\t\t<div class=\"elementor-icon-box-icon\">\n\t\t\t\t<span  class=\"elementor-icon\">\n\t\t\t\t<i aria-hidden=\"true\" class=\"far fa-file\"><\/i>\t\t\t\t<\/span>\n\t\t\t<\/div>\n\t\t\t\n\t\t\t\t\t\t<div class=\"elementor-icon-box-content\">\n\n\t\t\t\t\t\t\t\t\t<h3 class=\"elementor-icon-box-title\">\n\t\t\t\t\t\t<span  >\n\t\t\t\t\t\t\t\u00dcbersicht Ganztagsangebote\t\t\t\t\t\t<\/span>\n\t\t\t\t\t<\/h3>\n\t\t\t\t\n\t\t\t\t\t\t\t\t\t<p class=\"elementor-icon-box-description\">\n\t\t\t\t\t\tf\u00fcr das aktuelle Schuljahr noch nicht verf\u00fcgbar...\t\t\t\t\t<\/p>\n\t\t\t\t\n\t\t\t<\/div>\n\t\t\t\n\t\t<\/div>\n\t\t\t\t\t\t<\/div>\n\t\t\t\t<\/div>\n\t\t\t\t<div class=\"elementor-element elementor-element-69025ae elementor-position-inline-start elementor-view-default elementor-mobile-position-block-start elementor-widget elementor-widget-icon-box\" data-id=\"69025ae\" data-element_type=\"widget\" data-e-type=\"widget\" data-widget_type=\"icon-box.default\">\n\t\t\t\t<div class=\"elementor-widget-container\">\n\t\t\t\t\t\t\t<div class=\"elementor-icon-box-wrapper\">\n\n\t\t\t\t\t\t<div class=\"elementor-icon-box-icon\">\n\t\t\t\t<a href=\"https:\/\/moodle.humboldt-greifswald.de\/course\/view.php?id=14\" class=\"elementor-icon\" tabindex=\"-1\" aria-label=\"Klausurpl\u00e4ne\">\n\t\t\t\t<i aria-hidden=\"true\" class=\"fas fa-external-link-alt\"><\/i>\t\t\t\t<\/a>\n\t\t\t<\/div>\n\t\t\t\n\t\t\t\t\t\t<div class=\"elementor-icon-box-content\">\n\n\t\t\t\t\t\t\t\t\t<h3 class=\"elementor-icon-box-title\">\n\t\t\t\t\t\t<a href=\"https:\/\/moodle.humboldt-greifswald.de\/course\/view.php?id=14\" >\n\t\t\t\t\t\t\tKlausurpl\u00e4ne\t\t\t\t\t\t<\/a>\n\t\t\t\t\t<\/h3>\n\t\t\t\t\n\t\t\t\t\t\t\t\t\t<p class=\"elementor-icon-box-description\">\n\t\t\t\t\t\t(Nur noch \u00fcber Moodle verf\u00fcgbar)\t\t\t\t\t<\/p>\n\t\t\t\t\n\t\t\t<\/div>\n\t\t\t\n\t\t<\/div>\n\t\t\t\t\t\t<\/div>\n\t\t\t\t<\/div>\n\t\t\t\t<div class=\"elementor-element elementor-element-f1a930b elementor-widget elementor-widget-menu-anchor\" data-id=\"f1a930b\" data-element_type=\"widget\" data-e-type=\"widget\" data-widget_type=\"menu-anchor.default\">\n\t\t\t\t<div class=\"elementor-widget-container\">\n\t\t\t\t\t\t\t<div class=\"elementor-menu-anchor\" id=\"termine-ulrich\"><\/div>\n\t\t\t\t\t\t<\/div>\n\t\t\t\t<\/div>\n\t\t\t\t<div class=\"elementor-element elementor-element-b597c4b elementor-widget elementor-widget-heading\" data-id=\"b597c4b\" data-element_type=\"widget\" data-e-type=\"widget\" data-widget_type=\"heading.default\">\n\t\t\t\t<div class=\"elementor-widget-container\">\n\t\t\t\t\t<h3 class=\"elementor-heading-title elementor-size-default\">Angebote zur Berufs- und Studienberatung der Agentur f\u00fcr Arbeit f\u00fcr Sch\u00fclerinnen und Sch\u00fcler<\/h3>\t\t\t\t<\/div>\n\t\t\t\t<\/div>\n\t\t\t\t<div class=\"elementor-element elementor-element-643b4c3 elementor-widget elementor-widget-image\" data-id=\"643b4c3\" data-element_type=\"widget\" data-e-type=\"widget\" data-widget_type=\"image.default\">\n\t\t\t\t<div class=\"elementor-widget-container\">\n\t\t\t\t\t\t\t\t\t\t\t\t\t\t\t<img fetchpriority=\"high\" decoding=\"async\" width=\"640\" height=\"906\" src=\"https:\/\/humboldt-greifswald.de\/web\/wp-content\/uploads\/2025\/09\/Plakat-Humboldt-HJ1-Hochformat-768x1087.jpg\" class=\"attachment-medium_large size-medium_large wp-image-16125\" alt=\"\" srcset=\"https:\/\/humboldt-greifswald.de\/web\/wp-content\/uploads\/2025\/09\/Plakat-Humboldt-HJ1-Hochformat-768x1087.jpg 768w, https:\/\/humboldt-greifswald.de\/web\/wp-content\/uploads\/2025\/09\/Plakat-Humboldt-HJ1-Hochformat-212x300.jpg 212w, https:\/\/humboldt-greifswald.de\/web\/wp-content\/uploads\/2025\/09\/Plakat-Humboldt-HJ1-Hochformat-724x1024.jpg 724w, https:\/\/humboldt-greifswald.de\/web\/wp-content\/uploads\/2025\/09\/Plakat-Humboldt-HJ1-Hochformat-1085x1536.jpg 1085w, https:\/\/humboldt-greifswald.de\/web\/wp-content\/uploads\/2025\/09\/Plakat-Humboldt-HJ1-Hochformat.jpg 1190w\" sizes=\"(max-width: 640px) 100vw, 640px\" \/>\t\t\t\t\t\t\t\t\t\t\t\t\t\t\t<\/div>\n\t\t\t\t<\/div>\n\t\t\t\t<div class=\"elementor-element elementor-element-e970518 elementor-position-inline-start elementor-view-default elementor-mobile-position-block-start elementor-widget elementor-widget-icon-box\" data-id=\"e970518\" data-element_type=\"widget\" data-e-type=\"widget\" data-widget_type=\"icon-box.default\">\n\t\t\t\t<div class=\"elementor-widget-container\">\n\t\t\t\t\t\t\t<div class=\"elementor-icon-box-wrapper\">\n\n\t\t\t\t\t\t<div class=\"elementor-icon-box-icon\">\n\t\t\t\t<span  class=\"elementor-icon\">\n\t\t\t\t<i aria-hidden=\"true\" class=\"far fa-calendar-times\"><\/i>\t\t\t\t<\/span>\n\t\t\t<\/div>\n\t\t\t\n\t\t\t\t\t\t<div class=\"elementor-icon-box-content\">\n\n\t\t\t\t\t\t\t\t\t<h3 class=\"elementor-icon-box-title\">\n\t\t\t\t\t\t<span  >\n\t\t\t\t\t\t\tFerienschlie\u00dfzeiten unserer Schule\t\t\t\t\t\t<\/span>\n\t\t\t\t\t<\/h3>\n\t\t\t\t\n\t\t\t\t\n\t\t\t<\/div>\n\t\t\t\n\t\t<\/div>\n\t\t\t\t\t\t<\/div>\n\t\t\t\t<\/div>\n\t\t\t\t<div class=\"elementor-element elementor-element-bb4176d elementor-widget elementor-widget-text-editor\" data-id=\"bb4176d\" data-element_type=\"widget\" data-e-type=\"widget\" data-widget_type=\"text-editor.default\">\n\t\t\t\t<div class=\"elementor-widget-container\">\n\t\t\t\t\t\t\t\t\t<p>Aktueller Hinweis: Das Sekretariat ist in den Winterferien t\u00e4glich von <strong>7:00 bis 13:00 Uhr <\/strong>besetzt.<\/p>\t\t\t\t\t\t\t\t<\/div>\n\t\t\t\t<\/div>\n\t\t\t\t\t<\/div>\n\t\t\t\t<\/div>\n\t\t\t\t<\/div>\n\t\t","protected":false},"excerpt":{"rendered":"<p>Jahresterminplan (Dienstplan) f\u00fcr das Schuljahr 2025\/26 (Stand 01.09.2025) Ablaufplan Abitur f\u00fcr das Abitur 2026 (Stand: 17.04.2026) \u00dcbersicht Ganztagsangebote f\u00fcr das aktuelle Schuljahr noch nicht verf\u00fcgbar&#8230; Klausurpl\u00e4ne (Nur noch \u00fcber Moodle verf\u00fcgbar) Angebote zur Berufs- und Studienberatung der Agentur f\u00fcr Arbeit &hellip; <\/p>\n","protected":false},"author":1,"featured_media":0,"parent":0,"menu_order":0,"comment_status":"closed","ping_status":"closed","template":"","meta":{"footnotes":""},"class_list":["post-14102","page","type-page","status-publish","hentry"],"_links":{"self":[{"href":"https:\/\/humboldt-greifswald.de\/web\/wp-json\/wp\/v2\/pages\/14102","targetHints":{"allow":["GET"]}}],"collection":[{"href":"https:\/\/humboldt-greifswald.de\/web\/wp-json\/wp\/v2\/pages"}],"about":[{"href":"https:\/\/humboldt-greifswald.de\/web\/wp-json\/wp\/v2\/types\/page"}],"author":[{"embeddable":true,"href":"https:\/\/humboldt-greifswald.de\/web\/wp-json\/wp\/v2\/users\/1"}],"replies":[{"embeddable":true,"href":"https:\/\/humboldt-greifswald.de\/web\/wp-json\/wp\/v2\/comments?post=14102"}],"version-history":[{"count":67,"href":"https:\/\/humboldt-greifswald.de\/web\/wp-json\/wp\/v2\/pages\/14102\/revisions"}],"predecessor-version":[{"id":16359,"href":"https:\/\/humboldt-greifswald.de\/web\/wp-json\/wp\/v2\/pages\/14102\/revisions\/16359"}],"wp:attachment":[{"href":"https:\/\/humboldt-greifswald.de\/web\/wp-json\/wp\/v2\/media?parent=14102"}],"curies":[{"name":"wp","href":"https:\/\/api.w.org\/{rel}","templated":true}]}}