{"id":14162,"date":"2023-08-20T02:41:04","date_gmt":"2023-08-20T00:41:04","guid":{"rendered":"https:\/\/humboldt-greifswald.de\/web\/?page_id=14162"},"modified":"2023-09-30T22:25:38","modified_gmt":"2023-09-30T20:25:38","slug":"beitragssammlung-kulturelles","status":"publish","type":"page","link":"https:\/\/humboldt-greifswald.de\/web\/beitragssammlung-kulturelles\/","title":{"rendered":"Beitragssammlung Kulturelles"},"content":{"rendered":"\t\t<div data-elementor-type=\"wp-page\" data-elementor-id=\"14162\" class=\"elementor elementor-14162\">\n\t\t\t\t<div class=\"elementor-element elementor-element-08c3118 e-flex e-con-boxed e-con e-parent\" data-id=\"08c3118\" data-element_type=\"container\" data-e-type=\"container\">\n\t\t\t\t\t<div class=\"e-con-inner\">\n\t\t\t\t<div class=\"elementor-element elementor-element-72d93ca thim-ekits-post__thumbnail-position-left feature-one-post-no elementor-widget elementor-widget-thim-ekits-list-blog\" data-id=\"72d93ca\" data-element_type=\"widget\" data-e-type=\"widget\" data-widget_type=\"thim-ekits-list-blog.default\">\n\t\t\t\t<div class=\"elementor-widget-container\">\n\t\t\t\t\t\t\t\t<div class=\"thim-ekits-post\">\n\t\t\t\t<div class=\"thim-ekits-post__inner\">\n\t\t\t\t\t\t\t<div class=\"thim-ekits-post__article post-16349 post type-post status-publish format-standard has-post-thumbnail hentry category-kultur\">\n\t\t\t\t\t\t\t\t\t<div class=\"thim-ekits-post__thumbnail\">\n\t\t\t<a class=\"post-thumbnail\"\n\t\t\t   href=\"https:\/\/humboldt-greifswald.de\/web\/tickets-hier\/\" >\n\t\t\t\t<img fetchpriority=\"high\" decoding=\"async\" width=\"240\" height=\"300\" src=\"https:\/\/humboldt-greifswald.de\/web\/wp-content\/uploads\/2026\/04\/IMG-20260401-WA0003-240x300.jpg\" class=\"attachment-medium size-medium wp-image-16350\" alt=\"\" srcset=\"https:\/\/humboldt-greifswald.de\/web\/wp-content\/uploads\/2026\/04\/IMG-20260401-WA0003-240x300.jpg 240w, https:\/\/humboldt-greifswald.de\/web\/wp-content\/uploads\/2026\/04\/IMG-20260401-WA0003-819x1024.jpg 819w, https:\/\/humboldt-greifswald.de\/web\/wp-content\/uploads\/2026\/04\/IMG-20260401-WA0003-768x960.jpg 768w, https:\/\/humboldt-greifswald.de\/web\/wp-content\/uploads\/2026\/04\/IMG-20260401-WA0003-1229x1536.jpg 1229w, https:\/\/humboldt-greifswald.de\/web\/wp-content\/uploads\/2026\/04\/IMG-20260401-WA0003-600x750.jpg 600w, https:\/\/humboldt-greifswald.de\/web\/wp-content\/uploads\/2026\/04\/IMG-20260401-WA0003.jpg 1280w\" sizes=\"(max-width: 240px) 100vw, 240px\" \/>\t\t\t<\/a>\n\t\t\t\t\t<\/div>\n\t\t\n\t\t\t\t\t\t<div class=\"thim-ekits-post__content\">\n\t\t\t\t<h3 class=\"thim-ekits-post__title\">\n\t\t<a href=\"https:\/\/humboldt-greifswald.de\/web\/tickets-hier\/\" >\n\t\t\tTICKETS HIER!\t\t<\/a>\n\t\t<\/h3>\n\t\t \t\t<div class=\"thim-ekits-post__meta elementor-repeater-item-f023eed m-psi-start \">\n\t\t\t\n\t\t<span class=\"thim-ekits-post__date\">\n\t\t\t\t\t\t6. April 2026\t\t<\/span>\n\n\t\t\t\t<\/div>\n\n\t\t\n\t\t<div class=\"thim-ekits-post__excerpt\">\n\t\t\t\t\t<\/div>\n\n\t\t\t\t<a class=\"thim-ekits-post__read-more\"\n\t\t   href=\"https:\/\/humboldt-greifswald.de\/web\/tickets-hier\/\" >\n\t\t\tWeiterlesen \u00bb\t\t\t\t\t<\/a>\n\t\t\t\t<\/div>\n\t\t\t\t\t\t\t<\/div>\n\t\t\t\t<div class=\"thim-ekits-post__article post-16313 post type-post status-publish format-standard has-post-thumbnail hentry category-kultur\">\n\t\t\t\t\t\t\t\t\t<div class=\"thim-ekits-post__thumbnail\">\n\t\t\t<a class=\"post-thumbnail\"\n\t\t\t   href=\"https:\/\/humboldt-greifswald.de\/web\/fuer-die-wissenschaft-schule-in-den-ferien\/\" >\n\t\t\t\t<img decoding=\"async\" width=\"300\" height=\"225\" src=\"https:\/\/humboldt-greifswald.de\/web\/wp-content\/uploads\/2026\/03\/FotoDerVk-300x225.jpg\" class=\"attachment-medium size-medium wp-image-16314\" alt=\"\" srcset=\"https:\/\/humboldt-greifswald.de\/web\/wp-content\/uploads\/2026\/03\/FotoDerVk-300x225.jpg 300w, https:\/\/humboldt-greifswald.de\/web\/wp-content\/uploads\/2026\/03\/FotoDerVk-1024x768.jpg 1024w, https:\/\/humboldt-greifswald.de\/web\/wp-content\/uploads\/2026\/03\/FotoDerVk-768x576.jpg 768w, https:\/\/humboldt-greifswald.de\/web\/wp-content\/uploads\/2026\/03\/FotoDerVk-1536x1152.jpg 1536w, https:\/\/humboldt-greifswald.de\/web\/wp-content\/uploads\/2026\/03\/FotoDerVk-2048x1536.jpg 2048w, https:\/\/humboldt-greifswald.de\/web\/wp-content\/uploads\/2026\/03\/FotoDerVk-scaled-600x450.jpg 600w\" sizes=\"(max-width: 300px) 100vw, 300px\" \/>\t\t\t<\/a>\n\t\t\t\t\t<\/div>\n\t\t\n\t\t\t\t\t\t<div class=\"thim-ekits-post__content\">\n\t\t\t\t<h3 class=\"thim-ekits-post__title\">\n\t\t<a href=\"https:\/\/humboldt-greifswald.de\/web\/fuer-die-wissenschaft-schule-in-den-ferien\/\" >\n\t\t\tF\u00fcr die Wissenschaft: Schule in den Ferien\t\t<\/a>\n\t\t<\/h3>\n\t\t \t\t<div class=\"thim-ekits-post__meta elementor-repeater-item-f023eed m-psi-start \">\n\t\t\t\n\t\t<span class=\"thim-ekits-post__date\">\n\t\t\t\t\t\t19. M\u00e4rz 2026\t\t<\/span>\n\n\t\t\t\t<\/div>\n\n\t\t\n\t\t<div class=\"thim-ekits-post__excerpt\">\n\t\t\tSamstag der 07.02.26 war der erste Tag der Winterferien. Doch die Sch\u00fcler des Projektfaches Astrophysik der 11. und 12. Klasse kamen trotzdem freiwillig am sp\u00e4ten Nachmittag in die Schule. Anlass war die Teilnahme an der j\u00e4hrlichen internationalen Videokonferenz des Global &hellip;\t\t<\/div>\n\n\t\t\t\t<a class=\"thim-ekits-post__read-more\"\n\t\t   href=\"https:\/\/humboldt-greifswald.de\/web\/fuer-die-wissenschaft-schule-in-den-ferien\/\" >\n\t\t\tWeiterlesen \u00bb\t\t\t\t\t<\/a>\n\t\t\t\t<\/div>\n\t\t\t\t\t\t\t<\/div>\n\t\t\t\t<div class=\"thim-ekits-post__article post-16308 post type-post status-publish format-standard has-post-thumbnail hentry category-kultur\">\n\t\t\t\t\t\t\t\t\t<div class=\"thim-ekits-post__thumbnail\">\n\t\t\t<a class=\"post-thumbnail\"\n\t\t\t   href=\"https:\/\/humboldt-greifswald.de\/web\/wir-sind-landesmeister\/\" >\n\t\t\t\t<img decoding=\"async\" width=\"300\" height=\"169\" src=\"https:\/\/humboldt-greifswald.de\/web\/wp-content\/uploads\/2026\/03\/STEM-Racing_3-300x169.png\" class=\"attachment-medium size-medium wp-image-16309\" alt=\"\" srcset=\"https:\/\/humboldt-greifswald.de\/web\/wp-content\/uploads\/2026\/03\/STEM-Racing_3-300x169.png 300w, https:\/\/humboldt-greifswald.de\/web\/wp-content\/uploads\/2026\/03\/STEM-Racing_3-1024x577.png 1024w, https:\/\/humboldt-greifswald.de\/web\/wp-content\/uploads\/2026\/03\/STEM-Racing_3-768x433.png 768w, https:\/\/humboldt-greifswald.de\/web\/wp-content\/uploads\/2026\/03\/STEM-Racing_3-1536x865.png 1536w, https:\/\/humboldt-greifswald.de\/web\/wp-content\/uploads\/2026\/03\/STEM-Racing_3-2048x1154.png 2048w, https:\/\/humboldt-greifswald.de\/web\/wp-content\/uploads\/2026\/03\/STEM-Racing_3-scaled-600x338.png 600w\" sizes=\"(max-width: 300px) 100vw, 300px\" \/>\t\t\t<\/a>\n\t\t\t\t\t<\/div>\n\t\t\n\t\t\t\t\t\t<div class=\"thim-ekits-post__content\">\n\t\t\t\t<h3 class=\"thim-ekits-post__title\">\n\t\t<a href=\"https:\/\/humboldt-greifswald.de\/web\/wir-sind-landesmeister\/\" >\n\t\t\tWir sind Landesmeister!\t\t<\/a>\n\t\t<\/h3>\n\t\t \t\t<div class=\"thim-ekits-post__meta elementor-repeater-item-f023eed m-psi-start \">\n\t\t\t\n\t\t<span class=\"thim-ekits-post__date\">\n\t\t\t\t\t\t18. M\u00e4rz 2026\t\t<\/span>\n\n\t\t\t\t<\/div>\n\n\t\t\n\t\t<div class=\"thim-ekits-post__excerpt\">\n\t\t\tAm 13. und 14. M\u00e4rz fand in Wismar die Regionalmeisterschaft OST des Wettbewerbs STEM-Racing statt. Drei Teams unserer Schule nahmen teil und konnten dabei gro\u00dfe Erfolge erzielen. Das Team Baltic Evolution wurde Landessieger Mecklenburg Vorpommern in der Kategorie Senior und &hellip;\t\t<\/div>\n\n\t\t\t\t<a class=\"thim-ekits-post__read-more\"\n\t\t   href=\"https:\/\/humboldt-greifswald.de\/web\/wir-sind-landesmeister\/\" >\n\t\t\tWeiterlesen \u00bb\t\t\t\t\t<\/a>\n\t\t\t\t<\/div>\n\t\t\t\t\t\t\t<\/div>\n\t\t\t\t<div class=\"thim-ekits-post__article post-16281 post type-post status-publish format-standard has-post-thumbnail hentry category-kultur\">\n\t\t\t\t\t\t\t\t\t<div class=\"thim-ekits-post__thumbnail\">\n\t\t\t<a class=\"post-thumbnail\"\n\t\t\t   href=\"https:\/\/humboldt-greifswald.de\/web\/aktueller-spendenaufruf-zu-unserem-alumniball-2026\/\" >\n\t\t\t\t<img loading=\"lazy\" decoding=\"async\" width=\"212\" height=\"300\" src=\"https:\/\/humboldt-greifswald.de\/web\/wp-content\/uploads\/2025\/12\/WhatsApp-Image-2025-12-17-at-12.24.56-212x300.jpeg\" class=\"attachment-medium size-medium wp-image-16291\" alt=\"\" srcset=\"https:\/\/humboldt-greifswald.de\/web\/wp-content\/uploads\/2025\/12\/WhatsApp-Image-2025-12-17-at-12.24.56-212x300.jpeg 212w, https:\/\/humboldt-greifswald.de\/web\/wp-content\/uploads\/2025\/12\/WhatsApp-Image-2025-12-17-at-12.24.56-724x1024.jpeg 724w, https:\/\/humboldt-greifswald.de\/web\/wp-content\/uploads\/2025\/12\/WhatsApp-Image-2025-12-17-at-12.24.56-768x1086.jpeg 768w, https:\/\/humboldt-greifswald.de\/web\/wp-content\/uploads\/2025\/12\/WhatsApp-Image-2025-12-17-at-12.24.56-1086x1536.jpeg 1086w, https:\/\/humboldt-greifswald.de\/web\/wp-content\/uploads\/2025\/12\/WhatsApp-Image-2025-12-17-at-12.24.56-600x849.jpeg 600w, https:\/\/humboldt-greifswald.de\/web\/wp-content\/uploads\/2025\/12\/WhatsApp-Image-2025-12-17-at-12.24.56.jpeg 1131w\" sizes=\"(max-width: 212px) 100vw, 212px\" \/>\t\t\t<\/a>\n\t\t\t\t\t<\/div>\n\t\t\n\t\t\t\t\t\t<div class=\"thim-ekits-post__content\">\n\t\t\t\t<h3 class=\"thim-ekits-post__title\">\n\t\t<a href=\"https:\/\/humboldt-greifswald.de\/web\/aktueller-spendenaufruf-zu-unserem-alumniball-2026\/\" >\n\t\t\tAktueller Spendenaufruf zu unserem Alumnitreffen 2026\t\t<\/a>\n\t\t<\/h3>\n\t\t \t\t<div class=\"thim-ekits-post__meta elementor-repeater-item-f023eed m-psi-start \">\n\t\t\t\n\t\t<span class=\"thim-ekits-post__date\">\n\t\t\t\t\t\t10. Dezember 2025\t\t<\/span>\n\n\t\t\t\t<\/div>\n\n\t\t\n\t\t<div class=\"thim-ekits-post__excerpt\">\n\t\t\t\t\t<\/div>\n\n\t\t\t\t<a class=\"thim-ekits-post__read-more\"\n\t\t   href=\"https:\/\/humboldt-greifswald.de\/web\/aktueller-spendenaufruf-zu-unserem-alumniball-2026\/\" >\n\t\t\tWeiterlesen \u00bb\t\t\t\t\t<\/a>\n\t\t\t\t<\/div>\n\t\t\t\t\t\t\t<\/div>\n\t\t\t\t<div class=\"thim-ekits-post__article post-16278 post type-post status-publish format-standard has-post-thumbnail hentry category-kultur\">\n\t\t\t\t\t\t\t\t\t<div class=\"thim-ekits-post__thumbnail\">\n\t\t\t<a class=\"post-thumbnail\"\n\t\t\t   href=\"https:\/\/humboldt-greifswald.de\/web\/erneut-auf-erfolgskurs-badmintonteam-qualifiziert-sich-fuer-bundesfinale-jugend-trainiert-fuer-olympia\/\" >\n\t\t\t\t<img loading=\"lazy\" decoding=\"async\" width=\"300\" height=\"225\" src=\"https:\/\/humboldt-greifswald.de\/web\/wp-content\/uploads\/2025\/12\/IMG_0057-300x225.jpeg\" class=\"attachment-medium size-medium wp-image-16279\" alt=\"\" srcset=\"https:\/\/humboldt-greifswald.de\/web\/wp-content\/uploads\/2025\/12\/IMG_0057-300x225.jpeg 300w, https:\/\/humboldt-greifswald.de\/web\/wp-content\/uploads\/2025\/12\/IMG_0057-1024x768.jpeg 1024w, https:\/\/humboldt-greifswald.de\/web\/wp-content\/uploads\/2025\/12\/IMG_0057-768x576.jpeg 768w, https:\/\/humboldt-greifswald.de\/web\/wp-content\/uploads\/2025\/12\/IMG_0057-1536x1152.jpeg 1536w, https:\/\/humboldt-greifswald.de\/web\/wp-content\/uploads\/2025\/12\/IMG_0057-2048x1536.jpeg 2048w, https:\/\/humboldt-greifswald.de\/web\/wp-content\/uploads\/2025\/12\/IMG_0057-scaled-600x450.jpeg 600w\" sizes=\"(max-width: 300px) 100vw, 300px\" \/>\t\t\t<\/a>\n\t\t\t\t\t<\/div>\n\t\t\n\t\t\t\t\t\t<div class=\"thim-ekits-post__content\">\n\t\t\t\t<h3 class=\"thim-ekits-post__title\">\n\t\t<a href=\"https:\/\/humboldt-greifswald.de\/web\/erneut-auf-erfolgskurs-badmintonteam-qualifiziert-sich-fuer-bundesfinale-jugend-trainiert-fuer-olympia\/\" >\n\t\t\tErneut auf Erfolgskurs &#8211; Badmintonteam qualifiziert sich f\u00fcr Bundesfinale \u201eJugend trainiert f\u00fcr Olympia\u201c!\t\t<\/a>\n\t\t<\/h3>\n\t\t \t\t<div class=\"thim-ekits-post__meta elementor-repeater-item-f023eed m-psi-start \">\n\t\t\t\n\t\t<span class=\"thim-ekits-post__date\">\n\t\t\t\t\t\t10. Dezember 2025\t\t<\/span>\n\n\t\t\t\t<\/div>\n\n\t\t\n\t\t<div class=\"thim-ekits-post__excerpt\">\n\t\t\tDer sportliche Erfolg des Alexander-von-Humboldt-Gymnasiums Greifswald rei\u00dft nicht ab. Nachdem im vergangenen Schuljahr bereits die Badminton- und Tischtennisspieler das Finale des Bundeswettbewerbs \u201eJugend trainiert f\u00fcr Olympia &amp; Paralympics\u201c erreichten, gelang es dem Badmintonteam der Schule erneut, sich f\u00fcr das Bundesfinale &hellip;\t\t<\/div>\n\n\t\t\t\t<a class=\"thim-ekits-post__read-more\"\n\t\t   href=\"https:\/\/humboldt-greifswald.de\/web\/erneut-auf-erfolgskurs-badmintonteam-qualifiziert-sich-fuer-bundesfinale-jugend-trainiert-fuer-olympia\/\" >\n\t\t\tWeiterlesen \u00bb\t\t\t\t\t<\/a>\n\t\t\t\t<\/div>\n\t\t\t\t\t\t\t<\/div>\n\t\t\t\t<div class=\"thim-ekits-post__article post-16259 post type-post status-publish format-standard has-post-thumbnail hentry category-kultur category-theaterprojekt-9r\">\n\t\t\t\t\t\t\t\t\t<div class=\"thim-ekits-post__thumbnail\">\n\t\t\t<a class=\"post-thumbnail\"\n\t\t\t   href=\"https:\/\/humboldt-greifswald.de\/web\/lost-at-sea-die-jagd-auf-moby-dick\/\" >\n\t\t\t\t<img loading=\"lazy\" decoding=\"async\" width=\"300\" height=\"300\" src=\"https:\/\/humboldt-greifswald.de\/web\/wp-content\/uploads\/2025\/11\/insta-300x300.jpg\" class=\"attachment-medium size-medium wp-image-16261\" alt=\"\" srcset=\"https:\/\/humboldt-greifswald.de\/web\/wp-content\/uploads\/2025\/11\/insta-300x300.jpg 300w, https:\/\/humboldt-greifswald.de\/web\/wp-content\/uploads\/2025\/11\/insta-1024x1024.jpg 1024w, https:\/\/humboldt-greifswald.de\/web\/wp-content\/uploads\/2025\/11\/insta-150x150.jpg 150w, https:\/\/humboldt-greifswald.de\/web\/wp-content\/uploads\/2025\/11\/insta-768x768.jpg 768w, https:\/\/humboldt-greifswald.de\/web\/wp-content\/uploads\/2025\/11\/insta-600x600.jpg 600w, https:\/\/humboldt-greifswald.de\/web\/wp-content\/uploads\/2025\/11\/insta.jpg 1080w\" sizes=\"(max-width: 300px) 100vw, 300px\" \/>\t\t\t<\/a>\n\t\t\t\t\t<\/div>\n\t\t\n\t\t\t\t\t\t<div class=\"thim-ekits-post__content\">\n\t\t\t\t<h3 class=\"thim-ekits-post__title\">\n\t\t<a href=\"https:\/\/humboldt-greifswald.de\/web\/lost-at-sea-die-jagd-auf-moby-dick\/\" >\n\t\t\t#lost at sea &#8211; Die Jagd auf Moby Dick!\t\t<\/a>\n\t\t<\/h3>\n\t\t \t\t<div class=\"thim-ekits-post__meta elementor-repeater-item-f023eed m-psi-start \">\n\t\t\t\n\t\t<span class=\"thim-ekits-post__date\">\n\t\t\t\t\t\t17. November 2025\t\t<\/span>\n\n\t\t\t\t<\/div>\n\n\t\t\n\t\t<div class=\"thim-ekits-post__excerpt\">\n\t\t\tDie Sehnsucht nach dem unendlichen Meer! Die Jagd nach etwas, das man nie bekommen kann! Wissenswertes \u00fcber die Seefahrt, Grusel, Abenteuer und Philosophie, all das bietet der weltber\u00fchmte Roman \u201eMoby Dick\u201c von Herman Melville.K\u00f6nntest du dir vorstellen, alles zur\u00fcckzulassen und &hellip;\t\t<\/div>\n\n\t\t\t\t<a class=\"thim-ekits-post__read-more\"\n\t\t   href=\"https:\/\/humboldt-greifswald.de\/web\/lost-at-sea-die-jagd-auf-moby-dick\/\" >\n\t\t\tWeiterlesen \u00bb\t\t\t\t\t<\/a>\n\t\t\t\t<\/div>\n\t\t\t\t\t\t\t<\/div>\n\t\t\t\t<div class=\"thim-ekits-post__article post-16256 post type-post status-publish format-standard has-post-thumbnail hentry category-kultur\">\n\t\t\t\t\t\t\t\t\t<div class=\"thim-ekits-post__thumbnail\">\n\t\t\t<a class=\"post-thumbnail\"\n\t\t\t   href=\"https:\/\/humboldt-greifswald.de\/web\/65-greifswalder-mathematikolympiade-knobeln-rechnen-tuefteln\/\" >\n\t\t\t\t<img loading=\"lazy\" decoding=\"async\" width=\"300\" height=\"200\" src=\"https:\/\/humboldt-greifswald.de\/web\/wp-content\/uploads\/2025\/11\/Bild-Matheolympiade-300x200.png\" class=\"attachment-medium size-medium wp-image-16257\" alt=\"\" srcset=\"https:\/\/humboldt-greifswald.de\/web\/wp-content\/uploads\/2025\/11\/Bild-Matheolympiade-300x200.png 300w, https:\/\/humboldt-greifswald.de\/web\/wp-content\/uploads\/2025\/11\/Bild-Matheolympiade-1024x683.png 1024w, https:\/\/humboldt-greifswald.de\/web\/wp-content\/uploads\/2025\/11\/Bild-Matheolympiade-768x512.png 768w, https:\/\/humboldt-greifswald.de\/web\/wp-content\/uploads\/2025\/11\/Bild-Matheolympiade-600x400.png 600w, https:\/\/humboldt-greifswald.de\/web\/wp-content\/uploads\/2025\/11\/Bild-Matheolympiade.png 1536w\" sizes=\"(max-width: 300px) 100vw, 300px\" \/>\t\t\t<\/a>\n\t\t\t\t\t<\/div>\n\t\t\n\t\t\t\t\t\t<div class=\"thim-ekits-post__content\">\n\t\t\t\t<h3 class=\"thim-ekits-post__title\">\n\t\t<a href=\"https:\/\/humboldt-greifswald.de\/web\/65-greifswalder-mathematikolympiade-knobeln-rechnen-tuefteln\/\" >\n\t\t\t65. Greifswalder Mathematikolympiade \u2013 Knobeln, Rechnen, T\u00fcfteln!\t\t<\/a>\n\t\t<\/h3>\n\t\t \t\t<div class=\"thim-ekits-post__meta elementor-repeater-item-f023eed m-psi-start \">\n\t\t\t\n\t\t<span class=\"thim-ekits-post__date\">\n\t\t\t\t\t\t12. November 2025\t\t<\/span>\n\n\t\t\t\t<\/div>\n\n\t\t\n\t\t<div class=\"thim-ekits-post__excerpt\">\n\t\t\tAm 12. November 2025 findet von 8:30 bis 13:00 Uhr in unserem Gymnasium die 65. Greifswalder Mathematikolympiade statt. Rund 170 mathematikbegeisterte Sch\u00fclerinnen und Sch\u00fcler der Klassen 3 bis 12 stellen sich den anspruchsvollen Aufgaben. Besonders erfreulich: Auch Grundschulen aus der &hellip;\t\t<\/div>\n\n\t\t\t\t<a class=\"thim-ekits-post__read-more\"\n\t\t   href=\"https:\/\/humboldt-greifswald.de\/web\/65-greifswalder-mathematikolympiade-knobeln-rechnen-tuefteln\/\" >\n\t\t\tWeiterlesen \u00bb\t\t\t\t\t<\/a>\n\t\t\t\t<\/div>\n\t\t\t\t\t\t\t<\/div>\n\t\t\t\t<div class=\"thim-ekits-post__article post-16249 post type-post status-publish format-standard has-post-thumbnail hentry category-kultur\">\n\t\t\t\t\t\t\t\t\t<div class=\"thim-ekits-post__thumbnail\">\n\t\t\t<a class=\"post-thumbnail\"\n\t\t\t   href=\"https:\/\/humboldt-greifswald.de\/web\/stunde-der-musik-unseres-abiturjahrgangs\/\" >\n\t\t\t\t<img loading=\"lazy\" decoding=\"async\" width=\"212\" height=\"300\" src=\"https:\/\/humboldt-greifswald.de\/web\/wp-content\/uploads\/2025\/11\/Cremefarben-und-Orange-Laub-Rand-Herbst-Festival-Flyer-2-212x300.png\" class=\"attachment-medium size-medium wp-image-16250\" alt=\"\" srcset=\"https:\/\/humboldt-greifswald.de\/web\/wp-content\/uploads\/2025\/11\/Cremefarben-und-Orange-Laub-Rand-Herbst-Festival-Flyer-2-212x300.png 212w, https:\/\/humboldt-greifswald.de\/web\/wp-content\/uploads\/2025\/11\/Cremefarben-und-Orange-Laub-Rand-Herbst-Festival-Flyer-2-724x1024.png 724w, https:\/\/humboldt-greifswald.de\/web\/wp-content\/uploads\/2025\/11\/Cremefarben-und-Orange-Laub-Rand-Herbst-Festival-Flyer-2-768x1086.png 768w, https:\/\/humboldt-greifswald.de\/web\/wp-content\/uploads\/2025\/11\/Cremefarben-und-Orange-Laub-Rand-Herbst-Festival-Flyer-2-1086x1536.png 1086w, https:\/\/humboldt-greifswald.de\/web\/wp-content\/uploads\/2025\/11\/Cremefarben-und-Orange-Laub-Rand-Herbst-Festival-Flyer-2-600x849.png 600w, https:\/\/humboldt-greifswald.de\/web\/wp-content\/uploads\/2025\/11\/Cremefarben-und-Orange-Laub-Rand-Herbst-Festival-Flyer-2.png 1414w\" sizes=\"(max-width: 212px) 100vw, 212px\" \/>\t\t\t<\/a>\n\t\t\t\t\t<\/div>\n\t\t\n\t\t\t\t\t\t<div class=\"thim-ekits-post__content\">\n\t\t\t\t<h3 class=\"thim-ekits-post__title\">\n\t\t<a href=\"https:\/\/humboldt-greifswald.de\/web\/stunde-der-musik-unseres-abiturjahrgangs\/\" >\n\t\t\tStunde der Musik unseres Abiturjahrgangs am Mo., 10. Nov. 2025\t\t<\/a>\n\t\t<\/h3>\n\t\t \t\t<div class=\"thim-ekits-post__meta elementor-repeater-item-f023eed m-psi-start \">\n\t\t\t\n\t\t<span class=\"thim-ekits-post__date\">\n\t\t\t\t\t\t6. November 2025\t\t<\/span>\n\n\t\t\t\t<\/div>\n\n\t\t\n\t\t<div class=\"thim-ekits-post__excerpt\">\n\t\t\tEine herzliche Einladung zu Musik und Kuchen im Herbst!\t\t<\/div>\n\n\t\t\t\t<a class=\"thim-ekits-post__read-more\"\n\t\t   href=\"https:\/\/humboldt-greifswald.de\/web\/stunde-der-musik-unseres-abiturjahrgangs\/\" >\n\t\t\tWeiterlesen \u00bb\t\t\t\t\t<\/a>\n\t\t\t\t<\/div>\n\t\t\t\t\t\t\t<\/div>\n\t\t\t\t<div class=\"thim-ekits-post__article post-16224 post type-post status-publish format-standard has-post-thumbnail hentry category-kultur\">\n\t\t\t\t\t\t\t\t\t<div class=\"thim-ekits-post__thumbnail\">\n\t\t\t<a class=\"post-thumbnail\"\n\t\t\t   href=\"https:\/\/humboldt-greifswald.de\/web\/lange-nacht-der-mathematik-am-fr-21-11-2025\/\" >\n\t\t\t\t<img loading=\"lazy\" decoding=\"async\" width=\"200\" height=\"300\" src=\"https:\/\/humboldt-greifswald.de\/web\/wp-content\/uploads\/2025\/10\/Chatgpt-lNdM-200x300.png\" class=\"attachment-medium size-medium wp-image-16225\" alt=\"\" srcset=\"https:\/\/humboldt-greifswald.de\/web\/wp-content\/uploads\/2025\/10\/Chatgpt-lNdM-200x300.png 200w, https:\/\/humboldt-greifswald.de\/web\/wp-content\/uploads\/2025\/10\/Chatgpt-lNdM-683x1024.png 683w, https:\/\/humboldt-greifswald.de\/web\/wp-content\/uploads\/2025\/10\/Chatgpt-lNdM-768x1152.png 768w, https:\/\/humboldt-greifswald.de\/web\/wp-content\/uploads\/2025\/10\/Chatgpt-lNdM-600x900.png 600w, https:\/\/humboldt-greifswald.de\/web\/wp-content\/uploads\/2025\/10\/Chatgpt-lNdM.png 1024w\" sizes=\"(max-width: 200px) 100vw, 200px\" \/>\t\t\t<\/a>\n\t\t\t\t\t<\/div>\n\t\t\n\t\t\t\t\t\t<div class=\"thim-ekits-post__content\">\n\t\t\t\t<h3 class=\"thim-ekits-post__title\">\n\t\t<a href=\"https:\/\/humboldt-greifswald.de\/web\/lange-nacht-der-mathematik-am-fr-21-11-2025\/\" >\n\t\t\tLange Nacht der Mathematik am Fr., 21.11.2025\t\t<\/a>\n\t\t<\/h3>\n\t\t \t\t<div class=\"thim-ekits-post__meta elementor-repeater-item-f023eed m-psi-start \">\n\t\t\t\n\t\t<span class=\"thim-ekits-post__date\">\n\t\t\t\t\t\t27. Oktober 2025\t\t<\/span>\n\n\t\t\t\t<\/div>\n\n\t\t\n\t\t<div class=\"thim-ekits-post__excerpt\">\n\t\t\tWir freuen uns, dass wir bereits zum dritten Mal in Folge an der &#8222;Langen Nacht der Mathematik&#8220; teilnehmen! Nach dem erfolgreichen letzten Jahr hoffen wir auch diesmal, gemeinsam viele spannende Knobelaufgaben zu l\u00f6sen und vielleicht wieder die finale Runde zu &hellip;\t\t<\/div>\n\n\t\t\t\t<a class=\"thim-ekits-post__read-more\"\n\t\t   href=\"https:\/\/humboldt-greifswald.de\/web\/lange-nacht-der-mathematik-am-fr-21-11-2025\/\" >\n\t\t\tWeiterlesen \u00bb\t\t\t\t\t<\/a>\n\t\t\t\t<\/div>\n\t\t\t\t\t\t\t<\/div>\n\t\t\t\t<div class=\"thim-ekits-post__article post-16174 post type-post status-publish format-standard has-post-thumbnail hentry category-kultur\">\n\t\t\t\t\t\t\t\t\t<div class=\"thim-ekits-post__thumbnail\">\n\t\t\t<a class=\"post-thumbnail\"\n\t\t\t   href=\"https:\/\/humboldt-greifswald.de\/web\/alumni-treffen-2026\/\" >\n\t\t\t\t<img loading=\"lazy\" decoding=\"async\" width=\"212\" height=\"300\" src=\"https:\/\/humboldt-greifswald.de\/web\/wp-content\/uploads\/2025\/09\/1000050889-212x300.jpg\" class=\"attachment-medium size-medium wp-image-16235\" alt=\"\" srcset=\"https:\/\/humboldt-greifswald.de\/web\/wp-content\/uploads\/2025\/09\/1000050889-212x300.jpg 212w, https:\/\/humboldt-greifswald.de\/web\/wp-content\/uploads\/2025\/09\/1000050889-724x1024.jpg 724w, https:\/\/humboldt-greifswald.de\/web\/wp-content\/uploads\/2025\/09\/1000050889-768x1086.jpg 768w, https:\/\/humboldt-greifswald.de\/web\/wp-content\/uploads\/2025\/09\/1000050889-1086x1536.jpg 1086w, https:\/\/humboldt-greifswald.de\/web\/wp-content\/uploads\/2025\/09\/1000050889-600x849.jpg 600w, https:\/\/humboldt-greifswald.de\/web\/wp-content\/uploads\/2025\/09\/1000050889.jpg 1131w\" sizes=\"(max-width: 212px) 100vw, 212px\" \/>\t\t\t<\/a>\n\t\t\t\t\t<\/div>\n\t\t\n\t\t\t\t\t\t<div class=\"thim-ekits-post__content\">\n\t\t\t\t<h3 class=\"thim-ekits-post__title\">\n\t\t<a href=\"https:\/\/humboldt-greifswald.de\/web\/alumni-treffen-2026\/\" >\n\t\t\tAlumni-Treffen am 12. September 2026\t\t<\/a>\n\t\t<\/h3>\n\t\t \t\t<div class=\"thim-ekits-post__meta elementor-repeater-item-f023eed m-psi-start \">\n\t\t\t\n\t\t<span class=\"thim-ekits-post__date\">\n\t\t\t\t\t\t10. September 2025\t\t<\/span>\n\n\t\t\t\t<\/div>\n\n\t\t\n\t\t<div class=\"thim-ekits-post__excerpt\">\n\t\t\t\t\t<\/div>\n\n\t\t\t\t<a class=\"thim-ekits-post__read-more\"\n\t\t   href=\"https:\/\/humboldt-greifswald.de\/web\/alumni-treffen-2026\/\" >\n\t\t\tWeiterlesen \u00bb\t\t\t\t\t<\/a>\n\t\t\t\t<\/div>\n\t\t\t\t\t\t\t<\/div>\n\t\t\t\t<div class=\"thim-ekits-post__article post-16082 post type-post status-publish format-standard has-post-thumbnail hentry category-kultur\">\n\t\t\t\t\t\t\t\t\t<div class=\"thim-ekits-post__thumbnail\">\n\t\t\t<a class=\"post-thumbnail\"\n\t\t\t   href=\"https:\/\/humboldt-greifswald.de\/web\/plastic-pirates\/\" >\n\t\t\t\t<img loading=\"lazy\" decoding=\"async\" width=\"272\" height=\"300\" src=\"https:\/\/humboldt-greifswald.de\/web\/wp-content\/uploads\/2025\/08\/Screenshot-2025-08-31-230700-272x300.png\" class=\"attachment-medium size-medium wp-image-16083\" alt=\"\" srcset=\"https:\/\/humboldt-greifswald.de\/web\/wp-content\/uploads\/2025\/08\/Screenshot-2025-08-31-230700-272x300.png 272w, https:\/\/humboldt-greifswald.de\/web\/wp-content\/uploads\/2025\/08\/Screenshot-2025-08-31-230700-768x848.png 768w, https:\/\/humboldt-greifswald.de\/web\/wp-content\/uploads\/2025\/08\/Screenshot-2025-08-31-230700-600x663.png 600w, https:\/\/humboldt-greifswald.de\/web\/wp-content\/uploads\/2025\/08\/Screenshot-2025-08-31-230700.png 834w\" sizes=\"(max-width: 272px) 100vw, 272px\" \/>\t\t\t<\/a>\n\t\t\t\t\t<\/div>\n\t\t\n\t\t\t\t\t\t<div class=\"thim-ekits-post__content\">\n\t\t\t\t<h3 class=\"thim-ekits-post__title\">\n\t\t<a href=\"https:\/\/humboldt-greifswald.de\/web\/plastic-pirates\/\" >\n\t\t\tPlastic Pirates: Die Plastikm\u00fcllpiraten waren unterwegs\t\t<\/a>\n\t\t<\/h3>\n\t\t \t\t<div class=\"thim-ekits-post__meta elementor-repeater-item-f023eed m-psi-start \">\n\t\t\t\n\t\t<span class=\"thim-ekits-post__date\">\n\t\t\t\t\t\t31. August 2025\t\t<\/span>\n\n\t\t\t\t<\/div>\n\n\t\t\n\t\t<div class=\"thim-ekits-post__excerpt\">\n\t\t\tDie ehemalige Klasse 5a des Alexander von Humboldt Gymnasiums Greifswald haben bei schrecklichem Wetter etwas Gutes getan. In der letzten Schulwoche trotzen die Sch\u00fcler dem Dauerregen und waren als M\u00fcllpiraten am Eldenaer Strandbad unterwegs. Die Klasse war erstaunt, wie viel &hellip;\t\t<\/div>\n\n\t\t\t\t<a class=\"thim-ekits-post__read-more\"\n\t\t   href=\"https:\/\/humboldt-greifswald.de\/web\/plastic-pirates\/\" >\n\t\t\tWeiterlesen \u00bb\t\t\t\t\t<\/a>\n\t\t\t\t<\/div>\n\t\t\t\t\t\t\t<\/div>\n\t\t\t\t<div class=\"thim-ekits-post__article post-16079 post type-post status-publish format-standard has-post-thumbnail hentry category-kultur\">\n\t\t\t\t\t\t\t\t\t<div class=\"thim-ekits-post__thumbnail\">\n\t\t\t<a class=\"post-thumbnail\"\n\t\t\t   href=\"https:\/\/humboldt-greifswald.de\/web\/sebastian-riemann-erhaelt-besondere-informatik-abi-anerkennung-der-gi\/\" >\n\t\t\t\t<img loading=\"lazy\" decoding=\"async\" width=\"200\" height=\"300\" src=\"https:\/\/humboldt-greifswald.de\/web\/wp-content\/uploads\/2025\/08\/GI-Sebastian-Riemann-200x300.jpg\" class=\"attachment-medium size-medium wp-image-16080\" alt=\"\" srcset=\"https:\/\/humboldt-greifswald.de\/web\/wp-content\/uploads\/2025\/08\/GI-Sebastian-Riemann-200x300.jpg 200w, https:\/\/humboldt-greifswald.de\/web\/wp-content\/uploads\/2025\/08\/GI-Sebastian-Riemann-683x1024.jpg 683w, https:\/\/humboldt-greifswald.de\/web\/wp-content\/uploads\/2025\/08\/GI-Sebastian-Riemann-768x1152.jpg 768w, https:\/\/humboldt-greifswald.de\/web\/wp-content\/uploads\/2025\/08\/GI-Sebastian-Riemann-1024x1536.jpg 1024w, https:\/\/humboldt-greifswald.de\/web\/wp-content\/uploads\/2025\/08\/GI-Sebastian-Riemann-1365x2048.jpg 1365w, https:\/\/humboldt-greifswald.de\/web\/wp-content\/uploads\/2025\/08\/GI-Sebastian-Riemann-600x900.jpg 600w, https:\/\/humboldt-greifswald.de\/web\/wp-content\/uploads\/2025\/08\/GI-Sebastian-Riemann.jpg 1500w\" sizes=\"(max-width: 200px) 100vw, 200px\" \/>\t\t\t<\/a>\n\t\t\t\t\t<\/div>\n\t\t\n\t\t\t\t\t\t<div class=\"thim-ekits-post__content\">\n\t\t\t\t<h3 class=\"thim-ekits-post__title\">\n\t\t<a href=\"https:\/\/humboldt-greifswald.de\/web\/sebastian-riemann-erhaelt-besondere-informatik-abi-anerkennung-der-gi\/\" >\n\t\t\tSebastian Riemann erh\u00e4lt besondere Informatik-Abi-Anerkennung der GI\t\t<\/a>\n\t\t<\/h3>\n\t\t \t\t<div class=\"thim-ekits-post__meta elementor-repeater-item-f023eed m-psi-start \">\n\t\t\t\n\t\t<span class=\"thim-ekits-post__date\">\n\t\t\t\t\t\t31. August 2025\t\t<\/span>\n\n\t\t\t\t<\/div>\n\n\t\t\n\t\t<div class=\"thim-ekits-post__excerpt\">\n\t\t\tAn vier Sch\u00fclerinnen und Sch\u00fcler konnte der Preis &#8222;Besondere Anerkennung 2025 im Fach Informatik&#8220; der GI-Fachgruppe &#8222;Informatische Bildung\u00a0in Mecklenburg-Vorpommern&#8220; verliehen werden. Diese Sch\u00fclerinnen und Sch\u00fcler, erreichten in\u00a0den vier Informatik-Semestern der Jahrgangsstufen 11\u00a0und 12\u00a0und der Informatik-Abiturpr\u00fcfung einen Durchschnitt von 14,8 Notenpunkte. &hellip;\t\t<\/div>\n\n\t\t\t\t<a class=\"thim-ekits-post__read-more\"\n\t\t   href=\"https:\/\/humboldt-greifswald.de\/web\/sebastian-riemann-erhaelt-besondere-informatik-abi-anerkennung-der-gi\/\" >\n\t\t\tWeiterlesen \u00bb\t\t\t\t\t<\/a>\n\t\t\t\t<\/div>\n\t\t\t\t\t\t\t<\/div>\n\t\t\t\t<div class=\"thim-ekits-post__article post-16076 post type-post status-publish format-standard has-post-thumbnail hentry category-kultur\">\n\t\t\t\t\t\t\t\t\t<div class=\"thim-ekits-post__thumbnail\">\n\t\t\t<a class=\"post-thumbnail\"\n\t\t\t   href=\"https:\/\/humboldt-greifswald.de\/web\/interessante-uni-fuehrung-fuer-die-10r\/\" >\n\t\t\t\t<img loading=\"lazy\" decoding=\"async\" width=\"300\" height=\"225\" src=\"https:\/\/humboldt-greifswald.de\/web\/wp-content\/uploads\/2025\/08\/20250717_101223-300x225.jpg\" class=\"attachment-medium size-medium wp-image-16077\" alt=\"\" srcset=\"https:\/\/humboldt-greifswald.de\/web\/wp-content\/uploads\/2025\/08\/20250717_101223-300x225.jpg 300w, https:\/\/humboldt-greifswald.de\/web\/wp-content\/uploads\/2025\/08\/20250717_101223-1024x768.jpg 1024w, https:\/\/humboldt-greifswald.de\/web\/wp-content\/uploads\/2025\/08\/20250717_101223-768x576.jpg 768w, https:\/\/humboldt-greifswald.de\/web\/wp-content\/uploads\/2025\/08\/20250717_101223-1536x1152.jpg 1536w, https:\/\/humboldt-greifswald.de\/web\/wp-content\/uploads\/2025\/08\/20250717_101223-2048x1536.jpg 2048w, https:\/\/humboldt-greifswald.de\/web\/wp-content\/uploads\/2025\/08\/20250717_101223-scaled-600x450.jpg 600w\" sizes=\"(max-width: 300px) 100vw, 300px\" \/>\t\t\t<\/a>\n\t\t\t\t\t<\/div>\n\t\t\n\t\t\t\t\t\t<div class=\"thim-ekits-post__content\">\n\t\t\t\t<h3 class=\"thim-ekits-post__title\">\n\t\t<a href=\"https:\/\/humboldt-greifswald.de\/web\/interessante-uni-fuehrung-fuer-die-10r\/\" >\n\t\t\tInteressante Uni-F\u00fchrung f\u00fcr die 10R\t\t<\/a>\n\t\t<\/h3>\n\t\t \t\t<div class=\"thim-ekits-post__meta elementor-repeater-item-f023eed m-psi-start \">\n\t\t\t\n\t\t<span class=\"thim-ekits-post__date\">\n\t\t\t\t\t\t31. August 2025\t\t<\/span>\n\n\t\t\t\t<\/div>\n\n\t\t\n\t\t<div class=\"thim-ekits-post__excerpt\">\n\t\t\tZum Ende des Schuljahrs hat unsere 10R an einer umfassenden und interessanten F\u00fchrung durch die R\u00e4umlichkeiten und wichtigsten Orte der Uni Greifswald teilnehmen d\u00fcrfen. Vielen Dank an unseren Guide, der sehr herzlich und offen das Studieren am Bodden beschrieben und &hellip;\t\t<\/div>\n\n\t\t\t\t<a class=\"thim-ekits-post__read-more\"\n\t\t   href=\"https:\/\/humboldt-greifswald.de\/web\/interessante-uni-fuehrung-fuer-die-10r\/\" >\n\t\t\tWeiterlesen \u00bb\t\t\t\t\t<\/a>\n\t\t\t\t<\/div>\n\t\t\t\t\t\t\t<\/div>\n\t\t\t\t<div class=\"thim-ekits-post__article post-16066 post type-post status-publish format-standard has-post-thumbnail hentry category-kultur\">\n\t\t\t\t\t\t\t\t\t<div class=\"thim-ekits-post__thumbnail\">\n\t\t\t<a class=\"post-thumbnail\"\n\t\t\t   href=\"https:\/\/humboldt-greifswald.de\/web\/habiba-alzahar-5a-erzielt-1-platz-im-englischwettbewerb-in-mv\/\" >\n\t\t\t\t<img loading=\"lazy\" decoding=\"async\" width=\"286\" height=\"300\" src=\"https:\/\/humboldt-greifswald.de\/web\/wp-content\/uploads\/2025\/08\/united-kingdom-7405942_1280-286x300.png\" class=\"attachment-medium size-medium wp-image-16067\" alt=\"\" srcset=\"https:\/\/humboldt-greifswald.de\/web\/wp-content\/uploads\/2025\/08\/united-kingdom-7405942_1280-286x300.png 286w, https:\/\/humboldt-greifswald.de\/web\/wp-content\/uploads\/2025\/08\/united-kingdom-7405942_1280-978x1024.png 978w, https:\/\/humboldt-greifswald.de\/web\/wp-content\/uploads\/2025\/08\/united-kingdom-7405942_1280-768x804.png 768w, https:\/\/humboldt-greifswald.de\/web\/wp-content\/uploads\/2025\/08\/united-kingdom-7405942_1280-600x628.png 600w, https:\/\/humboldt-greifswald.de\/web\/wp-content\/uploads\/2025\/08\/united-kingdom-7405942_1280.png 1222w\" sizes=\"(max-width: 286px) 100vw, 286px\" \/>\t\t\t<\/a>\n\t\t\t\t\t<\/div>\n\t\t\n\t\t\t\t\t\t<div class=\"thim-ekits-post__content\">\n\t\t\t\t<h3 class=\"thim-ekits-post__title\">\n\t\t<a href=\"https:\/\/humboldt-greifswald.de\/web\/habiba-alzahar-5a-erzielt-1-platz-im-englischwettbewerb-in-mv\/\" >\n\t\t\tHabiba Alzahar (5a) erzielt 1. Platz im Englischwettbewerb in MV\t\t<\/a>\n\t\t<\/h3>\n\t\t \t\t<div class=\"thim-ekits-post__meta elementor-repeater-item-f023eed m-psi-start \">\n\t\t\t\n\t\t<span class=\"thim-ekits-post__date\">\n\t\t\t\t\t\t31. August 2025\t\t<\/span>\n\n\t\t\t\t<\/div>\n\n\t\t\n\t\t<div class=\"thim-ekits-post__excerpt\">\n\t\t\tUnsere Sch\u00fclerin Habiba Alzahar (5a) hat beim europaweiten Englischwettbewerb den 1. Platz aller teilnehmenden 5. Klassen in MV belegt. Herzlichen Gl\u00fcckwunsch \ud83d\ude42\t\t<\/div>\n\n\t\t\t\t<a class=\"thim-ekits-post__read-more\"\n\t\t   href=\"https:\/\/humboldt-greifswald.de\/web\/habiba-alzahar-5a-erzielt-1-platz-im-englischwettbewerb-in-mv\/\" >\n\t\t\tWeiterlesen \u00bb\t\t\t\t\t<\/a>\n\t\t\t\t<\/div>\n\t\t\t\t\t\t\t<\/div>\n\t\t\t\t<div class=\"thim-ekits-post__article post-16031 post type-post status-publish format-standard has-post-thumbnail hentry category-kultur\">\n\t\t\t\t\t\t\t\t\t<div class=\"thim-ekits-post__thumbnail\">\n\t\t\t<a class=\"post-thumbnail\"\n\t\t\t   href=\"https:\/\/humboldt-greifswald.de\/web\/deutsche-meisterschaft-stem-racing-nur-knapp-die-wm-verfehlt\/\" >\n\t\t\t\t<img loading=\"lazy\" decoding=\"async\" width=\"200\" height=\"300\" src=\"https:\/\/humboldt-greifswald.de\/web\/wp-content\/uploads\/2025\/06\/IMG_2774-min-200x300.jpg\" class=\"attachment-medium size-medium wp-image-16032\" alt=\"\" srcset=\"https:\/\/humboldt-greifswald.de\/web\/wp-content\/uploads\/2025\/06\/IMG_2774-min-200x300.jpg 200w, https:\/\/humboldt-greifswald.de\/web\/wp-content\/uploads\/2025\/06\/IMG_2774-min-683x1024.jpg 683w, https:\/\/humboldt-greifswald.de\/web\/wp-content\/uploads\/2025\/06\/IMG_2774-min-768x1152.jpg 768w, https:\/\/humboldt-greifswald.de\/web\/wp-content\/uploads\/2025\/06\/IMG_2774-min-1024x1536.jpg 1024w, https:\/\/humboldt-greifswald.de\/web\/wp-content\/uploads\/2025\/06\/IMG_2774-min-1365x2048.jpg 1365w, https:\/\/humboldt-greifswald.de\/web\/wp-content\/uploads\/2025\/06\/IMG_2774-min-scaled-600x900.jpg 600w, https:\/\/humboldt-greifswald.de\/web\/wp-content\/uploads\/2025\/06\/IMG_2774-min-scaled.jpg 1707w\" sizes=\"(max-width: 200px) 100vw, 200px\" \/>\t\t\t<\/a>\n\t\t\t\t\t<\/div>\n\t\t\n\t\t\t\t\t\t<div class=\"thim-ekits-post__content\">\n\t\t\t\t<h3 class=\"thim-ekits-post__title\">\n\t\t<a href=\"https:\/\/humboldt-greifswald.de\/web\/deutsche-meisterschaft-stem-racing-nur-knapp-die-wm-verfehlt\/\" >\n\t\t\tDeutsche Meisterschaft STEM-Racing: Nur knapp die WM verfehlt!\t\t<\/a>\n\t\t<\/h3>\n\t\t \t\t<div class=\"thim-ekits-post__meta elementor-repeater-item-f023eed m-psi-start \">\n\t\t\t\n\t\t<span class=\"thim-ekits-post__date\">\n\t\t\t\t\t\t16. Juni 2025\t\t<\/span>\n\n\t\t\t\t<\/div>\n\n\t\t\n\t\t<div class=\"thim-ekits-post__excerpt\">\n\t\t\tAm 17. Mai haben die Teams Baltic Evolution (Justus Au, Luci Milbrodt, Immanuel Eschrig, Meira Nelson, Svea Brandhorst und Henry Gonnermann; alle 9 A) und das Team Cheetah Racing(Friedrich Bierwerth 7B, Moritz Gau\u00df 7D, Kai Butter 7D) an der Deutschen &hellip;\t\t<\/div>\n\n\t\t\t\t<a class=\"thim-ekits-post__read-more\"\n\t\t   href=\"https:\/\/humboldt-greifswald.de\/web\/deutsche-meisterschaft-stem-racing-nur-knapp-die-wm-verfehlt\/\" >\n\t\t\tWeiterlesen \u00bb\t\t\t\t\t<\/a>\n\t\t\t\t<\/div>\n\t\t\t\t\t\t\t<\/div>\n\t\t\t\t<div class=\"thim-ekits-post__article post-16026 post type-post status-publish format-standard has-post-thumbnail hentry category-kultur\">\n\t\t\t\t\t\t\t\t\t<div class=\"thim-ekits-post__thumbnail\">\n\t\t\t<a class=\"post-thumbnail\"\n\t\t\t   href=\"https:\/\/humboldt-greifswald.de\/web\/mathematische-anerkennung-in-goettingen\/\" >\n\t\t\t\t<img loading=\"lazy\" decoding=\"async\" width=\"271\" height=\"300\" src=\"https:\/\/humboldt-greifswald.de\/web\/wp-content\/uploads\/2025\/05\/Logo_1000px-924x1024-1-271x300.png\" class=\"attachment-medium size-medium wp-image-16027\" alt=\"\" srcset=\"https:\/\/humboldt-greifswald.de\/web\/wp-content\/uploads\/2025\/05\/Logo_1000px-924x1024-1-271x300.png 271w, https:\/\/humboldt-greifswald.de\/web\/wp-content\/uploads\/2025\/05\/Logo_1000px-924x1024-1-768x851.png 768w, https:\/\/humboldt-greifswald.de\/web\/wp-content\/uploads\/2025\/05\/Logo_1000px-924x1024-1-600x665.png 600w, https:\/\/humboldt-greifswald.de\/web\/wp-content\/uploads\/2025\/05\/Logo_1000px-924x1024-1.png 924w\" sizes=\"(max-width: 271px) 100vw, 271px\" \/>\t\t\t<\/a>\n\t\t\t\t\t<\/div>\n\t\t\n\t\t\t\t\t\t<div class=\"thim-ekits-post__content\">\n\t\t\t\t<h3 class=\"thim-ekits-post__title\">\n\t\t<a href=\"https:\/\/humboldt-greifswald.de\/web\/mathematische-anerkennung-in-goettingen\/\" >\n\t\t\tMathematische Anerkennung in G\u00f6ttingen\t\t<\/a>\n\t\t<\/h3>\n\t\t \t\t<div class=\"thim-ekits-post__meta elementor-repeater-item-f023eed m-psi-start \">\n\t\t\t\n\t\t<span class=\"thim-ekits-post__date\">\n\t\t\t\t\t\t27. Mai 2025\t\t<\/span>\n\n\t\t\t\t<\/div>\n\n\t\t\n\t\t<div class=\"thim-ekits-post__excerpt\">\n\t\t\tWir gratulieren unserer Sch\u00fclerin Hannah Koch (8A) sehr herzlich zu einem Anerkennungspreis bei Ihrer Teilnahme an der Bundesrunde der Mathematik-Olympiade 2025 in G\u00f6ttingen!\t\t<\/div>\n\n\t\t\t\t<a class=\"thim-ekits-post__read-more\"\n\t\t   href=\"https:\/\/humboldt-greifswald.de\/web\/mathematische-anerkennung-in-goettingen\/\" >\n\t\t\tWeiterlesen \u00bb\t\t\t\t\t<\/a>\n\t\t\t\t<\/div>\n\t\t\t\t\t\t\t<\/div>\n\t\t\t\t<div class=\"thim-ekits-post__article post-16023 post type-post status-publish format-standard has-post-thumbnail hentry category-kultur\">\n\t\t\t\t\t\t\t\t\t<div class=\"thim-ekits-post__thumbnail\">\n\t\t\t<a class=\"post-thumbnail\"\n\t\t\t   href=\"https:\/\/humboldt-greifswald.de\/web\/dash-4-zoe\/\" >\n\t\t\t\t<img loading=\"lazy\" decoding=\"async\" width=\"212\" height=\"300\" src=\"https:\/\/humboldt-greifswald.de\/web\/wp-content\/uploads\/2025\/05\/Plakat-Dash-4-Zoe-neu-212x300.png\" class=\"attachment-medium size-medium wp-image-16024\" alt=\"\" srcset=\"https:\/\/humboldt-greifswald.de\/web\/wp-content\/uploads\/2025\/05\/Plakat-Dash-4-Zoe-neu-212x300.png 212w, https:\/\/humboldt-greifswald.de\/web\/wp-content\/uploads\/2025\/05\/Plakat-Dash-4-Zoe-neu-724x1024.png 724w, https:\/\/humboldt-greifswald.de\/web\/wp-content\/uploads\/2025\/05\/Plakat-Dash-4-Zoe-neu-768x1086.png 768w, https:\/\/humboldt-greifswald.de\/web\/wp-content\/uploads\/2025\/05\/Plakat-Dash-4-Zoe-neu-1086x1536.png 1086w, https:\/\/humboldt-greifswald.de\/web\/wp-content\/uploads\/2025\/05\/Plakat-Dash-4-Zoe-neu-600x849.png 600w, https:\/\/humboldt-greifswald.de\/web\/wp-content\/uploads\/2025\/05\/Plakat-Dash-4-Zoe-neu.png 1241w\" sizes=\"(max-width: 212px) 100vw, 212px\" \/>\t\t\t<\/a>\n\t\t\t\t\t<\/div>\n\t\t\n\t\t\t\t\t\t<div class=\"thim-ekits-post__content\">\n\t\t\t\t<h3 class=\"thim-ekits-post__title\">\n\t\t<a href=\"https:\/\/humboldt-greifswald.de\/web\/dash-4-zoe\/\" >\n\t\t\tDash 4 Zoe\t\t<\/a>\n\t\t<\/h3>\n\t\t \t\t<div class=\"thim-ekits-post__meta elementor-repeater-item-f023eed m-psi-start \">\n\t\t\t\n\t\t<span class=\"thim-ekits-post__date\">\n\t\t\t\t\t\t25. Mai 2025\t\t<\/span>\n\n\t\t\t\t<\/div>\n\n\t\t\n\t\t<div class=\"thim-ekits-post__excerpt\">\n\t\t\tvon Joachim Peach und Hans-Peter M\u00fcller nach dem Jugendroman von Robert Swindells Kann sich ein ganzes Leben von einem Moment auf den anderen vollkommen \u00e4ndern? Dash und Zoe haben es erlebt: Ein Blick, ein paar Worte und wirklich nichts war &hellip;\t\t<\/div>\n\n\t\t\t\t<a class=\"thim-ekits-post__read-more\"\n\t\t   href=\"https:\/\/humboldt-greifswald.de\/web\/dash-4-zoe\/\" >\n\t\t\tWeiterlesen \u00bb\t\t\t\t\t<\/a>\n\t\t\t\t<\/div>\n\t\t\t\t\t\t\t<\/div>\n\t\t\t\t<div class=\"thim-ekits-post__article post-16009 post type-post status-publish format-standard has-post-thumbnail hentry category-kultur\">\n\t\t\t\t\t\t\t\t\t<div class=\"thim-ekits-post__thumbnail\">\n\t\t\t<a class=\"post-thumbnail\"\n\t\t\t   href=\"https:\/\/humboldt-greifswald.de\/web\/sportlicher-einsatz-in-berlin-alexander-von-humboldt-gymnasium-greifswald-bei-jugend-trainiert-fuer-olympia\/\" >\n\t\t\t\t<img loading=\"lazy\" decoding=\"async\" width=\"300\" height=\"225\" src=\"https:\/\/humboldt-greifswald.de\/web\/wp-content\/uploads\/2025\/05\/JtfO25-4-300x225.png\" class=\"attachment-medium size-medium wp-image-16015\" alt=\"\" srcset=\"https:\/\/humboldt-greifswald.de\/web\/wp-content\/uploads\/2025\/05\/JtfO25-4-300x225.png 300w, https:\/\/humboldt-greifswald.de\/web\/wp-content\/uploads\/2025\/05\/JtfO25-4-1024x768.png 1024w, https:\/\/humboldt-greifswald.de\/web\/wp-content\/uploads\/2025\/05\/JtfO25-4-768x576.png 768w, https:\/\/humboldt-greifswald.de\/web\/wp-content\/uploads\/2025\/05\/JtfO25-4-1536x1152.png 1536w, https:\/\/humboldt-greifswald.de\/web\/wp-content\/uploads\/2025\/05\/JtfO25-4-600x450.png 600w, https:\/\/humboldt-greifswald.de\/web\/wp-content\/uploads\/2025\/05\/JtfO25-4.png 1754w\" sizes=\"(max-width: 300px) 100vw, 300px\" \/>\t\t\t<\/a>\n\t\t\t\t\t<\/div>\n\t\t\n\t\t\t\t\t\t<div class=\"thim-ekits-post__content\">\n\t\t\t\t<h3 class=\"thim-ekits-post__title\">\n\t\t<a href=\"https:\/\/humboldt-greifswald.de\/web\/sportlicher-einsatz-in-berlin-alexander-von-humboldt-gymnasium-greifswald-bei-jugend-trainiert-fuer-olympia\/\" >\n\t\t\tSportlicher Einsatz in Berlin \u2013 AvHG bei Jugend trainiert f\u00fcr Olympia\t\t<\/a>\n\t\t<\/h3>\n\t\t \t\t<div class=\"thim-ekits-post__meta elementor-repeater-item-f023eed m-psi-start \">\n\t\t\t\n\t\t<span class=\"thim-ekits-post__date\">\n\t\t\t\t\t\t25. Mai 2025\t\t<\/span>\n\n\t\t\t\t<\/div>\n\n\t\t\n\t\t<div class=\"thim-ekits-post__excerpt\">\n\t\t\tVom 18. bis 22. Mai 2025 nahmen Sch\u00fclerinnen und Sch\u00fcler des Alexander von Humboldt Gymnasiums Greifswald am Fr\u00fchjahrsfinale von Jugend trainiert f\u00fcr Olympia und Paralympics in Berlin teil. Mit dabei waren ein Badminton Mixed Team der Altersklasse U18 sowie eine &hellip;\t\t<\/div>\n\n\t\t\t\t<a class=\"thim-ekits-post__read-more\"\n\t\t   href=\"https:\/\/humboldt-greifswald.de\/web\/sportlicher-einsatz-in-berlin-alexander-von-humboldt-gymnasium-greifswald-bei-jugend-trainiert-fuer-olympia\/\" >\n\t\t\tWeiterlesen \u00bb\t\t\t\t\t<\/a>\n\t\t\t\t<\/div>\n\t\t\t\t\t\t\t<\/div>\n\t\t\t\t<div class=\"thim-ekits-post__article post-16006 post type-post status-publish format-standard has-post-thumbnail hentry category-kultur\">\n\t\t\t\t\t\t\t\t\t<div class=\"thim-ekits-post__thumbnail\">\n\t\t\t<a class=\"post-thumbnail\"\n\t\t\t   href=\"https:\/\/humboldt-greifswald.de\/web\/dritter-platz-fuer-unsere-volleyballmannschaft-beim-stadtjubilaeumsturnier\/\" >\n\t\t\t\t<img loading=\"lazy\" decoding=\"async\" width=\"300\" height=\"225\" src=\"https:\/\/humboldt-greifswald.de\/web\/wp-content\/uploads\/2025\/05\/1e4c7ef4-e7b4-4c99-beff-35633ef85773-300x225.jpeg\" class=\"attachment-medium size-medium wp-image-16007\" alt=\"\" srcset=\"https:\/\/humboldt-greifswald.de\/web\/wp-content\/uploads\/2025\/05\/1e4c7ef4-e7b4-4c99-beff-35633ef85773-300x225.jpeg 300w, https:\/\/humboldt-greifswald.de\/web\/wp-content\/uploads\/2025\/05\/1e4c7ef4-e7b4-4c99-beff-35633ef85773-1024x768.jpeg 1024w, https:\/\/humboldt-greifswald.de\/web\/wp-content\/uploads\/2025\/05\/1e4c7ef4-e7b4-4c99-beff-35633ef85773-768x576.jpeg 768w, https:\/\/humboldt-greifswald.de\/web\/wp-content\/uploads\/2025\/05\/1e4c7ef4-e7b4-4c99-beff-35633ef85773-1536x1152.jpeg 1536w, https:\/\/humboldt-greifswald.de\/web\/wp-content\/uploads\/2025\/05\/1e4c7ef4-e7b4-4c99-beff-35633ef85773-600x450.jpeg 600w, https:\/\/humboldt-greifswald.de\/web\/wp-content\/uploads\/2025\/05\/1e4c7ef4-e7b4-4c99-beff-35633ef85773.jpeg 2048w\" sizes=\"(max-width: 300px) 100vw, 300px\" \/>\t\t\t<\/a>\n\t\t\t\t\t<\/div>\n\t\t\n\t\t\t\t\t\t<div class=\"thim-ekits-post__content\">\n\t\t\t\t<h3 class=\"thim-ekits-post__title\">\n\t\t<a href=\"https:\/\/humboldt-greifswald.de\/web\/dritter-platz-fuer-unsere-volleyballmannschaft-beim-stadtjubilaeumsturnier\/\" >\n\t\t\tDritter Platz f\u00fcr unsere Volleyballmannschaft beim Stadtjubil\u00e4umsturnier\t\t<\/a>\n\t\t<\/h3>\n\t\t \t\t<div class=\"thim-ekits-post__meta elementor-repeater-item-f023eed m-psi-start \">\n\t\t\t\n\t\t<span class=\"thim-ekits-post__date\">\n\t\t\t\t\t\t17. Mai 2025\t\t<\/span>\n\n\t\t\t\t<\/div>\n\n\t\t\n\t\t<div class=\"thim-ekits-post__excerpt\">\n\t\t\tAn diesem Freitag konnten unsere Sch\u00fclerinnen und Sch\u00fcler erneut einen sportlichen Erfolg f\u00fcr unsere Schule verbuchen. Beim Volleyballturnier am \u201eTag des Sports\u201c, das im Rahmen des Stadtjubil\u00e4ums unserer Heimatstadt stattfand, erreichte unsere Mix-Mannschaft der Jahrgangsstufen 9 und 10 einen hervorragenden &hellip;\t\t<\/div>\n\n\t\t\t\t<a class=\"thim-ekits-post__read-more\"\n\t\t   href=\"https:\/\/humboldt-greifswald.de\/web\/dritter-platz-fuer-unsere-volleyballmannschaft-beim-stadtjubilaeumsturnier\/\" >\n\t\t\tWeiterlesen \u00bb\t\t\t\t\t<\/a>\n\t\t\t\t<\/div>\n\t\t\t\t\t\t\t<\/div>\n\t\t\t\t<div class=\"thim-ekits-post__article post-16003 post type-post status-publish format-standard has-post-thumbnail hentry category-kultur\">\n\t\t\t\t\t\t\t\t\t<div class=\"thim-ekits-post__thumbnail\">\n\t\t\t<a class=\"post-thumbnail\"\n\t\t\t   href=\"https:\/\/humboldt-greifswald.de\/web\/sieg-beim-18-greifswalder-citylauf-beim-lauf-um-den-pokal-der-schulen\/\" >\n\t\t\t\t<img loading=\"lazy\" decoding=\"async\" width=\"225\" height=\"300\" src=\"https:\/\/humboldt-greifswald.de\/web\/wp-content\/uploads\/2025\/05\/7b6b2436-eee4-4322-a630-45f99bdca460-225x300.jpeg\" class=\"attachment-medium size-medium wp-image-16004\" alt=\"\" srcset=\"https:\/\/humboldt-greifswald.de\/web\/wp-content\/uploads\/2025\/05\/7b6b2436-eee4-4322-a630-45f99bdca460-225x300.jpeg 225w, https:\/\/humboldt-greifswald.de\/web\/wp-content\/uploads\/2025\/05\/7b6b2436-eee4-4322-a630-45f99bdca460-768x1024.jpeg 768w, https:\/\/humboldt-greifswald.de\/web\/wp-content\/uploads\/2025\/05\/7b6b2436-eee4-4322-a630-45f99bdca460-1152x1536.jpeg 1152w, https:\/\/humboldt-greifswald.de\/web\/wp-content\/uploads\/2025\/05\/7b6b2436-eee4-4322-a630-45f99bdca460-600x800.jpeg 600w, https:\/\/humboldt-greifswald.de\/web\/wp-content\/uploads\/2025\/05\/7b6b2436-eee4-4322-a630-45f99bdca460.jpeg 1200w\" sizes=\"(max-width: 225px) 100vw, 225px\" \/>\t\t\t<\/a>\n\t\t\t\t\t<\/div>\n\t\t\n\t\t\t\t\t\t<div class=\"thim-ekits-post__content\">\n\t\t\t\t<h3 class=\"thim-ekits-post__title\">\n\t\t<a href=\"https:\/\/humboldt-greifswald.de\/web\/sieg-beim-18-greifswalder-citylauf-beim-lauf-um-den-pokal-der-schulen\/\" >\n\t\t\tSieg beim 18. Greifswalder Citylauf beim Lauf um den Pokal der Schulen\t\t<\/a>\n\t\t<\/h3>\n\t\t \t\t<div class=\"thim-ekits-post__meta elementor-repeater-item-f023eed m-psi-start \">\n\t\t\t\n\t\t<span class=\"thim-ekits-post__date\">\n\t\t\t\t\t\t11. Mai 2025\t\t<\/span>\n\n\t\t\t\t<\/div>\n\n\t\t\n\t\t<div class=\"thim-ekits-post__excerpt\">\n\t\t\tWir freuen uns sehr, dass unser Sch\u00fclerteam heute den Schulwettbewerb beim Citylauf (ab Klasse 5) gewonnen hat! Der Pokal geht damit auch in diesem Jahr wieder an das Alexander-von-Humboldt-Gymnasium Greifswald.\t\t<\/div>\n\n\t\t\t\t<a class=\"thim-ekits-post__read-more\"\n\t\t   href=\"https:\/\/humboldt-greifswald.de\/web\/sieg-beim-18-greifswalder-citylauf-beim-lauf-um-den-pokal-der-schulen\/\" >\n\t\t\tWeiterlesen \u00bb\t\t\t\t\t<\/a>\n\t\t\t\t<\/div>\n\t\t\t\t\t\t\t<\/div>\n\t\t\t\t<div class=\"thim-ekits-post__article post-16000 post type-post status-publish format-standard has-post-thumbnail hentry category-kultur\">\n\t\t\t\t\t\t\t\t\t<div class=\"thim-ekits-post__thumbnail\">\n\t\t\t<a class=\"post-thumbnail\"\n\t\t\t   href=\"https:\/\/humboldt-greifswald.de\/web\/u18-regionalfinale-gewonnen\/\" >\n\t\t\t\t<img loading=\"lazy\" decoding=\"async\" width=\"300\" height=\"198\" src=\"https:\/\/humboldt-greifswald.de\/web\/wp-content\/uploads\/2025\/05\/football-3814077_1280-300x198.jpg\" class=\"attachment-medium size-medium wp-image-16001\" alt=\"\" srcset=\"https:\/\/humboldt-greifswald.de\/web\/wp-content\/uploads\/2025\/05\/football-3814077_1280-300x198.jpg 300w, https:\/\/humboldt-greifswald.de\/web\/wp-content\/uploads\/2025\/05\/football-3814077_1280-1024x676.jpg 1024w, https:\/\/humboldt-greifswald.de\/web\/wp-content\/uploads\/2025\/05\/football-3814077_1280-768x507.jpg 768w, https:\/\/humboldt-greifswald.de\/web\/wp-content\/uploads\/2025\/05\/football-3814077_1280-600x396.jpg 600w, https:\/\/humboldt-greifswald.de\/web\/wp-content\/uploads\/2025\/05\/football-3814077_1280.jpg 1280w\" sizes=\"(max-width: 300px) 100vw, 300px\" \/>\t\t\t<\/a>\n\t\t\t\t\t<\/div>\n\t\t\n\t\t\t\t\t\t<div class=\"thim-ekits-post__content\">\n\t\t\t\t<h3 class=\"thim-ekits-post__title\">\n\t\t<a href=\"https:\/\/humboldt-greifswald.de\/web\/u18-regionalfinale-gewonnen\/\" >\n\t\t\tU18-Regionalfinale gewonnen!\t\t<\/a>\n\t\t<\/h3>\n\t\t \t\t<div class=\"thim-ekits-post__meta elementor-repeater-item-f023eed m-psi-start \">\n\t\t\t\n\t\t<span class=\"thim-ekits-post__date\">\n\t\t\t\t\t\t9. Mai 2025\t\t<\/span>\n\n\t\t\t\t<\/div>\n\n\t\t\n\t\t<div class=\"thim-ekits-post__excerpt\">\n\t\t\tUnsere beiden Mannschaften mit Sch\u00fclerinnen und Sch\u00fclern aus den Klassen 7A, 7D, 8A, 8C, 8D, 9A, 9B, 9D, 9R, 10A und 10B haben das Regionalfinale im Fu\u00dfball der U 18 bei den M\u00e4dchen und Jungen gewonnen und nehmen am 04.06.2025 &hellip;\t\t<\/div>\n\n\t\t\t\t<a class=\"thim-ekits-post__read-more\"\n\t\t   href=\"https:\/\/humboldt-greifswald.de\/web\/u18-regionalfinale-gewonnen\/\" >\n\t\t\tWeiterlesen \u00bb\t\t\t\t\t<\/a>\n\t\t\t\t<\/div>\n\t\t\t\t\t\t\t<\/div>\n\t\t\t\t<div class=\"thim-ekits-post__article post-15995 post type-post status-publish format-standard has-post-thumbnail hentry category-kultur\">\n\t\t\t\t\t\t\t\t\t<div class=\"thim-ekits-post__thumbnail\">\n\t\t\t<a class=\"post-thumbnail\"\n\t\t\t   href=\"https:\/\/humboldt-greifswald.de\/web\/bericht-des-pommerschen-diakonievereins-schueler-des-avh-zu-gast-in-der-waescherei\/\" >\n\t\t\t\t<img loading=\"lazy\" decoding=\"async\" width=\"300\" height=\"169\" src=\"https:\/\/humboldt-greifswald.de\/web\/wp-content\/uploads\/2025\/05\/csm_241014_Art3_ac23fe339e-300x169.jpg\" class=\"attachment-medium size-medium wp-image-15996\" alt=\"\" srcset=\"https:\/\/humboldt-greifswald.de\/web\/wp-content\/uploads\/2025\/05\/csm_241014_Art3_ac23fe339e-300x169.jpg 300w, https:\/\/humboldt-greifswald.de\/web\/wp-content\/uploads\/2025\/05\/csm_241014_Art3_ac23fe339e.jpg 340w\" sizes=\"(max-width: 300px) 100vw, 300px\" \/>\t\t\t<\/a>\n\t\t\t\t\t<\/div>\n\t\t\n\t\t\t\t\t\t<div class=\"thim-ekits-post__content\">\n\t\t\t\t<h3 class=\"thim-ekits-post__title\">\n\t\t<a href=\"https:\/\/humboldt-greifswald.de\/web\/bericht-des-pommerschen-diakonievereins-schueler-des-avh-zu-gast-in-der-waescherei\/\" >\n\t\t\tBericht des Pommerschen Diakonievereins: Sch\u00fcler des AvH zu Gast in der W\u00e4scherei\t\t<\/a>\n\t\t<\/h3>\n\t\t \t\t<div class=\"thim-ekits-post__meta elementor-repeater-item-f023eed m-psi-start \">\n\t\t\t\n\t\t<span class=\"thim-ekits-post__date\">\n\t\t\t\t\t\t7. Mai 2025\t\t<\/span>\n\n\t\t\t\t<\/div>\n\n\t\t\n\t\t<div class=\"thim-ekits-post__excerpt\">\n\t\t\tMit den Sch\u00fclern einiger neunter Klassen waren wir vor einiger Zeit bereits in der &#8222;Greifenwerkstatt&#8220; (Werkstatt f\u00fcr behinderte Menschen). Der pommersche Diakonieverein, zu der die Greifenwerkstatt geh\u00f6rt, hat hierzu einen lesenswerten Artikel auf seiner Homepage ver\u00f6ffentlicht!\t\t<\/div>\n\n\t\t\t\t<a class=\"thim-ekits-post__read-more\"\n\t\t   href=\"https:\/\/humboldt-greifswald.de\/web\/bericht-des-pommerschen-diakonievereins-schueler-des-avh-zu-gast-in-der-waescherei\/\" >\n\t\t\tWeiterlesen \u00bb\t\t\t\t\t<\/a>\n\t\t\t\t<\/div>\n\t\t\t\t\t\t\t<\/div>\n\t\t\t\t<div class=\"thim-ekits-post__article post-15986 post type-post status-publish format-standard has-post-thumbnail hentry category-kultur\">\n\t\t\t\t\t\t\t\t\t<div class=\"thim-ekits-post__thumbnail\">\n\t\t\t<a class=\"post-thumbnail\"\n\t\t\t   href=\"https:\/\/humboldt-greifswald.de\/web\/vernissage-des-kunstleistungskurses-am-16-5\/\" >\n\t\t\t\t<img loading=\"lazy\" decoding=\"async\" width=\"169\" height=\"300\" src=\"https:\/\/humboldt-greifswald.de\/web\/wp-content\/uploads\/2025\/05\/Kunstflyer-Ausstellung-1-169x300.png\" class=\"attachment-medium size-medium wp-image-15987\" alt=\"\" srcset=\"https:\/\/humboldt-greifswald.de\/web\/wp-content\/uploads\/2025\/05\/Kunstflyer-Ausstellung-1-169x300.png 169w, https:\/\/humboldt-greifswald.de\/web\/wp-content\/uploads\/2025\/05\/Kunstflyer-Ausstellung-1-576x1024.png 576w, https:\/\/humboldt-greifswald.de\/web\/wp-content\/uploads\/2025\/05\/Kunstflyer-Ausstellung-1-768x1365.png 768w, https:\/\/humboldt-greifswald.de\/web\/wp-content\/uploads\/2025\/05\/Kunstflyer-Ausstellung-1-864x1536.png 864w, https:\/\/humboldt-greifswald.de\/web\/wp-content\/uploads\/2025\/05\/Kunstflyer-Ausstellung-1-1152x2048.png 1152w, https:\/\/humboldt-greifswald.de\/web\/wp-content\/uploads\/2025\/05\/Kunstflyer-Ausstellung-1-600x1067.png 600w, https:\/\/humboldt-greifswald.de\/web\/wp-content\/uploads\/2025\/05\/Kunstflyer-Ausstellung-1.png 1440w\" sizes=\"(max-width: 169px) 100vw, 169px\" \/>\t\t\t<\/a>\n\t\t\t\t\t<\/div>\n\t\t\n\t\t\t\t\t\t<div class=\"thim-ekits-post__content\">\n\t\t\t\t<h3 class=\"thim-ekits-post__title\">\n\t\t<a href=\"https:\/\/humboldt-greifswald.de\/web\/vernissage-des-kunstleistungskurses-am-16-5\/\" >\n\t\t\tVernissage des Kunstleistungskurses am 16.5.\t\t<\/a>\n\t\t<\/h3>\n\t\t \t\t<div class=\"thim-ekits-post__meta elementor-repeater-item-f023eed m-psi-start \">\n\t\t\t\n\t\t<span class=\"thim-ekits-post__date\">\n\t\t\t\t\t\t6. Mai 2025\t\t<\/span>\n\n\t\t\t\t<\/div>\n\n\t\t\n\t\t<div class=\"thim-ekits-post__excerpt\">\n\t\t\tHerzliche Einladung zur Vernissage des Kunstleistungskurses am 16.5.2025 um 18:00 Uhr ins Falladahaus in der Steinstra\u00dfe 59! Diese Ausstellung mit Arbeiten des Leistungskurses Kunst fand im letzten Jahr das erste Mal statt &#8211; und wird hoffentlich zu einer sch\u00f6nen Tradition! &hellip;\t\t<\/div>\n\n\t\t\t\t<a class=\"thim-ekits-post__read-more\"\n\t\t   href=\"https:\/\/humboldt-greifswald.de\/web\/vernissage-des-kunstleistungskurses-am-16-5\/\" >\n\t\t\tWeiterlesen \u00bb\t\t\t\t\t<\/a>\n\t\t\t\t<\/div>\n\t\t\t\t\t\t\t<\/div>\n\t\t\t\t<div class=\"thim-ekits-post__article post-15974 post type-post status-publish format-standard has-post-thumbnail hentry category-kultur\">\n\t\t\t\t\t\t\t\t\t<div class=\"thim-ekits-post__thumbnail\">\n\t\t\t<a class=\"post-thumbnail\"\n\t\t\t   href=\"https:\/\/humboldt-greifswald.de\/web\/stem-racing-teams-qualifizieren-sich-fuer-deutsche-meisterschaft\/\" >\n\t\t\t\t<img loading=\"lazy\" decoding=\"async\" width=\"300\" height=\"225\" src=\"https:\/\/humboldt-greifswald.de\/web\/wp-content\/uploads\/2025\/04\/STEM-Racing-2025_2-300x225.png\" class=\"attachment-medium size-medium wp-image-15978\" alt=\"\" srcset=\"https:\/\/humboldt-greifswald.de\/web\/wp-content\/uploads\/2025\/04\/STEM-Racing-2025_2-300x225.png 300w, https:\/\/humboldt-greifswald.de\/web\/wp-content\/uploads\/2025\/04\/STEM-Racing-2025_2-768x576.png 768w, https:\/\/humboldt-greifswald.de\/web\/wp-content\/uploads\/2025\/04\/STEM-Racing-2025_2-600x450.png 600w, https:\/\/humboldt-greifswald.de\/web\/wp-content\/uploads\/2025\/04\/STEM-Racing-2025_2.png 816w\" sizes=\"(max-width: 300px) 100vw, 300px\" \/>\t\t\t<\/a>\n\t\t\t\t\t<\/div>\n\t\t\n\t\t\t\t\t\t<div class=\"thim-ekits-post__content\">\n\t\t\t\t<h3 class=\"thim-ekits-post__title\">\n\t\t<a href=\"https:\/\/humboldt-greifswald.de\/web\/stem-racing-teams-qualifizieren-sich-fuer-deutsche-meisterschaft\/\" >\n\t\t\tSTEM-Racing-Teams qualifizieren sich f\u00fcr Deutsche Meisterschaft\t\t<\/a>\n\t\t<\/h3>\n\t\t \t\t<div class=\"thim-ekits-post__meta elementor-repeater-item-f023eed m-psi-start \">\n\t\t\t\n\t\t<span class=\"thim-ekits-post__date\">\n\t\t\t\t\t\t2. April 2025\t\t<\/span>\n\n\t\t\t\t<\/div>\n\n\t\t\n\t\t<div class=\"thim-ekits-post__excerpt\">\n\t\t\tAm vergangenen Wochenende traten drei STEM-Racing-Teams unserer Schule bei der Landesmeisterschaft Mecklenburg-Vorpommern an \u2013 und das mit gro\u00dfem Erfolg!Das Team Red Flash erreichte den 3. Platz, w\u00e4hrend sich sowohl das Juniorteam Cheetah Racing als auch das Seniorteam Baltic Evolution den &hellip;\t\t<\/div>\n\n\t\t\t\t<a class=\"thim-ekits-post__read-more\"\n\t\t   href=\"https:\/\/humboldt-greifswald.de\/web\/stem-racing-teams-qualifizieren-sich-fuer-deutsche-meisterschaft\/\" >\n\t\t\tWeiterlesen \u00bb\t\t\t\t\t<\/a>\n\t\t\t\t<\/div>\n\t\t\t\t\t\t\t<\/div>\n\t\t\t\t<div class=\"thim-ekits-post__article post-15971 post type-post status-publish format-standard has-post-thumbnail hentry category-kultur\">\n\t\t\t\t\t\t\t\t\t<div class=\"thim-ekits-post__thumbnail\">\n\t\t\t<a class=\"post-thumbnail\"\n\t\t\t   href=\"https:\/\/humboldt-greifswald.de\/web\/jugend-forscht-2-preis-physik-fuer-sebastian-riemann\/\" >\n\t\t\t\t<img loading=\"lazy\" decoding=\"async\" width=\"292\" height=\"300\" src=\"https:\/\/humboldt-greifswald.de\/web\/wp-content\/uploads\/2025\/04\/S-Riemann-mit-Stand-JuFoMV25-292x300.jpg\" class=\"attachment-medium size-medium wp-image-15972\" alt=\"\" srcset=\"https:\/\/humboldt-greifswald.de\/web\/wp-content\/uploads\/2025\/04\/S-Riemann-mit-Stand-JuFoMV25-292x300.jpg 292w, https:\/\/humboldt-greifswald.de\/web\/wp-content\/uploads\/2025\/04\/S-Riemann-mit-Stand-JuFoMV25-995x1024.jpg 995w, https:\/\/humboldt-greifswald.de\/web\/wp-content\/uploads\/2025\/04\/S-Riemann-mit-Stand-JuFoMV25-768x790.jpg 768w, https:\/\/humboldt-greifswald.de\/web\/wp-content\/uploads\/2025\/04\/S-Riemann-mit-Stand-JuFoMV25-1493x1536.jpg 1493w, https:\/\/humboldt-greifswald.de\/web\/wp-content\/uploads\/2025\/04\/S-Riemann-mit-Stand-JuFoMV25-1990x2048.jpg 1990w, https:\/\/humboldt-greifswald.de\/web\/wp-content\/uploads\/2025\/04\/S-Riemann-mit-Stand-JuFoMV25-scaled-600x617.jpg 600w\" sizes=\"(max-width: 292px) 100vw, 292px\" \/>\t\t\t<\/a>\n\t\t\t\t\t<\/div>\n\t\t\n\t\t\t\t\t\t<div class=\"thim-ekits-post__content\">\n\t\t\t\t<h3 class=\"thim-ekits-post__title\">\n\t\t<a href=\"https:\/\/humboldt-greifswald.de\/web\/jugend-forscht-2-preis-physik-fuer-sebastian-riemann\/\" >\n\t\t\tJugend forscht: 2. Preis Physik f\u00fcr Sebastian Riemann!\t\t<\/a>\n\t\t<\/h3>\n\t\t \t\t<div class=\"thim-ekits-post__meta elementor-repeater-item-f023eed m-psi-start \">\n\t\t\t\n\t\t<span class=\"thim-ekits-post__date\">\n\t\t\t\t\t\t2. April 2025\t\t<\/span>\n\n\t\t\t\t<\/div>\n\n\t\t\n\t\t<div class=\"thim-ekits-post__excerpt\">\n\t\t\tWir freuen uns sehr \u00fcber den gro\u00dfartigen Erfolg unseres Sch\u00fclers Sebastian Riemann aus der Klasse 12 beim Landeswettbewerb Jugend forscht am 18.\/19. M\u00e4rz 2023. Sebastian erreichte mit seinem beeindruckenden Projekt \u201eKI-Diagnose zu Plasmaeinbr\u00fcchen in Fusionsreaktoren\u201c nicht nur den 2. Preis &hellip;\t\t<\/div>\n\n\t\t\t\t<a class=\"thim-ekits-post__read-more\"\n\t\t   href=\"https:\/\/humboldt-greifswald.de\/web\/jugend-forscht-2-preis-physik-fuer-sebastian-riemann\/\" >\n\t\t\tWeiterlesen \u00bb\t\t\t\t\t<\/a>\n\t\t\t\t<\/div>\n\t\t\t\t\t\t\t<\/div>\n\t\t\t\t<div class=\"thim-ekits-post__article post-15968 post type-post status-publish format-standard has-post-thumbnail hentry category-kultur\">\n\t\t\t\t\t\t\t\t\t<div class=\"thim-ekits-post__thumbnail\">\n\t\t\t<a class=\"post-thumbnail\"\n\t\t\t   href=\"https:\/\/humboldt-greifswald.de\/web\/01-04-1700-abi-support-theater-zeigt-deutschland-von-gestern\/\" >\n\t\t\t\t<img loading=\"lazy\" decoding=\"async\" width=\"212\" height=\"300\" src=\"https:\/\/humboldt-greifswald.de\/web\/wp-content\/uploads\/2025\/03\/Deutschland-von-Gestern-212x300.png\" class=\"attachment-medium size-medium wp-image-15966\" alt=\"\" srcset=\"https:\/\/humboldt-greifswald.de\/web\/wp-content\/uploads\/2025\/03\/Deutschland-von-Gestern-212x300.png 212w, https:\/\/humboldt-greifswald.de\/web\/wp-content\/uploads\/2025\/03\/Deutschland-von-Gestern-724x1024.png 724w, https:\/\/humboldt-greifswald.de\/web\/wp-content\/uploads\/2025\/03\/Deutschland-von-Gestern-768x1086.png 768w, https:\/\/humboldt-greifswald.de\/web\/wp-content\/uploads\/2025\/03\/Deutschland-von-Gestern-1086x1536.png 1086w, https:\/\/humboldt-greifswald.de\/web\/wp-content\/uploads\/2025\/03\/Deutschland-von-Gestern-1448x2048.png 1448w, https:\/\/humboldt-greifswald.de\/web\/wp-content\/uploads\/2025\/03\/Deutschland-von-Gestern-600x848.png 600w, https:\/\/humboldt-greifswald.de\/web\/wp-content\/uploads\/2025\/03\/Deutschland-von-Gestern.png 1683w\" sizes=\"(max-width: 212px) 100vw, 212px\" \/>\t\t\t<\/a>\n\t\t\t\t\t<\/div>\n\t\t\n\t\t\t\t\t\t<div class=\"thim-ekits-post__content\">\n\t\t\t\t<h3 class=\"thim-ekits-post__title\">\n\t\t<a href=\"https:\/\/humboldt-greifswald.de\/web\/01-04-1700-abi-support-theater-zeigt-deutschland-von-gestern\/\" >\n\t\t\t01.04. 17:00 &#8211; Abi-Support-Theater zeigt &#8222;Deutschland von Gestern&#8220;\t\t<\/a>\n\t\t<\/h3>\n\t\t \t\t<div class=\"thim-ekits-post__meta elementor-repeater-item-f023eed m-psi-start \">\n\t\t\t\n\t\t<span class=\"thim-ekits-post__date\">\n\t\t\t\t\t\t26. M\u00e4rz 2025\t\t<\/span>\n\n\t\t\t\t<\/div>\n\n\t\t\n\t\t<div class=\"thim-ekits-post__excerpt\">\n\t\t\t\t\t<\/div>\n\n\t\t\t\t<a class=\"thim-ekits-post__read-more\"\n\t\t   href=\"https:\/\/humboldt-greifswald.de\/web\/01-04-1700-abi-support-theater-zeigt-deutschland-von-gestern\/\" >\n\t\t\tWeiterlesen \u00bb\t\t\t\t\t<\/a>\n\t\t\t\t<\/div>\n\t\t\t\t\t\t\t<\/div>\n\t\t\t\t<div class=\"thim-ekits-post__article post-15961 post type-post status-publish format-standard has-post-thumbnail hentry category-kultur\">\n\t\t\t\t\t\t\t\t\t<div class=\"thim-ekits-post__thumbnail\">\n\t\t\t<a class=\"post-thumbnail\"\n\t\t\t   href=\"https:\/\/humboldt-greifswald.de\/web\/01-04-2025-abi-support-theater-zeigt-deutschland-von-gestern\/\" >\n\t\t\t\t<img loading=\"lazy\" decoding=\"async\" width=\"212\" height=\"300\" src=\"https:\/\/humboldt-greifswald.de\/web\/wp-content\/uploads\/2025\/03\/Duft-des-Mordes-212x300.png\" class=\"attachment-medium size-medium wp-image-15965\" alt=\"\" srcset=\"https:\/\/humboldt-greifswald.de\/web\/wp-content\/uploads\/2025\/03\/Duft-des-Mordes-212x300.png 212w, https:\/\/humboldt-greifswald.de\/web\/wp-content\/uploads\/2025\/03\/Duft-des-Mordes-724x1024.png 724w, https:\/\/humboldt-greifswald.de\/web\/wp-content\/uploads\/2025\/03\/Duft-des-Mordes-768x1086.png 768w, https:\/\/humboldt-greifswald.de\/web\/wp-content\/uploads\/2025\/03\/Duft-des-Mordes-1086x1536.png 1086w, https:\/\/humboldt-greifswald.de\/web\/wp-content\/uploads\/2025\/03\/Duft-des-Mordes-600x848.png 600w, https:\/\/humboldt-greifswald.de\/web\/wp-content\/uploads\/2025\/03\/Duft-des-Mordes.png 1191w\" sizes=\"(max-width: 212px) 100vw, 212px\" \/>\t\t\t<\/a>\n\t\t\t\t\t<\/div>\n\t\t\n\t\t\t\t\t\t<div class=\"thim-ekits-post__content\">\n\t\t\t\t<h3 class=\"thim-ekits-post__title\">\n\t\t<a href=\"https:\/\/humboldt-greifswald.de\/web\/01-04-2025-abi-support-theater-zeigt-deutschland-von-gestern\/\" >\n\t\t\t26.03. 17:00 &#8211; Kriminalkom\u00f6die &#8222;Duft des Mordes&#8220;\t\t<\/a>\n\t\t<\/h3>\n\t\t \t\t<div class=\"thim-ekits-post__meta elementor-repeater-item-f023eed m-psi-start \">\n\t\t\t\n\t\t<span class=\"thim-ekits-post__date\">\n\t\t\t\t\t\t26. M\u00e4rz 2025\t\t<\/span>\n\n\t\t\t\t<\/div>\n\n\t\t\n\t\t<div class=\"thim-ekits-post__excerpt\">\n\t\t\t\t\t<\/div>\n\n\t\t\t\t<a class=\"thim-ekits-post__read-more\"\n\t\t   href=\"https:\/\/humboldt-greifswald.de\/web\/01-04-2025-abi-support-theater-zeigt-deutschland-von-gestern\/\" >\n\t\t\tWeiterlesen \u00bb\t\t\t\t\t<\/a>\n\t\t\t\t<\/div>\n\t\t\t\t\t\t\t<\/div>\n\t\t\t\t<div class=\"thim-ekits-post__article post-15954 post type-post status-publish format-standard has-post-thumbnail hentry category-kultur\">\n\t\t\t\t\t\t\t\t\t<div class=\"thim-ekits-post__thumbnail\">\n\t\t\t<a class=\"post-thumbnail\"\n\t\t\t   href=\"https:\/\/humboldt-greifswald.de\/web\/humboldt-gymnasium-triumphiert-im-landesfinale-auf-zum-bundesfinale\/\" >\n\t\t\t\t<img loading=\"lazy\" decoding=\"async\" width=\"300\" height=\"225\" src=\"https:\/\/humboldt-greifswald.de\/web\/wp-content\/uploads\/2025\/03\/IMG_5123-300x225.jpg\" class=\"attachment-medium size-medium wp-image-15955\" alt=\"\" srcset=\"https:\/\/humboldt-greifswald.de\/web\/wp-content\/uploads\/2025\/03\/IMG_5123-300x225.jpg 300w, https:\/\/humboldt-greifswald.de\/web\/wp-content\/uploads\/2025\/03\/IMG_5123-1024x768.jpg 1024w, https:\/\/humboldt-greifswald.de\/web\/wp-content\/uploads\/2025\/03\/IMG_5123-768x576.jpg 768w, https:\/\/humboldt-greifswald.de\/web\/wp-content\/uploads\/2025\/03\/IMG_5123-1536x1152.jpg 1536w, https:\/\/humboldt-greifswald.de\/web\/wp-content\/uploads\/2025\/03\/IMG_5123-2048x1536.jpg 2048w, https:\/\/humboldt-greifswald.de\/web\/wp-content\/uploads\/2025\/03\/IMG_5123-scaled-600x450.jpg 600w\" sizes=\"(max-width: 300px) 100vw, 300px\" \/>\t\t\t<\/a>\n\t\t\t\t\t<\/div>\n\t\t\n\t\t\t\t\t\t<div class=\"thim-ekits-post__content\">\n\t\t\t\t<h3 class=\"thim-ekits-post__title\">\n\t\t<a href=\"https:\/\/humboldt-greifswald.de\/web\/humboldt-gymnasium-triumphiert-im-landesfinale-auf-zum-bundesfinale\/\" >\n\t\t\tHumboldt-Gymnasium triumphiert im Landesfinale \u2013 auf zum Bundesfinale!\t\t<\/a>\n\t\t<\/h3>\n\t\t \t\t<div class=\"thim-ekits-post__meta elementor-repeater-item-f023eed m-psi-start \">\n\t\t\t\n\t\t<span class=\"thim-ekits-post__date\">\n\t\t\t\t\t\t10. M\u00e4rz 2025\t\t<\/span>\n\n\t\t\t\t<\/div>\n\n\t\t\n\t\t<div class=\"thim-ekits-post__excerpt\">\n\t\t\tAm Donnerstag, den 27. Februar, reiste eine kleine Gruppe von Sch\u00fclern der Klassen 6 bis 11 nach K\u00fchlungsborn, um sich im Landesfinale Tischtennis mit den besten Schulen Mecklenburg-Vorpommerns zu messen. Nach spannenden und nervenaufreibenden Duellen gegen die Gymnasien aus Wismar, &hellip;\t\t<\/div>\n\n\t\t\t\t<a class=\"thim-ekits-post__read-more\"\n\t\t   href=\"https:\/\/humboldt-greifswald.de\/web\/humboldt-gymnasium-triumphiert-im-landesfinale-auf-zum-bundesfinale\/\" >\n\t\t\tWeiterlesen \u00bb\t\t\t\t\t<\/a>\n\t\t\t\t<\/div>\n\t\t\t\t\t\t\t<\/div>\n\t\t\t\t<div class=\"thim-ekits-post__article post-15940 post type-post status-publish format-standard has-post-thumbnail hentry category-kultur\">\n\t\t\t\t\t\t\t\t\t<div class=\"thim-ekits-post__thumbnail\">\n\t\t\t<a class=\"post-thumbnail\"\n\t\t\t   href=\"https:\/\/humboldt-greifswald.de\/web\/ki-kuenstlich-aber-intelligent-ein-projekttag-zum-ausprobieren-und-verstehen\/\" >\n\t\t\t\t<img loading=\"lazy\" decoding=\"async\" width=\"300\" height=\"170\" src=\"https:\/\/humboldt-greifswald.de\/web\/wp-content\/uploads\/2025\/02\/KI8-2502-300x170.jpg\" class=\"attachment-medium size-medium wp-image-15941\" alt=\"\" srcset=\"https:\/\/humboldt-greifswald.de\/web\/wp-content\/uploads\/2025\/02\/KI8-2502-300x170.jpg 300w, https:\/\/humboldt-greifswald.de\/web\/wp-content\/uploads\/2025\/02\/KI8-2502-1024x580.jpg 1024w, https:\/\/humboldt-greifswald.de\/web\/wp-content\/uploads\/2025\/02\/KI8-2502-768x435.jpg 768w, https:\/\/humboldt-greifswald.de\/web\/wp-content\/uploads\/2025\/02\/KI8-2502-1536x870.jpg 1536w, https:\/\/humboldt-greifswald.de\/web\/wp-content\/uploads\/2025\/02\/KI8-2502-2048x1160.jpg 2048w, https:\/\/humboldt-greifswald.de\/web\/wp-content\/uploads\/2025\/02\/KI8-2502-scaled-600x340.jpg 600w\" sizes=\"(max-width: 300px) 100vw, 300px\" \/>\t\t\t<\/a>\n\t\t\t\t\t<\/div>\n\t\t\n\t\t\t\t\t\t<div class=\"thim-ekits-post__content\">\n\t\t\t\t<h3 class=\"thim-ekits-post__title\">\n\t\t<a href=\"https:\/\/humboldt-greifswald.de\/web\/ki-kuenstlich-aber-intelligent-ein-projekttag-zum-ausprobieren-und-verstehen\/\" >\n\t\t\tKI \u2013 K\u00fcnstlich, aber intelligent? Ein Projekttag zum Ausprobieren und Verstehen\t\t<\/a>\n\t\t<\/h3>\n\t\t \t\t<div class=\"thim-ekits-post__meta elementor-repeater-item-f023eed m-psi-start \">\n\t\t\t\n\t\t<span class=\"thim-ekits-post__date\">\n\t\t\t\t\t\t16. Februar 2025\t\t<\/span>\n\n\t\t\t\t<\/div>\n\n\t\t\n\t\t<div class=\"thim-ekits-post__excerpt\">\n\t\t\tWie intelligent ist eigentlich K\u00fcnstliche Intelligenz? Und wo begegnet sie uns im Alltag? Mit diesen Fragen startete die 8. Klasse in ihren Projekttag rund um das Thema KI. Zum Einstieg gab es einen Vortrag von Sch\u00fclerinnen und Sch\u00fclern der 12. &hellip;\t\t<\/div>\n\n\t\t\t\t<a class=\"thim-ekits-post__read-more\"\n\t\t   href=\"https:\/\/humboldt-greifswald.de\/web\/ki-kuenstlich-aber-intelligent-ein-projekttag-zum-ausprobieren-und-verstehen\/\" >\n\t\t\tWeiterlesen \u00bb\t\t\t\t\t<\/a>\n\t\t\t\t<\/div>\n\t\t\t\t\t\t\t<\/div>\n\t\t\t\t<div class=\"thim-ekits-post__article post-15878 post type-post status-publish format-standard has-post-thumbnail hentry category-kultur\">\n\t\t\t\t\t\t\t\t\t<div class=\"thim-ekits-post__thumbnail\">\n\t\t\t<a class=\"post-thumbnail\"\n\t\t\t   href=\"https:\/\/humboldt-greifswald.de\/web\/mord-muffins-und-mikrofone-neues-hoerspiel-aus-dem-hoerspielprojekt\/\" >\n\t\t\t\t<img loading=\"lazy\" decoding=\"async\" width=\"300\" height=\"201\" src=\"https:\/\/humboldt-greifswald.de\/web\/wp-content\/uploads\/2025\/01\/Screenshot-2025-01-06-220703-300x201.png\" class=\"attachment-medium size-medium wp-image-15880\" alt=\"\" srcset=\"https:\/\/humboldt-greifswald.de\/web\/wp-content\/uploads\/2025\/01\/Screenshot-2025-01-06-220703-300x200.png 300w, https:\/\/humboldt-greifswald.de\/web\/wp-content\/uploads\/2025\/01\/Screenshot-2025-01-06-220703-1024x687.png 1024w, https:\/\/humboldt-greifswald.de\/web\/wp-content\/uploads\/2025\/01\/Screenshot-2025-01-06-220703-768x515.png 768w, https:\/\/humboldt-greifswald.de\/web\/wp-content\/uploads\/2025\/01\/Screenshot-2025-01-06-220703-600x402.png 600w, https:\/\/humboldt-greifswald.de\/web\/wp-content\/uploads\/2025\/01\/Screenshot-2025-01-06-220703.png 1032w\" sizes=\"(max-width: 300px) 100vw, 300px\" \/>\t\t\t<\/a>\n\t\t\t\t\t<\/div>\n\t\t\n\t\t\t\t\t\t<div class=\"thim-ekits-post__content\">\n\t\t\t\t<h3 class=\"thim-ekits-post__title\">\n\t\t<a href=\"https:\/\/humboldt-greifswald.de\/web\/mord-muffins-und-mikrofone-neues-hoerspiel-aus-dem-hoerspielprojekt\/\" >\n\t\t\t&#8222;Mord, Muffins und Mikrofone&#8220;: Neues H\u00f6rspiel aus dem H\u00f6rspielprojekt\t\t<\/a>\n\t\t<\/h3>\n\t\t \t\t<div class=\"thim-ekits-post__meta elementor-repeater-item-f023eed m-psi-start \">\n\t\t\t\n\t\t<span class=\"thim-ekits-post__date\">\n\t\t\t\t\t\t6. Januar 2025\t\t<\/span>\n\n\t\t\t\t<\/div>\n\n\t\t\n\t\t<div class=\"thim-ekits-post__excerpt\">\n\t\t\t\t\t<\/div>\n\n\t\t\t\t<a class=\"thim-ekits-post__read-more\"\n\t\t   href=\"https:\/\/humboldt-greifswald.de\/web\/mord-muffins-und-mikrofone-neues-hoerspiel-aus-dem-hoerspielprojekt\/\" >\n\t\t\tWeiterlesen \u00bb\t\t\t\t\t<\/a>\n\t\t\t\t<\/div>\n\t\t\t\t\t\t\t<\/div>\n\t\t\t\t<div class=\"thim-ekits-post__article post-15862 post type-post status-publish format-standard has-post-thumbnail hentry category-kultur\">\n\t\t\t\t\t\t\t\t\t<div class=\"thim-ekits-post__thumbnail\">\n\t\t\t<a class=\"post-thumbnail\"\n\t\t\t   href=\"https:\/\/humboldt-greifswald.de\/web\/bio-kurs-x-helmholtzinstitut-eine-gelungene-kooperation\/\" >\n\t\t\t\t<img loading=\"lazy\" decoding=\"async\" width=\"300\" height=\"200\" src=\"https:\/\/humboldt-greifswald.de\/web\/wp-content\/uploads\/2025\/01\/18.04.24-2-300x200.jpeg\" class=\"attachment-medium size-medium wp-image-15863\" alt=\"\" srcset=\"https:\/\/humboldt-greifswald.de\/web\/wp-content\/uploads\/2025\/01\/18.04.24-2-300x200.jpeg 300w, https:\/\/humboldt-greifswald.de\/web\/wp-content\/uploads\/2025\/01\/18.04.24-2-600x400.jpeg 600w, https:\/\/humboldt-greifswald.de\/web\/wp-content\/uploads\/2025\/01\/18.04.24-2.jpeg 640w\" sizes=\"(max-width: 300px) 100vw, 300px\" \/>\t\t\t<\/a>\n\t\t\t\t\t<\/div>\n\t\t\n\t\t\t\t\t\t<div class=\"thim-ekits-post__content\">\n\t\t\t\t<h3 class=\"thim-ekits-post__title\">\n\t\t<a href=\"https:\/\/humboldt-greifswald.de\/web\/bio-kurs-x-helmholtzinstitut-eine-gelungene-kooperation\/\" >\n\t\t\tBio-Kurs x Helmholtz: Gelungene Kooperation + TV-Beitrag!\t\t<\/a>\n\t\t<\/h3>\n\t\t \t\t<div class=\"thim-ekits-post__meta elementor-repeater-item-f023eed m-psi-start \">\n\t\t\t\n\t\t<span class=\"thim-ekits-post__date\">\n\t\t\t\t\t\t6. Januar 2025\t\t<\/span>\n\n\t\t\t\t<\/div>\n\n\t\t\n\t\t<div class=\"thim-ekits-post__excerpt\">\n\t\t\tIm Sommer 2024 haben die Sch\u00fclerinnen und Sch\u00fcler des Biologie-Wahlpflichtkurses gemeinsam mit dem Helmholtzinstitut for One Health an einem&nbsp; Forschungsprojekt gearbeitet. Dabei ging es um die Verbreitung multiresistenter Keime. Es wurden Fliegen gefangen, Pipettiert, PCRs und Genanalysen durchgef\u00fchrt und am &hellip;\t\t<\/div>\n\n\t\t\t\t<a class=\"thim-ekits-post__read-more\"\n\t\t   href=\"https:\/\/humboldt-greifswald.de\/web\/bio-kurs-x-helmholtzinstitut-eine-gelungene-kooperation\/\" >\n\t\t\tWeiterlesen \u00bb\t\t\t\t\t<\/a>\n\t\t\t\t<\/div>\n\t\t\t\t\t\t\t<\/div>\n\t\t\t\t<div class=\"thim-ekits-post__article post-15818 post type-post status-publish format-standard has-post-thumbnail hentry category-kultur\">\n\t\t\t\t\t\t\t\t\t<div class=\"thim-ekits-post__thumbnail\">\n\t\t\t<a class=\"post-thumbnail\"\n\t\t\t   href=\"https:\/\/humboldt-greifswald.de\/web\/gruppenleistungen-vs-einzelleistungen-einladung-zu-jugend-debattiert-am-19-12\/\" >\n\t\t\t\t<img loading=\"lazy\" decoding=\"async\" width=\"225\" height=\"300\" src=\"https:\/\/humboldt-greifswald.de\/web\/wp-content\/uploads\/2024\/12\/Schulwettbewerb-Jugend-debattiert-2024_klein-225x300.png\" class=\"attachment-medium size-medium wp-image-15821\" alt=\"\" srcset=\"https:\/\/humboldt-greifswald.de\/web\/wp-content\/uploads\/2024\/12\/Schulwettbewerb-Jugend-debattiert-2024_klein-225x300.png 225w, https:\/\/humboldt-greifswald.de\/web\/wp-content\/uploads\/2024\/12\/Schulwettbewerb-Jugend-debattiert-2024_klein-768x1024.png 768w, https:\/\/humboldt-greifswald.de\/web\/wp-content\/uploads\/2024\/12\/Schulwettbewerb-Jugend-debattiert-2024_klein-1152x1536.png 1152w, https:\/\/humboldt-greifswald.de\/web\/wp-content\/uploads\/2024\/12\/Schulwettbewerb-Jugend-debattiert-2024_klein-1536x2048.png 1536w, https:\/\/humboldt-greifswald.de\/web\/wp-content\/uploads\/2024\/12\/Schulwettbewerb-Jugend-debattiert-2024_klein-600x800.png 600w, https:\/\/humboldt-greifswald.de\/web\/wp-content\/uploads\/2024\/12\/Schulwettbewerb-Jugend-debattiert-2024_klein.png 1620w\" sizes=\"(max-width: 225px) 100vw, 225px\" \/>\t\t\t<\/a>\n\t\t\t\t\t<\/div>\n\t\t\n\t\t\t\t\t\t<div class=\"thim-ekits-post__content\">\n\t\t\t\t<h3 class=\"thim-ekits-post__title\">\n\t\t<a href=\"https:\/\/humboldt-greifswald.de\/web\/gruppenleistungen-vs-einzelleistungen-einladung-zu-jugend-debattiert-am-19-12\/\" >\n\t\t\tGruppenleistungen vs. Einzelleistungen? Einladung zu &#8222;Jugend debattiert&#8220; am 19.12.\t\t<\/a>\n\t\t<\/h3>\n\t\t \t\t<div class=\"thim-ekits-post__meta elementor-repeater-item-f023eed m-psi-start \">\n\t\t\t\n\t\t<span class=\"thim-ekits-post__date\">\n\t\t\t\t\t\t13. Dezember 2024\t\t<\/span>\n\n\t\t\t\t<\/div>\n\n\t\t\n\t\t<div class=\"thim-ekits-post__excerpt\">\n\t\t\t(Achtung, f\u00fcr den korrekten Raum bitte an diesem Tag auf den V-Plan sehen &#8211; Danke!)\t\t<\/div>\n\n\t\t\t\t<a class=\"thim-ekits-post__read-more\"\n\t\t   href=\"https:\/\/humboldt-greifswald.de\/web\/gruppenleistungen-vs-einzelleistungen-einladung-zu-jugend-debattiert-am-19-12\/\" >\n\t\t\tWeiterlesen \u00bb\t\t\t\t\t<\/a>\n\t\t\t\t<\/div>\n\t\t\t\t\t\t\t<\/div>\n\t\t\t\t<div class=\"thim-ekits-post__article post-15810 post type-post status-publish format-standard has-post-thumbnail hentry category-kultur\">\n\t\t\t\t\t\t\t\t\t<div class=\"thim-ekits-post__thumbnail\">\n\t\t\t<a class=\"post-thumbnail\"\n\t\t\t   href=\"https:\/\/humboldt-greifswald.de\/web\/sechs-talente-qualifizieren-sich-fuer-das-bundesfinale-jugend-trainiert-fuer-olympia\/\" >\n\t\t\t\t<img loading=\"lazy\" decoding=\"async\" width=\"300\" height=\"235\" src=\"https:\/\/humboldt-greifswald.de\/web\/wp-content\/uploads\/2024\/12\/Badminton-2024-300x235.jpeg\" class=\"attachment-medium size-medium wp-image-15811\" alt=\"\" srcset=\"https:\/\/humboldt-greifswald.de\/web\/wp-content\/uploads\/2024\/12\/Badminton-2024-300x235.jpeg 300w, https:\/\/humboldt-greifswald.de\/web\/wp-content\/uploads\/2024\/12\/Badminton-2024-1024x800.jpeg 1024w, https:\/\/humboldt-greifswald.de\/web\/wp-content\/uploads\/2024\/12\/Badminton-2024-768x600.jpeg 768w, https:\/\/humboldt-greifswald.de\/web\/wp-content\/uploads\/2024\/12\/Badminton-2024-1536x1201.jpeg 1536w, https:\/\/humboldt-greifswald.de\/web\/wp-content\/uploads\/2024\/12\/Badminton-2024-2048x1601.jpeg 2048w, https:\/\/humboldt-greifswald.de\/web\/wp-content\/uploads\/2024\/12\/Badminton-2024-scaled-600x469.jpeg 600w\" sizes=\"(max-width: 300px) 100vw, 300px\" \/>\t\t\t<\/a>\n\t\t\t\t\t<\/div>\n\t\t\n\t\t\t\t\t\t<div class=\"thim-ekits-post__content\">\n\t\t\t\t<h3 class=\"thim-ekits-post__title\">\n\t\t<a href=\"https:\/\/humboldt-greifswald.de\/web\/sechs-talente-qualifizieren-sich-fuer-das-bundesfinale-jugend-trainiert-fuer-olympia\/\" >\n\t\t\tSechs Talente qualifizieren sich f\u00fcr das Bundesfinale Jugend trainiert f\u00fcr Olympia\t\t<\/a>\n\t\t<\/h3>\n\t\t \t\t<div class=\"thim-ekits-post__meta elementor-repeater-item-f023eed m-psi-start \">\n\t\t\t\n\t\t<span class=\"thim-ekits-post__date\">\n\t\t\t\t\t\t9. Dezember 2024\t\t<\/span>\n\n\t\t\t\t<\/div>\n\n\t\t\n\t\t<div class=\"thim-ekits-post__excerpt\">\n\t\t\tAm 5. Dezember 2024 stellten sechs talentierte Sch\u00fclerinnen und Sch\u00fcler des Humboldt-Gymnasiums ihr K\u00f6nnen im Badminton unter Beweis. Die Sportlerinnen und Sportler aus den Klassenstufen 8 bis 11 traten beim Landesfinale &#8222;Jugend trainiert f\u00fcr Olympia&#8220; an und begeisterten mit ihren &hellip;\t\t<\/div>\n\n\t\t\t\t<a class=\"thim-ekits-post__read-more\"\n\t\t   href=\"https:\/\/humboldt-greifswald.de\/web\/sechs-talente-qualifizieren-sich-fuer-das-bundesfinale-jugend-trainiert-fuer-olympia\/\" >\n\t\t\tWeiterlesen \u00bb\t\t\t\t\t<\/a>\n\t\t\t\t<\/div>\n\t\t\t\t\t\t\t<\/div>\n\t\t\t\t<div class=\"thim-ekits-post__article post-15789 post type-post status-publish format-standard has-post-thumbnail hentry category-kultur\">\n\t\t\t\t\t\t\t\t\t<div class=\"thim-ekits-post__thumbnail\">\n\t\t\t<a class=\"post-thumbnail\"\n\t\t\t   href=\"https:\/\/humboldt-greifswald.de\/web\/save-the-date-volleyball-weihnachtsturnier-am-di-17-12-1430\/\" >\n\t\t\t\t<img loading=\"lazy\" decoding=\"async\" width=\"213\" height=\"300\" src=\"https:\/\/humboldt-greifswald.de\/web\/wp-content\/uploads\/2024\/10\/Weihnachtsturnier-17.12.24-1-213x300.png\" class=\"attachment-medium size-medium wp-image-15790\" alt=\"\" srcset=\"https:\/\/humboldt-greifswald.de\/web\/wp-content\/uploads\/2024\/10\/Weihnachtsturnier-17.12.24-1-213x300.png 213w, https:\/\/humboldt-greifswald.de\/web\/wp-content\/uploads\/2024\/10\/Weihnachtsturnier-17.12.24-1-728x1024.png 728w, https:\/\/humboldt-greifswald.de\/web\/wp-content\/uploads\/2024\/10\/Weihnachtsturnier-17.12.24-1-768x1081.png 768w, https:\/\/humboldt-greifswald.de\/web\/wp-content\/uploads\/2024\/10\/Weihnachtsturnier-17.12.24-1-1092x1536.png 1092w, https:\/\/humboldt-greifswald.de\/web\/wp-content\/uploads\/2024\/10\/Weihnachtsturnier-17.12.24-1-600x844.png 600w, https:\/\/humboldt-greifswald.de\/web\/wp-content\/uploads\/2024\/10\/Weihnachtsturnier-17.12.24-1.png 1246w\" sizes=\"(max-width: 213px) 100vw, 213px\" \/>\t\t\t<\/a>\n\t\t\t\t\t<\/div>\n\t\t\n\t\t\t\t\t\t<div class=\"thim-ekits-post__content\">\n\t\t\t\t<h3 class=\"thim-ekits-post__title\">\n\t\t<a href=\"https:\/\/humboldt-greifswald.de\/web\/save-the-date-volleyball-weihnachtsturnier-am-di-17-12-1430\/\" >\n\t\t\tSave the date! Volleyball-Weihnachtsturnier am Di., 17.12., 14:30\t\t<\/a>\n\t\t<\/h3>\n\t\t \t\t<div class=\"thim-ekits-post__meta elementor-repeater-item-f023eed m-psi-start \">\n\t\t\t\n\t\t<span class=\"thim-ekits-post__date\">\n\t\t\t\t\t\t9. Dezember 2024\t\t<\/span>\n\n\t\t\t\t<\/div>\n\n\t\t\n\t\t<div class=\"thim-ekits-post__excerpt\">\n\t\t\t\t\t<\/div>\n\n\t\t\t\t<a class=\"thim-ekits-post__read-more\"\n\t\t   href=\"https:\/\/humboldt-greifswald.de\/web\/save-the-date-volleyball-weihnachtsturnier-am-di-17-12-1430\/\" >\n\t\t\tWeiterlesen \u00bb\t\t\t\t\t<\/a>\n\t\t\t\t<\/div>\n\t\t\t\t\t\t\t<\/div>\n\t\t\t\t<div class=\"thim-ekits-post__article post-15798 post type-post status-publish format-standard has-post-thumbnail hentry category-kultur category-theaterprojekt-9r\">\n\t\t\t\t\t\t\t\t\t<div class=\"thim-ekits-post__thumbnail\">\n\t\t\t<a class=\"post-thumbnail\"\n\t\t\t   href=\"https:\/\/humboldt-greifswald.de\/web\/frogg-off-dein-leben-voll-verplant\/\" >\n\t\t\t\t<img loading=\"lazy\" decoding=\"async\" width=\"300\" height=\"130\" src=\"https:\/\/humboldt-greifswald.de\/web\/wp-content\/uploads\/2024\/12\/Frogg-Off-short-300x130.jpg\" class=\"attachment-medium size-medium wp-image-15815\" alt=\"\" srcset=\"https:\/\/humboldt-greifswald.de\/web\/wp-content\/uploads\/2024\/12\/Frogg-Off-short-300x130.jpg 300w, https:\/\/humboldt-greifswald.de\/web\/wp-content\/uploads\/2024\/12\/Frogg-Off-short-1024x444.jpg 1024w, https:\/\/humboldt-greifswald.de\/web\/wp-content\/uploads\/2024\/12\/Frogg-Off-short-768x333.jpg 768w, https:\/\/humboldt-greifswald.de\/web\/wp-content\/uploads\/2024\/12\/Frogg-Off-short-1536x666.jpg 1536w, https:\/\/humboldt-greifswald.de\/web\/wp-content\/uploads\/2024\/12\/Frogg-Off-short-600x260.jpg 600w, https:\/\/humboldt-greifswald.de\/web\/wp-content\/uploads\/2024\/12\/Frogg-Off-short.jpg 1920w\" sizes=\"(max-width: 300px) 100vw, 300px\" \/>\t\t\t<\/a>\n\t\t\t\t\t<\/div>\n\t\t\n\t\t\t\t\t\t<div class=\"thim-ekits-post__content\">\n\t\t\t\t<h3 class=\"thim-ekits-post__title\">\n\t\t<a href=\"https:\/\/humboldt-greifswald.de\/web\/frogg-off-dein-leben-voll-verplant\/\" >\n\t\t\tFROGG OFF &#8211; Dein Leben voll verplant\t\t<\/a>\n\t\t<\/h3>\n\t\t \t\t<div class=\"thim-ekits-post__meta elementor-repeater-item-f023eed m-psi-start \">\n\t\t\t\n\t\t<span class=\"thim-ekits-post__date\">\n\t\t\t\t\t\t3. Dezember 2024\t\t<\/span>\n\n\t\t\t\t<\/div>\n\n\t\t\n\t\t<div class=\"thim-ekits-post__excerpt\">\n\t\t\tEs spielten: Die Klasse 9R des Alexander-von-Humboldt-Gymnasiums GreifswaldSpielleitung: Susanne Kreckel und Stephan Waak Zwei Welten, wie sie unterschiedlicher nicht sein k\u00f6nnten: Auf der einen Seite das Schloss, ein hocheffizientes Mineralwasserunternehmen, fixiert auf Arbeit und Leistung. Auf der anderen Seite die &hellip;\t\t<\/div>\n\n\t\t\t\t<a class=\"thim-ekits-post__read-more\"\n\t\t   href=\"https:\/\/humboldt-greifswald.de\/web\/frogg-off-dein-leben-voll-verplant\/\" >\n\t\t\tWeiterlesen \u00bb\t\t\t\t\t<\/a>\n\t\t\t\t<\/div>\n\t\t\t\t\t\t\t<\/div>\n\t\t\t\t<div class=\"thim-ekits-post__article post-15792 post type-post status-publish format-standard has-post-thumbnail hentry category-kultur\">\n\t\t\t\t\t\t\t\t\t<div class=\"thim-ekits-post__thumbnail\">\n\t\t\t<a class=\"post-thumbnail\"\n\t\t\t   href=\"https:\/\/humboldt-greifswald.de\/web\/sehr-starke-sportliche-ergebnisse-beim-fussball-stadtausscheid-2024\/\" >\n\t\t\t\t<img loading=\"lazy\" decoding=\"async\" width=\"300\" height=\"200\" src=\"https:\/\/humboldt-greifswald.de\/web\/wp-content\/uploads\/2024\/10\/IMG_5923-300x200.jpg\" class=\"attachment-medium size-medium wp-image-15793\" alt=\"\" srcset=\"https:\/\/humboldt-greifswald.de\/web\/wp-content\/uploads\/2024\/10\/IMG_5923-scaled-300x200.jpg 300w, https:\/\/humboldt-greifswald.de\/web\/wp-content\/uploads\/2024\/10\/IMG_5923-1024x683.jpg 1024w, https:\/\/humboldt-greifswald.de\/web\/wp-content\/uploads\/2024\/10\/IMG_5923-768x512.jpg 768w, https:\/\/humboldt-greifswald.de\/web\/wp-content\/uploads\/2024\/10\/IMG_5923-1536x1024.jpg 1536w, https:\/\/humboldt-greifswald.de\/web\/wp-content\/uploads\/2024\/10\/IMG_5923-2048x1365.jpg 2048w, https:\/\/humboldt-greifswald.de\/web\/wp-content\/uploads\/2024\/10\/IMG_5923-scaled-600x400.jpg 600w\" sizes=\"(max-width: 300px) 100vw, 300px\" \/>\t\t\t<\/a>\n\t\t\t\t\t<\/div>\n\t\t\n\t\t\t\t\t\t<div class=\"thim-ekits-post__content\">\n\t\t\t\t<h3 class=\"thim-ekits-post__title\">\n\t\t<a href=\"https:\/\/humboldt-greifswald.de\/web\/sehr-starke-sportliche-ergebnisse-beim-fussball-stadtausscheid-2024\/\" >\n\t\t\tSehr starke, sportliche Ergebnisse beim Fu\u00dfball-Stadtausscheid 2024\t\t<\/a>\n\t\t<\/h3>\n\t\t \t\t<div class=\"thim-ekits-post__meta elementor-repeater-item-f023eed m-psi-start \">\n\t\t\t\n\t\t<span class=\"thim-ekits-post__date\">\n\t\t\t\t\t\t14. Oktober 2024\t\t<\/span>\n\n\t\t\t\t<\/div>\n\n\t\t\n\t\t<div class=\"thim-ekits-post__excerpt\">\n\t\t\tUnsere herzlichsten Gl\u00fcckw\u00fcnsche an alle Spielerinnen und Spieler zum:\t\t<\/div>\n\n\t\t\t\t<a class=\"thim-ekits-post__read-more\"\n\t\t   href=\"https:\/\/humboldt-greifswald.de\/web\/sehr-starke-sportliche-ergebnisse-beim-fussball-stadtausscheid-2024\/\" >\n\t\t\tWeiterlesen \u00bb\t\t\t\t\t<\/a>\n\t\t\t\t<\/div>\n\t\t\t\t\t\t\t<\/div>\n\t\t\t\t<div class=\"thim-ekits-post__article post-15784 post type-post status-publish format-standard has-post-thumbnail hentry category-kultur\">\n\t\t\t\t\t\t\t\t\t<div class=\"thim-ekits-post__thumbnail\">\n\t\t\t<a class=\"post-thumbnail\"\n\t\t\t   href=\"https:\/\/humboldt-greifswald.de\/web\/wieder-erfolge-fuer-schueler-des-ganztagsangebots-schachs\/\" >\n\t\t\t\t<img loading=\"lazy\" decoding=\"async\" width=\"300\" height=\"225\" src=\"https:\/\/humboldt-greifswald.de\/web\/wp-content\/uploads\/2024\/10\/erstes-Foto-mit-Leon-300x225.jpeg\" class=\"attachment-medium size-medium wp-image-15786\" alt=\"\" srcset=\"https:\/\/humboldt-greifswald.de\/web\/wp-content\/uploads\/2024\/10\/erstes-Foto-mit-Leon-300x225.jpeg 300w, https:\/\/humboldt-greifswald.de\/web\/wp-content\/uploads\/2024\/10\/erstes-Foto-mit-Leon-1024x768.jpeg 1024w, https:\/\/humboldt-greifswald.de\/web\/wp-content\/uploads\/2024\/10\/erstes-Foto-mit-Leon-768x576.jpeg 768w, https:\/\/humboldt-greifswald.de\/web\/wp-content\/uploads\/2024\/10\/erstes-Foto-mit-Leon-1536x1152.jpeg 1536w, https:\/\/humboldt-greifswald.de\/web\/wp-content\/uploads\/2024\/10\/erstes-Foto-mit-Leon-2048x1536.jpeg 2048w, https:\/\/humboldt-greifswald.de\/web\/wp-content\/uploads\/2024\/10\/erstes-Foto-mit-Leon-400x300.jpeg 400w, https:\/\/humboldt-greifswald.de\/web\/wp-content\/uploads\/2024\/10\/erstes-Foto-mit-Leon-scaled-600x450.jpeg 600w\" sizes=\"(max-width: 300px) 100vw, 300px\" \/>\t\t\t<\/a>\n\t\t\t\t\t<\/div>\n\t\t\n\t\t\t\t\t\t<div class=\"thim-ekits-post__content\">\n\t\t\t\t<h3 class=\"thim-ekits-post__title\">\n\t\t<a href=\"https:\/\/humboldt-greifswald.de\/web\/wieder-erfolge-fuer-schueler-des-ganztagsangebots-schachs\/\" >\n\t\t\tWieder Erfolge f\u00fcr Sch\u00fcler des Ganztagsangebots Schachs\t\t<\/a>\n\t\t<\/h3>\n\t\t \t\t<div class=\"thim-ekits-post__meta elementor-repeater-item-f023eed m-psi-start \">\n\t\t\t\n\t\t<span class=\"thim-ekits-post__date\">\n\t\t\t\t\t\t3. Oktober 2024\t\t<\/span>\n\n\t\t\t\t<\/div>\n\n\t\t\n\t\t<div class=\"thim-ekits-post__excerpt\">\n\t\t\tAuch in diesem Schuljahr gibt es am Alexander-von-Humboldt-Gymnasium den Schach-Club f\u00fcr Anf\u00e4nger ohne oder mit geringen Vorkenntnissen. Leon Beyer (6a) und Maurice Bahls (8d) haben die Chance genutzt und nach einem Schuljahr voller spannender Partien und zunehmenden Kenntnissen der Schachlehre &hellip;\t\t<\/div>\n\n\t\t\t\t<a class=\"thim-ekits-post__read-more\"\n\t\t   href=\"https:\/\/humboldt-greifswald.de\/web\/wieder-erfolge-fuer-schueler-des-ganztagsangebots-schachs\/\" >\n\t\t\tWeiterlesen \u00bb\t\t\t\t\t<\/a>\n\t\t\t\t<\/div>\n\t\t\t\t\t\t\t<\/div>\n\t\t\t\t<div class=\"thim-ekits-post__article post-15709 post type-post status-publish format-standard has-post-thumbnail hentry category-kultur\">\n\t\t\t\t\t\t\t\t\t<div class=\"thim-ekits-post__thumbnail\">\n\t\t\t<a class=\"post-thumbnail\"\n\t\t\t   href=\"https:\/\/humboldt-greifswald.de\/web\/aktuelle-information-zur-vg-card\/\" >\n\t\t\t\t<img loading=\"lazy\" decoding=\"async\" width=\"300\" height=\"150\" src=\"https:\/\/humboldt-greifswald.de\/web\/wp-content\/uploads\/2024\/09\/bus-1295804_1280-300x150.png\" class=\"attachment-medium size-medium wp-image-15714\" alt=\"\" srcset=\"https:\/\/humboldt-greifswald.de\/web\/wp-content\/uploads\/2024\/09\/bus-1295804_1280-300x150.png 300w, https:\/\/humboldt-greifswald.de\/web\/wp-content\/uploads\/2024\/09\/bus-1295804_1280-1024x512.png 1024w, https:\/\/humboldt-greifswald.de\/web\/wp-content\/uploads\/2024\/09\/bus-1295804_1280-768x384.png 768w, https:\/\/humboldt-greifswald.de\/web\/wp-content\/uploads\/2024\/09\/bus-1295804_1280-600x300.png 600w, https:\/\/humboldt-greifswald.de\/web\/wp-content\/uploads\/2024\/09\/bus-1295804_1280.png 1280w\" sizes=\"(max-width: 300px) 100vw, 300px\" \/>\t\t\t<\/a>\n\t\t\t\t\t<\/div>\n\t\t\n\t\t\t\t\t\t<div class=\"thim-ekits-post__content\">\n\t\t\t\t<h3 class=\"thim-ekits-post__title\">\n\t\t<a href=\"https:\/\/humboldt-greifswald.de\/web\/aktuelle-information-zur-vg-card\/\" >\n\t\t\tAktuelle Information zur VG-Card\t\t<\/a>\n\t\t<\/h3>\n\t\t \t\t<div class=\"thim-ekits-post__meta elementor-repeater-item-f023eed m-psi-start \">\n\t\t\t\n\t\t<span class=\"thim-ekits-post__date\">\n\t\t\t\t\t\t5. September 2024\t\t<\/span>\n\n\t\t\t\t<\/div>\n\n\t\t\n\t\t<div class=\"thim-ekits-post__excerpt\">\n\t\t\tSehr geehrte Eltern, liebe Sch\u00fclerinnen und Sch\u00fcler, wir leiten hiermit eine Information der Stadtwerke Greifswald an Sie weiter. Weitere Informationen und Links zur Sch\u00fclerbef\u00f6rderung finden Sie wie immer unter Infos &amp; Tools &gt; Sch\u00fclerbef\u00f6rderung. Neue Chipkarten f\u00fcr Sch\u00fclerinnen und Sch\u00fcler &hellip;\t\t<\/div>\n\n\t\t\t\t<a class=\"thim-ekits-post__read-more\"\n\t\t   href=\"https:\/\/humboldt-greifswald.de\/web\/aktuelle-information-zur-vg-card\/\" >\n\t\t\tWeiterlesen \u00bb\t\t\t\t\t<\/a>\n\t\t\t\t<\/div>\n\t\t\t\t\t\t\t<\/div>\n\t\t\t\t<div class=\"thim-ekits-post__article post-15652 post type-post status-publish format-standard has-post-thumbnail hentry category-kultur\">\n\t\t\t\t\t\t\t\t\t<div class=\"thim-ekits-post__thumbnail\">\n\t\t\t<a class=\"post-thumbnail\"\n\t\t\t   href=\"https:\/\/humboldt-greifswald.de\/web\/schulhoffest-des-avh-am-mittwoch-17-07-2024\/\" >\n\t\t\t\t<img loading=\"lazy\" decoding=\"async\" width=\"212\" height=\"300\" src=\"https:\/\/humboldt-greifswald.de\/web\/wp-content\/uploads\/2024\/07\/Poster-Schulhoffest-212x300.png\" class=\"attachment-medium size-medium wp-image-15653\" alt=\"\" srcset=\"https:\/\/humboldt-greifswald.de\/web\/wp-content\/uploads\/2024\/07\/Poster-Schulhoffest-212x300.png 212w, https:\/\/humboldt-greifswald.de\/web\/wp-content\/uploads\/2024\/07\/Poster-Schulhoffest-724x1024.png 724w, https:\/\/humboldt-greifswald.de\/web\/wp-content\/uploads\/2024\/07\/Poster-Schulhoffest-768x1086.png 768w, https:\/\/humboldt-greifswald.de\/web\/wp-content\/uploads\/2024\/07\/Poster-Schulhoffest-1086x1536.png 1086w, https:\/\/humboldt-greifswald.de\/web\/wp-content\/uploads\/2024\/07\/Poster-Schulhoffest-1448x2048.png 1448w, https:\/\/humboldt-greifswald.de\/web\/wp-content\/uploads\/2024\/07\/Poster-Schulhoffest-600x849.png 600w\" sizes=\"(max-width: 212px) 100vw, 212px\" \/>\t\t\t<\/a>\n\t\t\t\t\t<\/div>\n\t\t\n\t\t\t\t\t\t<div class=\"thim-ekits-post__content\">\n\t\t\t\t<h3 class=\"thim-ekits-post__title\">\n\t\t<a href=\"https:\/\/humboldt-greifswald.de\/web\/schulhoffest-des-avh-am-mittwoch-17-07-2024\/\" >\n\t\t\tSchulhoffest des AvH am Mittwoch, 17.07.2024\t\t<\/a>\n\t\t<\/h3>\n\t\t \t\t<div class=\"thim-ekits-post__meta elementor-repeater-item-f023eed m-psi-start \">\n\t\t\t\n\t\t<span class=\"thim-ekits-post__date\">\n\t\t\t\t\t\t15. Juli 2024\t\t<\/span>\n\n\t\t\t\t<\/div>\n\n\t\t\n\t\t<div class=\"thim-ekits-post__excerpt\">\n\t\t\t\t\t<\/div>\n\n\t\t\t\t<a class=\"thim-ekits-post__read-more\"\n\t\t   href=\"https:\/\/humboldt-greifswald.de\/web\/schulhoffest-des-avh-am-mittwoch-17-07-2024\/\" >\n\t\t\tWeiterlesen \u00bb\t\t\t\t\t<\/a>\n\t\t\t\t<\/div>\n\t\t\t\t\t\t\t<\/div>\n\t\t\t\t<div class=\"thim-ekits-post__article post-15650 post type-post status-publish format-standard has-post-thumbnail hentry category-kultur\">\n\t\t\t\t\t\t\t\t\t<div class=\"thim-ekits-post__thumbnail\">\n\t\t\t<a class=\"post-thumbnail\"\n\t\t\t   href=\"https:\/\/humboldt-greifswald.de\/web\/kunst-projekte-zu-cdf\/\" >\n\t\t\t\t<img loading=\"lazy\" decoding=\"async\" width=\"300\" height=\"225\" src=\"https:\/\/humboldt-greifswald.de\/web\/wp-content\/uploads\/2024\/07\/CDF-2407_07-scaled-300x225.jpg\" class=\"attachment-medium size-medium wp-image-15663\" alt=\"\" srcset=\"https:\/\/humboldt-greifswald.de\/web\/wp-content\/uploads\/2024\/07\/CDF-2407_07-scaled-300x225.jpg 300w, https:\/\/humboldt-greifswald.de\/web\/wp-content\/uploads\/2024\/07\/CDF-2407_07-scaled-1024x768.jpg 1024w, https:\/\/humboldt-greifswald.de\/web\/wp-content\/uploads\/2024\/07\/CDF-2407_07-768x576.jpg 768w, https:\/\/humboldt-greifswald.de\/web\/wp-content\/uploads\/2024\/07\/CDF-2407_07-scaled-1536x1152.jpg 1536w, https:\/\/humboldt-greifswald.de\/web\/wp-content\/uploads\/2024\/07\/CDF-2407_07-scaled-2048x1536.jpg 2048w, https:\/\/humboldt-greifswald.de\/web\/wp-content\/uploads\/2024\/07\/CDF-2407_07-400x300.jpg 400w, https:\/\/humboldt-greifswald.de\/web\/wp-content\/uploads\/2024\/07\/CDF-2407_07-scaled-600x450.jpg 600w\" sizes=\"(max-width: 300px) 100vw, 300px\" \/>\t\t\t<\/a>\n\t\t\t\t\t<\/div>\n\t\t\n\t\t\t\t\t\t<div class=\"thim-ekits-post__content\">\n\t\t\t\t<h3 class=\"thim-ekits-post__title\">\n\t\t<a href=\"https:\/\/humboldt-greifswald.de\/web\/kunst-projekte-zu-cdf\/\" >\n\t\t\tKunst-Projekte zu CDF\t\t<\/a>\n\t\t<\/h3>\n\t\t \t\t<div class=\"thim-ekits-post__meta elementor-repeater-item-f023eed m-psi-start \">\n\t\t\t\n\t\t<span class=\"thim-ekits-post__date\">\n\t\t\t\t\t\t15. Juli 2024\t\t<\/span>\n\n\t\t\t\t<\/div>\n\n\t\t\n\t\t<div class=\"thim-ekits-post__excerpt\">\n\t\t\tDie hier gezeigten Bilder sind bei unseren Auftritten vor der Kiste, auf dem Uni-Gel\u00e4nde in der Innenstadt und hinter dem hiesigen Penny zum Thema CDF entstanden. Die Sch\u00fclerinnen und Sch\u00fcler hatten sich im WPU-Kurs Kunst Quizrunden, Performances und andere Aktionen &hellip;\t\t<\/div>\n\n\t\t\t\t<a class=\"thim-ekits-post__read-more\"\n\t\t   href=\"https:\/\/humboldt-greifswald.de\/web\/kunst-projekte-zu-cdf\/\" >\n\t\t\tWeiterlesen \u00bb\t\t\t\t\t<\/a>\n\t\t\t\t<\/div>\n\t\t\t\t\t\t\t<\/div>\n\t\t\t\t<div class=\"thim-ekits-post__article post-15632 post type-post status-publish format-standard has-post-thumbnail hentry category-kultur\">\n\t\t\t\t\t\t\t\t\t<div class=\"thim-ekits-post__thumbnail\">\n\t\t\t<a class=\"post-thumbnail\"\n\t\t\t   href=\"https:\/\/humboldt-greifswald.de\/web\/der-koboldt-ueberzeugt-als-erfolgreiche-online-zeitung\/\" >\n\t\t\t\t<img loading=\"lazy\" decoding=\"async\" width=\"300\" height=\"200\" src=\"https:\/\/humboldt-greifswald.de\/web\/wp-content\/uploads\/2024\/06\/Koboldt-24-1s-300x200.jpg\" class=\"attachment-medium size-medium wp-image-15642\" alt=\"\" srcset=\"https:\/\/humboldt-greifswald.de\/web\/wp-content\/uploads\/2024\/06\/Koboldt-24-1s-300x200.jpg 300w, https:\/\/humboldt-greifswald.de\/web\/wp-content\/uploads\/2024\/06\/Koboldt-24-1s-1024x681.jpg 1024w, https:\/\/humboldt-greifswald.de\/web\/wp-content\/uploads\/2024\/06\/Koboldt-24-1s-768x511.jpg 768w, https:\/\/humboldt-greifswald.de\/web\/wp-content\/uploads\/2024\/06\/Koboldt-24-1s-1536x1022.jpg 1536w, https:\/\/humboldt-greifswald.de\/web\/wp-content\/uploads\/2024\/06\/Koboldt-24-1s-600x399.jpg 600w, https:\/\/humboldt-greifswald.de\/web\/wp-content\/uploads\/2024\/06\/Koboldt-24-1s.jpg 2000w\" sizes=\"(max-width: 300px) 100vw, 300px\" \/>\t\t\t<\/a>\n\t\t\t\t\t<\/div>\n\t\t\n\t\t\t\t\t\t<div class=\"thim-ekits-post__content\">\n\t\t\t\t<h3 class=\"thim-ekits-post__title\">\n\t\t<a href=\"https:\/\/humboldt-greifswald.de\/web\/der-koboldt-ueberzeugt-als-erfolgreiche-online-zeitung\/\" >\n\t\t\t&#8222;Der Koboldt&#8220; \u00fcberzeugt als erfolgreiche Online-Zeitung\t\t<\/a>\n\t\t<\/h3>\n\t\t \t\t<div class=\"thim-ekits-post__meta elementor-repeater-item-f023eed m-psi-start \">\n\t\t\t\n\t\t<span class=\"thim-ekits-post__date\">\n\t\t\t\t\t\t23. Juni 2024\t\t<\/span>\n\n\t\t\t\t<\/div>\n\n\t\t\n\t\t<div class=\"thim-ekits-post__excerpt\">\n\t\t\tDie Redaktion des Schulblogs &#8222;Der Koboldt&#8220; blickt auf ein ereignisreiches Jahr zur\u00fcck. Besonders hervorzuheben ist das Treffen mit dem Bundeskanzler, der sich am Freitagvormittag Zeit f\u00fcr ein Gespr\u00e4ch und Foto mit zwei Redakteuren des Koboldts nahm. Die Erfolge des Jahres &hellip;\t\t<\/div>\n\n\t\t\t\t<a class=\"thim-ekits-post__read-more\"\n\t\t   href=\"https:\/\/humboldt-greifswald.de\/web\/der-koboldt-ueberzeugt-als-erfolgreiche-online-zeitung\/\" >\n\t\t\tWeiterlesen \u00bb\t\t\t\t\t<\/a>\n\t\t\t\t<\/div>\n\t\t\t\t\t\t\t<\/div>\n\t\t\t\t<div class=\"thim-ekits-post__article post-15603 post type-post status-publish format-standard has-post-thumbnail hentry category-kultur\">\n\t\t\t\t\t\t\t\t\t<div class=\"thim-ekits-post__thumbnail\">\n\t\t\t<a class=\"post-thumbnail\"\n\t\t\t   href=\"https:\/\/humboldt-greifswald.de\/web\/ausgezeichnet-ostfrau-ein-podcast\/\" >\n\t\t\t\t<img loading=\"lazy\" decoding=\"async\" width=\"200\" height=\"300\" src=\"https:\/\/humboldt-greifswald.de\/web\/wp-content\/uploads\/2024\/07\/Ostfrau-1-200x300.jpg\" class=\"attachment-medium size-medium wp-image-15604\" alt=\"\" srcset=\"https:\/\/humboldt-greifswald.de\/web\/wp-content\/uploads\/2024\/07\/Ostfrau-1-200x300.jpg 200w, https:\/\/humboldt-greifswald.de\/web\/wp-content\/uploads\/2024\/07\/Ostfrau-1-682x1024.jpg 682w, https:\/\/humboldt-greifswald.de\/web\/wp-content\/uploads\/2024\/07\/Ostfrau-1-768x1152.jpg 768w, https:\/\/humboldt-greifswald.de\/web\/wp-content\/uploads\/2024\/07\/Ostfrau-1-600x900.jpg 600w, https:\/\/humboldt-greifswald.de\/web\/wp-content\/uploads\/2024\/07\/Ostfrau-1.jpg 853w\" sizes=\"(max-width: 200px) 100vw, 200px\" \/>\t\t\t<\/a>\n\t\t\t\t\t<\/div>\n\t\t\n\t\t\t\t\t\t<div class=\"thim-ekits-post__content\">\n\t\t\t\t<h3 class=\"thim-ekits-post__title\">\n\t\t<a href=\"https:\/\/humboldt-greifswald.de\/web\/ausgezeichnet-ostfrau-ein-podcast\/\" >\n\t\t\tAusgezeichnet: Ostfrau &#8211; Ein Podcast\t\t<\/a>\n\t\t<\/h3>\n\t\t \t\t<div class=\"thim-ekits-post__meta elementor-repeater-item-f023eed m-psi-start \">\n\t\t\t\n\t\t<span class=\"thim-ekits-post__date\">\n\t\t\t\t\t\t22. Juni 2024\t\t<\/span>\n\n\t\t\t\t<\/div>\n\n\t\t\n\t\t<div class=\"thim-ekits-post__excerpt\">\n\t\t\tLara, Lilly, Mia und Nina besch\u00e4ftigten sich im Weltenschreiber-Kurs mit dem Thema Umbruchszeiten. Dabei entstand ein Poetry Slam, der der Jury des bundesweiten Sch\u00fclerzeitungswettbewerb auffiel. Von der Bundeszentrale f\u00fcr politische Bildung erhalten die Autorinnen einen Sonderpreis und fuhren zusammen mit &hellip;\t\t<\/div>\n\n\t\t\t\t<a class=\"thim-ekits-post__read-more\"\n\t\t   href=\"https:\/\/humboldt-greifswald.de\/web\/ausgezeichnet-ostfrau-ein-podcast\/\" >\n\t\t\tWeiterlesen \u00bb\t\t\t\t\t<\/a>\n\t\t\t\t<\/div>\n\t\t\t\t\t\t\t<\/div>\n\t\t\t\t<div class=\"thim-ekits-post__article post-15596 post type-post status-publish format-standard has-post-thumbnail hentry category-kultur\">\n\t\t\t\t\t\t\t\t\t<div class=\"thim-ekits-post__thumbnail\">\n\t\t\t<a class=\"post-thumbnail\"\n\t\t\t   href=\"https:\/\/humboldt-greifswald.de\/web\/juniorwahl-2024-die-ergebnisse-deutschlandweit-und-von-unserer-schule\/\" >\n\t\t\t\t<img loading=\"lazy\" decoding=\"async\" width=\"205\" height=\"75\" src=\"https:\/\/humboldt-greifswald.de\/web\/wp-content\/uploads\/2024\/06\/logo-juniorwahl01-206px.png\" class=\"attachment-medium size-medium wp-image-15597\" alt=\"\" \/>\t\t\t<\/a>\n\t\t\t\t\t<\/div>\n\t\t\n\t\t\t\t\t\t<div class=\"thim-ekits-post__content\">\n\t\t\t\t<h3 class=\"thim-ekits-post__title\">\n\t\t<a href=\"https:\/\/humboldt-greifswald.de\/web\/juniorwahl-2024-die-ergebnisse-deutschlandweit-und-von-unserer-schule\/\" >\n\t\t\tJuniorwahl 2024: Die Ergebnisse deutschlandweit und von unserer Schule\t\t<\/a>\n\t\t<\/h3>\n\t\t \t\t<div class=\"thim-ekits-post__meta elementor-repeater-item-f023eed m-psi-start \">\n\t\t\t\n\t\t<span class=\"thim-ekits-post__date\">\n\t\t\t\t\t\t11. Juni 2024\t\t<\/span>\n\n\t\t\t\t<\/div>\n\n\t\t\n\t\t<div class=\"thim-ekits-post__excerpt\">\n\t\t\tVielen Dank f\u00fcr eure Stimme! Detailergebnisse erfahrt ihr auf den folgenden drei Bildern und unter juniorwahl.de!\t\t<\/div>\n\n\t\t\t\t<a class=\"thim-ekits-post__read-more\"\n\t\t   href=\"https:\/\/humboldt-greifswald.de\/web\/juniorwahl-2024-die-ergebnisse-deutschlandweit-und-von-unserer-schule\/\" >\n\t\t\tWeiterlesen \u00bb\t\t\t\t\t<\/a>\n\t\t\t\t<\/div>\n\t\t\t\t\t\t\t<\/div>\n\t\t\t\t<div class=\"thim-ekits-post__article post-15593 post type-post status-publish format-standard has-post-thumbnail hentry category-chor category-kultur\">\n\t\t\t\t\t\t\t\t\t<div class=\"thim-ekits-post__thumbnail\">\n\t\t\t<a class=\"post-thumbnail\"\n\t\t\t   href=\"https:\/\/humboldt-greifswald.de\/web\/unsere-choere-und-das-orchester-der-komischen-oper-berlin-bei-der-greifswalder-bach-woche\/\" >\n\t\t\t\t<img loading=\"lazy\" decoding=\"async\" width=\"225\" height=\"300\" src=\"https:\/\/humboldt-greifswald.de\/web\/wp-content\/uploads\/2024\/06\/PHOTO-2024-06-03-11-13-01-225x300.jpg\" class=\"attachment-medium size-medium wp-image-15594\" alt=\"\" srcset=\"https:\/\/humboldt-greifswald.de\/web\/wp-content\/uploads\/2024\/06\/PHOTO-2024-06-03-11-13-01-225x300.jpg 225w, https:\/\/humboldt-greifswald.de\/web\/wp-content\/uploads\/2024\/06\/PHOTO-2024-06-03-11-13-01-768x1024.jpg 768w, https:\/\/humboldt-greifswald.de\/web\/wp-content\/uploads\/2024\/06\/PHOTO-2024-06-03-11-13-01-1152x1536.jpg 1152w, https:\/\/humboldt-greifswald.de\/web\/wp-content\/uploads\/2024\/06\/PHOTO-2024-06-03-11-13-01-600x800.jpg 600w, https:\/\/humboldt-greifswald.de\/web\/wp-content\/uploads\/2024\/06\/PHOTO-2024-06-03-11-13-01.jpg 1200w\" sizes=\"(max-width: 225px) 100vw, 225px\" \/>\t\t\t<\/a>\n\t\t\t\t\t<\/div>\n\t\t\n\t\t\t\t\t\t<div class=\"thim-ekits-post__content\">\n\t\t\t\t<h3 class=\"thim-ekits-post__title\">\n\t\t<a href=\"https:\/\/humboldt-greifswald.de\/web\/unsere-choere-und-das-orchester-der-komischen-oper-berlin-bei-der-greifswalder-bach-woche\/\" >\n\t\t\tUnsere Ch\u00f6re und das Orchester der Komischen Oper Berlin bei der Greifswalder Bach-Woche\t\t<\/a>\n\t\t<\/h3>\n\t\t \t\t<div class=\"thim-ekits-post__meta elementor-repeater-item-f023eed m-psi-start \">\n\t\t\t\n\t\t<span class=\"thim-ekits-post__date\">\n\t\t\t\t\t\t11. Juni 2024\t\t<\/span>\n\n\t\t\t\t<\/div>\n\n\t\t\n\t\t<div class=\"thim-ekits-post__excerpt\">\n\t\t\tIm Rahmen der Greifswalder Bach-Woche konnten die beiden Schulch\u00f6re die Kantate &#8222;Herz und Mund und Tat und Leben&#8220; BWV 147 musizieren. Das Orchester der komischen Oper Berlin begleitete die S\u00e4ngerinnen und S\u00e4nger. Mehr Eindr\u00fccke auf diesem Instagram-Post!\t\t<\/div>\n\n\t\t\t\t<a class=\"thim-ekits-post__read-more\"\n\t\t   href=\"https:\/\/humboldt-greifswald.de\/web\/unsere-choere-und-das-orchester-der-komischen-oper-berlin-bei-der-greifswalder-bach-woche\/\" >\n\t\t\tWeiterlesen \u00bb\t\t\t\t\t<\/a>\n\t\t\t\t<\/div>\n\t\t\t\t\t\t\t<\/div>\n\t\t\t\t<div class=\"thim-ekits-post__article post-15582 post type-post status-publish format-standard has-post-thumbnail hentry category-kultur\">\n\t\t\t\t\t\t\t\t\t<div class=\"thim-ekits-post__thumbnail\">\n\t\t\t<a class=\"post-thumbnail\"\n\t\t\t   href=\"https:\/\/humboldt-greifswald.de\/web\/tag-der-eggsperimente-projekttag-der-klasse-8a\/\" >\n\t\t\t\t<img loading=\"lazy\" decoding=\"async\" width=\"300\" height=\"189\" src=\"https:\/\/humboldt-greifswald.de\/web\/wp-content\/uploads\/2024\/05\/Eggsperimente-3-300x189.png\" class=\"attachment-medium size-medium wp-image-15586\" alt=\"\" srcset=\"https:\/\/humboldt-greifswald.de\/web\/wp-content\/uploads\/2024\/05\/Eggsperimente-3-300x189.png 300w, https:\/\/humboldt-greifswald.de\/web\/wp-content\/uploads\/2024\/05\/Eggsperimente-3-768x483.png 768w, https:\/\/humboldt-greifswald.de\/web\/wp-content\/uploads\/2024\/05\/Eggsperimente-3-600x377.png 600w, https:\/\/humboldt-greifswald.de\/web\/wp-content\/uploads\/2024\/05\/Eggsperimente-3.png 921w\" sizes=\"(max-width: 300px) 100vw, 300px\" \/>\t\t\t<\/a>\n\t\t\t\t\t<\/div>\n\t\t\n\t\t\t\t\t\t<div class=\"thim-ekits-post__content\">\n\t\t\t\t<h3 class=\"thim-ekits-post__title\">\n\t\t<a href=\"https:\/\/humboldt-greifswald.de\/web\/tag-der-eggsperimente-projekttag-der-klasse-8a\/\" >\n\t\t\tTag der Eggsperimente! &#8211; Projekttag der Klasse 8A\t\t<\/a>\n\t\t<\/h3>\n\t\t \t\t<div class=\"thim-ekits-post__meta elementor-repeater-item-f023eed m-psi-start \">\n\t\t\t\n\t\t<span class=\"thim-ekits-post__date\">\n\t\t\t\t\t\t15. Mai 2024\t\t<\/span>\n\n\t\t\t\t<\/div>\n\n\t\t\n\t\t<div class=\"thim-ekits-post__excerpt\">\n\t\t\tWie viele B\u00fccher kann ein Ei halten? Und warum ist es \u00fcberhaupt rund? Diese und viele weitere Fragen haben wir, die 8A, am 15.05 mit den Sch\u00fcler*innen der 2A von der K\u00e4theKollwitz-Grundschule am Projekttag in vielen \u201eEggsperimenten\u201c beantwortet. Als erstes &hellip;\t\t<\/div>\n\n\t\t\t\t<a class=\"thim-ekits-post__read-more\"\n\t\t   href=\"https:\/\/humboldt-greifswald.de\/web\/tag-der-eggsperimente-projekttag-der-klasse-8a\/\" >\n\t\t\tWeiterlesen \u00bb\t\t\t\t\t<\/a>\n\t\t\t\t<\/div>\n\t\t\t\t\t\t\t<\/div>\n\t\t\t\t<div class=\"thim-ekits-post__article post-15562 post type-post status-publish format-standard has-post-thumbnail hentry category-kultur\">\n\t\t\t\t\t\t\t\t\t<div class=\"thim-ekits-post__thumbnail\">\n\t\t\t<a class=\"post-thumbnail\"\n\t\t\t   href=\"https:\/\/humboldt-greifswald.de\/web\/36-000-sekunden-einladung-zum-theaterstueck-am-do-11-04-2024-1700\/\" >\n\t\t\t\t<img loading=\"lazy\" decoding=\"async\" width=\"212\" height=\"300\" src=\"https:\/\/humboldt-greifswald.de\/web\/wp-content\/uploads\/2024\/03\/Party-2-212x300.png\" class=\"attachment-medium size-medium wp-image-15565\" alt=\"\" srcset=\"https:\/\/humboldt-greifswald.de\/web\/wp-content\/uploads\/2024\/03\/Party-2-212x300.png 212w, https:\/\/humboldt-greifswald.de\/web\/wp-content\/uploads\/2024\/03\/Party-2-724x1024.png 724w, https:\/\/humboldt-greifswald.de\/web\/wp-content\/uploads\/2024\/03\/Party-2-768x1086.png 768w, https:\/\/humboldt-greifswald.de\/web\/wp-content\/uploads\/2024\/03\/Party-2-1086x1536.png 1086w, https:\/\/humboldt-greifswald.de\/web\/wp-content\/uploads\/2024\/03\/Party-2-600x849.png 600w, https:\/\/humboldt-greifswald.de\/web\/wp-content\/uploads\/2024\/03\/Party-2.png 1241w\" sizes=\"(max-width: 212px) 100vw, 212px\" \/>\t\t\t<\/a>\n\t\t\t\t\t<\/div>\n\t\t\n\t\t\t\t\t\t<div class=\"thim-ekits-post__content\">\n\t\t\t\t<h3 class=\"thim-ekits-post__title\">\n\t\t<a href=\"https:\/\/humboldt-greifswald.de\/web\/36-000-sekunden-einladung-zum-theaterstueck-am-do-11-04-2024-1700\/\" >\n\t\t\t36.000 Sekunden &#8211; Einladung zum Theaterst\u00fcck am Do., 11.04.2024 17:00\t\t<\/a>\n\t\t<\/h3>\n\t\t \t\t<div class=\"thim-ekits-post__meta elementor-repeater-item-f023eed m-psi-start \">\n\t\t\t\n\t\t<span class=\"thim-ekits-post__date\">\n\t\t\t\t\t\t20. M\u00e4rz 2024\t\t<\/span>\n\n\t\t\t\t<\/div>\n\n\t\t\n\t\t<div class=\"thim-ekits-post__excerpt\">\n\t\t\t36.000 Sekundenvon Julia Gastel Was w\u00fcrdest du tun, wenn die Welt in 36.000 Sekunden unterginge? Dein Lieblingsspiel zu Ende zocken? Dich mit deiner Tochter vers\u00f6hnen? Dir ein Date f\u00fcr die Weltuntergangsparty suchen? Oder nach Weltuntergangsrabatt f\u00fcr deine Lieblingstasche schauen? Entscheide &hellip;\t\t<\/div>\n\n\t\t\t\t<a class=\"thim-ekits-post__read-more\"\n\t\t   href=\"https:\/\/humboldt-greifswald.de\/web\/36-000-sekunden-einladung-zum-theaterstueck-am-do-11-04-2024-1700\/\" >\n\t\t\tWeiterlesen \u00bb\t\t\t\t\t<\/a>\n\t\t\t\t<\/div>\n\t\t\t\t\t\t\t<\/div>\n\t\t\t\t<div class=\"thim-ekits-post__article post-15553 post type-post status-publish format-video has-post-thumbnail hentry category-kultur post_format-post-format-video\">\n\t\t\t\t\t\t\t\t\t<div class=\"thim-ekits-post__thumbnail\">\n\t\t\t<a class=\"post-thumbnail\"\n\t\t\t   href=\"https:\/\/humboldt-greifswald.de\/web\/unser-umgang-mit-hochbegabung-und-underachievement\/\" >\n\t\t\t\t<img loading=\"lazy\" decoding=\"async\" width=\"300\" height=\"170\" src=\"https:\/\/humboldt-greifswald.de\/web\/wp-content\/uploads\/2024\/03\/Screenshot-2024-03-13-000844-300x170.png\" class=\"attachment-medium size-medium wp-image-15556\" alt=\"\" srcset=\"https:\/\/humboldt-greifswald.de\/web\/wp-content\/uploads\/2024\/03\/Screenshot-2024-03-13-000844-300x170.png 300w, https:\/\/humboldt-greifswald.de\/web\/wp-content\/uploads\/2024\/03\/Screenshot-2024-03-13-000844.png 445w\" sizes=\"(max-width: 300px) 100vw, 300px\" \/>\t\t\t<\/a>\n\t\t\t\t\t<\/div>\n\t\t\n\t\t\t\t\t\t<div class=\"thim-ekits-post__content\">\n\t\t\t\t<h3 class=\"thim-ekits-post__title\">\n\t\t<a href=\"https:\/\/humboldt-greifswald.de\/web\/unser-umgang-mit-hochbegabung-und-underachievement\/\" >\n\t\t\tUnser Umgang mit Hochbegabung und Underachievement\t\t<\/a>\n\t\t<\/h3>\n\t\t \t\t<div class=\"thim-ekits-post__meta elementor-repeater-item-f023eed m-psi-start \">\n\t\t\t\n\t\t<span class=\"thim-ekits-post__date\">\n\t\t\t\t\t\t13. M\u00e4rz 2024\t\t<\/span>\n\n\t\t\t\t<\/div>\n\n\t\t\n\t\t<div class=\"thim-ekits-post__excerpt\">\n\t\t\tNeues Video der Karg Stiftung! Underachievement in der Schule \u2013 was nun? Hochbegabt, aber keine Einsen auf dem Zeugnis? Wenn Schulnoten schlecht ausfallen, aber der IQ eigentlich gute bis sehr gute Leistungen verspricht, ist von \u201eUnderachievement\u201d die Rede. In diesem &hellip;\t\t<\/div>\n\n\t\t\t\t<a class=\"thim-ekits-post__read-more\"\n\t\t   href=\"https:\/\/humboldt-greifswald.de\/web\/unser-umgang-mit-hochbegabung-und-underachievement\/\" >\n\t\t\tWeiterlesen \u00bb\t\t\t\t\t<\/a>\n\t\t\t\t<\/div>\n\t\t\t\t\t\t\t<\/div>\n\t\t\t\t<div class=\"thim-ekits-post__article post-15485 post type-post status-publish format-standard has-post-thumbnail hentry category-kultur\">\n\t\t\t\t\t\t\t\t\t<div class=\"thim-ekits-post__thumbnail\">\n\t\t\t<a class=\"post-thumbnail\"\n\t\t\t   href=\"https:\/\/humboldt-greifswald.de\/web\/ki-im-klassenzimmer-projekttag-der-8-klassen\/\" >\n\t\t\t\t<img loading=\"lazy\" decoding=\"async\" width=\"300\" height=\"225\" src=\"https:\/\/humboldt-greifswald.de\/web\/wp-content\/uploads\/2024\/01\/KI8-1-300x225.jpg\" class=\"attachment-medium size-medium wp-image-15487\" alt=\"\" srcset=\"https:\/\/humboldt-greifswald.de\/web\/wp-content\/uploads\/2024\/01\/KI8-1-300x225.jpg 300w, https:\/\/humboldt-greifswald.de\/web\/wp-content\/uploads\/2024\/01\/KI8-1-1024x768.jpg 1024w, https:\/\/humboldt-greifswald.de\/web\/wp-content\/uploads\/2024\/01\/KI8-1-768x576.jpg 768w, https:\/\/humboldt-greifswald.de\/web\/wp-content\/uploads\/2024\/01\/KI8-1-400x300.jpg 400w, https:\/\/humboldt-greifswald.de\/web\/wp-content\/uploads\/2024\/01\/KI8-1-600x450.jpg 600w, https:\/\/humboldt-greifswald.de\/web\/wp-content\/uploads\/2024\/01\/KI8-1.jpg 1280w\" sizes=\"(max-width: 300px) 100vw, 300px\" \/>\t\t\t<\/a>\n\t\t\t\t\t<\/div>\n\t\t\n\t\t\t\t\t\t<div class=\"thim-ekits-post__content\">\n\t\t\t\t<h3 class=\"thim-ekits-post__title\">\n\t\t<a href=\"https:\/\/humboldt-greifswald.de\/web\/ki-im-klassenzimmer-projekttag-der-8-klassen\/\" >\n\t\t\tKI im Klassenzimmer &#8211; Projekttag der 8. Klassen\t\t<\/a>\n\t\t<\/h3>\n\t\t \t\t<div class=\"thim-ekits-post__meta elementor-repeater-item-f023eed m-psi-start \">\n\t\t\t\n\t\t<span class=\"thim-ekits-post__date\">\n\t\t\t\t\t\t5. Januar 2024\t\t<\/span>\n\n\t\t\t\t<\/div>\n\n\t\t\n\t\t<div class=\"thim-ekits-post__excerpt\">\n\t\t\tKurz vor den Weihnachtsferien fand an unserer Schule ein besonderer Projekttag f\u00fcr die Klasse 8 statt, der ganz im Zeichen der K\u00fcnstlichen Intelligenz (KI) stand.&nbsp; Nach einem Impulsvortrag \u00fcber K\u00fcnstliche Intelligenz und ChatGPT von einem Team aus der elften Klasse, &hellip;\t\t<\/div>\n\n\t\t\t\t<a class=\"thim-ekits-post__read-more\"\n\t\t   href=\"https:\/\/humboldt-greifswald.de\/web\/ki-im-klassenzimmer-projekttag-der-8-klassen\/\" >\n\t\t\tWeiterlesen \u00bb\t\t\t\t\t<\/a>\n\t\t\t\t<\/div>\n\t\t\t\t\t\t\t<\/div>\n\t\t\t\t<div class=\"thim-ekits-post__article post-15438 post type-post status-publish format-standard has-post-thumbnail hentry category-kultur\">\n\t\t\t\t\t\t\t\t\t<div class=\"thim-ekits-post__thumbnail\">\n\t\t\t<a class=\"post-thumbnail\"\n\t\t\t   href=\"https:\/\/humboldt-greifswald.de\/web\/white-cappuccino-jetzt-theater-tickets-ergattern\/\" >\n\t\t\t\t<img loading=\"lazy\" decoding=\"async\" width=\"300\" height=\"300\" src=\"https:\/\/humboldt-greifswald.de\/web\/wp-content\/uploads\/2023\/11\/insta-300x300.jpg\" class=\"attachment-medium size-medium wp-image-15472\" alt=\"\" srcset=\"https:\/\/humboldt-greifswald.de\/web\/wp-content\/uploads\/2023\/11\/insta-300x300.jpg 300w, https:\/\/humboldt-greifswald.de\/web\/wp-content\/uploads\/2023\/11\/insta-1024x1024.jpg 1024w, https:\/\/humboldt-greifswald.de\/web\/wp-content\/uploads\/2023\/11\/insta-150x150.jpg 150w, https:\/\/humboldt-greifswald.de\/web\/wp-content\/uploads\/2023\/11\/insta-768x768.jpg 768w, https:\/\/humboldt-greifswald.de\/web\/wp-content\/uploads\/2023\/11\/insta-600x600.jpg 600w, https:\/\/humboldt-greifswald.de\/web\/wp-content\/uploads\/2023\/11\/insta-100x100.jpg 100w, https:\/\/humboldt-greifswald.de\/web\/wp-content\/uploads\/2023\/11\/insta.jpg 1080w\" sizes=\"(max-width: 300px) 100vw, 300px\" \/>\t\t\t<\/a>\n\t\t\t\t\t<\/div>\n\t\t\n\t\t\t\t\t\t<div class=\"thim-ekits-post__content\">\n\t\t\t\t<h3 class=\"thim-ekits-post__title\">\n\t\t<a href=\"https:\/\/humboldt-greifswald.de\/web\/white-cappuccino-jetzt-theater-tickets-ergattern\/\" >\n\t\t\tWhite Cappuccino &#8211; Jetzt Theater-Tickets ergattern!\t\t<\/a>\n\t\t<\/h3>\n\t\t \t\t<div class=\"thim-ekits-post__meta elementor-repeater-item-f023eed m-psi-start \">\n\t\t\t\n\t\t<span class=\"thim-ekits-post__date\">\n\t\t\t\t\t\t9. Dezember 2023\t\t<\/span>\n\n\t\t\t\t<\/div>\n\n\t\t\n\t\t<div class=\"thim-ekits-post__excerpt\">\n\t\t\tDer Ticketverkauf f\u00fcr das aktuelle Theaterprojekt der 9R ist gestartet. Die Auff\u00fchrungen finden am 25.\/26.\/27. Januar 2024 in der Greifswalder Stadthalle statt. Noch sind St\u00fcck, Plakat und Co. \"work in progress\", auf der St\u00fcckseite findet ihr aber schon einen \u00dcberblick, einen Link zum Ticketkauf und einen Projektbericht vom Probenlager in Sassen. Wir freuen uns auf euch!\t\t<\/div>\n\n\t\t\t\t<a class=\"thim-ekits-post__read-more\"\n\t\t   href=\"https:\/\/humboldt-greifswald.de\/web\/white-cappuccino-jetzt-theater-tickets-ergattern\/\" >\n\t\t\tWeiterlesen \u00bb\t\t\t\t\t<\/a>\n\t\t\t\t<\/div>\n\t\t\t\t\t\t\t<\/div>\n\t\t\t\t<div class=\"thim-ekits-post__article post-15460 post type-post status-publish format-standard has-post-thumbnail hentry category-kultur\">\n\t\t\t\t\t\t\t\t\t<div class=\"thim-ekits-post__thumbnail\">\n\t\t\t<a class=\"post-thumbnail\"\n\t\t\t   href=\"https:\/\/humboldt-greifswald.de\/web\/herzliche-einladung-zum-diesjaehrigen-weihnachtskonzert\/\" >\n\t\t\t\t<img loading=\"lazy\" decoding=\"async\" width=\"300\" height=\"300\" src=\"https:\/\/humboldt-greifswald.de\/web\/wp-content\/uploads\/2023\/11\/Weihnachtskonzert-2023-300x300.png\" class=\"attachment-medium size-medium wp-image-15461\" alt=\"\" srcset=\"https:\/\/humboldt-greifswald.de\/web\/wp-content\/uploads\/2023\/11\/Weihnachtskonzert-2023-300x300.png 300w, https:\/\/humboldt-greifswald.de\/web\/wp-content\/uploads\/2023\/11\/Weihnachtskonzert-2023-150x150.png 150w, https:\/\/humboldt-greifswald.de\/web\/wp-content\/uploads\/2023\/11\/Weihnachtskonzert-2023-768x766.png 768w, https:\/\/humboldt-greifswald.de\/web\/wp-content\/uploads\/2023\/11\/Weihnachtskonzert-2023-600x599.png 600w, https:\/\/humboldt-greifswald.de\/web\/wp-content\/uploads\/2023\/11\/Weihnachtskonzert-2023-100x100.png 100w, https:\/\/humboldt-greifswald.de\/web\/wp-content\/uploads\/2023\/11\/Weihnachtskonzert-2023-1024x1024.png 1024w, https:\/\/humboldt-greifswald.de\/web\/wp-content\/uploads\/2023\/11\/Weihnachtskonzert-2023.png 814w\" sizes=\"(max-width: 300px) 100vw, 300px\" \/>\t\t\t<\/a>\n\t\t\t\t\t<\/div>\n\t\t\n\t\t\t\t\t\t<div class=\"thim-ekits-post__content\">\n\t\t\t\t<h3 class=\"thim-ekits-post__title\">\n\t\t<a href=\"https:\/\/humboldt-greifswald.de\/web\/herzliche-einladung-zum-diesjaehrigen-weihnachtskonzert\/\" >\n\t\t\tHerzliche Einladung zum diesj\u00e4hrigen Weihnachtskonzert\t\t<\/a>\n\t\t<\/h3>\n\t\t \t\t<div class=\"thim-ekits-post__meta elementor-repeater-item-f023eed m-psi-start \">\n\t\t\t\n\t\t<span class=\"thim-ekits-post__date\">\n\t\t\t\t\t\t22. November 2023\t\t<\/span>\n\n\t\t\t\t<\/div>\n\n\t\t\n\t\t<div class=\"thim-ekits-post__excerpt\">\n\t\t\tAm Donnerstag, 07. Dezember 2023 um 19:00 in unserem Saal!\t\t<\/div>\n\n\t\t\t\t<a class=\"thim-ekits-post__read-more\"\n\t\t   href=\"https:\/\/humboldt-greifswald.de\/web\/herzliche-einladung-zum-diesjaehrigen-weihnachtskonzert\/\" >\n\t\t\tWeiterlesen \u00bb\t\t\t\t\t<\/a>\n\t\t\t\t<\/div>\n\t\t\t\t\t\t\t<\/div>\n\t\t\t\t<div class=\"thim-ekits-post__article post-15455 post type-post status-publish format-standard has-post-thumbnail hentry category-kultur\">\n\t\t\t\t\t\t\t\t\t<div class=\"thim-ekits-post__thumbnail\">\n\t\t\t<a class=\"post-thumbnail\"\n\t\t\t   href=\"https:\/\/humboldt-greifswald.de\/web\/klasse-6a-begeistert-mit-geschichten\/\" >\n\t\t\t\t<img loading=\"lazy\" decoding=\"async\" width=\"300\" height=\"225\" src=\"https:\/\/humboldt-greifswald.de\/web\/wp-content\/uploads\/2023\/11\/begeistert-mit-Geschichten_2-300x225.jpg\" class=\"attachment-medium size-medium wp-image-15457\" alt=\"\" srcset=\"https:\/\/humboldt-greifswald.de\/web\/wp-content\/uploads\/2023\/11\/begeistert-mit-Geschichten_2-300x225.jpg 300w, https:\/\/humboldt-greifswald.de\/web\/wp-content\/uploads\/2023\/11\/begeistert-mit-Geschichten_2-1024x768.jpg 1024w, https:\/\/humboldt-greifswald.de\/web\/wp-content\/uploads\/2023\/11\/begeistert-mit-Geschichten_2-768x576.jpg 768w, https:\/\/humboldt-greifswald.de\/web\/wp-content\/uploads\/2023\/11\/begeistert-mit-Geschichten_2-400x300.jpg 400w, https:\/\/humboldt-greifswald.de\/web\/wp-content\/uploads\/2023\/11\/begeistert-mit-Geschichten_2-600x450.jpg 600w, https:\/\/humboldt-greifswald.de\/web\/wp-content\/uploads\/2023\/11\/begeistert-mit-Geschichten_2.jpg 1280w\" sizes=\"(max-width: 300px) 100vw, 300px\" \/>\t\t\t<\/a>\n\t\t\t\t\t<\/div>\n\t\t\n\t\t\t\t\t\t<div class=\"thim-ekits-post__content\">\n\t\t\t\t<h3 class=\"thim-ekits-post__title\">\n\t\t<a href=\"https:\/\/humboldt-greifswald.de\/web\/klasse-6a-begeistert-mit-geschichten\/\" >\n\t\t\tKlasse 6A begeistert mit Geschichten\t\t<\/a>\n\t\t<\/h3>\n\t\t \t\t<div class=\"thim-ekits-post__meta elementor-repeater-item-f023eed m-psi-start \">\n\t\t\t\n\t\t<span class=\"thim-ekits-post__date\">\n\t\t\t\t\t\t17. November 2023\t\t<\/span>\n\n\t\t\t\t<\/div>\n\n\t\t\n\t\t<div class=\"thim-ekits-post__excerpt\">\n\t\t\tIm Rahmen des bundesweiten Vorlesetages besuchten Sch\u00fclerinnen und Sch\u00fcler der sechsten Klasse des Humboldtgymnasiums am 16.11. den Kindergarten AS Makarenko. Im Deutschunterricht hatte die 6A verschiedene Kinderb\u00fccher ausgesucht, gelesen und eine Entscheidung getroffen. Von &#8222;Wilma Wolkenkopf&#8220; bis zu einem russischen &hellip;\t\t<\/div>\n\n\t\t\t\t<a class=\"thim-ekits-post__read-more\"\n\t\t   href=\"https:\/\/humboldt-greifswald.de\/web\/klasse-6a-begeistert-mit-geschichten\/\" >\n\t\t\tWeiterlesen \u00bb\t\t\t\t\t<\/a>\n\t\t\t\t<\/div>\n\t\t\t\t\t\t\t<\/div>\n\t\t\t\t<div class=\"thim-ekits-post__article post-15417 post type-post status-publish format-video has-post-thumbnail hentry category-kultur post_format-post-format-video\">\n\t\t\t\t\t\t\t\t\t<div class=\"thim-ekits-post__thumbnail\">\n\t\t\t<a class=\"post-thumbnail\"\n\t\t\t   href=\"https:\/\/humboldt-greifswald.de\/web\/neue-folge-kings-and-queens-folge-3-koreanisches-gambit-outtakes\/\" >\n\t\t\t\t<img loading=\"lazy\" decoding=\"async\" width=\"300\" height=\"274\" src=\"https:\/\/humboldt-greifswald.de\/web\/wp-content\/uploads\/2023\/10\/Screenshot-2023-10-20-230909-300x274.png\" class=\"attachment-medium size-medium wp-image-15418\" alt=\"\" srcset=\"https:\/\/humboldt-greifswald.de\/web\/wp-content\/uploads\/2023\/10\/Screenshot-2023-10-20-230909-300x274.png 300w, https:\/\/humboldt-greifswald.de\/web\/wp-content\/uploads\/2023\/10\/Screenshot-2023-10-20-230909-1024x936.png 1024w, https:\/\/humboldt-greifswald.de\/web\/wp-content\/uploads\/2023\/10\/Screenshot-2023-10-20-230909-768x702.png 768w, https:\/\/humboldt-greifswald.de\/web\/wp-content\/uploads\/2023\/10\/Screenshot-2023-10-20-230909-600x548.png 600w, https:\/\/humboldt-greifswald.de\/web\/wp-content\/uploads\/2023\/10\/Screenshot-2023-10-20-230909.png 1100w\" sizes=\"(max-width: 300px) 100vw, 300px\" \/>\t\t\t<\/a>\n\t\t\t\t\t<\/div>\n\t\t\n\t\t\t\t\t\t<div class=\"thim-ekits-post__content\">\n\t\t\t\t<h3 class=\"thim-ekits-post__title\">\n\t\t<a href=\"https:\/\/humboldt-greifswald.de\/web\/neue-folge-kings-and-queens-folge-3-koreanisches-gambit-outtakes\/\" >\n\t\t\tNeue Folge! Kings and Queens &#8211; Folge 3 &#8211; Koreanisches Gambit + Outtakes\t\t<\/a>\n\t\t<\/h3>\n\t\t \t\t<div class=\"thim-ekits-post__meta elementor-repeater-item-f023eed m-psi-start \">\n\t\t\t\n\t\t<span class=\"thim-ekits-post__date\">\n\t\t\t\t\t\t20. Oktober 2023\t\t<\/span>\n\n\t\t\t\t<\/div>\n\n\t\t\n\t\t<div class=\"thim-ekits-post__excerpt\">\n\t\t\t\t\t<\/div>\n\n\t\t\t\t<a class=\"thim-ekits-post__read-more\"\n\t\t   href=\"https:\/\/humboldt-greifswald.de\/web\/neue-folge-kings-and-queens-folge-3-koreanisches-gambit-outtakes\/\" >\n\t\t\tWeiterlesen \u00bb\t\t\t\t\t<\/a>\n\t\t\t\t<\/div>\n\t\t\t\t\t\t\t<\/div>\n\t\t\t\t<div class=\"thim-ekits-post__article post-15350 post type-post status-publish format-standard has-post-thumbnail hentry category-kultur\">\n\t\t\t\t\t\t\t\t\t<div class=\"thim-ekits-post__thumbnail\">\n\t\t\t<a class=\"post-thumbnail\"\n\t\t\t   href=\"https:\/\/humboldt-greifswald.de\/web\/mint-camp-2023-der-guenther-weber-stiftung-neubrandenburg\/\" >\n\t\t\t\t<img loading=\"lazy\" decoding=\"async\" width=\"300\" height=\"104\" src=\"https:\/\/humboldt-greifswald.de\/web\/wp-content\/uploads\/2023\/09\/MINT_CAMP23-002-300x104.jpg\" class=\"attachment-medium size-medium wp-image-15351\" alt=\"\" srcset=\"https:\/\/humboldt-greifswald.de\/web\/wp-content\/uploads\/2023\/09\/MINT_CAMP23-002-300x104.jpg 300w, https:\/\/humboldt-greifswald.de\/web\/wp-content\/uploads\/2023\/09\/MINT_CAMP23-002-1024x354.jpg 1024w, https:\/\/humboldt-greifswald.de\/web\/wp-content\/uploads\/2023\/09\/MINT_CAMP23-002-768x266.jpg 768w, https:\/\/humboldt-greifswald.de\/web\/wp-content\/uploads\/2023\/09\/MINT_CAMP23-002-1536x531.jpg 1536w, https:\/\/humboldt-greifswald.de\/web\/wp-content\/uploads\/2023\/09\/MINT_CAMP23-002-600x207.jpg 600w, https:\/\/humboldt-greifswald.de\/web\/wp-content\/uploads\/2023\/09\/MINT_CAMP23-002.jpg 1958w\" sizes=\"(max-width: 300px) 100vw, 300px\" \/>\t\t\t<\/a>\n\t\t\t\t\t<\/div>\n\t\t\n\t\t\t\t\t\t<div class=\"thim-ekits-post__content\">\n\t\t\t\t<h3 class=\"thim-ekits-post__title\">\n\t\t<a href=\"https:\/\/humboldt-greifswald.de\/web\/mint-camp-2023-der-guenther-weber-stiftung-neubrandenburg\/\" >\n\t\t\tMINT-Camp 2023 der G\u00fcnther-Weber-Stiftung Neubrandenburg\t\t<\/a>\n\t\t<\/h3>\n\t\t \t\t<div class=\"thim-ekits-post__meta elementor-repeater-item-f023eed m-psi-start \">\n\t\t\t\n\t\t<span class=\"thim-ekits-post__date\">\n\t\t\t\t\t\t30. September 2023\t\t<\/span>\n\n\t\t\t\t<\/div>\n\n\t\t\n\t\t<div class=\"thim-ekits-post__excerpt\">\n\t\t\tDas MINT-Camp 2023 in Neubrandenburg beim Weltmarkf\u00fchrer \u201eWeber Maschinenbau\u201c begann am Montag, den 18.09.2023 im Azubicenter von \u201eWeber\u201c mit einer Einf\u00fchrung in das Programm der folgenden Woche.&nbsp; Darauffolgend gab es eine F\u00fchrung durch den \u201eWeber\u201c Standort in Neubrandenburg. Danach haben &hellip;\t\t<\/div>\n\n\t\t\t\t<a class=\"thim-ekits-post__read-more\"\n\t\t   href=\"https:\/\/humboldt-greifswald.de\/web\/mint-camp-2023-der-guenther-weber-stiftung-neubrandenburg\/\" >\n\t\t\tWeiterlesen \u00bb\t\t\t\t\t<\/a>\n\t\t\t\t<\/div>\n\t\t\t\t\t\t\t<\/div>\n\t\t\t\t<div class=\"thim-ekits-post__article post-15311 post type-post status-publish format-standard has-post-thumbnail hentry category-kultur\">\n\t\t\t\t\t\t\t\t\t<div class=\"thim-ekits-post__thumbnail\">\n\t\t\t<a class=\"post-thumbnail\"\n\t\t\t   href=\"https:\/\/humboldt-greifswald.de\/web\/mit-dem-schach-kurs-zum-erfolg\/\" >\n\t\t\t\t<img loading=\"lazy\" decoding=\"async\" width=\"300\" height=\"225\" src=\"https:\/\/humboldt-greifswald.de\/web\/wp-content\/uploads\/2023\/09\/IMG_0197-scaled-300x225.jpeg\" class=\"attachment-medium size-medium wp-image-15312\" alt=\"\" srcset=\"https:\/\/humboldt-greifswald.de\/web\/wp-content\/uploads\/2023\/09\/IMG_0197-scaled-300x225.jpeg 300w, https:\/\/humboldt-greifswald.de\/web\/wp-content\/uploads\/2023\/09\/IMG_0197-scaled-1024x768.jpeg 1024w, https:\/\/humboldt-greifswald.de\/web\/wp-content\/uploads\/2023\/09\/IMG_0197-768x576.jpeg 768w, https:\/\/humboldt-greifswald.de\/web\/wp-content\/uploads\/2023\/09\/IMG_0197-scaled-1536x1152.jpeg 1536w, https:\/\/humboldt-greifswald.de\/web\/wp-content\/uploads\/2023\/09\/IMG_0197-scaled-2048x1536.jpeg 2048w, https:\/\/humboldt-greifswald.de\/web\/wp-content\/uploads\/2023\/09\/IMG_0197-400x300.jpeg 400w, https:\/\/humboldt-greifswald.de\/web\/wp-content\/uploads\/2023\/09\/IMG_0197-scaled-600x450.jpeg 600w\" sizes=\"(max-width: 300px) 100vw, 300px\" \/>\t\t\t<\/a>\n\t\t\t\t\t<\/div>\n\t\t\n\t\t\t\t\t\t<div class=\"thim-ekits-post__content\">\n\t\t\t\t<h3 class=\"thim-ekits-post__title\">\n\t\t<a href=\"https:\/\/humboldt-greifswald.de\/web\/mit-dem-schach-kurs-zum-erfolg\/\" >\n\t\t\tMit\u00a0dem\u00a0Schach-Kurs\u00a0zum\u00a0Erfolg\t\t<\/a>\n\t\t<\/h3>\n\t\t \t\t<div class=\"thim-ekits-post__meta elementor-repeater-item-f023eed m-psi-start \">\n\t\t\t\n\t\t<span class=\"thim-ekits-post__date\">\n\t\t\t\t\t\t11. September 2023\t\t<\/span>\n\n\t\t\t\t<\/div>\n\n\t\t\n\t\t<div class=\"thim-ekits-post__excerpt\">\n\t\t\tSeit dem Schuljahr 2022\/2023 gibt es am Alexander-von-Humboldt-Gymnasium wieder einen Schach-Club f\u00fcr Anf\u00e4nger ohne oder mit geringen Vorkenntnissen. Hans Borgwald und Raphael Strese (beide Sch\u00fcler der Klasse 9a) haben die Chance genutzt und nach einem Schuljahr voller spannender Partien und &hellip;\t\t<\/div>\n\n\t\t\t\t<a class=\"thim-ekits-post__read-more\"\n\t\t   href=\"https:\/\/humboldt-greifswald.de\/web\/mit-dem-schach-kurs-zum-erfolg\/\" >\n\t\t\tWeiterlesen \u00bb\t\t\t\t\t<\/a>\n\t\t\t\t<\/div>\n\t\t\t\t\t\t\t<\/div>\n\t\t\t\t<div class=\"thim-ekits-post__article post-15308 post type-post status-publish format-standard has-post-thumbnail hentry category-kultur\">\n\t\t\t\t\t\t\t\t\t<div class=\"thim-ekits-post__thumbnail\">\n\t\t\t<a class=\"post-thumbnail\"\n\t\t\t   href=\"https:\/\/humboldt-greifswald.de\/web\/wir-sind-sportlichstes-gymnasium-vorpommerns\/\" >\n\t\t\t\t<img loading=\"lazy\" decoding=\"async\" width=\"225\" height=\"300\" src=\"https:\/\/humboldt-greifswald.de\/web\/wp-content\/uploads\/2023\/09\/Pokal-SdGym-23-scaled-225x300.jpeg\" class=\"attachment-medium size-medium wp-image-15309\" alt=\"\" srcset=\"https:\/\/humboldt-greifswald.de\/web\/wp-content\/uploads\/2023\/09\/Pokal-SdGym-23-scaled-225x300.jpeg 225w, https:\/\/humboldt-greifswald.de\/web\/wp-content\/uploads\/2023\/09\/Pokal-SdGym-23-768x1024.jpeg 768w, https:\/\/humboldt-greifswald.de\/web\/wp-content\/uploads\/2023\/09\/Pokal-SdGym-23-scaled-1152x1536.jpeg 1152w, https:\/\/humboldt-greifswald.de\/web\/wp-content\/uploads\/2023\/09\/Pokal-SdGym-23-scaled-1536x2048.jpeg 1536w, https:\/\/humboldt-greifswald.de\/web\/wp-content\/uploads\/2023\/09\/Pokal-SdGym-23-scaled-600x800.jpeg 600w, https:\/\/humboldt-greifswald.de\/web\/wp-content\/uploads\/2023\/09\/Pokal-SdGym-23-scaled.jpeg 1920w\" sizes=\"(max-width: 225px) 100vw, 225px\" \/>\t\t\t<\/a>\n\t\t\t\t\t<\/div>\n\t\t\n\t\t\t\t\t\t<div class=\"thim-ekits-post__content\">\n\t\t\t\t<h3 class=\"thim-ekits-post__title\">\n\t\t<a href=\"https:\/\/humboldt-greifswald.de\/web\/wir-sind-sportlichstes-gymnasium-vorpommerns\/\" >\n\t\t\tWir sind \u201eSportlichstes Gymnasium Vorpommerns\u201c!\t\t<\/a>\n\t\t<\/h3>\n\t\t \t\t<div class=\"thim-ekits-post__meta elementor-repeater-item-f023eed m-psi-start \">\n\t\t\t\n\t\t<span class=\"thim-ekits-post__date\">\n\t\t\t\t\t\t11. September 2023\t\t<\/span>\n\n\t\t\t\t<\/div>\n\n\t\t\n\t\t<div class=\"thim-ekits-post__excerpt\">\n\t\t\tUnsere Sportlerinnen und Sportler haben in der Gesamtwertung den 1. Platz beim \u201eSportfest der Gymnasien Vorpommerns 2023\u201c belegt.\t\t<\/div>\n\n\t\t\t\t<a class=\"thim-ekits-post__read-more\"\n\t\t   href=\"https:\/\/humboldt-greifswald.de\/web\/wir-sind-sportlichstes-gymnasium-vorpommerns\/\" >\n\t\t\tWeiterlesen \u00bb\t\t\t\t\t<\/a>\n\t\t\t\t<\/div>\n\t\t\t\t\t\t\t<\/div>\n\t\t\t\t<div class=\"thim-ekits-post__article post-15245 post type-post status-publish format-standard has-post-thumbnail hentry category-kultur\">\n\t\t\t\t\t\t\t\t\t<div class=\"thim-ekits-post__thumbnail\">\n\t\t\t<a class=\"post-thumbnail\"\n\t\t\t   href=\"https:\/\/humboldt-greifswald.de\/web\/aktuelle-termine-bei-frau-ulrich\/\" >\n\t\t\t\t<img loading=\"lazy\" decoding=\"async\" width=\"254\" height=\"300\" src=\"https:\/\/humboldt-greifswald.de\/web\/wp-content\/uploads\/2023\/08\/Jana-Ulrich-BA-Greifswald-254x300.png\" class=\"attachment-medium size-medium wp-image-15246\" alt=\"\" srcset=\"https:\/\/humboldt-greifswald.de\/web\/wp-content\/uploads\/2023\/08\/Jana-Ulrich-BA-Greifswald-254x300.png 254w, https:\/\/humboldt-greifswald.de\/web\/wp-content\/uploads\/2023\/08\/Jana-Ulrich-BA-Greifswald-600x708.png 600w, https:\/\/humboldt-greifswald.de\/web\/wp-content\/uploads\/2023\/08\/Jana-Ulrich-BA-Greifswald.png 665w\" sizes=\"(max-width: 254px) 100vw, 254px\" \/>\t\t\t<\/a>\n\t\t\t\t\t<\/div>\n\t\t\n\t\t\t\t\t\t<div class=\"thim-ekits-post__content\">\n\t\t\t\t<h3 class=\"thim-ekits-post__title\">\n\t\t<a href=\"https:\/\/humboldt-greifswald.de\/web\/aktuelle-termine-bei-frau-ulrich\/\" >\n\t\t\tAktuelle Termine bei Frau Ulrich\t\t<\/a>\n\t\t<\/h3>\n\t\t \t\t<div class=\"thim-ekits-post__meta elementor-repeater-item-f023eed m-psi-start \">\n\t\t\t\n\t\t<span class=\"thim-ekits-post__date\">\n\t\t\t\t\t\t31. August 2023\t\t<\/span>\n\n\t\t\t\t<\/div>\n\n\t\t\n\t\t<div class=\"thim-ekits-post__excerpt\">\n\t\t\tAuf der Terminseite findet ihr nun wieder die aktuellsten Termine zur Berufs- und Studienberatung bei Frau Ulrich von der Agentur f\u00fcr Arbeit Greifswald!\t\t<\/div>\n\n\t\t\t\t<a class=\"thim-ekits-post__read-more\"\n\t\t   href=\"https:\/\/humboldt-greifswald.de\/web\/aktuelle-termine-bei-frau-ulrich\/\" >\n\t\t\tWeiterlesen \u00bb\t\t\t\t\t<\/a>\n\t\t\t\t<\/div>\n\t\t\t\t\t\t\t<\/div>\n\t\t\t\t<div class=\"thim-ekits-post__article post-15162 post type-post status-publish format-standard has-post-thumbnail hentry category-juniorstudium category-kultur\">\n\t\t\t\t\t\t\t\t\t<div class=\"thim-ekits-post__thumbnail\">\n\t\t\t<a class=\"post-thumbnail\"\n\t\t\t   href=\"https:\/\/humboldt-greifswald.de\/web\/zukuenftige-juniorstudierende-gesucht\/\" >\n\t\t\t\t<img loading=\"lazy\" decoding=\"async\" width=\"300\" height=\"200\" src=\"https:\/\/humboldt-greifswald.de\/web\/wp-content\/uploads\/2023\/08\/laptop-3087585_1920-300x200.jpg\" class=\"attachment-medium size-medium wp-image-15163\" alt=\"\" srcset=\"https:\/\/humboldt-greifswald.de\/web\/wp-content\/uploads\/2023\/08\/laptop-3087585_1920-300x200.jpg 300w, https:\/\/humboldt-greifswald.de\/web\/wp-content\/uploads\/2023\/08\/laptop-3087585_1920-1024x683.jpg 1024w, https:\/\/humboldt-greifswald.de\/web\/wp-content\/uploads\/2023\/08\/laptop-3087585_1920-768x512.jpg 768w, https:\/\/humboldt-greifswald.de\/web\/wp-content\/uploads\/2023\/08\/laptop-3087585_1920-1536x1024.jpg 1536w, https:\/\/humboldt-greifswald.de\/web\/wp-content\/uploads\/2023\/08\/laptop-3087585_1920-600x400.jpg 600w, https:\/\/humboldt-greifswald.de\/web\/wp-content\/uploads\/2023\/08\/laptop-3087585_1920.jpg 1920w\" sizes=\"(max-width: 300px) 100vw, 300px\" \/>\t\t\t<\/a>\n\t\t\t\t\t<\/div>\n\t\t\n\t\t\t\t\t\t<div class=\"thim-ekits-post__content\">\n\t\t\t\t<h3 class=\"thim-ekits-post__title\">\n\t\t<a href=\"https:\/\/humboldt-greifswald.de\/web\/zukuenftige-juniorstudierende-gesucht\/\" >\n\t\t\tZuk\u00fcnftige Juniorstudierende gesucht!\t\t<\/a>\n\t\t<\/h3>\n\t\t \t\t<div class=\"thim-ekits-post__meta elementor-repeater-item-f023eed m-psi-start \">\n\t\t\t\n\t\t<span class=\"thim-ekits-post__date\">\n\t\t\t\t\t\t27. August 2023\t\t<\/span>\n\n\t\t\t\t<\/div>\n\n\t\t\n\t\t<div class=\"thim-ekits-post__excerpt\">\n\t\t\tSeid ihr Sch\u00fcler*innen der 9. Klasse und m\u00f6chtet schon einmal ins Studium einer Universit\u00e4t reinschnuppern? Dann meldet euch am Anfang des Schuljahres bei mir. Mehr Details auf der Seite zum Juniorstudium!\t\t<\/div>\n\n\t\t\t\t<a class=\"thim-ekits-post__read-more\"\n\t\t   href=\"https:\/\/humboldt-greifswald.de\/web\/zukuenftige-juniorstudierende-gesucht\/\" >\n\t\t\tWeiterlesen \u00bb\t\t\t\t\t<\/a>\n\t\t\t\t<\/div>\n\t\t\t\t\t\t\t<\/div>\n\t\t\t\t<div class=\"thim-ekits-post__article post-15070 post type-post status-publish format-standard has-post-thumbnail hentry category-kultur\">\n\t\t\t\t\t\t\t\t\t<div class=\"thim-ekits-post__thumbnail\">\n\t\t\t<a class=\"post-thumbnail\"\n\t\t\t   href=\"https:\/\/humboldt-greifswald.de\/web\/homm-ans-humboldt-als-bufdi\/\" >\n\t\t\t\t<img loading=\"lazy\" decoding=\"async\" width=\"212\" height=\"300\" src=\"https:\/\/humboldt-greifswald.de\/web\/wp-content\/uploads\/2023\/08\/BuFDi-212x300.jpeg\" class=\"attachment-medium size-medium wp-image-15083\" alt=\"\" srcset=\"https:\/\/humboldt-greifswald.de\/web\/wp-content\/uploads\/2023\/08\/BuFDi-212x300.jpeg 212w, https:\/\/humboldt-greifswald.de\/web\/wp-content\/uploads\/2023\/08\/BuFDi-724x1024.jpeg 724w, https:\/\/humboldt-greifswald.de\/web\/wp-content\/uploads\/2023\/08\/BuFDi-768x1086.jpeg 768w, https:\/\/humboldt-greifswald.de\/web\/wp-content\/uploads\/2023\/08\/BuFDi-600x849.jpeg 600w, https:\/\/humboldt-greifswald.de\/web\/wp-content\/uploads\/2023\/08\/BuFDi.jpeg 905w\" sizes=\"(max-width: 212px) 100vw, 212px\" \/>\t\t\t<\/a>\n\t\t\t\t\t<\/div>\n\t\t\n\t\t\t\t\t\t<div class=\"thim-ekits-post__content\">\n\t\t\t\t<h3 class=\"thim-ekits-post__title\">\n\t\t<a href=\"https:\/\/humboldt-greifswald.de\/web\/homm-ans-humboldt-als-bufdi\/\" >\n\t\t\tKomm ans Humboldt &#8211; als BuFDi!\t\t<\/a>\n\t\t<\/h3>\n\t\t \t\t<div class=\"thim-ekits-post__meta elementor-repeater-item-f023eed m-psi-start \">\n\t\t\t\n\t\t<span class=\"thim-ekits-post__date\">\n\t\t\t\t\t\t21. August 2023\t\t<\/span>\n\n\t\t\t\t<\/div>\n\n\t\t\n\t\t<div class=\"thim-ekits-post__excerpt\">\n\t\t\tWeitere Informationen unter https:\/\/www.internationaler-bund.de\/standort\/210967\/?t=search\t\t<\/div>\n\n\t\t\t\t<a class=\"thim-ekits-post__read-more\"\n\t\t   href=\"https:\/\/humboldt-greifswald.de\/web\/homm-ans-humboldt-als-bufdi\/\" >\n\t\t\tWeiterlesen \u00bb\t\t\t\t\t<\/a>\n\t\t\t\t<\/div>\n\t\t\t\t\t\t\t<\/div>\n\t\t\t\t<div class=\"thim-ekits-post__article post-14044 post type-post status-publish format-standard has-post-thumbnail hentry category-kultur\">\n\t\t\t\t\t\t\t\t\t<div class=\"thim-ekits-post__thumbnail\">\n\t\t\t<a class=\"post-thumbnail\"\n\t\t\t   href=\"https:\/\/humboldt-greifswald.de\/web\/tolle-ergebnisse-bei-der-landesolympiade-mathematik\/\" >\n\t\t\t\t<img loading=\"lazy\" decoding=\"async\" width=\"300\" height=\"222\" src=\"https:\/\/humboldt-greifswald.de\/web\/wp-content\/uploads\/2023\/08\/IMG_9862-300x222.jpeg\" class=\"attachment-medium size-medium wp-image-14046\" alt=\"\" srcset=\"https:\/\/humboldt-greifswald.de\/web\/wp-content\/uploads\/2023\/08\/IMG_9862-300x222.jpeg 300w, https:\/\/humboldt-greifswald.de\/web\/wp-content\/uploads\/2023\/08\/IMG_9862-1024x758.jpeg 1024w, https:\/\/humboldt-greifswald.de\/web\/wp-content\/uploads\/2023\/08\/IMG_9862-768x568.jpeg 768w, https:\/\/humboldt-greifswald.de\/web\/wp-content\/uploads\/2023\/08\/IMG_9862-600x444.jpeg 600w, https:\/\/humboldt-greifswald.de\/web\/wp-content\/uploads\/2023\/08\/IMG_9862.jpeg 1280w\" sizes=\"(max-width: 300px) 100vw, 300px\" \/>\t\t\t<\/a>\n\t\t\t\t\t<\/div>\n\t\t\n\t\t\t\t\t\t<div class=\"thim-ekits-post__content\">\n\t\t\t\t<h3 class=\"thim-ekits-post__title\">\n\t\t<a href=\"https:\/\/humboldt-greifswald.de\/web\/tolle-ergebnisse-bei-der-landesolympiade-mathematik\/\" >\n\t\t\tTolle Ergebnisse bei der Landesolympiade Mathematik\t\t<\/a>\n\t\t<\/h3>\n\t\t \t\t<div class=\"thim-ekits-post__meta elementor-repeater-item-f023eed m-psi-start \">\n\t\t\t\n\t\t<span class=\"thim-ekits-post__date\">\n\t\t\t\t\t\t3. August 2023\t\t<\/span>\n\n\t\t\t\t<\/div>\n\n\t\t\n\t\t<div class=\"thim-ekits-post__excerpt\">\n\t\t\tAm Donnerstag, dem 06. Juli 2023, fand nach langer Corona-Pause endlich wieder die 3.Stufe (Landesolympiade Mathematik) f\u00fcr die &#8222;L\u00fctten&#8220; in Stralsund statt. Einige Sch\u00fclerinnen und Sch\u00fcler des Alexander-von-Humboldt-Gymnasiums Greifswald waren auch dabei &#8230; und das recht erfolgreich! Klasse 5:\u00a0\u00a0 Ella &hellip;\t\t<\/div>\n\n\t\t\t\t<a class=\"thim-ekits-post__read-more\"\n\t\t   href=\"https:\/\/humboldt-greifswald.de\/web\/tolle-ergebnisse-bei-der-landesolympiade-mathematik\/\" >\n\t\t\tWeiterlesen \u00bb\t\t\t\t\t<\/a>\n\t\t\t\t<\/div>\n\t\t\t\t\t\t\t<\/div>\n\t\t\t\t<div class=\"thim-ekits-post__article post-14986 post type-post status-publish format-standard has-post-thumbnail hentry category-kultur\">\n\t\t\t\t\t\t\t\t\t<div class=\"thim-ekits-post__thumbnail\">\n\t\t\t<a class=\"post-thumbnail\"\n\t\t\t   href=\"https:\/\/humboldt-greifswald.de\/web\/das-grosse-schulhoffest-am-12-07-2023\/\" >\n\t\t\t\t<img loading=\"lazy\" decoding=\"async\" width=\"225\" height=\"300\" src=\"https:\/\/humboldt-greifswald.de\/web\/wp-content\/uploads\/2023\/08\/Schulhoffest-2023_6-e1692581398886-225x300.jpg\" class=\"attachment-medium size-medium wp-image-15039\" alt=\"\" srcset=\"https:\/\/humboldt-greifswald.de\/web\/wp-content\/uploads\/2023\/08\/Schulhoffest-2023_6-e1692581398886-225x300.jpg 225w, https:\/\/humboldt-greifswald.de\/web\/wp-content\/uploads\/2023\/08\/Schulhoffest-2023_6-e1692581398886-768x1024.jpg 768w, https:\/\/humboldt-greifswald.de\/web\/wp-content\/uploads\/2023\/08\/Schulhoffest-2023_6-e1692581398886-600x800.jpg 600w, https:\/\/humboldt-greifswald.de\/web\/wp-content\/uploads\/2023\/08\/Schulhoffest-2023_6-e1692581398886.jpg 1061w\" sizes=\"(max-width: 225px) 100vw, 225px\" \/>\t\t\t<\/a>\n\t\t\t\t\t<\/div>\n\t\t\n\t\t\t\t\t\t<div class=\"thim-ekits-post__content\">\n\t\t\t\t<h3 class=\"thim-ekits-post__title\">\n\t\t<a href=\"https:\/\/humboldt-greifswald.de\/web\/das-grosse-schulhoffest-am-12-07-2023\/\" >\n\t\t\tDas gro\u00dfe Schulhoffest am 12.07.2023\t\t<\/a>\n\t\t<\/h3>\n\t\t \t\t<div class=\"thim-ekits-post__meta elementor-repeater-item-f023eed m-psi-start \">\n\t\t\t\n\t\t<span class=\"thim-ekits-post__date\">\n\t\t\t\t\t\t12. Juli 2023\t\t<\/span>\n\n\t\t\t\t<\/div>\n\n\t\t\n\t\t<div class=\"thim-ekits-post__excerpt\">\n\t\t\tWie sch\u00f6n es war kann nur verstehen, wer dabei war&#8230;! Ein herzliches DANKESCH\u00d6N an alle, Gro\u00df und Klein, die geplant, vorbereitet, aufgebaut, geschuftet, kreiert, gelacht, gekocht, gemixt, gesungen, getanzt, geschm\u00fcckt, gebastelt, geshoppt, gegessen, geraten, gezockt &#8230; und gro\u00df gefeiert haben! &hellip;\t\t<\/div>\n\n\t\t\t\t<a class=\"thim-ekits-post__read-more\"\n\t\t   href=\"https:\/\/humboldt-greifswald.de\/web\/das-grosse-schulhoffest-am-12-07-2023\/\" >\n\t\t\tWeiterlesen \u00bb\t\t\t\t\t<\/a>\n\t\t\t\t<\/div>\n\t\t\t\t\t\t\t<\/div>\n\t\t\t\t<div class=\"thim-ekits-post__article post-14988 post type-post status-publish format-standard has-post-thumbnail hentry category-kultur\">\n\t\t\t\t\t\t\t\t\t<div class=\"thim-ekits-post__thumbnail\">\n\t\t\t<a class=\"post-thumbnail\"\n\t\t\t   href=\"https:\/\/humboldt-greifswald.de\/web\/dj-workshops-fuer-das-schulhoffest\/\" >\n\t\t\t\t<img loading=\"lazy\" decoding=\"async\" width=\"240\" height=\"300\" src=\"https:\/\/humboldt-greifswald.de\/web\/wp-content\/uploads\/2023\/07\/DJ-Workshop-2023_1-240x300.jpg\" class=\"attachment-medium size-medium wp-image-15050\" alt=\"\" srcset=\"https:\/\/humboldt-greifswald.de\/web\/wp-content\/uploads\/2023\/07\/DJ-Workshop-2023_1-240x300.jpg 240w, https:\/\/humboldt-greifswald.de\/web\/wp-content\/uploads\/2023\/07\/DJ-Workshop-2023_1-819x1024.jpg 819w, https:\/\/humboldt-greifswald.de\/web\/wp-content\/uploads\/2023\/07\/DJ-Workshop-2023_1-768x960.jpg 768w, https:\/\/humboldt-greifswald.de\/web\/wp-content\/uploads\/2023\/07\/DJ-Workshop-2023_1-600x750.jpg 600w, https:\/\/humboldt-greifswald.de\/web\/wp-content\/uploads\/2023\/07\/DJ-Workshop-2023_1.jpg 1095w\" sizes=\"(max-width: 240px) 100vw, 240px\" \/>\t\t\t<\/a>\n\t\t\t\t\t<\/div>\n\t\t\n\t\t\t\t\t\t<div class=\"thim-ekits-post__content\">\n\t\t\t\t<h3 class=\"thim-ekits-post__title\">\n\t\t<a href=\"https:\/\/humboldt-greifswald.de\/web\/dj-workshops-fuer-das-schulhoffest\/\" >\n\t\t\tDJ-Workshops f\u00fcr das Schulhoffest\t\t<\/a>\n\t\t<\/h3>\n\t\t \t\t<div class=\"thim-ekits-post__meta elementor-repeater-item-f023eed m-psi-start \">\n\t\t\t\n\t\t<span class=\"thim-ekits-post__date\">\n\t\t\t\t\t\t11. Juli 2023\t\t<\/span>\n\n\t\t\t\t<\/div>\n\n\t\t\n\t\t<div class=\"thim-ekits-post__excerpt\">\n\t\t\tIm Vorfeld des Schulhoffests (12.07.2023) fanden vier DJ-Workshops (10.\/11.07.2023) mit der DJane Anja Tomschitz statt. Die teilnehmenden Sch\u00fcler (Klasse 7 bis 11) waren begeistert!\t\t<\/div>\n\n\t\t\t\t<a class=\"thim-ekits-post__read-more\"\n\t\t   href=\"https:\/\/humboldt-greifswald.de\/web\/dj-workshops-fuer-das-schulhoffest\/\" >\n\t\t\tWeiterlesen \u00bb\t\t\t\t\t<\/a>\n\t\t\t\t<\/div>\n\t\t\t\t\t\t\t<\/div>\n\t\t\t\t<div class=\"thim-ekits-post__article post-14984 post type-post status-publish format-standard has-post-thumbnail hentry category-kultur\">\n\t\t\t\t\t\t\t\t\t<div class=\"thim-ekits-post__thumbnail\">\n\t\t\t<a class=\"post-thumbnail\"\n\t\t\t   href=\"https:\/\/humboldt-greifswald.de\/web\/bridge-markland-nathan-in-the-box\/\" >\n\t\t\t\t<img loading=\"lazy\" decoding=\"async\" width=\"300\" height=\"225\" src=\"https:\/\/humboldt-greifswald.de\/web\/wp-content\/uploads\/2023\/08\/nathan-in-the-box_16-300x225.jpg\" class=\"attachment-medium size-medium wp-image-15033\" alt=\"\" srcset=\"https:\/\/humboldt-greifswald.de\/web\/wp-content\/uploads\/2023\/08\/nathan-in-the-box_16-300x225.jpg 300w, https:\/\/humboldt-greifswald.de\/web\/wp-content\/uploads\/2023\/08\/nathan-in-the-box_16-1024x768.jpg 1024w, https:\/\/humboldt-greifswald.de\/web\/wp-content\/uploads\/2023\/08\/nathan-in-the-box_16-768x576.jpg 768w, https:\/\/humboldt-greifswald.de\/web\/wp-content\/uploads\/2023\/08\/nathan-in-the-box_16-400x300.jpg 400w, https:\/\/humboldt-greifswald.de\/web\/wp-content\/uploads\/2023\/08\/nathan-in-the-box_16-600x450.jpg 600w, https:\/\/humboldt-greifswald.de\/web\/wp-content\/uploads\/2023\/08\/nathan-in-the-box_16.jpg 1414w\" sizes=\"(max-width: 300px) 100vw, 300px\" \/>\t\t\t<\/a>\n\t\t\t\t\t<\/div>\n\t\t\n\t\t\t\t\t\t<div class=\"thim-ekits-post__content\">\n\t\t\t\t<h3 class=\"thim-ekits-post__title\">\n\t\t<a href=\"https:\/\/humboldt-greifswald.de\/web\/bridge-markland-nathan-in-the-box\/\" >\n\t\t\tBridge Markland: &#8222;nathan in the box&#8220;\t\t<\/a>\n\t\t<\/h3>\n\t\t \t\t<div class=\"thim-ekits-post__meta elementor-repeater-item-f023eed m-psi-start \">\n\t\t\t\n\t\t<span class=\"thim-ekits-post__date\">\n\t\t\t\t\t\t5. Juli 2023\t\t<\/span>\n\n\t\t\t\t<\/div>\n\n\t\t\n\t\t<div class=\"thim-ekits-post__excerpt\">\n\t\t\tAm Mittwoch, dem 05.07.2023, kamen die Neuntkl\u00e4ssler und Interessierte in den Genuss d e s St\u00fccks der Aufkl\u00e4rung &#8211; Gotthold Ephraim Lessings \u201eNathan der Weise\u201c. Begeisterung auf Seiten der Zuschauer f\u00fcr Bridge Markland, die dank der Unterst\u00fctzung des F\u00f6rdervereins zum &hellip;\t\t<\/div>\n\n\t\t\t\t<a class=\"thim-ekits-post__read-more\"\n\t\t   href=\"https:\/\/humboldt-greifswald.de\/web\/bridge-markland-nathan-in-the-box\/\" >\n\t\t\tWeiterlesen \u00bb\t\t\t\t\t<\/a>\n\t\t\t\t<\/div>\n\t\t\t\t\t\t\t<\/div>\n\t\t\t\t<div class=\"thim-ekits-post__article post-14982 post type-post status-publish format-standard has-post-thumbnail hentry category-kultur\">\n\t\t\t\t\t\t\t\t\t<div class=\"thim-ekits-post__thumbnail\">\n\t\t\t<a class=\"post-thumbnail\"\n\t\t\t   href=\"https:\/\/humboldt-greifswald.de\/web\/bridge-markland-faust-in-the-box\/\" >\n\t\t\t\t<img loading=\"lazy\" decoding=\"async\" width=\"225\" height=\"300\" src=\"https:\/\/humboldt-greifswald.de\/web\/wp-content\/uploads\/2023\/08\/faust-in-the-box_6-225x300.jpg\" class=\"attachment-medium size-medium wp-image-14996\" alt=\"\" srcset=\"https:\/\/humboldt-greifswald.de\/web\/wp-content\/uploads\/2023\/08\/faust-in-the-box_6-225x300.jpg 225w, https:\/\/humboldt-greifswald.de\/web\/wp-content\/uploads\/2023\/08\/faust-in-the-box_6-768x1024.jpg 768w, https:\/\/humboldt-greifswald.de\/web\/wp-content\/uploads\/2023\/08\/faust-in-the-box_6-600x800.jpg 600w, https:\/\/humboldt-greifswald.de\/web\/wp-content\/uploads\/2023\/08\/faust-in-the-box_6.jpg 1061w\" sizes=\"(max-width: 225px) 100vw, 225px\" \/>\t\t\t<\/a>\n\t\t\t\t\t<\/div>\n\t\t\n\t\t\t\t\t\t<div class=\"thim-ekits-post__content\">\n\t\t\t\t<h3 class=\"thim-ekits-post__title\">\n\t\t<a href=\"https:\/\/humboldt-greifswald.de\/web\/bridge-markland-faust-in-the-box\/\" >\n\t\t\tBridge Markland: &#8222;faust in the box&#8220;\t\t<\/a>\n\t\t<\/h3>\n\t\t \t\t<div class=\"thim-ekits-post__meta elementor-repeater-item-f023eed m-psi-start \">\n\t\t\t\n\t\t<span class=\"thim-ekits-post__date\">\n\t\t\t\t\t\t28. Juni 2023\t\t<\/span>\n\n\t\t\t\t<\/div>\n\n\t\t\n\t\t<div class=\"thim-ekits-post__excerpt\">\n\t\t\tDie Schauspielerin und Performance-K\u00fcnstlerin Bridge Markland gastierte am Mittwoch, dem 28.06.2023, im Saal. Goethes \u201eFaust\u201c geh\u00f6rt zum Stoff im Deutschunterricht der Klassenstufe 10. Dank des F\u00f6rdervereins wurde diese Performance f\u00fcr unsere Sch\u00fcler erm\u00f6glicht. Ein Theatererlebnis der besonderen Art,\u00a0 was zur &hellip;\t\t<\/div>\n\n\t\t\t\t<a class=\"thim-ekits-post__read-more\"\n\t\t   href=\"https:\/\/humboldt-greifswald.de\/web\/bridge-markland-faust-in-the-box\/\" >\n\t\t\tWeiterlesen \u00bb\t\t\t\t\t<\/a>\n\t\t\t\t<\/div>\n\t\t\t\t\t\t\t<\/div>\n\t\t\t\t<div class=\"thim-ekits-post__article post-14971 post type-post status-publish format-standard has-post-thumbnail hentry category-kultur\">\n\t\t\t\t\t\t\t\t\t<div class=\"thim-ekits-post__thumbnail\">\n\t\t\t<a class=\"post-thumbnail\"\n\t\t\t   href=\"https:\/\/humboldt-greifswald.de\/web\/keine-panik-alles-wird-blut\/\" >\n\t\t\t\t<img loading=\"lazy\" decoding=\"async\" width=\"213\" height=\"300\" src=\"https:\/\/humboldt-greifswald.de\/web\/wp-content\/uploads\/2023\/06\/Keine_Panik_alles_wird_Blut_Plakat-213x300.png\" class=\"attachment-medium size-medium wp-image-14975\" alt=\"\" srcset=\"https:\/\/humboldt-greifswald.de\/web\/wp-content\/uploads\/2023\/06\/Keine_Panik_alles_wird_Blut_Plakat-213x300.png 213w, https:\/\/humboldt-greifswald.de\/web\/wp-content\/uploads\/2023\/06\/Keine_Panik_alles_wird_Blut_Plakat-726x1024.png 726w, https:\/\/humboldt-greifswald.de\/web\/wp-content\/uploads\/2023\/06\/Keine_Panik_alles_wird_Blut_Plakat-768x1084.png 768w, https:\/\/humboldt-greifswald.de\/web\/wp-content\/uploads\/2023\/06\/Keine_Panik_alles_wird_Blut_Plakat-1089x1536.png 1089w, https:\/\/humboldt-greifswald.de\/web\/wp-content\/uploads\/2023\/06\/Keine_Panik_alles_wird_Blut_Plakat-600x847.png 600w, https:\/\/humboldt-greifswald.de\/web\/wp-content\/uploads\/2023\/06\/Keine_Panik_alles_wird_Blut_Plakat.png 1192w\" sizes=\"(max-width: 213px) 100vw, 213px\" \/>\t\t\t<\/a>\n\t\t\t\t\t<\/div>\n\t\t\n\t\t\t\t\t\t<div class=\"thim-ekits-post__content\">\n\t\t\t\t<h3 class=\"thim-ekits-post__title\">\n\t\t<a href=\"https:\/\/humboldt-greifswald.de\/web\/keine-panik-alles-wird-blut\/\" >\n\t\t\tKeine Panik, alles wird Blut!\t\t<\/a>\n\t\t<\/h3>\n\t\t \t\t<div class=\"thim-ekits-post__meta elementor-repeater-item-f023eed m-psi-start \">\n\t\t\t\n\t\t<span class=\"thim-ekits-post__date\">\n\t\t\t\t\t\t19. Juni 2023\t\t<\/span>\n\n\t\t\t\t<\/div>\n\n\t\t\n\t\t<div class=\"thim-ekits-post__excerpt\">\n\t\t\tEine Kriminalkom\u00f6die von Peter Reul Morde, Ger\u00fcchte und Panik! In der einst so idyllischen Kleinstadt findet das friedliche Miteinander ein j\u00e4hes Ende. Haltlose Verd\u00e4chtigungen kursieren, Reizbarkeit und Aggressivit\u00e4t machen sich breit. Niemand hat eine Spur, sogar die Polizei scheint machtlos. &hellip;\t\t<\/div>\n\n\t\t\t\t<a class=\"thim-ekits-post__read-more\"\n\t\t   href=\"https:\/\/humboldt-greifswald.de\/web\/keine-panik-alles-wird-blut\/\" >\n\t\t\tWeiterlesen \u00bb\t\t\t\t\t<\/a>\n\t\t\t\t<\/div>\n\t\t\t\t\t\t\t<\/div>\n\t\t\t\t<div class=\"thim-ekits-post__article post-15057 post type-post status-publish format-standard has-post-thumbnail hentry category-kultur\">\n\t\t\t\t\t\t\t\t\t<div class=\"thim-ekits-post__thumbnail\">\n\t\t\t<a class=\"post-thumbnail\"\n\t\t\t   href=\"https:\/\/humboldt-greifswald.de\/web\/tolle-ergebnisse-der-landes-mathematikolympiade-2023\/\" >\n\t\t\t\t<img loading=\"lazy\" decoding=\"async\" width=\"300\" height=\"153\" src=\"https:\/\/humboldt-greifswald.de\/web\/wp-content\/uploads\/2023\/04\/math-1547018_1920-300x153.jpg\" class=\"attachment-medium size-medium wp-image-15061\" alt=\"\" srcset=\"https:\/\/humboldt-greifswald.de\/web\/wp-content\/uploads\/2023\/04\/math-1547018_1920-300x153.jpg 300w, https:\/\/humboldt-greifswald.de\/web\/wp-content\/uploads\/2023\/04\/math-1547018_1920-1024x523.jpg 1024w, https:\/\/humboldt-greifswald.de\/web\/wp-content\/uploads\/2023\/04\/math-1547018_1920-768x392.jpg 768w, https:\/\/humboldt-greifswald.de\/web\/wp-content\/uploads\/2023\/04\/math-1547018_1920-1536x785.jpg 1536w, https:\/\/humboldt-greifswald.de\/web\/wp-content\/uploads\/2023\/04\/math-1547018_1920-600x307.jpg 600w, https:\/\/humboldt-greifswald.de\/web\/wp-content\/uploads\/2023\/04\/math-1547018_1920.jpg 1920w\" sizes=\"(max-width: 300px) 100vw, 300px\" \/>\t\t\t<\/a>\n\t\t\t\t\t<\/div>\n\t\t\n\t\t\t\t\t\t<div class=\"thim-ekits-post__content\">\n\t\t\t\t<h3 class=\"thim-ekits-post__title\">\n\t\t<a href=\"https:\/\/humboldt-greifswald.de\/web\/tolle-ergebnisse-der-landes-mathematikolympiade-2023\/\" >\n\t\t\tTolle Ergebnisse der Landes-Mathematikolympiade 2023\t\t<\/a>\n\t\t<\/h3>\n\t\t \t\t<div class=\"thim-ekits-post__meta elementor-repeater-item-f023eed m-psi-start \">\n\t\t\t\n\t\t<span class=\"thim-ekits-post__date\">\n\t\t\t\t\t\t17. April 2023\t\t<\/span>\n\n\t\t\t\t<\/div>\n\n\t\t\n\t\t<div class=\"thim-ekits-post__excerpt\">\n\t\t\tHerzliche Gl\u00fcckw\u00fcnsche an unsere herausragenden Mathematik-Talente! Wir sind sehr stolz darauf, die herausragenden Leistungen unserer Sch\u00fclerinnen und Sch\u00fcler bei der Landes-Mathematikolympiade 2023 zu verk\u00fcnden. Klasse 7 Paul Simon erh\u00e4lt eine Anerkennung! \ud83d\udc4f Lea Gau\u00df erh\u00e4lt den III. Preis! \ud83e\udd49 Klasse &hellip;\t\t<\/div>\n\n\t\t\t\t<a class=\"thim-ekits-post__read-more\"\n\t\t   href=\"https:\/\/humboldt-greifswald.de\/web\/tolle-ergebnisse-der-landes-mathematikolympiade-2023\/\" >\n\t\t\tWeiterlesen \u00bb\t\t\t\t\t<\/a>\n\t\t\t\t<\/div>\n\t\t\t\t\t\t\t<\/div>\n\t\t\t\t<div class=\"thim-ekits-post__article post-15067 post type-post status-publish format-standard has-post-thumbnail hentry category-kultur\">\n\t\t\t\t\t\t\t\t\t<div class=\"thim-ekits-post__thumbnail\">\n\t\t\t<a class=\"post-thumbnail\"\n\t\t\t   href=\"https:\/\/humboldt-greifswald.de\/web\/das-dunkle-fluestern-der-schneeflocken\/\" >\n\t\t\t\t<img loading=\"lazy\" decoding=\"async\" width=\"194\" height=\"300\" src=\"https:\/\/humboldt-greifswald.de\/web\/wp-content\/uploads\/2023\/08\/Das_dunkle_Fluestern_der_Schneeflocken-scaled-194x300.jpg\" class=\"attachment-medium size-medium wp-image-15068\" alt=\"\" srcset=\"https:\/\/humboldt-greifswald.de\/web\/wp-content\/uploads\/2023\/08\/Das_dunkle_Fluestern_der_Schneeflocken-scaled-194x300.jpg 194w, https:\/\/humboldt-greifswald.de\/web\/wp-content\/uploads\/2023\/08\/Das_dunkle_Fluestern_der_Schneeflocken-scaled-662x1024.jpg 662w, https:\/\/humboldt-greifswald.de\/web\/wp-content\/uploads\/2023\/08\/Das_dunkle_Fluestern_der_Schneeflocken-768x1187.jpg 768w, https:\/\/humboldt-greifswald.de\/web\/wp-content\/uploads\/2023\/08\/Das_dunkle_Fluestern_der_Schneeflocken-scaled-994x1536.jpg 994w, https:\/\/humboldt-greifswald.de\/web\/wp-content\/uploads\/2023\/08\/Das_dunkle_Fluestern_der_Schneeflocken-scaled-1325x2048.jpg 1325w, https:\/\/humboldt-greifswald.de\/web\/wp-content\/uploads\/2023\/08\/Das_dunkle_Fluestern_der_Schneeflocken-scaled-600x928.jpg 600w, https:\/\/humboldt-greifswald.de\/web\/wp-content\/uploads\/2023\/08\/Das_dunkle_Fluestern_der_Schneeflocken-scaled.jpg 1656w\" sizes=\"(max-width: 194px) 100vw, 194px\" \/>\t\t\t<\/a>\n\t\t\t\t\t<\/div>\n\t\t\n\t\t\t\t\t\t<div class=\"thim-ekits-post__content\">\n\t\t\t\t<h3 class=\"thim-ekits-post__title\">\n\t\t<a href=\"https:\/\/humboldt-greifswald.de\/web\/das-dunkle-fluestern-der-schneeflocken\/\" >\n\t\t\tDas dunkle Fl\u00fcstern der Schneeflocken\t\t<\/a>\n\t\t<\/h3>\n\t\t \t\t<div class=\"thim-ekits-post__meta elementor-repeater-item-f023eed m-psi-start \">\n\t\t\t\n\t\t<span class=\"thim-ekits-post__date\">\n\t\t\t\t\t\t31. M\u00e4rz 2023\t\t<\/span>\n\n\t\t\t\t<\/div>\n\n\t\t\n\t\t<div class=\"thim-ekits-post__excerpt\">\n\t\t\tHannah und Imogen k\u00f6nnten kaum unterschiedlicher sein.Imogen, eine erfolgreiche Influencerin, wird von ihrer Marketingfirmanach Island geschickt und muss nun wieder f\u00fcr das Monster arbeiten,das sie eigentlich hinter sich lassen wollte. Hannah, unangepasstund risikobereit, hat gerade ihre Mutter verloren und soll &hellip;\t\t<\/div>\n\n\t\t\t\t<a class=\"thim-ekits-post__read-more\"\n\t\t   href=\"https:\/\/humboldt-greifswald.de\/web\/das-dunkle-fluestern-der-schneeflocken\/\" >\n\t\t\tWeiterlesen \u00bb\t\t\t\t\t<\/a>\n\t\t\t\t<\/div>\n\t\t\t\t\t\t\t<\/div>\n\t\t\t\t<div class=\"thim-ekits-post__article post-15065 post type-post status-publish format-video has-post-thumbnail hentry category-kultur post_format-post-format-video\">\n\t\t\t\t\t\t\t\t\t<div class=\"thim-ekits-post__thumbnail\">\n\t\t\t<a class=\"post-thumbnail\"\n\t\t\t   href=\"https:\/\/humboldt-greifswald.de\/web\/hoerspiel-kings-and-queens-folge-1-schach-matt-tod\/\" >\n\t\t\t\t<img loading=\"lazy\" decoding=\"async\" width=\"300\" height=\"252\" src=\"https:\/\/humboldt-greifswald.de\/web\/wp-content\/uploads\/2023\/02\/Screenshot-2023-08-21-035204-300x252.png\" class=\"attachment-medium size-medium wp-image-15075\" alt=\"\" srcset=\"https:\/\/humboldt-greifswald.de\/web\/wp-content\/uploads\/2023\/02\/Screenshot-2023-08-21-035204-300x252.png 300w, https:\/\/humboldt-greifswald.de\/web\/wp-content\/uploads\/2023\/02\/Screenshot-2023-08-21-035204-768x645.png 768w, https:\/\/humboldt-greifswald.de\/web\/wp-content\/uploads\/2023\/02\/Screenshot-2023-08-21-035204-600x504.png 600w, https:\/\/humboldt-greifswald.de\/web\/wp-content\/uploads\/2023\/02\/Screenshot-2023-08-21-035204.png 810w\" sizes=\"(max-width: 300px) 100vw, 300px\" \/>\t\t\t<\/a>\n\t\t\t\t\t<\/div>\n\t\t\n\t\t\t\t\t\t<div class=\"thim-ekits-post__content\">\n\t\t\t\t<h3 class=\"thim-ekits-post__title\">\n\t\t<a href=\"https:\/\/humboldt-greifswald.de\/web\/hoerspiel-kings-and-queens-folge-1-schach-matt-tod\/\" >\n\t\t\tH\u00f6rspiel! Kings and Queens &#8211; Folge 1: Schach &#8211; Matt &#8211; Tod\t\t<\/a>\n\t\t<\/h3>\n\t\t \t\t<div class=\"thim-ekits-post__meta elementor-repeater-item-f023eed m-psi-start \">\n\t\t\t\n\t\t<span class=\"thim-ekits-post__date\">\n\t\t\t\t\t\t25. Februar 2023\t\t<\/span>\n\n\t\t\t\t<\/div>\n\n\t\t\n\t\t<div class=\"thim-ekits-post__excerpt\">\n\t\t\t\t\t<\/div>\n\n\t\t\t\t<a class=\"thim-ekits-post__read-more\"\n\t\t   href=\"https:\/\/humboldt-greifswald.de\/web\/hoerspiel-kings-and-queens-folge-1-schach-matt-tod\/\" >\n\t\t\tWeiterlesen \u00bb\t\t\t\t\t<\/a>\n\t\t\t\t<\/div>\n\t\t\t\t\t\t\t<\/div>\n\t\t\t\t<div class=\"thim-ekits-post__article post-15059 post type-post status-publish format-standard hentry category-kultur\">\n\t\t\t\t\t\t\t\n\t\t\t\t\t\t<div class=\"thim-ekits-post__content\">\n\t\t\t\t<h3 class=\"thim-ekits-post__title\">\n\t\t<a href=\"https:\/\/humboldt-greifswald.de\/web\/grosser-erfolg-im-fach-latein\/\" >\n\t\t\tGro\u00dfer Erfolg im Fach Latein\t\t<\/a>\n\t\t<\/h3>\n\t\t \t\t<div class=\"thim-ekits-post__meta elementor-repeater-item-f023eed m-psi-start \">\n\t\t\t\n\t\t<span class=\"thim-ekits-post__date\">\n\t\t\t\t\t\t25. Februar 2023\t\t<\/span>\n\n\t\t\t\t<\/div>\n\n\t\t\n\t\t<div class=\"thim-ekits-post__excerpt\">\n\t\t\tMit seinem Latein ist er noch lange nicht am Ende: Nach einem Schuljahr und wenigen Monaten hat Raphael Strese (8a) erfolgreich an der europaweiten Pr\u00fcfung \u201eELEX\u201c (\u201eEuropean Latin Exam\u201c) des ECCL (European Certificate for Classics) teilgenommen. Bei diesem Sch\u00fclerwettbewerb des &hellip;\t\t<\/div>\n\n\t\t\t\t<a class=\"thim-ekits-post__read-more\"\n\t\t   href=\"https:\/\/humboldt-greifswald.de\/web\/grosser-erfolg-im-fach-latein\/\" >\n\t\t\tWeiterlesen \u00bb\t\t\t\t\t<\/a>\n\t\t\t\t<\/div>\n\t\t\t\t\t\t\t<\/div>\n\t\t\t\t<div class=\"thim-ekits-post__article post-14334 post type-post status-publish format-standard has-post-thumbnail hentry category-chor\">\n\t\t\t\t\t\t\t\t\t<div class=\"thim-ekits-post__thumbnail\">\n\t\t\t<a class=\"post-thumbnail\"\n\t\t\t   href=\"https:\/\/humboldt-greifswald.de\/web\/weihnachtskonzert-2020\/\" >\n\t\t\t\t<img loading=\"lazy\" decoding=\"async\" width=\"300\" height=\"169\" src=\"https:\/\/humboldt-greifswald.de\/web\/wp-content\/uploads\/2023\/08\/Weihnachtskonzert-2020_11-300x169.jpg\" class=\"attachment-medium size-medium wp-image-14359\" alt=\"\" srcset=\"https:\/\/humboldt-greifswald.de\/web\/wp-content\/uploads\/2023\/08\/Weihnachtskonzert-2020_11-300x169.jpg 300w, https:\/\/humboldt-greifswald.de\/web\/wp-content\/uploads\/2023\/08\/Weihnachtskonzert-2020_11-1024x577.jpg 1024w, https:\/\/humboldt-greifswald.de\/web\/wp-content\/uploads\/2023\/08\/Weihnachtskonzert-2020_11-768x432.jpg 768w, https:\/\/humboldt-greifswald.de\/web\/wp-content\/uploads\/2023\/08\/Weihnachtskonzert-2020_11-1536x865.jpg 1536w, https:\/\/humboldt-greifswald.de\/web\/wp-content\/uploads\/2023\/08\/Weihnachtskonzert-2020_11-600x338.jpg 600w, https:\/\/humboldt-greifswald.de\/web\/wp-content\/uploads\/2023\/08\/Weihnachtskonzert-2020_11.jpg 1632w\" sizes=\"(max-width: 300px) 100vw, 300px\" \/>\t\t\t<\/a>\n\t\t\t\t\t<\/div>\n\t\t\n\t\t\t\t\t\t<div class=\"thim-ekits-post__content\">\n\t\t\t\t<h3 class=\"thim-ekits-post__title\">\n\t\t<a href=\"https:\/\/humboldt-greifswald.de\/web\/weihnachtskonzert-2020\/\" >\n\t\t\tWeihnachtskonzert 2020\t\t<\/a>\n\t\t<\/h3>\n\t\t \t\t<div class=\"thim-ekits-post__meta elementor-repeater-item-f023eed m-psi-start \">\n\t\t\t\n\t\t<span class=\"thim-ekits-post__date\">\n\t\t\t\t\t\t20. Dezember 2020\t\t<\/span>\n\n\t\t\t\t<\/div>\n\n\t\t\n\t\t<div class=\"thim-ekits-post__excerpt\">\n\t\t\tIm Rahmen des Weihnachtskonzertes 2020, im Saal unserer Schule fand am 3. Dezember eine Fotosession statt.\t\t<\/div>\n\n\t\t\t\t<a class=\"thim-ekits-post__read-more\"\n\t\t   href=\"https:\/\/humboldt-greifswald.de\/web\/weihnachtskonzert-2020\/\" >\n\t\t\tWeiterlesen \u00bb\t\t\t\t\t<\/a>\n\t\t\t\t<\/div>\n\t\t\t\t\t\t\t<\/div>\n\t\t\t\t<div class=\"thim-ekits-post__article post-14378 post type-post status-publish format-standard has-post-thumbnail hentry category-chor\">\n\t\t\t\t\t\t\t\t\t<div class=\"thim-ekits-post__thumbnail\">\n\t\t\t<a class=\"post-thumbnail\"\n\t\t\t   href=\"https:\/\/humboldt-greifswald.de\/web\/weihnachtskonzert-2017-mit-hoerprobe\/\" >\n\t\t\t\t<img loading=\"lazy\" decoding=\"async\" width=\"300\" height=\"225\" src=\"https:\/\/humboldt-greifswald.de\/web\/wp-content\/uploads\/2017\/12\/Weihnachten_2017-300x225.jpg\" class=\"attachment-medium size-medium wp-image-14381\" alt=\"\" srcset=\"https:\/\/humboldt-greifswald.de\/web\/wp-content\/uploads\/2017\/12\/Weihnachten_2017-300x225.jpg 300w, https:\/\/humboldt-greifswald.de\/web\/wp-content\/uploads\/2017\/12\/Weihnachten_2017-1024x768.jpg 1024w, https:\/\/humboldt-greifswald.de\/web\/wp-content\/uploads\/2017\/12\/Weihnachten_2017-768x576.jpg 768w, https:\/\/humboldt-greifswald.de\/web\/wp-content\/uploads\/2017\/12\/Weihnachten_2017-400x300.jpg 400w, https:\/\/humboldt-greifswald.de\/web\/wp-content\/uploads\/2017\/12\/Weihnachten_2017-600x450.jpg 600w, https:\/\/humboldt-greifswald.de\/web\/wp-content\/uploads\/2017\/12\/Weihnachten_2017.jpg 1280w\" sizes=\"(max-width: 300px) 100vw, 300px\" \/>\t\t\t<\/a>\n\t\t\t\t\t<\/div>\n\t\t\n\t\t\t\t\t\t<div class=\"thim-ekits-post__content\">\n\t\t\t\t<h3 class=\"thim-ekits-post__title\">\n\t\t<a href=\"https:\/\/humboldt-greifswald.de\/web\/weihnachtskonzert-2017-mit-hoerprobe\/\" >\n\t\t\tWeihnachtskonzert 2017 (mit H\u00f6rprobe!)\t\t<\/a>\n\t\t<\/h3>\n\t\t \t\t<div class=\"thim-ekits-post__meta elementor-repeater-item-f023eed m-psi-start \">\n\t\t\t\n\t\t<span class=\"thim-ekits-post__date\">\n\t\t\t\t\t\t20. Dezember 2017\t\t<\/span>\n\n\t\t\t\t<\/div>\n\n\t\t\n\t\t<div class=\"thim-ekits-post__excerpt\">\n\t\t\tKompositionen von Fr\u00e9d\u00e9ric Chopin, Georg Michael Bach, Ludovico Einaudi und noch vielen mehr konnten wir am 07. Dezember 2017 in der Aula beim Weihnachtskonzert unseres Gymnasiums h\u00f6ren. Es gab viele spannende Beitr\u00e4ge vom Schulchor des A.v.H.-Gymnasiums und von zahlreichen Solisten, &hellip;\t\t<\/div>\n\n\t\t\t\t<a class=\"thim-ekits-post__read-more\"\n\t\t   href=\"https:\/\/humboldt-greifswald.de\/web\/weihnachtskonzert-2017-mit-hoerprobe\/\" >\n\t\t\tWeiterlesen \u00bb\t\t\t\t\t<\/a>\n\t\t\t\t<\/div>\n\t\t\t\t\t\t\t<\/div>\n\t\t\t\t\t\t<\/div>\n\t\t\t<\/div>\n\n\t\t\t\t\t\t\t<\/div>\n\t\t\t\t<\/div>\n\t\t\t\t\t<\/div>\n\t\t\t\t<\/div>\n\t\t\t\t<\/div>\n\t\t","protected":false},"excerpt":{"rendered":"<p>MINT-Camp 2023 der G\u00fcnther-Weber-Stiftung Neubrandenburg 30. September 2023 Das MINT-Camp 2023 in Neubrandenburg beim Weltmarkf\u00fchrer \u201eWeber Maschinenbau\u201c begann am Montag, den 18.09.2023 im Azubicenter von \u201eWeber\u201c mit einer Einf\u00fchrung in das Programm der folgenden Woche.&nbsp; Darauffolgend gab es eine F\u00fchrung &hellip; <\/p>\n","protected":false},"author":1,"featured_media":0,"parent":0,"menu_order":0,"comment_status":"closed","ping_status":"closed","template":"","meta":{"footnotes":""},"class_list":["post-14162","page","type-page","status-publish","hentry"],"_links":{"self":[{"href":"https:\/\/humboldt-greifswald.de\/web\/wp-json\/wp\/v2\/pages\/14162","targetHints":{"allow":["GET"]}}],"collection":[{"href":"https:\/\/humboldt-greifswald.de\/web\/wp-json\/wp\/v2\/pages"}],"about":[{"href":"https:\/\/humboldt-greifswald.de\/web\/wp-json\/wp\/v2\/types\/page"}],"author":[{"embeddable":true,"href":"https:\/\/humboldt-greifswald.de\/web\/wp-json\/wp\/v2\/users\/1"}],"replies":[{"embeddable":true,"href":"https:\/\/humboldt-greifswald.de\/web\/wp-json\/wp\/v2\/comments?post=14162"}],"version-history":[{"count":6,"href":"https:\/\/humboldt-greifswald.de\/web\/wp-json\/wp\/v2\/pages\/14162\/revisions"}],"predecessor-version":[{"id":15355,"href":"https:\/\/humboldt-greifswald.de\/web\/wp-json\/wp\/v2\/pages\/14162\/revisions\/15355"}],"wp:attachment":[{"href":"https:\/\/humboldt-greifswald.de\/web\/wp-json\/wp\/v2\/media?parent=14162"}],"curies":[{"name":"wp","href":"https:\/\/api.w.org\/{rel}","templated":true}]}}