{"id":14170,"date":"2023-08-20T02:46:00","date_gmt":"2023-08-20T00:46:00","guid":{"rendered":"https:\/\/humboldt-greifswald.de\/web\/?page_id=14170"},"modified":"2025-11-06T09:01:23","modified_gmt":"2025-11-06T08:01:23","slug":"schulteams-arbeitsbereiche","status":"publish","type":"page","link":"https:\/\/humboldt-greifswald.de\/web\/schulteams-arbeitsbereiche\/","title":{"rendered":"Schulteams &#038; Arbeitsbereiche"},"content":{"rendered":"\t\t<div data-elementor-type=\"wp-page\" data-elementor-id=\"14170\" class=\"elementor elementor-14170\">\n\t\t\t\t<div class=\"elementor-element elementor-element-3b165bb e-flex e-con-boxed e-con e-parent\" data-id=\"3b165bb\" data-element_type=\"container\" data-e-type=\"container\">\n\t\t\t\t\t<div class=\"e-con-inner\">\n\t\t\t\t<div class=\"elementor-element elementor-element-548990c elementor-widget elementor-widget-heading\" data-id=\"548990c\" data-element_type=\"widget\" data-e-type=\"widget\" data-widget_type=\"heading.default\">\n\t\t\t\t<div class=\"elementor-widget-container\">\n\t\t\t\t\t<h2 class=\"elementor-heading-title elementor-size-default\">Die Schulleitung<\/h2>\t\t\t\t<\/div>\n\t\t\t\t<\/div>\n\t\t\t\t\t<\/div>\n\t\t\t\t<\/div>\n\t\t<div class=\"elementor-element elementor-element-52313f0 e-flex e-con-boxed e-con e-parent\" data-id=\"52313f0\" data-element_type=\"container\" data-e-type=\"container\">\n\t\t\t\t\t<div class=\"e-con-inner\">\n\t\t\t\t<div class=\"elementor-element elementor-element-03d2a19 elementor-position-inline-start elementor-view-default elementor-mobile-position-block-start elementor-widget elementor-widget-icon-box\" data-id=\"03d2a19\" data-element_type=\"widget\" data-e-type=\"widget\" data-widget_type=\"icon-box.default\">\n\t\t\t\t<div class=\"elementor-widget-container\">\n\t\t\t\t\t\t\t<div class=\"elementor-icon-box-wrapper\">\n\n\t\t\t\t\t\t<div class=\"elementor-icon-box-icon\">\n\t\t\t\t<a href=\"mailto:schulleiter@humboldt-greifswald.de\" class=\"elementor-icon\" tabindex=\"-1\" aria-label=\"Schulleiter: Herr U. Burmeister\">\n\t\t\t\t<i aria-hidden=\"true\" class=\"fas fa-user-tie\"><\/i>\t\t\t\t<\/a>\n\t\t\t<\/div>\n\t\t\t\n\t\t\t\t\t\t<div class=\"elementor-icon-box-content\">\n\n\t\t\t\t\t\t\t\t\t<h3 class=\"elementor-icon-box-title\">\n\t\t\t\t\t\t<a href=\"mailto:schulleiter@humboldt-greifswald.de\" >\n\t\t\t\t\t\t\tSchulleiter: Herr U. Burmeister\t\t\t\t\t\t<\/a>\n\t\t\t\t\t<\/h3>\n\t\t\t\t\n\t\t\t\t\t\t\t\t\t<p class=\"elementor-icon-box-description\">\n\t\t\t\t\t\tTelefon: +49 (0)3834 \/ 8056-0<br \/>\nTelefax: +49 (0)3834 \/ 8056-66<br \/>\nE-Mail: <a href=\"mailto:schulleiter@humboldt-greifswald.de\">schulleiter@humboldt-greifswald.de<\/a>\t\t\t\t\t<\/p>\n\t\t\t\t\n\t\t\t<\/div>\n\t\t\t\n\t\t<\/div>\n\t\t\t\t\t\t<\/div>\n\t\t\t\t<\/div>\n\t\t\t\t<div class=\"elementor-element elementor-element-5757e6f elementor-position-inline-start elementor-view-default elementor-mobile-position-block-start elementor-widget elementor-widget-icon-box\" data-id=\"5757e6f\" data-element_type=\"widget\" data-e-type=\"widget\" data-widget_type=\"icon-box.default\">\n\t\t\t\t<div class=\"elementor-widget-container\">\n\t\t\t\t\t\t\t<div class=\"elementor-icon-box-wrapper\">\n\n\t\t\t\t\t\t<div class=\"elementor-icon-box-icon\">\n\t\t\t\t<a href=\"mailto:stellvertreter@humboldt-greifswald.de\" class=\"elementor-icon\" tabindex=\"-1\" aria-label=\"Stellvertreter des Schulleiters: Herr H. Gallert\">\n\t\t\t\t<i aria-hidden=\"true\" class=\"fas fa-user-tie\"><\/i>\t\t\t\t<\/a>\n\t\t\t<\/div>\n\t\t\t\n\t\t\t\t\t\t<div class=\"elementor-icon-box-content\">\n\n\t\t\t\t\t\t\t\t\t<h3 class=\"elementor-icon-box-title\">\n\t\t\t\t\t\t<a href=\"mailto:stellvertreter@humboldt-greifswald.de\" >\n\t\t\t\t\t\t\tStellvertreter des Schulleiters: Herr H. Gallert\t\t\t\t\t\t<\/a>\n\t\t\t\t\t<\/h3>\n\t\t\t\t\n\t\t\t\t\t\t\t\t\t<p class=\"elementor-icon-box-description\">\n\t\t\t\t\t\tTelefon: +49 (0)3834 \/ 8056-12<br \/>\nE-Mail: <a href=\"mailto:stellvertreter@humboldt-greifswald.de\">stellvertreter@humboldt-greifswald.de<\/a>\t\t\t\t\t<\/p>\n\t\t\t\t\n\t\t\t<\/div>\n\t\t\t\n\t\t<\/div>\n\t\t\t\t\t\t<\/div>\n\t\t\t\t<\/div>\n\t\t\t\t\t<\/div>\n\t\t\t\t<\/div>\n\t\t<div class=\"elementor-element elementor-element-10edf4c e-flex e-con-boxed e-con e-parent\" data-id=\"10edf4c\" data-element_type=\"container\" data-e-type=\"container\">\n\t\t\t\t\t<div class=\"e-con-inner\">\n\t\t\t\t<div class=\"elementor-element elementor-element-953989f elementor-widget elementor-widget-heading\" data-id=\"953989f\" data-element_type=\"widget\" data-e-type=\"widget\" data-widget_type=\"heading.default\">\n\t\t\t\t<div class=\"elementor-widget-container\">\n\t\t\t\t\t<h2 class=\"elementor-heading-title elementor-size-default\">Koordinatorinnen und Koordinatoren<\/h2>\t\t\t\t<\/div>\n\t\t\t\t<\/div>\n\t\t\t\t\t<\/div>\n\t\t\t\t<\/div>\n\t\t<div class=\"elementor-element elementor-element-57bc0ea e-flex e-con-boxed e-con e-parent\" data-id=\"57bc0ea\" data-element_type=\"container\" data-e-type=\"container\">\n\t\t\t\t\t<div class=\"e-con-inner\">\n\t\t\t\t<div class=\"elementor-element elementor-element-36c2cf1 elementor-position-inline-start elementor-view-default elementor-mobile-position-block-start elementor-widget elementor-widget-icon-box\" data-id=\"36c2cf1\" data-element_type=\"widget\" data-e-type=\"widget\" data-widget_type=\"icon-box.default\">\n\t\t\t\t<div class=\"elementor-widget-container\">\n\t\t\t\t\t\t\t<div class=\"elementor-icon-box-wrapper\">\n\n\t\t\t\t\t\t<div class=\"elementor-icon-box-icon\">\n\t\t\t\t<span  class=\"elementor-icon\">\n\t\t\t\t<i aria-hidden=\"true\" class=\"fas fa-user-friends\"><\/i>\t\t\t\t<\/span>\n\t\t\t<\/div>\n\t\t\t\n\t\t\t\t\t\t<div class=\"elementor-icon-box-content\">\n\n\t\t\t\t\t\t\t\t\t<h3 class=\"elementor-icon-box-title\">\n\t\t\t\t\t\t<span  >\n\t\t\t\t\t\t\tKoordinatorinnen f\u00fcr die Sekundarstufe I: Frau M. Dinse &amp; Frau A. Otte\t\t\t\t\t\t<\/span>\n\t\t\t\t\t<\/h3>\n\t\t\t\t\n\t\t\t\t\t\t\t\t\t<p class=\"elementor-icon-box-description\">\n\t\t\t\t\t\tF\u00fcr den Allgemeinen Bereich, Lehrerfortbildungen, Exkursionen und Wanderfahrten: <b>Frau M. Dinse<\/b><br \/>\nTelefon: +49 (0)3834 \/ 8056-17<br \/>\nE-Mail: <a href=\"mailto:dinse@humboldt-greifswald.de\">dinse@humboldt-greifswald.de<\/a><br \/><br \/>\nF\u00fcr den Reformp\u00e4dagogischen Bereich und Ganztagsbereich: <b>Frau A. Otte<\/b><br \/>\nTelefon: +49 (0)3834 \/ 8056-17<br \/>\nE-Mail: <a href=\"mailto:otte@humboldt-greifswald.de\">otte@humboldt-greifswald.de<\/a>\t\t\t\t\t<\/p>\n\t\t\t\t\n\t\t\t<\/div>\n\t\t\t\n\t\t<\/div>\n\t\t\t\t\t\t<\/div>\n\t\t\t\t<\/div>\n\t\t\t\t<div class=\"elementor-element elementor-element-e55cd40 elementor-position-inline-start elementor-view-default elementor-mobile-position-block-start elementor-widget elementor-widget-icon-box\" data-id=\"e55cd40\" data-element_type=\"widget\" data-e-type=\"widget\" data-widget_type=\"icon-box.default\">\n\t\t\t\t<div class=\"elementor-widget-container\">\n\t\t\t\t\t\t\t<div class=\"elementor-icon-box-wrapper\">\n\n\t\t\t\t\t\t<div class=\"elementor-icon-box-icon\">\n\t\t\t\t<a href=\"mailto:roeser@humboldt-greifswald.de\" class=\"elementor-icon\" tabindex=\"-1\" aria-label=\"Koordinator f\u00fcr den Schulzweig Hochbegabung: Herr U. R\u00f6ser\">\n\t\t\t\t<i aria-hidden=\"true\" class=\"fas fa-user-ninja\"><\/i>\t\t\t\t<\/a>\n\t\t\t<\/div>\n\t\t\t\n\t\t\t\t\t\t<div class=\"elementor-icon-box-content\">\n\n\t\t\t\t\t\t\t\t\t<h3 class=\"elementor-icon-box-title\">\n\t\t\t\t\t\t<a href=\"mailto:roeser@humboldt-greifswald.de\" >\n\t\t\t\t\t\t\tKoordinator f\u00fcr den Schulzweig Hochbegabung: Herr U. R\u00f6ser\t\t\t\t\t\t<\/a>\n\t\t\t\t\t<\/h3>\n\t\t\t\t\n\t\t\t\t\t\t\t\t\t<p class=\"elementor-icon-box-description\">\n\t\t\t\t\t\tTelefon: +49 (0)3834 \/ 8056-15<br \/>\nE-Mail: <a href=\"mailto:roeser@humboldt-greifswald.de\">roeser@humboldt-greifswald.de<\/a>\t\t\t\t\t<\/p>\n\t\t\t\t\n\t\t\t<\/div>\n\t\t\t\n\t\t<\/div>\n\t\t\t\t\t\t<\/div>\n\t\t\t\t<\/div>\n\t\t\t\t<div class=\"elementor-element elementor-element-a136466 elementor-position-inline-start elementor-view-default elementor-mobile-position-block-start elementor-widget elementor-widget-icon-box\" data-id=\"a136466\" data-element_type=\"widget\" data-e-type=\"widget\" data-widget_type=\"icon-box.default\">\n\t\t\t\t<div class=\"elementor-widget-container\">\n\t\t\t\t\t\t\t<div class=\"elementor-icon-box-wrapper\">\n\n\t\t\t\t\t\t<div class=\"elementor-icon-box-icon\">\n\t\t\t\t<a href=\"mailto:buessow@humboldt-greifswald.de\" class=\"elementor-icon\" tabindex=\"-1\" aria-label=\"Oberstufenkoordinator &amp; Technischer Koordinator: Herr M. B\u00fcssow\">\n\t\t\t\t<i aria-hidden=\"true\" class=\"fas fa-user-graduate\"><\/i>\t\t\t\t<\/a>\n\t\t\t<\/div>\n\t\t\t\n\t\t\t\t\t\t<div class=\"elementor-icon-box-content\">\n\n\t\t\t\t\t\t\t\t\t<h3 class=\"elementor-icon-box-title\">\n\t\t\t\t\t\t<a href=\"mailto:buessow@humboldt-greifswald.de\" >\n\t\t\t\t\t\t\tOberstufenkoordinator &amp; Technischer Koordinator: Herr M. B\u00fcssow\t\t\t\t\t\t<\/a>\n\t\t\t\t\t<\/h3>\n\t\t\t\t\n\t\t\t\t\t\t\t\t\t<p class=\"elementor-icon-box-description\">\n\t\t\t\t\t\tTelefon: +49 (0)3834 \/ 8056-15<br \/>\nE-Mail: <a href=\"mailto:buessow@humboldt-greifswald.de\">buessow@humboldt-greifswald.de<\/a>\t\t\t\t\t<\/p>\n\t\t\t\t\n\t\t\t<\/div>\n\t\t\t\n\t\t<\/div>\n\t\t\t\t\t\t<\/div>\n\t\t\t\t<\/div>\n\t\t\t\t\t<\/div>\n\t\t\t\t<\/div>\n\t\t<div class=\"elementor-element elementor-element-1a2f00d e-flex e-con-boxed e-con e-parent\" data-id=\"1a2f00d\" data-element_type=\"container\" data-e-type=\"container\">\n\t\t\t\t\t<div class=\"e-con-inner\">\n\t\t\t\t<div class=\"elementor-element elementor-element-362cae4 elementor-widget elementor-widget-heading\" data-id=\"362cae4\" data-element_type=\"widget\" data-e-type=\"widget\" data-widget_type=\"heading.default\">\n\t\t\t\t<div class=\"elementor-widget-container\">\n\t\t\t\t\t<h2 class=\"elementor-heading-title elementor-size-default\">Unsere Schulkonferenz<\/h2>\t\t\t\t<\/div>\n\t\t\t\t<\/div>\n\t\t\t\t\t<\/div>\n\t\t\t\t<\/div>\n\t\t<div class=\"elementor-element elementor-element-27e1846 e-flex e-con-boxed e-con e-parent\" data-id=\"27e1846\" data-element_type=\"container\" data-e-type=\"container\">\n\t\t\t\t\t<div class=\"e-con-inner\">\n\t\t\t\t<div class=\"elementor-element elementor-element-68e022f elementor-view-default elementor-widget elementor-widget-icon\" data-id=\"68e022f\" data-element_type=\"widget\" data-e-type=\"widget\" data-widget_type=\"icon.default\">\n\t\t\t\t<div class=\"elementor-widget-container\">\n\t\t\t\t\t\t\t<div class=\"elementor-icon-wrapper\">\n\t\t\t<div class=\"elementor-icon\">\n\t\t\t<i aria-hidden=\"true\" class=\"fas fa-users\"><\/i>\t\t\t<\/div>\n\t\t<\/div>\n\t\t\t\t\t\t<\/div>\n\t\t\t\t<\/div>\n\t\t\t\t<div class=\"elementor-element elementor-element-bd76164 elementor-widget elementor-widget-text-editor\" data-id=\"bd76164\" data-element_type=\"widget\" data-e-type=\"widget\" data-widget_type=\"text-editor.default\">\n\t\t\t\t<div class=\"elementor-widget-container\">\n\t\t\t\t\t\t\t\t\t<p><strong><span style=\"color: #000000;\">Schulelternrat in den Schuljahren 2025\/26\/27:<\/span><\/strong><\/p><ul><li><span style=\"color: #000000;\">Vorsitzender: Herr Brandhorst<\/span><\/li><li><span style=\"color: #000000;\">Stellvertreterinnen: Herr Priefer und Herr Peters<\/span><\/li><li>Mitglieder: Frau F\u00f6rster, Frau Nilk, Frau J\u00fcrgens<\/li><li>Kreiselternrat: Herr Peters<\/li><\/ul>\t\t\t\t\t\t\t\t<\/div>\n\t\t\t\t<\/div>\n\t\t\t\t<div class=\"elementor-element elementor-element-bfb8362 elementor-view-default elementor-widget elementor-widget-icon\" data-id=\"bfb8362\" data-element_type=\"widget\" data-e-type=\"widget\" data-widget_type=\"icon.default\">\n\t\t\t\t<div class=\"elementor-widget-container\">\n\t\t\t\t\t\t\t<div class=\"elementor-icon-wrapper\">\n\t\t\t<div class=\"elementor-icon\">\n\t\t\t<i aria-hidden=\"true\" class=\"fas fa-users\"><\/i>\t\t\t<\/div>\n\t\t<\/div>\n\t\t\t\t\t\t<\/div>\n\t\t\t\t<\/div>\n\t\t\t\t<div class=\"elementor-element elementor-element-30fe5e6 elementor-widget elementor-widget-text-editor\" data-id=\"30fe5e6\" data-element_type=\"widget\" data-e-type=\"widget\" data-widget_type=\"text-editor.default\">\n\t\t\t\t<div class=\"elementor-widget-container\">\n\t\t\t\t\t\t\t\t\t<p><strong><span style=\"color: #000000;\">Schulkonferenz in den Schuljahr 2025\/26\/27<\/span><\/strong><\/p><p>Aus der Elternschaft:<\/p><ul><li>Frau F\u00f6rster<\/li><li>Frau J\u00fcrgens<\/li><li>Frau Ninnemann<\/li><li>Frau Maecklenburg<\/li><li>Herr Priefer<\/li><li>Herr Pantke<\/li><\/ul><p>Aus dem Lehrerkollegium:<\/p><ul><li>Herr Dittberner<\/li><li>Frau Haustein<\/li><li>Herr Schmidt<\/li><li>Herr Tripschu<\/li><li>Herr W\u00fcnschmann<\/li><\/ul>\t\t\t\t\t\t\t\t<\/div>\n\t\t\t\t<\/div>\n\t\t\t\t\t<\/div>\n\t\t\t\t<\/div>\n\t\t<div class=\"elementor-element elementor-element-6f22294 e-flex e-con-boxed e-con e-parent\" data-id=\"6f22294\" data-element_type=\"container\" data-e-type=\"container\">\n\t\t\t\t\t<div class=\"e-con-inner\">\n\t\t\t\t<div class=\"elementor-element elementor-element-a7d54a3 elementor-widget elementor-widget-heading\" data-id=\"a7d54a3\" data-element_type=\"widget\" data-e-type=\"widget\" data-widget_type=\"heading.default\">\n\t\t\t\t<div class=\"elementor-widget-container\">\n\t\t\t\t\t<h2 class=\"elementor-heading-title elementor-size-default\">Unsere Fachkonferenzen<\/h2>\t\t\t\t<\/div>\n\t\t\t\t<\/div>\n\t\t\t\t\t<\/div>\n\t\t\t\t<\/div>\n\t\t<div class=\"elementor-element elementor-element-0e3b1b0 e-flex e-con-boxed e-con e-parent\" data-id=\"0e3b1b0\" data-element_type=\"container\" data-e-type=\"container\">\n\t\t\t\t\t<div class=\"e-con-inner\">\n\t\t\t\t<div class=\"elementor-element elementor-element-704a8fc elementor-view-default elementor-widget elementor-widget-icon\" data-id=\"704a8fc\" data-element_type=\"widget\" data-e-type=\"widget\" data-widget_type=\"icon.default\">\n\t\t\t\t<div class=\"elementor-widget-container\">\n\t\t\t\t\t\t\t<div class=\"elementor-icon-wrapper\">\n\t\t\t<div class=\"elementor-icon\">\n\t\t\t<i aria-hidden=\"true\" class=\"fas fa-users\"><\/i>\t\t\t<\/div>\n\t\t<\/div>\n\t\t\t\t\t\t<\/div>\n\t\t\t\t<\/div>\n\t\t\t\t<div class=\"elementor-element elementor-element-ff7cc9b elementor-widget elementor-widget-text-editor\" data-id=\"ff7cc9b\" data-element_type=\"widget\" data-e-type=\"widget\" data-widget_type=\"text-editor.default\">\n\t\t\t\t<div class=\"elementor-widget-container\">\n\t\t\t\t\t\t\t\t\t<table width=\"614\"><tbody><tr><td width=\"274\"><p><strong>Fachkonferenz<\/strong><\/p><\/td><td width=\"340\"><p><strong>Leitung<\/strong><\/p><\/td><\/tr><tr><td width=\"274\"><p>Deutsch<\/p><\/td><td width=\"340\"><p>Frau K\u00fcntzel<\/p><\/td><\/tr><tr><td width=\"274\"><p>Englisch\/Russisch<\/p><\/td><td width=\"340\"><p>Frau Lafsa\/Frau Kallwellis-Gebhardt<\/p><\/td><\/tr><tr><td width=\"274\"><p>Franz\u00f6sisch\/Latein\/Spanisch<\/p><\/td><td width=\"340\"><p>Frau Zimnicki<\/p><\/td><\/tr><tr><td width=\"274\"><p>Kunst<\/p><\/td><td width=\"340\"><p>Frau Rohr<\/p><\/td><\/tr><tr><td width=\"274\"><p>Musik<\/p><\/td><td width=\"340\"><p>Frau K\u00f6rber<\/p><\/td><\/tr><tr><td width=\"274\"><p>Geschichte<\/p><\/td><td width=\"340\"><p>Herr Kurschus<\/p><\/td><\/tr><tr><td width=\"274\"><p>Geographie<\/p><\/td><td width=\"340\"><p>Frau Bernhardt<\/p><\/td><\/tr><tr><td width=\"274\"><p>AWT\/Sozialkunde<\/p><\/td><td width=\"340\"><p>Herr Kollath<\/p><\/td><\/tr><tr><td width=\"274\"><p>Philosophie\/Religion<\/p><\/td><td width=\"340\"><p>Herr Pohl<\/p><\/td><\/tr><tr><td width=\"274\"><p>Mathematik<\/p><\/td><td width=\"340\"><p>Herr W\u00fcnschmann<\/p><\/td><\/tr><tr><td width=\"274\"><p>Physik\/Astronomie<\/p><\/td><td width=\"340\"><p>Herr Bernheiden<\/p><\/td><\/tr><tr><td width=\"274\"><p>Informatik<\/p><\/td><td width=\"340\"><p>Herr Harloff<\/p><\/td><\/tr><tr><td width=\"274\"><p>Biologie\/Chemie<\/p><\/td><td width=\"340\"><p>Frau B\u00f6ttcher<\/p><\/td><\/tr><tr><td width=\"274\"><p>Sport<\/p><\/td><td width=\"340\"><p>Herr Westphal<\/p><\/td><\/tr><\/tbody><\/table>\t\t\t\t\t\t\t\t<\/div>\n\t\t\t\t<\/div>\n\t\t\t\t\t<\/div>\n\t\t\t\t<\/div>\n\t\t<div class=\"elementor-element elementor-element-7843056 e-flex e-con-boxed e-con e-parent\" data-id=\"7843056\" data-element_type=\"container\" data-e-type=\"container\">\n\t\t\t\t\t<div class=\"e-con-inner\">\n\t\t\t\t<div class=\"elementor-element elementor-element-74b2e63 elementor-widget elementor-widget-heading\" data-id=\"74b2e63\" data-element_type=\"widget\" data-e-type=\"widget\" data-widget_type=\"heading.default\">\n\t\t\t\t<div class=\"elementor-widget-container\">\n\t\t\t\t\t<h2 class=\"elementor-heading-title elementor-size-default\">Lehrkr\u00e4fte mit besonderen Aufgaben<\/h2>\t\t\t\t<\/div>\n\t\t\t\t<\/div>\n\t\t\t\t\t<\/div>\n\t\t\t\t<\/div>\n\t\t<div class=\"elementor-element elementor-element-76186e0 e-flex e-con-boxed e-con e-parent\" data-id=\"76186e0\" data-element_type=\"container\" data-e-type=\"container\">\n\t\t\t\t\t<div class=\"e-con-inner\">\n\t\t\t\t<div class=\"elementor-element elementor-element-05fb836 elementor-view-default elementor-widget elementor-widget-icon\" data-id=\"05fb836\" data-element_type=\"widget\" data-e-type=\"widget\" data-widget_type=\"icon.default\">\n\t\t\t\t<div class=\"elementor-widget-container\">\n\t\t\t\t\t\t\t<div class=\"elementor-icon-wrapper\">\n\t\t\t<div class=\"elementor-icon\">\n\t\t\t<i aria-hidden=\"true\" class=\"fas fa-users-cog\"><\/i>\t\t\t<\/div>\n\t\t<\/div>\n\t\t\t\t\t\t<\/div>\n\t\t\t\t<\/div>\n\t\t\t\t<div class=\"elementor-element elementor-element-f856b31 elementor-widget elementor-widget-text-editor\" data-id=\"f856b31\" data-element_type=\"widget\" data-e-type=\"widget\" data-widget_type=\"text-editor.default\">\n\t\t\t\t<div class=\"elementor-widget-container\">\n\t\t\t\t\t\t\t\t\t<p><span style=\"color: #000000;\">Kontakt k\u00f6nnen Sie gern \u00fcber das <a style=\"color: #000000;\" href=\"mailto:sekretariat@humboldt-greifswald.de\">Sekretariat<\/a> herstellen. Vielen Dank!<\/span><\/p><table style=\"width: 560px; height: 683px;\" border=\"1\" cellspacing=\"10\" cellpadding=\"10\"><colgroup> <col width=\"180\" \/> <col width=\"150\" \/><\/colgroup><tbody><tr><td><span style=\"color: #000000;\">Schulb\u00fccher, Haushalt<\/span><\/td><td><span style=\"color: #000000;\">Herr B\u00fcssow<\/span><\/td><\/tr><tr><td><span style=\"color: #000000;\">Systemadministrator<\/span><\/td><td><span style=\"color: #000000;\">Herr Bernheiden<\/span><\/td><\/tr><tr><td><span style=\"color: #000000;\">\u00d6ffentlichkeitsbeauftragter<\/span><\/td><td><span style=\"color: #000000;\">Herr Kretschmer<\/span><\/td><\/tr><tr><td><span style=\"color: #000000;\">Praktikumsbeauftragte<\/span><\/td><td><span style=\"color: #000000;\">Frau Piechotka<\/span><\/td><\/tr><tr><td><span style=\"color: #000000;\">Verkehrsbeauftragter<\/span><\/td><td><span style=\"color: #000000;\">Herr Westphal<\/span><\/td><\/tr><tr><td><span style=\"color: #000000;\">Sportbeauftragter<\/span><\/td><td><span style=\"color: #000000;\">Herr Westphal<\/span><\/td><\/tr><tr><td><span style=\"color: #000000;\">Gesundheits- und Pr\u00e4ventionsbeauftragter<\/span><\/td><td><span style=\"color: #000000;\">Herr Harloff<\/span><\/td><\/tr><tr><td><span style=\"color: #000000;\">Hygienebeauftragter<\/span><\/td><td><span style=\"color: #000000;\">Herr Dittberner<\/span><\/td><\/tr><tr><td><span style=\"color: #000000;\">Schulberaterin f\u00fcr\u00a0nachhaltige Entwicklung<\/span><\/td><td><span style=\"color: #000000;\">Frau Bernhardt<\/span><\/td><\/tr><tr><td><span style=\"color: #000000;\">Qualit\u00e4tsbeauftragter<\/span><\/td><td><span style=\"color: #000000;\">Herr Pohl<\/span><\/td><\/tr><tr><td><span style=\"color: #000000;\">Koordinatorin Theaterprojekt<\/span><\/td><td><span style=\"color: #000000;\">Frau Nicolaus<\/span><\/td><\/tr><tr><td><span style=\"color: #000000;\">Kunstbeauftragte<\/span><\/td><td><span style=\"color: #000000;\">Frau Dinse<\/span><\/td><\/tr><tr><td><span style=\"color: #000000;\">Musikbeauftragte<\/span><\/td><td><span style=\"color: #000000;\">Frau K\u00f6rber<\/span><\/td><\/tr><tr><td><span style=\"color: #000000;\">Sammlungsleiterin Chemie<\/span><\/td><td><span style=\"color: #000000;\">Frau B\u00f6ttcher<\/span><\/td><\/tr><tr><td><span style=\"color: #000000;\">Beauftragter Stadtbibliothek<\/span><\/td><td><span style=\"color: #000000;\">Herr Kretschmer<\/span><\/td><\/tr><tr><td><span style=\"color: #000000;\">Beauftragter Theater Vorpommern<\/span><\/td><td><span style=\"color: #000000;\">Herr Kretschmer<\/span><\/td><\/tr><tr><td><span style=\"color: #000000;\">Medienp\u00e4dagogische\u00a0Beraterin<\/span><\/td><td><span style=\"color: #000000;\">Frau\u00a0K\u00fcntzel<\/span><\/td><\/tr><tr><td><span style=\"color: #000000;\">MINT-Beauftragte<\/span><\/td><td><span style=\"color: #000000;\">Frau\u00a0Baumann<\/span><\/td><\/tr><tr><td>Berufsorientierung<\/td><td><span style=\"color: #000000;\">Herr Dittberner<\/span><\/td><\/tr><tr><td><span style=\"color: #000000;\">Stellv. schulischer Datenschutzbeauftragter,<\/span><br \/><span style=\"color: #000000;\">Website-Administration<\/span><\/td><td><span style=\"color: #000000;\">Herr Harloff<\/span><\/td><\/tr><tr><td><span style=\"color: #000000;\">Vertrauenslehrkr\u00e4fte<\/span><\/td><td><span style=\"color: #000000;\">Herr Tripschu<br \/>Stellvertretend: Frau Dr. Sch\u00f6ner<\/span><\/td><\/tr><\/tbody><\/table>\t\t\t\t\t\t\t\t<\/div>\n\t\t\t\t<\/div>\n\t\t\t\t\t<\/div>\n\t\t\t\t<\/div>\n\t\t<div class=\"elementor-element elementor-element-4a1e7d0 e-flex e-con-boxed e-con e-parent\" data-id=\"4a1e7d0\" data-element_type=\"container\" data-e-type=\"container\">\n\t\t\t\t\t<div class=\"e-con-inner\">\n\t\t\t\t<div class=\"elementor-element elementor-element-fd218f8 elementor-widget elementor-widget-heading\" data-id=\"fd218f8\" data-element_type=\"widget\" data-e-type=\"widget\" data-widget_type=\"heading.default\">\n\t\t\t\t<div class=\"elementor-widget-container\">\n\t\t\t\t\t<h2 class=\"elementor-heading-title elementor-size-default\">Schulsozialarbeit<\/h2>\t\t\t\t<\/div>\n\t\t\t\t<\/div>\n\t\t\t\t\t<\/div>\n\t\t\t\t<\/div>\n\t\t<div class=\"elementor-element elementor-element-3162b038 e-flex e-con-boxed e-con e-parent\" data-id=\"3162b038\" data-element_type=\"container\" data-e-type=\"container\">\n\t\t\t\t\t<div class=\"e-con-inner\">\n\t\t\t\t<div class=\"elementor-element elementor-element-19f06a47 elementor-position-inline-start elementor-widget__width-initial elementor-view-default elementor-mobile-position-block-start elementor-widget elementor-widget-icon-box\" data-id=\"19f06a47\" data-element_type=\"widget\" data-e-type=\"widget\" data-widget_type=\"icon-box.default\">\n\t\t\t\t<div class=\"elementor-widget-container\">\n\t\t\t\t\t\t\t<div class=\"elementor-icon-box-wrapper\">\n\n\t\t\t\t\t\t<div class=\"elementor-icon-box-icon\">\n\t\t\t\t<a href=\"mailto:schoenerstedt@oeffnung-der-schulen.de\" class=\"elementor-icon\" tabindex=\"-1\" aria-label=\"Schulsozialarbeiterin: Frau T. Sch\u00f6nerstedt\">\n\t\t\t\t<i aria-hidden=\"true\" class=\"fas fa-smile\"><\/i>\t\t\t\t<\/a>\n\t\t\t<\/div>\n\t\t\t\n\t\t\t\t\t\t<div class=\"elementor-icon-box-content\">\n\n\t\t\t\t\t\t\t\t\t<h3 class=\"elementor-icon-box-title\">\n\t\t\t\t\t\t<a href=\"mailto:schoenerstedt@oeffnung-der-schulen.de\" >\n\t\t\t\t\t\t\tSchulsozialarbeiterin: Frau T. Sch\u00f6nerstedt\t\t\t\t\t\t<\/a>\n\t\t\t\t\t<\/h3>\n\t\t\t\t\n\t\t\t\t\t\t\t\t\t<p class=\"elementor-icon-box-description\">\n\t\t\t\t\t\tTelefon: +49 (0)3834 \/ 8056-14<br \/>\nMobil: +49 (0)157 \/ 362 795 05<br \/>\nE-Mail: <a href=\"mailto:schoenerstedt@oeffnung-der-schulen.de\">schoenerstedt@oeffnung-der-schulen.de<\/a>\t\t\t\t\t<\/p>\n\t\t\t\t\n\t\t\t<\/div>\n\t\t\t\n\t\t<\/div>\n\t\t\t\t\t\t<\/div>\n\t\t\t\t<\/div>\n\t\t\t\t<div class=\"elementor-element elementor-element-41f8959 elementor-position-inline-start elementor-widget__width-initial elementor-view-default elementor-mobile-position-block-start elementor-widget elementor-widget-icon-box\" data-id=\"41f8959\" data-element_type=\"widget\" data-e-type=\"widget\" data-widget_type=\"icon-box.default\">\n\t\t\t\t<div class=\"elementor-widget-container\">\n\t\t\t\t\t\t\t<div class=\"elementor-icon-box-wrapper\">\n\n\t\t\t\t\t\t<div class=\"elementor-icon-box-icon\">\n\t\t\t\t<a href=\"mailto:kostack@oeffnung-der-schulen.de\" class=\"elementor-icon\" tabindex=\"-1\" aria-label=\"Schulsozialarbeiter: Herr T. Kostack\">\n\t\t\t\t<i aria-hidden=\"true\" class=\"fas fa-smile\"><\/i>\t\t\t\t<\/a>\n\t\t\t<\/div>\n\t\t\t\n\t\t\t\t\t\t<div class=\"elementor-icon-box-content\">\n\n\t\t\t\t\t\t\t\t\t<h3 class=\"elementor-icon-box-title\">\n\t\t\t\t\t\t<a href=\"mailto:kostack@oeffnung-der-schulen.de\" >\n\t\t\t\t\t\t\tSchulsozialarbeiter: Herr T. Kostack\t\t\t\t\t\t<\/a>\n\t\t\t\t\t<\/h3>\n\t\t\t\t\n\t\t\t\t\t\t\t\t\t<p class=\"elementor-icon-box-description\">\n\t\t\t\t\t\tTelefon: +49 (0)3834 \/ 8056-18<br \/>\nMobil: +49 (0)157 \/ 383 196 43<br \/>\nE-Mail: <a href=\"mailto:kostack@oeffnung-der-schulen.de\">kostack@oeffnung-der-schulen.de<\/a>\t\t\t\t\t<\/p>\n\t\t\t\t\n\t\t\t<\/div>\n\t\t\t\n\t\t<\/div>\n\t\t\t\t\t\t<\/div>\n\t\t\t\t<\/div>\n\t\t\t\t<div class=\"elementor-element elementor-element-13d51820 elementor-position-inline-start elementor-widget__width-initial elementor-view-default elementor-mobile-position-block-start elementor-widget elementor-widget-icon-box\" data-id=\"13d51820\" data-element_type=\"widget\" data-e-type=\"widget\" data-widget_type=\"icon-box.default\">\n\t\t\t\t<div class=\"elementor-widget-container\">\n\t\t\t\t\t\t\t<div class=\"elementor-icon-box-wrapper\">\n\n\t\t\t\t\t\t<div class=\"elementor-icon-box-icon\">\n\t\t\t\t<span  class=\"elementor-icon\">\n\t\t\t\t<i aria-hidden=\"true\" class=\"far fa-clock\"><\/i>\t\t\t\t<\/span>\n\t\t\t<\/div>\n\t\t\t\n\t\t\t\t\t\t<div class=\"elementor-icon-box-content\">\n\n\t\t\t\t\t\t\t\t\t<h3 class=\"elementor-icon-box-title\">\n\t\t\t\t\t\t<span  >\n\t\t\t\t\t\t\tUnsere Sprechzeiten\t\t\t\t\t\t<\/span>\n\t\t\t\t\t<\/h3>\n\t\t\t\t\n\t\t\t\t\t\t\t\t\t<p class=\"elementor-icon-box-description\">\n\t\t\t\t\t\tMo. - Fr., 08:30 - 15:30<br \/>\nIndividuelle Termine nach Absprache m\u00f6glich\t\t\t\t\t<\/p>\n\t\t\t\t\n\t\t\t<\/div>\n\t\t\t\n\t\t<\/div>\n\t\t\t\t\t\t<\/div>\n\t\t\t\t<\/div>\n\t\t\t\t<div class=\"elementor-element elementor-element-1420b5a7 elementor-position-inline-start elementor-widget__width-initial elementor-view-default elementor-mobile-position-block-start elementor-widget elementor-widget-icon-box\" data-id=\"1420b5a7\" data-element_type=\"widget\" data-e-type=\"widget\" data-widget_type=\"icon-box.default\">\n\t\t\t\t<div class=\"elementor-widget-container\">\n\t\t\t\t\t\t\t<div class=\"elementor-icon-box-wrapper\">\n\n\t\t\t\t\t\t<div class=\"elementor-icon-box-icon\">\n\t\t\t\t<span  class=\"elementor-icon\">\n\t\t\t\t<i aria-hidden=\"true\" class=\"tk tk-tasks\"><\/i>\t\t\t\t<\/span>\n\t\t\t<\/div>\n\t\t\t\n\t\t\t\t\t\t<div class=\"elementor-icon-box-content\">\n\n\t\t\t\t\t\t\t\t\t<h3 class=\"elementor-icon-box-title\">\n\t\t\t\t\t\t<span  >\n\t\t\t\t\t\t\tUnsere Aufgaben und Angebote\t\t\t\t\t\t<\/span>\n\t\t\t\t\t<\/h3>\n\t\t\t\t\n\t\t\t\t\t\t\t\t\t<p class=\"elementor-icon-box-description\">\n\t\t\t\t\t\t- Beratung und Unterst\u00fctzung aller Sch\u00fcler*innen des Alexander von Humboldt Gymnasiums bei pers\u00f6nlichen, schulischen und famili\u00e4ren Problemen und in individuellen Krisensituationen<br \/>\n- Beratung von Eltern und Sorgeberechtigten<br \/>\n- Vermittlung von au\u00dferschulischen Unterst\u00fctzungs- und Hilfeangeboten, z.B. Beratungsstellen<br \/>\n- Kinderschutz<br \/>\n- Projekte f\u00fcr Klassen, z.B. zum Klassenklima und zur Teambildung<br \/>\n- uvm\u2026\n\t\t\t\t\t<\/p>\n\t\t\t\t\n\t\t\t<\/div>\n\t\t\t\n\t\t<\/div>\n\t\t\t\t\t\t<\/div>\n\t\t\t\t<\/div>\n\t\t\t\t<div class=\"elementor-element elementor-element-1d1f72c6 elementor-icon-list--layout-traditional elementor-list-item-link-full_width elementor-widget elementor-widget-icon-list\" data-id=\"1d1f72c6\" data-element_type=\"widget\" data-e-type=\"widget\" data-widget_type=\"icon-list.default\">\n\t\t\t\t<div class=\"elementor-widget-container\">\n\t\t\t\t\t\t\t<ul class=\"elementor-icon-list-items\">\n\t\t\t\t\t\t\t<li class=\"elementor-icon-list-item\">\n\t\t\t\t\t\t\t\t\t\t\t<a href=\"https:\/\/humboldt-greifswald.de\/web\/wp-content\/uploads\/2025\/01\/Broschuere-Hilfe-finden-Greifswald-und-Umgebug.pdf\" target=\"_blank\">\n\n\t\t\t\t\t\t\t\t\t\t\t\t<span class=\"elementor-icon-list-icon\">\n\t\t\t\t\t\t\t<i aria-hidden=\"true\" class=\"fas fa-info-circle\"><\/i>\t\t\t\t\t\t<\/span>\n\t\t\t\t\t\t\t\t\t\t<span class=\"elementor-icon-list-text\">Hilfreiche Brosch\u00fcre \"Hilfe finden\" f\u00fcr Greifswald und Umgebung<\/span>\n\t\t\t\t\t\t\t\t\t\t\t<\/a>\n\t\t\t\t\t\t\t\t\t<\/li>\n\t\t\t\t\t\t\t\t<li class=\"elementor-icon-list-item\">\n\t\t\t\t\t\t\t\t\t\t\t<a href=\"https:\/\/oeffnung-der-schulen.de\/\">\n\n\t\t\t\t\t\t\t\t\t\t\t\t<span class=\"elementor-icon-list-icon\">\n\t\t\t\t\t\t\t<i aria-hidden=\"true\" class=\"fas fa-external-link-alt\"><\/i>\t\t\t\t\t\t<\/span>\n\t\t\t\t\t\t\t\t\t\t<span class=\"elementor-icon-list-text\">\u00d6ffnung der Schulen e.V.<\/span>\n\t\t\t\t\t\t\t\t\t\t\t<\/a>\n\t\t\t\t\t\t\t\t\t<\/li>\n\t\t\t\t\t\t<\/ul>\n\t\t\t\t\t\t<\/div>\n\t\t\t\t<\/div>\n\t\t\t\t<div class=\"elementor-element elementor-element-6e7d6926 elementor-widget elementor-widget-image\" data-id=\"6e7d6926\" data-element_type=\"widget\" data-e-type=\"widget\" data-widget_type=\"image.default\">\n\t\t\t\t<div class=\"elementor-widget-container\">\n\t\t\t\t\t\t\t\t\t\t\t\t\t\t\t<img decoding=\"async\" width=\"150\" height=\"150\" src=\"https:\/\/humboldt-greifswald.de\/web\/wp-content\/uploads\/2023\/08\/logo-ds-150x150.jpg\" class=\"attachment-thumbnail size-thumbnail wp-image-14297\" alt=\"\" srcset=\"https:\/\/humboldt-greifswald.de\/web\/wp-content\/uploads\/2023\/08\/logo-ds-150x150.jpg 150w, https:\/\/humboldt-greifswald.de\/web\/wp-content\/uploads\/2023\/08\/logo-ds-300x300.jpg 300w, https:\/\/humboldt-greifswald.de\/web\/wp-content\/uploads\/2023\/08\/logo-ds-100x100.jpg 100w\" sizes=\"(max-width: 150px) 100vw, 150px\" \/>\t\t\t\t\t\t\t\t\t\t\t\t\t\t\t<\/div>\n\t\t\t\t<\/div>\n\t\t\t\t<div class=\"elementor-element elementor-element-6c1bc796 elementor-widget elementor-widget-image\" data-id=\"6c1bc796\" data-element_type=\"widget\" data-e-type=\"widget\" data-widget_type=\"image.default\">\n\t\t\t\t<div class=\"elementor-widget-container\">\n\t\t\t\t\t\t\t\t\t\t\t\t\t\t\t<img decoding=\"async\" src=\"https:\/\/humboldt-greifswald.de\/web\/wp-content\/uploads\/2025\/01\/DEKofinanziertvonderEuropaeischenUnion_POSneu-scaled-400x75.jpg\" title=\"DE+Kofinanziert+von+der+Europ\u00e4ischen+Union_POSneu\" alt=\"DE+Kofinanziert+von+der+Europ\u00e4ischen+Union_POSneu\" loading=\"lazy\" \/>\t\t\t\t\t\t\t\t\t\t\t\t\t\t\t<\/div>\n\t\t\t\t<\/div>\n\t\t\t\t\t<\/div>\n\t\t\t\t<\/div>\n\t\t\t\t<\/div>\n\t\t","protected":false},"excerpt":{"rendered":"<p>Die Schulleitung Schulleiter: Herr U. Burmeister Telefon: +49 (0)3834 \/ 8056-0 Telefax: +49 (0)3834 \/ 8056-66 E-Mail: schulleiter@humboldt-greifswald.de Stellvertreter des Schulleiters: Herr H. Gallert Telefon: +49 (0)3834 \/ 8056-12 E-Mail: stellvertreter@humboldt-greifswald.de Koordinatorinnen und Koordinatoren Koordinatorinnen f\u00fcr die Sekundarstufe I: Frau &hellip; <\/p>\n","protected":false},"author":1,"featured_media":0,"parent":0,"menu_order":0,"comment_status":"closed","ping_status":"closed","template":"","meta":{"footnotes":""},"class_list":["post-14170","page","type-page","status-publish","hentry"],"_links":{"self":[{"href":"https:\/\/humboldt-greifswald.de\/web\/wp-json\/wp\/v2\/pages\/14170","targetHints":{"allow":["GET"]}}],"collection":[{"href":"https:\/\/humboldt-greifswald.de\/web\/wp-json\/wp\/v2\/pages"}],"about":[{"href":"https:\/\/humboldt-greifswald.de\/web\/wp-json\/wp\/v2\/types\/page"}],"author":[{"embeddable":true,"href":"https:\/\/humboldt-greifswald.de\/web\/wp-json\/wp\/v2\/users\/1"}],"replies":[{"embeddable":true,"href":"https:\/\/humboldt-greifswald.de\/web\/wp-json\/wp\/v2\/comments?post=14170"}],"version-history":[{"count":58,"href":"https:\/\/humboldt-greifswald.de\/web\/wp-json\/wp\/v2\/pages\/14170\/revisions"}],"predecessor-version":[{"id":16254,"href":"https:\/\/humboldt-greifswald.de\/web\/wp-json\/wp\/v2\/pages\/14170\/revisions\/16254"}],"wp:attachment":[{"href":"https:\/\/humboldt-greifswald.de\/web\/wp-json\/wp\/v2\/media?parent=14170"}],"curies":[{"name":"wp","href":"https:\/\/api.w.org\/{rel}","templated":true}]}}