{"id":14172,"date":"2023-08-20T02:46:25","date_gmt":"2023-08-20T00:46:25","guid":{"rendered":"https:\/\/humboldt-greifswald.de\/web\/?page_id=14172"},"modified":"2025-01-05T00:21:05","modified_gmt":"2025-01-04T23:21:05","slug":"schulprofil-programm","status":"publish","type":"page","link":"https:\/\/humboldt-greifswald.de\/web\/schulprofil-programm\/","title":{"rendered":"Schulprofil &#038; Programm"},"content":{"rendered":"\t\t<div data-elementor-type=\"wp-page\" data-elementor-id=\"14172\" class=\"elementor elementor-14172\">\n\t\t\t\t<div class=\"elementor-element elementor-element-4e56810 e-flex e-con-boxed e-con e-parent\" data-id=\"4e56810\" data-element_type=\"container\" data-e-type=\"container\">\n\t\t\t\t\t<div class=\"e-con-inner\">\n\t\t\t\t<div class=\"elementor-element elementor-element-ee68d23 elementor-view-default elementor-position-block-start elementor-mobile-position-block-start elementor-widget elementor-widget-icon-box\" data-id=\"ee68d23\" data-element_type=\"widget\" data-e-type=\"widget\" data-widget_type=\"icon-box.default\">\n\t\t\t\t<div class=\"elementor-widget-container\">\n\t\t\t\t\t\t\t<div class=\"elementor-icon-box-wrapper\">\n\n\t\t\t\t\t\t<div class=\"elementor-icon-box-icon\">\n\t\t\t\t<span  class=\"elementor-icon\">\n\t\t\t\t<i aria-hidden=\"true\" class=\"fas fa-school\"><\/i>\t\t\t\t<\/span>\n\t\t\t<\/div>\n\t\t\t\n\t\t\t\t\t\t<div class=\"elementor-icon-box-content\">\n\n\t\t\t\t\t\t\t\t\t<h1 class=\"elementor-icon-box-title\">\n\t\t\t\t\t\t<span  >\n\t\t\t\t\t\t\tUnsere drei Schulbereiche\t\t\t\t\t\t<\/span>\n\t\t\t\t\t<\/h1>\n\t\t\t\t\n\t\t\t\t\n\t\t\t<\/div>\n\t\t\t\n\t\t<\/div>\n\t\t\t\t\t\t<\/div>\n\t\t\t\t<\/div>\n\t\t\t\t<div class=\"elementor-element elementor-element-31a88a5 elementor-widget elementor-widget-heading\" data-id=\"31a88a5\" data-element_type=\"widget\" data-e-type=\"widget\" data-widget_type=\"heading.default\">\n\t\t\t\t<div class=\"elementor-widget-container\">\n\t\t\t\t\t<h2 class=\"elementor-heading-title elementor-size-default\">Allgemeiner Bereich<\/h2>\t\t\t\t<\/div>\n\t\t\t\t<\/div>\n\t\t\t\t<div class=\"elementor-element elementor-element-98501bc elementor-widget elementor-widget-text-editor\" data-id=\"98501bc\" data-element_type=\"widget\" data-e-type=\"widget\" data-widget_type=\"text-editor.default\">\n\t\t\t\t<div class=\"elementor-widget-container\">\n\t\t\t\t\t\t\t\t\t<p><span style=\"color: #000000;\">Der Allgemeine Bereich steht allen Sch\u00fclern aus Greifswald und Umgebung, die an unserem Gymnasium das Abitur erreichen wollen, offen. Die Sch\u00fcler werden im Zusammenhang unserer Ausrichtung als MINT-Gymnasium in den Bereichen Mathematik, Informatik, Naturwissenschaft und Technik in besonderem Ma\u00dfe gef\u00f6rdert. Eine intensive Zusammenarbeit mit dem Schulzweig Hochbegabung und dem Bereich Reformp\u00e4dagogik erm\u00f6glicht uns moderne Unterrichtsmethoden und weitgef\u00e4cherte Ganztagsangebote anzubieten, die somit allen unseren Sch\u00fcler zur Verf\u00fcgung stehen.<\/span><\/p>\t\t\t\t\t\t\t\t<\/div>\n\t\t\t\t<\/div>\n\t\t\t\t<div class=\"elementor-element elementor-element-740f3a1 elementor-icon-list--layout-traditional elementor-list-item-link-full_width elementor-widget elementor-widget-icon-list\" data-id=\"740f3a1\" data-element_type=\"widget\" data-e-type=\"widget\" data-widget_type=\"icon-list.default\">\n\t\t\t\t<div class=\"elementor-widget-container\">\n\t\t\t\t\t\t\t<ul class=\"elementor-icon-list-items\">\n\t\t\t\t\t\t\t<li class=\"elementor-icon-list-item\">\n\t\t\t\t\t\t\t\t\t\t\t<a href=\"\/web\/informationen-fuer-den-einstieg-bei-uns\/\">\n\n\t\t\t\t\t\t\t\t\t\t\t\t<span class=\"elementor-icon-list-icon\">\n\t\t\t\t\t\t\t<i aria-hidden=\"true\" class=\"fas fa-link\"><\/i>\t\t\t\t\t\t<\/span>\n\t\t\t\t\t\t\t\t\t\t<span class=\"elementor-icon-list-text\">Zur Anmeldung hier entlang: Informationen zum Einstieg am AvH<\/span>\n\t\t\t\t\t\t\t\t\t\t\t<\/a>\n\t\t\t\t\t\t\t\t\t<\/li>\n\t\t\t\t\t\t<\/ul>\n\t\t\t\t\t\t<\/div>\n\t\t\t\t<\/div>\n\t\t\t\t\t<\/div>\n\t\t\t\t<\/div>\n\t\t<div class=\"elementor-element elementor-element-7c9749e e-flex e-con-boxed e-con e-parent\" data-id=\"7c9749e\" data-element_type=\"container\" data-e-type=\"container\">\n\t\t\t\t\t<div class=\"e-con-inner\">\n\t\t\t\t<div class=\"elementor-element elementor-element-8096adc elementor-widget elementor-widget-heading\" data-id=\"8096adc\" data-element_type=\"widget\" data-e-type=\"widget\" data-widget_type=\"heading.default\">\n\t\t\t\t<div class=\"elementor-widget-container\">\n\t\t\t\t\t<h2 class=\"elementor-heading-title elementor-size-default\">Reformp\u00e4dagogischer Zweig<\/h2>\t\t\t\t<\/div>\n\t\t\t\t<\/div>\n\t\t\t\t<div class=\"elementor-element elementor-element-eed0862 elementor-widget elementor-widget-text-editor\" data-id=\"eed0862\" data-element_type=\"widget\" data-e-type=\"widget\" data-widget_type=\"text-editor.default\">\n\t\t\t\t<div class=\"elementor-widget-container\">\n\t\t\t\t\t\t\t\t\t<p><span style=\"color: #000000;\">Im R-Bereich erfolgt die Verbindung traditioneller Unterrichtsmethoden mit handlungsorientierten Elementen zur Aktivierung der Selbstt\u00e4tigkeit der Sch\u00fcler. Dazu findet der Unterricht in den Klassen 7-9 in flexiblen Klassenzimmern statt mit jeweils zwei gr\u00f6\u00dferen Projektphasen pro Halbjahr. In diesen werden verpflichtende Lehrplanthemen f\u00e4cher\u00fcbergreifend und unter Verwendung verschiedener Methoden in Kleingruppen erarbeitet und pr\u00e4sentiert. Einen H\u00f6hepunkt stellt dabei das Theaterprojekt in Klassenstufe 9 dar.<\/span><\/p><p><span style=\"color: #000000;\">Dieser Bereich steht allen interessierten Sch\u00fclern offen, arbeitet eng mit dem allgemeinen Bereich und dem Schulzweig Hochbegabung unserer Schule zusammen und erm\u00f6glicht den Lernenden zudem eine F\u00f6rderung in den Bereichen Mathematik, Informatik, Naturwissenschaft und Technik.<\/span><\/p>\t\t\t\t\t\t\t\t<\/div>\n\t\t\t\t<\/div>\n\t\t\t\t<div class=\"elementor-element elementor-element-791b8c2 elementor-icon-list--layout-traditional elementor-list-item-link-full_width elementor-widget elementor-widget-icon-list\" data-id=\"791b8c2\" data-element_type=\"widget\" data-e-type=\"widget\" data-widget_type=\"icon-list.default\">\n\t\t\t\t<div class=\"elementor-widget-container\">\n\t\t\t\t\t\t\t<ul class=\"elementor-icon-list-items\">\n\t\t\t\t\t\t\t<li class=\"elementor-icon-list-item\">\n\t\t\t\t\t\t\t\t\t\t\t<a href=\"https:\/\/humboldt-greifswald.de\/web\/wp-content\/uploads\/2023\/08\/Konzeption_R_Bereich_2019.pdf\">\n\n\t\t\t\t\t\t\t\t\t\t\t\t<span class=\"elementor-icon-list-icon\">\n\t\t\t\t\t\t\t<i aria-hidden=\"true\" class=\"tk tk-file\"><\/i>\t\t\t\t\t\t<\/span>\n\t\t\t\t\t\t\t\t\t\t<span class=\"elementor-icon-list-text\">Konzept des R-Bereichs<\/span>\n\t\t\t\t\t\t\t\t\t\t\t<\/a>\n\t\t\t\t\t\t\t\t\t<\/li>\n\t\t\t\t\t\t\t\t<li class=\"elementor-icon-list-item\">\n\t\t\t\t\t\t\t\t\t\t\t<a href=\"\/web\/informationen-fuer-den-einstieg-bei-uns\/\">\n\n\t\t\t\t\t\t\t\t\t\t\t\t<span class=\"elementor-icon-list-icon\">\n\t\t\t\t\t\t\t<i aria-hidden=\"true\" class=\"fas fa-link\"><\/i>\t\t\t\t\t\t<\/span>\n\t\t\t\t\t\t\t\t\t\t<span class=\"elementor-icon-list-text\">Zur Anmeldung hier entlang: Informationen zum Einstieg am AvH<\/span>\n\t\t\t\t\t\t\t\t\t\t\t<\/a>\n\t\t\t\t\t\t\t\t\t<\/li>\n\t\t\t\t\t\t<\/ul>\n\t\t\t\t\t\t<\/div>\n\t\t\t\t<\/div>\n\t\t\t\t\t<\/div>\n\t\t\t\t<\/div>\n\t\t<div class=\"elementor-element elementor-element-a96eeb5 e-flex e-con-boxed e-con e-parent\" data-id=\"a96eeb5\" data-element_type=\"container\" data-e-type=\"container\">\n\t\t\t\t\t<div class=\"e-con-inner\">\n\t\t\t\t<div class=\"elementor-element elementor-element-5578222 elementor-widget elementor-widget-heading\" data-id=\"5578222\" data-element_type=\"widget\" data-e-type=\"widget\" data-widget_type=\"heading.default\">\n\t\t\t\t<div class=\"elementor-widget-container\">\n\t\t\t\t\t<h2 class=\"elementor-heading-title elementor-size-default\">Schulzweig Hochbegabung<\/h2>\t\t\t\t<\/div>\n\t\t\t\t<\/div>\n\t\t\t\t<div class=\"elementor-element elementor-element-3427099 elementor-widget elementor-widget-text-editor\" data-id=\"3427099\" data-element_type=\"widget\" data-e-type=\"widget\" data-widget_type=\"text-editor.default\">\n\t\t\t\t<div class=\"elementor-widget-container\">\n\t\t\t\t\t\t\t\t\t<p><span style=\"color: #000000;\">Hoch begabte Kinder und Jugendliche werden gemeinhin als von der Natur beschenkte Menschen betrachtet, die keiner besonderen F\u00f6rderung bed\u00fcrfen. Und doch stellen wir im Alltag fest, dass diese Kinder &#8222;ihr R\u00e4nzlein zu tragen haben&#8220;. Sie fallen auf, weil sie anders sind. F\u00fcr diese Kinder wollen wir eine Lernumgebung schaffen, die ihren besonderen Bed\u00fcrfnissen entspricht, die auf unterschiedlichsten Ebenen f\u00f6rdert und fordert.<\/span><\/p><p><span style=\"color: #000000;\">Es besteht die M\u00f6glichkeit, dass Sch\u00fclerinnen und Sch\u00fcler mit einer diagnostizierten Hochbegabung schon ab Klasse 5 das Alexander-von-Humboldt Gymnasium besuchen k\u00f6nnen.<\/span><\/p>\t\t\t\t\t\t\t\t<\/div>\n\t\t\t\t<\/div>\n\t\t\t\t<div class=\"elementor-element elementor-element-feb8929 elementor-icon-list--layout-traditional elementor-list-item-link-full_width elementor-widget elementor-widget-icon-list\" data-id=\"feb8929\" data-element_type=\"widget\" data-e-type=\"widget\" data-widget_type=\"icon-list.default\">\n\t\t\t\t<div class=\"elementor-widget-container\">\n\t\t\t\t\t\t\t<ul class=\"elementor-icon-list-items\">\n\t\t\t\t\t\t\t<li class=\"elementor-icon-list-item\">\n\t\t\t\t\t\t\t\t\t\t\t<a href=\"https:\/\/humboldt-greifswald.de\/web\/wp-content\/uploads\/2023\/08\/KonzeptionH-Klassen2017.pdf\">\n\n\t\t\t\t\t\t\t\t\t\t\t\t<span class=\"elementor-icon-list-icon\">\n\t\t\t\t\t\t\t<i aria-hidden=\"true\" class=\"tk tk-file\"><\/i>\t\t\t\t\t\t<\/span>\n\t\t\t\t\t\t\t\t\t\t<span class=\"elementor-icon-list-text\">Konzeption f\u00fcr unsere Hochbegabtenklassen<\/span>\n\t\t\t\t\t\t\t\t\t\t\t<\/a>\n\t\t\t\t\t\t\t\t\t<\/li>\n\t\t\t\t\t\t\t\t<li class=\"elementor-icon-list-item\">\n\t\t\t\t\t\t\t\t\t\t\t<a href=\"\/web\/informationen-fuer-den-einstieg-bei-uns\/\">\n\n\t\t\t\t\t\t\t\t\t\t\t\t<span class=\"elementor-icon-list-icon\">\n\t\t\t\t\t\t\t<i aria-hidden=\"true\" class=\"fas fa-link\"><\/i>\t\t\t\t\t\t<\/span>\n\t\t\t\t\t\t\t\t\t\t<span class=\"elementor-icon-list-text\">Zur Anmeldung hier entlang: Informationen zum Einstieg am AvH<\/span>\n\t\t\t\t\t\t\t\t\t\t\t<\/a>\n\t\t\t\t\t\t\t\t\t<\/li>\n\t\t\t\t\t\t<\/ul>\n\t\t\t\t\t\t<\/div>\n\t\t\t\t<\/div>\n\t\t\t\t<div class=\"elementor-element elementor-element-b8570e4 elementor-widget elementor-widget-video\" data-id=\"b8570e4\" data-element_type=\"widget\" data-e-type=\"widget\" data-settings=\"{&quot;youtube_url&quot;:&quot;https:\\\/\\\/youtu.be\\\/NtR2b_4LO8o?si=zegc6HqAGoZHwKLP&quot;,&quot;yt_privacy&quot;:&quot;yes&quot;,&quot;video_type&quot;:&quot;youtube&quot;,&quot;controls&quot;:&quot;yes&quot;}\" data-widget_type=\"video.default\">\n\t\t\t\t<div class=\"elementor-widget-container\">\n\t\t\t\t\t\t\t<div class=\"elementor-wrapper elementor-open-inline\">\n\t\t\t<div class=\"elementor-video\"><\/div>\t\t<\/div>\n\t\t\t\t\t\t<\/div>\n\t\t\t\t<\/div>\n\t\t\t\t\t<\/div>\n\t\t\t\t<\/div>\n\t\t<div class=\"elementor-element elementor-element-5ef8fcc e-flex e-con-boxed e-con e-parent\" data-id=\"5ef8fcc\" data-element_type=\"container\" data-e-type=\"container\">\n\t\t\t\t\t<div class=\"e-con-inner\">\n\t\t\t\t<div class=\"elementor-element elementor-element-ffaf1df elementor-button-success elementor-align-center elementor-widget elementor-widget-button\" data-id=\"ffaf1df\" data-element_type=\"widget\" data-e-type=\"widget\" data-widget_type=\"button.default\">\n\t\t\t\t<div class=\"elementor-widget-container\">\n\t\t\t\t\t\t\t\t\t<div class=\"elementor-button-wrapper\">\n\t\t\t\t\t<a class=\"elementor-button elementor-button-link elementor-size-sm\" href=\"https:\/\/karg-magazin.de\/\">\n\t\t\t\t\t\t<span class=\"elementor-button-content-wrapper\">\n\t\t\t\t\t\t<span class=\"elementor-button-icon\">\n\t\t\t\t<i aria-hidden=\"true\" class=\"fas fa-external-link-alt\"><\/i>\t\t\t<\/span>\n\t\t\t\t\t\t\t\t\t<span class=\"elementor-button-text\">Mehr Infos zum Thema Underachievement im Karg-Magazin<\/span>\n\t\t\t\t\t<\/span>\n\t\t\t\t\t<\/a>\n\t\t\t\t<\/div>\n\t\t\t\t\t\t\t\t<\/div>\n\t\t\t\t<\/div>\n\t\t\t\t<div class=\"elementor-element elementor-element-191fde4 elementor-view-default elementor-position-block-start elementor-mobile-position-block-start elementor-widget elementor-widget-icon-box\" data-id=\"191fde4\" data-element_type=\"widget\" data-e-type=\"widget\" data-widget_type=\"icon-box.default\">\n\t\t\t\t<div class=\"elementor-widget-container\">\n\t\t\t\t\t\t\t<div class=\"elementor-icon-box-wrapper\">\n\n\t\t\t\t\t\t<div class=\"elementor-icon-box-icon\">\n\t\t\t\t<a href=\"https:\/\/humboldt-greifswald.de\/web\/wp-content\/uploads\/2023\/08\/Schulprogramm_03_2019.pdf\" class=\"elementor-icon\" tabindex=\"-1\" aria-label=\"Unser Schulprogramm\">\n\t\t\t\t<i aria-hidden=\"true\" class=\"fas fa-star\"><\/i>\t\t\t\t<\/a>\n\t\t\t<\/div>\n\t\t\t\n\t\t\t\t\t\t<div class=\"elementor-icon-box-content\">\n\n\t\t\t\t\t\t\t\t\t<h1 class=\"elementor-icon-box-title\">\n\t\t\t\t\t\t<a href=\"https:\/\/humboldt-greifswald.de\/web\/wp-content\/uploads\/2023\/08\/Schulprogramm_03_2019.pdf\" >\n\t\t\t\t\t\t\tUnser Schulprogramm\t\t\t\t\t\t<\/a>\n\t\t\t\t\t<\/h1>\n\t\t\t\t\n\t\t\t\t\n\t\t\t<\/div>\n\t\t\t\n\t\t<\/div>\n\t\t\t\t\t\t<\/div>\n\t\t\t\t<\/div>\n\t\t\t\t<div class=\"elementor-element elementor-element-668b761 elementor-widget elementor-widget-text-editor\" data-id=\"668b761\" data-element_type=\"widget\" data-e-type=\"widget\" data-widget_type=\"text-editor.default\">\n\t\t\t\t<div class=\"elementor-widget-container\">\n\t\t\t\t\t\t\t\t\t<p><span style=\"color: #000000;\">Sehr geehrte Damen und Herren, liebe Sch\u00fcler,<\/span><\/p><p><span style=\"color: #000000;\">unser Schulprogramm wurde nach einem zweij\u00e4hrigen Prozess 2009 durch die Schulkonferenz einstimmig beschlossen.<\/span><\/p><p><span style=\"color: #000000;\">Es beschreibt, welchem Selbstverst\u00e4ndnis und welchen Zielen sich unsere Schule und alle hier T\u00e4tigen, verpflichtet f\u00fchlen.<\/span><\/p><p><span style=\"color: #000000;\">In der Pr\u00e4ambel und dem Leitbild haben wir versucht, genau dies niederzulegen. Ausgehend von dem Leben und Wirken unseres Namensgebers, des gro\u00dfen Naturwissenschaftlers, Forschers und Humanisten, Alexander von Humboldt, wird dargestellt, wie wir uns Bildung und Miteinander vorstellen.<\/span><\/p><p><span style=\"color: #000000;\">In vier Kapiteln, als R\u00e4ume gedacht, wird f\u00fcr die Felder Bildung, Erleben, Kommunikation und Wissenschaft konkretisiert, welche Schwerpunkte wir setzen.<\/span><\/p><p><span style=\"color: #000000;\">Wir verstehen unser Schulprogramm als Kompass, der die Richtung vorgibt, nicht aber Arbeitsprogramm f\u00fcr jedes noch so kleine Aufgabenfeld. Was Sie daher nicht im Schulprogramm finden werden, ist eine Detailplanung, mit abzurechnenden Zielen f\u00fcr ein Schuljahr. Diese notwendige Konkretisierung erfolgt in Ma\u00dfnahmepl\u00e4nen f\u00fcr drei Jahre und in Jahresarbeitspl\u00e4nen. In diesen wird beschrieben, welche Vorhaben wir schwerpunktm\u00e4\u00dfig in der n\u00e4chsten Zeit umsetzen wollen.<\/span><\/p><p><span style=\"color: #000000;\">Bestandteil des Schulprogramms sind die Anh\u00e4nge, u.a. die schulinterne Stundentafel, die Konzeptionen f\u00fcr die Klassen zur F\u00f6rderung hoch begabter Sch\u00fcler und f\u00fcr die reformp\u00e4dagogisch orientierten Klassen, die schulinternen Lehrpl\u00e4ne&#8230;<\/span><\/p><p><span style=\"color: #000000;\">Neu hinzukommen wird in diesem Jahr eine Konzeption, die beschreibt, wie wir als Schwerpunktschule des Landes im Bereich der MINT-F\u00e4cher die F\u00f6rderung von Interessen, Begabungen und Talenten in den F\u00e4chern Mathematik, Naturwissenschaften und Informatik organisieren wollen.<\/span><\/p><p><span style=\"color: #000000;\">U. Burmeister (Schulleiter)<\/span><\/p>\t\t\t\t\t\t\t\t<\/div>\n\t\t\t\t<\/div>\n\t\t\t\t<div class=\"elementor-element elementor-element-4dca05b elementor-icon-list--layout-traditional elementor-list-item-link-full_width elementor-widget elementor-widget-icon-list\" data-id=\"4dca05b\" data-element_type=\"widget\" data-e-type=\"widget\" data-widget_type=\"icon-list.default\">\n\t\t\t\t<div class=\"elementor-widget-container\">\n\t\t\t\t\t\t\t<ul class=\"elementor-icon-list-items\">\n\t\t\t\t\t\t\t<li class=\"elementor-icon-list-item\">\n\t\t\t\t\t\t\t\t\t\t\t<a href=\"https:\/\/humboldt-greifswald.de\/web\/wp-content\/uploads\/2023\/08\/Schulprogramm_03_2019.pdf\">\n\n\t\t\t\t\t\t\t\t\t\t\t\t<span class=\"elementor-icon-list-icon\">\n\t\t\t\t\t\t\t<i aria-hidden=\"true\" class=\"tk tk-file\"><\/i>\t\t\t\t\t\t<\/span>\n\t\t\t\t\t\t\t\t\t\t<span class=\"elementor-icon-list-text\">Hier als PDF herunterladen und lesen!<\/span>\n\t\t\t\t\t\t\t\t\t\t\t<\/a>\n\t\t\t\t\t\t\t\t\t<\/li>\n\t\t\t\t\t\t<\/ul>\n\t\t\t\t\t\t<\/div>\n\t\t\t\t<\/div>\n\t\t\t\t\t<\/div>\n\t\t\t\t<\/div>\n\t\t<div class=\"elementor-element elementor-element-dfc4ca4 e-flex e-con-boxed e-con e-parent\" data-id=\"dfc4ca4\" data-element_type=\"container\" data-e-type=\"container\">\n\t\t\t\t\t<div class=\"e-con-inner\">\n\t\t\t\t<div class=\"elementor-element elementor-element-3d6976c elementor-view-default elementor-position-block-start elementor-mobile-position-block-start elementor-widget elementor-widget-icon-box\" data-id=\"3d6976c\" data-element_type=\"widget\" data-e-type=\"widget\" data-widget_type=\"icon-box.default\">\n\t\t\t\t<div class=\"elementor-widget-container\">\n\t\t\t\t\t\t\t<div class=\"elementor-icon-box-wrapper\">\n\n\t\t\t\t\t\t<div class=\"elementor-icon-box-icon\">\n\t\t\t\t<span  class=\"elementor-icon\">\n\t\t\t\t<i aria-hidden=\"true\" class=\"tk tk-science-and-tech\"><\/i>\t\t\t\t<\/span>\n\t\t\t<\/div>\n\t\t\t\n\t\t\t\t\t\t<div class=\"elementor-icon-box-content\">\n\n\t\t\t\t\t\t\t\t\t<h1 class=\"elementor-icon-box-title\">\n\t\t\t\t\t\t<span  >\n\t\t\t\t\t\t\tMINT-Schule\t\t\t\t\t\t<\/span>\n\t\t\t\t\t<\/h1>\n\t\t\t\t\n\t\t\t\t\n\t\t\t<\/div>\n\t\t\t\n\t\t<\/div>\n\t\t\t\t\t\t<\/div>\n\t\t\t\t<\/div>\n\t\t\t\t<div class=\"elementor-element elementor-element-f0de516 elementor-widget elementor-widget-text-editor\" data-id=\"f0de516\" data-element_type=\"widget\" data-e-type=\"widget\" data-widget_type=\"text-editor.default\">\n\t\t\t\t<div class=\"elementor-widget-container\">\n\t\t\t\t\t\t\t\t\t<p><span style=\"color: #000000;\">Unsere Schule geh\u00f6rt zu den\u00a0f\u00fcnf Gymnasien in Mecklenburg-Vorpommern mit dem Schwerpunkt Mathematik, Informatik, Naturwissenschaften und Technik. Unsere Sch\u00fcler werden nicht nur im Rahmen des Unterrichts, sondern auch in Kooperation mit\u00a0Einrichtungen unserer Region, besonders der Universit\u00e4t Greifswald, in diesen Bereichen gef\u00f6rdert.<\/span><\/p>\t\t\t\t\t\t\t\t<\/div>\n\t\t\t\t<\/div>\n\t\t\t\t\t<\/div>\n\t\t\t\t<\/div>\n\t\t\t\t<\/div>\n\t\t","protected":false},"excerpt":{"rendered":"<p>Unsere drei Schulbereiche Allgemeiner Bereich Der Allgemeine Bereich steht allen Sch\u00fclern aus Greifswald und Umgebung, die an unserem Gymnasium das Abitur erreichen wollen, offen. Die Sch\u00fcler werden im Zusammenhang unserer Ausrichtung als MINT-Gymnasium in den Bereichen Mathematik, Informatik, Naturwissenschaft und &hellip; <\/p>\n","protected":false},"author":1,"featured_media":0,"parent":0,"menu_order":0,"comment_status":"closed","ping_status":"closed","template":"","meta":{"footnotes":""},"class_list":["post-14172","page","type-page","status-publish","hentry"],"_links":{"self":[{"href":"https:\/\/humboldt-greifswald.de\/web\/wp-json\/wp\/v2\/pages\/14172","targetHints":{"allow":["GET"]}}],"collection":[{"href":"https:\/\/humboldt-greifswald.de\/web\/wp-json\/wp\/v2\/pages"}],"about":[{"href":"https:\/\/humboldt-greifswald.de\/web\/wp-json\/wp\/v2\/types\/page"}],"author":[{"embeddable":true,"href":"https:\/\/humboldt-greifswald.de\/web\/wp-json\/wp\/v2\/users\/1"}],"replies":[{"embeddable":true,"href":"https:\/\/humboldt-greifswald.de\/web\/wp-json\/wp\/v2\/comments?post=14172"}],"version-history":[{"count":37,"href":"https:\/\/humboldt-greifswald.de\/web\/wp-json\/wp\/v2\/pages\/14172\/revisions"}],"predecessor-version":[{"id":15827,"href":"https:\/\/humboldt-greifswald.de\/web\/wp-json\/wp\/v2\/pages\/14172\/revisions\/15827"}],"wp:attachment":[{"href":"https:\/\/humboldt-greifswald.de\/web\/wp-json\/wp\/v2\/media?parent=14172"}],"curies":[{"name":"wp","href":"https:\/\/api.w.org\/{rel}","templated":true}]}}