{"id":14174,"date":"2023-08-20T02:46:40","date_gmt":"2023-08-20T00:46:40","guid":{"rendered":"https:\/\/humboldt-greifswald.de\/web\/?page_id=14174"},"modified":"2023-11-02T22:19:26","modified_gmt":"2023-11-02T21:19:26","slug":"theaterprojekt-der-9r","status":"publish","type":"page","link":"https:\/\/humboldt-greifswald.de\/web\/theaterprojekt-der-9r\/","title":{"rendered":"Theaterprojekt der 9R"},"content":{"rendered":"\t\t<div data-elementor-type=\"wp-page\" data-elementor-id=\"14174\" class=\"elementor elementor-14174\">\n\t\t\t\t<div class=\"elementor-element elementor-element-606aafa e-flex e-con-boxed e-con e-parent\" data-id=\"606aafa\" data-element_type=\"container\" data-e-type=\"container\">\n\t\t\t\t\t<div class=\"e-con-inner\">\n\t\t\t\t<div class=\"elementor-element elementor-element-560abe6 elementor-widget elementor-widget-testimonial\" data-id=\"560abe6\" data-element_type=\"widget\" data-e-type=\"widget\" data-widget_type=\"testimonial.default\">\n\t\t\t\t<div class=\"elementor-widget-container\">\n\t\t\t\t\t\t\t<div class=\"elementor-testimonial-wrapper\">\n\t\t\t\t\t\t\t<div class=\"elementor-testimonial-content\">\"Das Theater bildet mehr als ein dickes Buch.\"<\/div>\n\t\t\t\n\t\t\t\t\t\t<div class=\"elementor-testimonial-meta elementor-has-image elementor-testimonial-image-position-aside\">\n\t\t\t\t<div class=\"elementor-testimonial-meta-inner\">\n\t\t\t\t\t\t\t\t\t\t\t<div class=\"elementor-testimonial-image\">\n\t\t\t\t\t\t\t<img fetchpriority=\"high\" decoding=\"async\" width=\"1920\" height=\"1285\" src=\"https:\/\/humboldt-greifswald.de\/web\/wp-content\/uploads\/2023\/08\/russia-1381260_1920.jpg\" class=\"attachment-full size-full wp-image-14396\" alt=\"\" srcset=\"https:\/\/humboldt-greifswald.de\/web\/wp-content\/uploads\/2023\/08\/russia-1381260_1920.jpg 1920w, https:\/\/humboldt-greifswald.de\/web\/wp-content\/uploads\/2023\/08\/russia-1381260_1920-300x201.jpg 300w, https:\/\/humboldt-greifswald.de\/web\/wp-content\/uploads\/2023\/08\/russia-1381260_1920-1024x685.jpg 1024w, https:\/\/humboldt-greifswald.de\/web\/wp-content\/uploads\/2023\/08\/russia-1381260_1920-768x514.jpg 768w, https:\/\/humboldt-greifswald.de\/web\/wp-content\/uploads\/2023\/08\/russia-1381260_1920-1536x1028.jpg 1536w, https:\/\/humboldt-greifswald.de\/web\/wp-content\/uploads\/2023\/08\/russia-1381260_1920-600x402.jpg 600w\" sizes=\"(max-width: 1920px) 100vw, 1920px\" \/>\t\t\t\t\t\t<\/div>\n\t\t\t\t\t\n\t\t\t\t\t\t\t\t\t\t<div class=\"elementor-testimonial-details\">\n\t\t\t\t\t\t\t\t\t\t\t\t\t\t<div class=\"elementor-testimonial-name\">Voltaire<\/div>\n\t\t\t\t\t\t\t\t\t\t\t\t\t\t\t\t\t\t\t\t\t\t<div class=\"elementor-testimonial-job\">(1694 - 1778)<\/div>\n\t\t\t\t\t\t\t\t\t\t\t\t\t<\/div>\n\t\t\t\t\t\t\t\t\t<\/div>\n\t\t\t<\/div>\n\t\t\t\t\t<\/div>\n\t\t\t\t\t\t<\/div>\n\t\t\t\t<\/div>\n\t\t\t\t<div class=\"elementor-element elementor-element-e052fc2 elementor-widget elementor-widget-text-editor\" data-id=\"e052fc2\" data-element_type=\"widget\" data-e-type=\"widget\" data-widget_type=\"text-editor.default\">\n\t\t\t\t<div class=\"elementor-widget-container\">\n\t\t\t\t\t\t\t\t\t<p><span style=\"color: #000000;\">Im j\u00e4hrlich stattfindenden Theaterprojekt der jeweiligen 9. Klasse des R-Bereichs sammeln die Sch\u00fcler:innen ganz besondere Erfahrungen.\u00a0 Welche genau es sein werden, l\u00e4sst sich meist bis zur Premiere nicht genau vorhersehen. Denn zuerst gilt es, sich als Klasse f\u00fcr ein St\u00fcck und eine k\u00fcnstlerische Form zu entscheiden. Tanztheater? Schauspiel? Eine Romanvorlage nutzen? Oder selbst schreiben? Schon hier beginnt f\u00fcr jede der Klassen ein ganz besonderer Lernprozess. Alle m\u00fcssen diskutieren, akzeptable Kompromisse schlie\u00dfen und eine gemeinsame Entscheidung treffen. Denn am Premierentag steht schlie\u00dflich die gesamte Klasse auf der B\u00fchne. Je nachdem, wie die Entscheidung ausf\u00e4llt, gilt es nun, Sprech- und Schauspieltechniken zu erlernen, tanzen zu \u00fcben, Instrumente zu spielen, Hintergr\u00fcnde zu recherchieren oder Szenen zu schreiben. Bei diesen Aufgaben werden die Sch\u00fcler:innen nicht nur von ihren Lehrkr\u00e4ften, sondern auch intensiv von Profis aus dem Bereich Kunst und Theater unterst\u00fctzt. W\u00e4hrend gemeinsamer Unterrichtsstunden, einer Probenfahrt in der Projektwoche und einer vierw\u00f6chigen Probenphase werden gemeinsam Ideen entwickelt und verworfen, Texte geschrieben und geprobt, Kost\u00fcme ausgew\u00e4hlt, Toneinspielungen aufgenommen und nicht selten verborgene Talente der Jugendlichen entdeckt. Am Ende stehen immer wieder neue und kreative St\u00fccke, vielf\u00e4ltige Erfahrungen und das au\u00dfergew\u00f6hnliche Erlebnis, es als Klasse gemeinsam geschafft zu haben.<\/span><br \/><span style=\"color: #000000;\">Die Idee des Theaterprojektes entstand 2010 in Kooperation mit Nils Kleemann, dem Leiter der Montessori-Schule in Greifswald, und dem Theater Vorpommern. Seitdem wurde j\u00e4hrlich ein St\u00fcck der 9R auf der gro\u00dfen B\u00fchne des Theaters Vorpommern aufgef\u00fchrt. \u201eDer Jasager\u201c war Preistr\u00e4ger bei \u201eKinder zum Olymp!\u201c und \u201eLooking for Parzival\u201c war nominiert f\u00fcr das Theatertreffen der Jugend (Bundeswettbewerb) in Berlin.<\/span><\/p>\t\t\t\t\t\t\t\t<\/div>\n\t\t\t\t<\/div>\n\t\t\t\t<div class=\"elementor-element elementor-element-be7d616 elementor-position-right elementor-vertical-align-middle elementor-widget elementor-widget-image-box\" data-id=\"be7d616\" data-element_type=\"widget\" data-e-type=\"widget\" data-widget_type=\"image-box.default\">\n\t\t\t\t<div class=\"elementor-widget-container\">\n\t\t\t\t\t<div class=\"elementor-image-box-wrapper\"><figure class=\"elementor-image-box-img\"><a href=\"https:\/\/www.theater-vorpommern.de\/\" tabindex=\"-1\"><img decoding=\"async\" width=\"1252\" height=\"503\" src=\"https:\/\/humboldt-greifswald.de\/web\/wp-content\/uploads\/2023\/08\/Logo_Theater_Vorpommern.png\" class=\"attachment-full size-full wp-image-14397\" alt=\"\" srcset=\"https:\/\/humboldt-greifswald.de\/web\/wp-content\/uploads\/2023\/08\/Logo_Theater_Vorpommern.png 1252w, https:\/\/humboldt-greifswald.de\/web\/wp-content\/uploads\/2023\/08\/Logo_Theater_Vorpommern-300x121.png 300w, https:\/\/humboldt-greifswald.de\/web\/wp-content\/uploads\/2023\/08\/Logo_Theater_Vorpommern-1024x411.png 1024w, https:\/\/humboldt-greifswald.de\/web\/wp-content\/uploads\/2023\/08\/Logo_Theater_Vorpommern-768x309.png 768w, https:\/\/humboldt-greifswald.de\/web\/wp-content\/uploads\/2023\/08\/Logo_Theater_Vorpommern-600x241.png 600w\" sizes=\"(max-width: 1252px) 100vw, 1252px\" \/><\/a><\/figure><div class=\"elementor-image-box-content\"><h3 class=\"elementor-image-box-title\"><a href=\"https:\/\/www.theater-vorpommern.de\/\">Das Theaterprojekt ist eine\u00a0Kooperation mit dem<\/a><\/h3><\/div><\/div>\t\t\t\t<\/div>\n\t\t\t\t<\/div>\n\t\t\t\t\t<\/div>\n\t\t\t\t<\/div>\n\t\t<div class=\"elementor-element elementor-element-bbfcc21 e-flex e-con-boxed e-con e-parent\" data-id=\"bbfcc21\" data-element_type=\"container\" data-e-type=\"container\">\n\t\t\t\t\t<div class=\"e-con-inner\">\n\t\t\t\t<div class=\"elementor-element elementor-element-2e3ffce elementor-widget elementor-widget-heading\" data-id=\"2e3ffce\" data-element_type=\"widget\" data-e-type=\"widget\" data-widget_type=\"heading.default\">\n\t\t\t\t<div class=\"elementor-widget-container\">\n\t\t\t\t\t<h2 class=\"elementor-heading-title elementor-size-default\">Unsere Produktionen<\/h2>\t\t\t\t<\/div>\n\t\t\t\t<\/div>\n\t\t\t\t<div class=\"elementor-element elementor-element-6f83454 thim-ekits-post__thumbnail-position-left feature-one-post-no elementor-widget elementor-widget-thim-ekits-list-blog\" data-id=\"6f83454\" data-element_type=\"widget\" data-e-type=\"widget\" data-widget_type=\"thim-ekits-list-blog.default\">\n\t\t\t\t<div class=\"elementor-widget-container\">\n\t\t\t\t\t\t\t\t<div class=\"thim-ekits-post\">\n\t\t\t\t<div class=\"thim-ekits-post__inner\">\n\t\t\t\t\t\t\t<div class=\"thim-ekits-post__article post-16259 post type-post status-publish format-standard has-post-thumbnail hentry category-kultur category-theaterprojekt-9r\">\n\t\t\t\t\t\t\t\t\t<div class=\"thim-ekits-post__thumbnail\">\n\t\t\t<a class=\"post-thumbnail\"\n\t\t\t   href=\"https:\/\/humboldt-greifswald.de\/web\/lost-at-sea-die-jagd-auf-moby-dick\/\" >\n\t\t\t\t<img decoding=\"async\" width=\"300\" height=\"300\" src=\"https:\/\/humboldt-greifswald.de\/web\/wp-content\/uploads\/2025\/11\/insta-300x300.jpg\" class=\"attachment-medium size-medium wp-image-16261\" alt=\"\" srcset=\"https:\/\/humboldt-greifswald.de\/web\/wp-content\/uploads\/2025\/11\/insta-300x300.jpg 300w, https:\/\/humboldt-greifswald.de\/web\/wp-content\/uploads\/2025\/11\/insta-1024x1024.jpg 1024w, https:\/\/humboldt-greifswald.de\/web\/wp-content\/uploads\/2025\/11\/insta-150x150.jpg 150w, https:\/\/humboldt-greifswald.de\/web\/wp-content\/uploads\/2025\/11\/insta-768x768.jpg 768w, https:\/\/humboldt-greifswald.de\/web\/wp-content\/uploads\/2025\/11\/insta-600x600.jpg 600w, https:\/\/humboldt-greifswald.de\/web\/wp-content\/uploads\/2025\/11\/insta.jpg 1080w\" sizes=\"(max-width: 300px) 100vw, 300px\" \/>\t\t\t<\/a>\n\t\t\t\t\t<\/div>\n\t\t\n\t\t\t\t\t\t<div class=\"thim-ekits-post__content\">\n\t\t\t\t<h3 class=\"thim-ekits-post__title\">\n\t\t<a href=\"https:\/\/humboldt-greifswald.de\/web\/lost-at-sea-die-jagd-auf-moby-dick\/\" >\n\t\t\t#lost at sea &#8211; Die Jagd auf Moby Dick!\t\t<\/a>\n\t\t<\/h3>\n\t\t\n\t\t<div class=\"thim-ekits-post__excerpt\">\n\t\t\tDie Sehnsucht nach dem unendlichen Meer! Die Jagd nach etwas, das man nie bekommen kann! Wissenswertes \u00fcber die Seefahrt, Grusel, Abenteuer und Philosophie, all das bietet der weltber\u00fchmte Roman \u201eMoby Dick\u201c von Herman Melville.K\u00f6nntest du dir vorstellen, alles zur\u00fcckzulassen und &hellip;\t\t<\/div>\n\n\t\t\t\t<a class=\"thim-ekits-post__read-more\"\n\t\t   href=\"https:\/\/humboldt-greifswald.de\/web\/lost-at-sea-die-jagd-auf-moby-dick\/\" >\n\t\t\tWeiterlesen \u00bb\t\t\t\t\t<\/a>\n\t\t\t\t<\/div>\n\t\t\t\t\t\t\t<\/div>\n\t\t\t\t<div class=\"thim-ekits-post__article post-15798 post type-post status-publish format-standard has-post-thumbnail hentry category-kultur category-theaterprojekt-9r\">\n\t\t\t\t\t\t\t\t\t<div class=\"thim-ekits-post__thumbnail\">\n\t\t\t<a class=\"post-thumbnail\"\n\t\t\t   href=\"https:\/\/humboldt-greifswald.de\/web\/frogg-off-dein-leben-voll-verplant\/\" >\n\t\t\t\t<img loading=\"lazy\" decoding=\"async\" width=\"300\" height=\"130\" src=\"https:\/\/humboldt-greifswald.de\/web\/wp-content\/uploads\/2024\/12\/Frogg-Off-short-300x130.jpg\" class=\"attachment-medium size-medium wp-image-15815\" alt=\"\" srcset=\"https:\/\/humboldt-greifswald.de\/web\/wp-content\/uploads\/2024\/12\/Frogg-Off-short-300x130.jpg 300w, https:\/\/humboldt-greifswald.de\/web\/wp-content\/uploads\/2024\/12\/Frogg-Off-short-1024x444.jpg 1024w, https:\/\/humboldt-greifswald.de\/web\/wp-content\/uploads\/2024\/12\/Frogg-Off-short-768x333.jpg 768w, https:\/\/humboldt-greifswald.de\/web\/wp-content\/uploads\/2024\/12\/Frogg-Off-short-1536x666.jpg 1536w, https:\/\/humboldt-greifswald.de\/web\/wp-content\/uploads\/2024\/12\/Frogg-Off-short-600x260.jpg 600w, https:\/\/humboldt-greifswald.de\/web\/wp-content\/uploads\/2024\/12\/Frogg-Off-short.jpg 1920w\" sizes=\"(max-width: 300px) 100vw, 300px\" \/>\t\t\t<\/a>\n\t\t\t\t\t<\/div>\n\t\t\n\t\t\t\t\t\t<div class=\"thim-ekits-post__content\">\n\t\t\t\t<h3 class=\"thim-ekits-post__title\">\n\t\t<a href=\"https:\/\/humboldt-greifswald.de\/web\/frogg-off-dein-leben-voll-verplant\/\" >\n\t\t\tFROGG OFF &#8211; Dein Leben voll verplant\t\t<\/a>\n\t\t<\/h3>\n\t\t\n\t\t<div class=\"thim-ekits-post__excerpt\">\n\t\t\tEs spielten: Die Klasse 9R des Alexander-von-Humboldt-Gymnasiums GreifswaldSpielleitung: Susanne Kreckel und Stephan Waak Zwei Welten, wie sie unterschiedlicher nicht sein k\u00f6nnten: Auf der einen Seite das Schloss, ein hocheffizientes Mineralwasserunternehmen, fixiert auf Arbeit und Leistung. Auf der anderen Seite die &hellip;\t\t<\/div>\n\n\t\t\t\t<a class=\"thim-ekits-post__read-more\"\n\t\t   href=\"https:\/\/humboldt-greifswald.de\/web\/frogg-off-dein-leben-voll-verplant\/\" >\n\t\t\tWeiterlesen \u00bb\t\t\t\t\t<\/a>\n\t\t\t\t<\/div>\n\t\t\t\t\t\t\t<\/div>\n\t\t\t\t<div class=\"thim-ekits-post__article post-15428 post type-post status-publish format-standard has-post-thumbnail hentry category-theaterprojekt-9r\">\n\t\t\t\t\t\t\t\t\t<div class=\"thim-ekits-post__thumbnail\">\n\t\t\t<a class=\"post-thumbnail\"\n\t\t\t   href=\"https:\/\/humboldt-greifswald.de\/web\/white-cappuccino\/\" >\n\t\t\t\t<img loading=\"lazy\" decoding=\"async\" width=\"107\" height=\"300\" src=\"https:\/\/humboldt-greifswald.de\/web\/wp-content\/uploads\/2023\/11\/Plakat-final-1-107x300.png\" class=\"attachment-medium size-medium wp-image-15476\" alt=\"\" srcset=\"https:\/\/humboldt-greifswald.de\/web\/wp-content\/uploads\/2023\/11\/Plakat-final-1-107x300.png 107w, https:\/\/humboldt-greifswald.de\/web\/wp-content\/uploads\/2023\/11\/Plakat-final-1-367x1024.png 367w, https:\/\/humboldt-greifswald.de\/web\/wp-content\/uploads\/2023\/11\/Plakat-final-1-768x2144.png 768w, https:\/\/humboldt-greifswald.de\/web\/wp-content\/uploads\/2023\/11\/Plakat-final-1-550x1536.png 550w, https:\/\/humboldt-greifswald.de\/web\/wp-content\/uploads\/2023\/11\/Plakat-final-1-734x2048.png 734w, https:\/\/humboldt-greifswald.de\/web\/wp-content\/uploads\/2023\/11\/Plakat-final-1-600x1675.png 600w, https:\/\/humboldt-greifswald.de\/web\/wp-content\/uploads\/2023\/11\/Plakat-final-1.png 835w\" sizes=\"(max-width: 107px) 100vw, 107px\" \/>\t\t\t<\/a>\n\t\t\t\t\t<\/div>\n\t\t\n\t\t\t\t\t\t<div class=\"thim-ekits-post__content\">\n\t\t\t\t<h3 class=\"thim-ekits-post__title\">\n\t\t<a href=\"https:\/\/humboldt-greifswald.de\/web\/white-cappuccino\/\" >\n\t\t\tWhite Cappuccino\t\t<\/a>\n\t\t<\/h3>\n\t\t\n\t\t<div class=\"thim-ekits-post__excerpt\">\n\t\t\tWhite Cappuccino Wie viele Mauern brauchen wir eigentlich noch\u2026? Projektjahr: 2023\/24 | Spielleitung: Claudia Bieber | \u00dcber das St\u00fcck: Von klein auf wurde uns beigebracht, dass alle Menschen gleich sind. Sicher? Na klar! Aber \u2013 haben wir uns nicht alle &hellip;\t\t<\/div>\n\n\t\t\t\t<a class=\"thim-ekits-post__read-more\"\n\t\t   href=\"https:\/\/humboldt-greifswald.de\/web\/white-cappuccino\/\" >\n\t\t\tWeiterlesen \u00bb\t\t\t\t\t<\/a>\n\t\t\t\t<\/div>\n\t\t\t\t\t\t\t<\/div>\n\t\t\t\t<div class=\"thim-ekits-post__article post-14402 post type-post status-publish format-standard has-post-thumbnail hentry category-theaterprojekt-9r\">\n\t\t\t\t\t\t\t\t\t<div class=\"thim-ekits-post__thumbnail\">\n\t\t\t<a class=\"post-thumbnail\"\n\t\t\t   href=\"https:\/\/humboldt-greifswald.de\/web\/odysseus-work-travel\/\" >\n\t\t\t\t<img loading=\"lazy\" decoding=\"async\" width=\"300\" height=\"200\" src=\"https:\/\/humboldt-greifswald.de\/web\/wp-content\/uploads\/2023\/08\/Odysseus_web_4-scaled-300x200.jpg\" class=\"attachment-medium size-medium wp-image-14408\" alt=\"\" srcset=\"https:\/\/humboldt-greifswald.de\/web\/wp-content\/uploads\/2023\/08\/Odysseus_web_4-scaled-300x200.jpg 300w, https:\/\/humboldt-greifswald.de\/web\/wp-content\/uploads\/2023\/08\/Odysseus_web_4-scaled-1024x683.jpg 1024w, https:\/\/humboldt-greifswald.de\/web\/wp-content\/uploads\/2023\/08\/Odysseus_web_4-768x512.jpg 768w, https:\/\/humboldt-greifswald.de\/web\/wp-content\/uploads\/2023\/08\/Odysseus_web_4-scaled-1536x1024.jpg 1536w, https:\/\/humboldt-greifswald.de\/web\/wp-content\/uploads\/2023\/08\/Odysseus_web_4-scaled-2048x1366.jpg 2048w, https:\/\/humboldt-greifswald.de\/web\/wp-content\/uploads\/2023\/08\/Odysseus_web_4-scaled-600x400.jpg 600w\" sizes=\"(max-width: 300px) 100vw, 300px\" \/>\t\t\t<\/a>\n\t\t\t\t\t<\/div>\n\t\t\n\t\t\t\t\t\t<div class=\"thim-ekits-post__content\">\n\t\t\t\t<h3 class=\"thim-ekits-post__title\">\n\t\t<a href=\"https:\/\/humboldt-greifswald.de\/web\/odysseus-work-travel\/\" >\n\t\t\tOdysseus (Work &amp; Travel)\t\t<\/a>\n\t\t<\/h3>\n\t\t\n\t\t<div class=\"thim-ekits-post__excerpt\">\n\t\t\tProjektjahr: 2022\/23 | St\u00fccktext und Spielleitung: Christian Holm | \u00dcber das St\u00fcck: Die G\u00f6tter hei\u00dfen Poseidon, Zeus oder Athene und sie kreisen wie Helikopter \u00fcber dem Kopf unseres jungen Helden Odysseus. Sie mischen sich in alles ein, wollen mitbestimmen und &hellip;\t\t<\/div>\n\n\t\t\t\t<a class=\"thim-ekits-post__read-more\"\n\t\t   href=\"https:\/\/humboldt-greifswald.de\/web\/odysseus-work-travel\/\" >\n\t\t\tWeiterlesen \u00bb\t\t\t\t\t<\/a>\n\t\t\t\t<\/div>\n\t\t\t\t\t\t\t<\/div>\n\t\t\t\t<div class=\"thim-ekits-post__article post-14434 post type-post status-publish format-standard has-post-thumbnail hentry category-theaterprojekt-9r\">\n\t\t\t\t\t\t\t\t\t<div class=\"thim-ekits-post__thumbnail\">\n\t\t\t<a class=\"post-thumbnail\"\n\t\t\t   href=\"https:\/\/humboldt-greifswald.de\/web\/billion\/\" >\n\t\t\t\t<img loading=\"lazy\" decoding=\"async\" width=\"300\" height=\"200\" src=\"https:\/\/humboldt-greifswald.de\/web\/wp-content\/uploads\/2023\/08\/Billion_web_1-scaled-300x200.jpg\" class=\"attachment-medium size-medium wp-image-14447\" alt=\"\" srcset=\"https:\/\/humboldt-greifswald.de\/web\/wp-content\/uploads\/2023\/08\/Billion_web_1-scaled-300x200.jpg 300w, https:\/\/humboldt-greifswald.de\/web\/wp-content\/uploads\/2023\/08\/Billion_web_1-scaled-1024x683.jpg 1024w, https:\/\/humboldt-greifswald.de\/web\/wp-content\/uploads\/2023\/08\/Billion_web_1-768x512.jpg 768w, https:\/\/humboldt-greifswald.de\/web\/wp-content\/uploads\/2023\/08\/Billion_web_1-scaled-1536x1024.jpg 1536w, https:\/\/humboldt-greifswald.de\/web\/wp-content\/uploads\/2023\/08\/Billion_web_1-scaled-2048x1366.jpg 2048w, https:\/\/humboldt-greifswald.de\/web\/wp-content\/uploads\/2023\/08\/Billion_web_1-scaled-600x400.jpg 600w\" sizes=\"(max-width: 300px) 100vw, 300px\" \/>\t\t\t<\/a>\n\t\t\t\t\t<\/div>\n\t\t\n\t\t\t\t\t\t<div class=\"thim-ekits-post__content\">\n\t\t\t\t<h3 class=\"thim-ekits-post__title\">\n\t\t<a href=\"https:\/\/humboldt-greifswald.de\/web\/billion\/\" >\n\t\t\t<del>BILL<\/del>ION\t\t<\/a>\n\t\t<\/h3>\n\t\t\n\t\t<div class=\"thim-ekits-post__excerpt\">\n\t\t\tProjektjahr: 2021\/22 | Spielleitung: Barbara Gottwald | \u00dcber das St\u00fcck: (Wird in K\u00fcrze erg\u00e4nzt)\t\t<\/div>\n\n\t\t\t\t<a class=\"thim-ekits-post__read-more\"\n\t\t   href=\"https:\/\/humboldt-greifswald.de\/web\/billion\/\" >\n\t\t\tWeiterlesen \u00bb\t\t\t\t\t<\/a>\n\t\t\t\t<\/div>\n\t\t\t\t\t\t\t<\/div>\n\t\t\t\t<div class=\"thim-ekits-post__article post-14436 post type-post status-publish format-standard has-post-thumbnail hentry category-theaterprojekt-9r\">\n\t\t\t\t\t\t\t\t\t<div class=\"thim-ekits-post__thumbnail\">\n\t\t\t<a class=\"post-thumbnail\"\n\t\t\t   href=\"https:\/\/humboldt-greifswald.de\/web\/180sec\/\" >\n\t\t\t\t<img loading=\"lazy\" decoding=\"async\" width=\"300\" height=\"169\" src=\"https:\/\/humboldt-greifswald.de\/web\/wp-content\/uploads\/2021\/01\/180sec_20-300x169.jpg\" class=\"attachment-medium size-medium wp-image-14482\" alt=\"\" srcset=\"https:\/\/humboldt-greifswald.de\/web\/wp-content\/uploads\/2021\/01\/180sec_20-300x169.jpg 300w, https:\/\/humboldt-greifswald.de\/web\/wp-content\/uploads\/2021\/01\/180sec_20-1024x576.jpg 1024w, https:\/\/humboldt-greifswald.de\/web\/wp-content\/uploads\/2021\/01\/180sec_20-768x432.jpg 768w, https:\/\/humboldt-greifswald.de\/web\/wp-content\/uploads\/2021\/01\/180sec_20-1536x864.jpg 1536w, https:\/\/humboldt-greifswald.de\/web\/wp-content\/uploads\/2021\/01\/180sec_20-600x338.jpg 600w, https:\/\/humboldt-greifswald.de\/web\/wp-content\/uploads\/2021\/01\/180sec_20.jpg 1920w\" sizes=\"(max-width: 300px) 100vw, 300px\" \/>\t\t\t<\/a>\n\t\t\t\t\t<\/div>\n\t\t\n\t\t\t\t\t\t<div class=\"thim-ekits-post__content\">\n\t\t\t\t<h3 class=\"thim-ekits-post__title\">\n\t\t<a href=\"https:\/\/humboldt-greifswald.de\/web\/180sec\/\" >\n\t\t\t180sec\t\t<\/a>\n\t\t<\/h3>\n\t\t\n\t\t<div class=\"thim-ekits-post__excerpt\">\n\t\t\tProjektjahr: 2020\/21 | Choreografie: D\u00f6rte B\u00e4hr &#038; Nathan Cornwell | \u00dcber das St\u00fcck: 180 sec. ohne Atem ist die durchschnittliche Grenze zwischen Leben und Tod. Das Tanztheaterprojekt der 9R des Humboldt-Gymnasiums experimentiert mit dem Atem und der Atemlosigkeit in unserem &hellip;\t\t<\/div>\n\n\t\t\t\t<a class=\"thim-ekits-post__read-more\"\n\t\t   href=\"https:\/\/humboldt-greifswald.de\/web\/180sec\/\" >\n\t\t\tWeiterlesen \u00bb\t\t\t\t\t<\/a>\n\t\t\t\t<\/div>\n\t\t\t\t\t\t\t<\/div>\n\t\t\t\t<div class=\"thim-ekits-post__article post-14437 post type-post status-publish format-standard has-post-thumbnail hentry category-theaterprojekt-9r\">\n\t\t\t\t\t\t\t\t\t<div class=\"thim-ekits-post__thumbnail\">\n\t\t\t<a class=\"post-thumbnail\"\n\t\t\t   href=\"https:\/\/humboldt-greifswald.de\/web\/wir-sind-zwei-die-geschichte-von-orpheus-und-eurydike\/\" >\n\t\t\t\t<img loading=\"lazy\" decoding=\"async\" width=\"300\" height=\"200\" src=\"https:\/\/humboldt-greifswald.de\/web\/wp-content\/uploads\/2020\/01\/Wir-sind-zwei_24-300x200.jpg\" class=\"attachment-medium size-medium wp-image-14514\" alt=\"\" srcset=\"https:\/\/humboldt-greifswald.de\/web\/wp-content\/uploads\/2020\/01\/Wir-sind-zwei_24-300x200.jpg 300w, https:\/\/humboldt-greifswald.de\/web\/wp-content\/uploads\/2020\/01\/Wir-sind-zwei_24-1024x683.jpg 1024w, https:\/\/humboldt-greifswald.de\/web\/wp-content\/uploads\/2020\/01\/Wir-sind-zwei_24-768x512.jpg 768w, https:\/\/humboldt-greifswald.de\/web\/wp-content\/uploads\/2020\/01\/Wir-sind-zwei_24-600x400.jpg 600w, https:\/\/humboldt-greifswald.de\/web\/wp-content\/uploads\/2020\/01\/Wir-sind-zwei_24.jpg 1500w\" sizes=\"(max-width: 300px) 100vw, 300px\" \/>\t\t\t<\/a>\n\t\t\t\t\t<\/div>\n\t\t\n\t\t\t\t\t\t<div class=\"thim-ekits-post__content\">\n\t\t\t\t<h3 class=\"thim-ekits-post__title\">\n\t\t<a href=\"https:\/\/humboldt-greifswald.de\/web\/wir-sind-zwei-die-geschichte-von-orpheus-und-eurydike\/\" >\n\t\t\tWir sind zwei! Die Geschichte von Orpheus und Eurydike\t\t<\/a>\n\t\t<\/h3>\n\t\t\n\t\t<div class=\"thim-ekits-post__excerpt\">\n\t\t\tProjektjahr: 2019\/20 | St\u00fccktext und Spielleitung: Christian Holm | \u00dcber das St\u00fcck: \u201eKann denn nicht mal irgendwas gut ausgehen?\u201c \u201eNicht im Mythos.\u201c \u201eUnd wenn wir uns unseren eigenen Mythos ausdenken?\u201c Es hatte so sch\u00f6n angefangen &#8211; und dann kam der &hellip;\t\t<\/div>\n\n\t\t\t\t<a class=\"thim-ekits-post__read-more\"\n\t\t   href=\"https:\/\/humboldt-greifswald.de\/web\/wir-sind-zwei-die-geschichte-von-orpheus-und-eurydike\/\" >\n\t\t\tWeiterlesen \u00bb\t\t\t\t\t<\/a>\n\t\t\t\t<\/div>\n\t\t\t\t\t\t\t<\/div>\n\t\t\t\t<div class=\"thim-ekits-post__article post-14438 post type-post status-publish format-standard has-post-thumbnail hentry category-theaterprojekt-9r\">\n\t\t\t\t\t\t\t\t\t<div class=\"thim-ekits-post__thumbnail\">\n\t\t\t<a class=\"post-thumbnail\"\n\t\t\t   href=\"https:\/\/humboldt-greifswald.de\/web\/schattenseiten-im-bann-von-richard\/\" >\n\t\t\t\t<img loading=\"lazy\" decoding=\"async\" width=\"300\" height=\"200\" src=\"https:\/\/humboldt-greifswald.de\/web\/wp-content\/uploads\/2019\/01\/Schattenseiten_72-300x200.jpg\" class=\"attachment-medium size-medium wp-image-14651\" alt=\"\" srcset=\"https:\/\/humboldt-greifswald.de\/web\/wp-content\/uploads\/2019\/01\/Schattenseiten_72-300x200.jpg 300w, https:\/\/humboldt-greifswald.de\/web\/wp-content\/uploads\/2019\/01\/Schattenseiten_72-1024x683.jpg 1024w, https:\/\/humboldt-greifswald.de\/web\/wp-content\/uploads\/2019\/01\/Schattenseiten_72-768x512.jpg 768w, https:\/\/humboldt-greifswald.de\/web\/wp-content\/uploads\/2019\/01\/Schattenseiten_72-600x400.jpg 600w, https:\/\/humboldt-greifswald.de\/web\/wp-content\/uploads\/2019\/01\/Schattenseiten_72.jpg 1500w\" sizes=\"(max-width: 300px) 100vw, 300px\" \/>\t\t\t<\/a>\n\t\t\t\t\t<\/div>\n\t\t\n\t\t\t\t\t\t<div class=\"thim-ekits-post__content\">\n\t\t\t\t<h3 class=\"thim-ekits-post__title\">\n\t\t<a href=\"https:\/\/humboldt-greifswald.de\/web\/schattenseiten-im-bann-von-richard\/\" >\n\t\t\tSchattenseiten &#8211; Im Bann von Richard\t\t<\/a>\n\t\t<\/h3>\n\t\t\n\t\t<div class=\"thim-ekits-post__excerpt\">\n\t\t\tProjektjahr: 2018\/19 | Spielleitung: Silke Lenz &#038; Jan Holten | \u00dcber das St\u00fcck: \u201eWo viel Licht ist, ist ein starker Schatten\u201c, wusste schon der Dichterf\u00fcrst Johann Wolfgang von Goethe. Das hat sich auch in den letzten 200 Jahren nicht ge\u00e4ndert. &hellip;\t\t<\/div>\n\n\t\t\t\t<a class=\"thim-ekits-post__read-more\"\n\t\t   href=\"https:\/\/humboldt-greifswald.de\/web\/schattenseiten-im-bann-von-richard\/\" >\n\t\t\tWeiterlesen \u00bb\t\t\t\t\t<\/a>\n\t\t\t\t<\/div>\n\t\t\t\t\t\t\t<\/div>\n\t\t\t\t<div class=\"thim-ekits-post__article post-14439 post type-post status-publish format-standard has-post-thumbnail hentry category-theaterprojekt-9r\">\n\t\t\t\t\t\t\t\t\t<div class=\"thim-ekits-post__thumbnail\">\n\t\t\t<a class=\"post-thumbnail\"\n\t\t\t   href=\"https:\/\/humboldt-greifswald.de\/web\/zeitlos\/\" >\n\t\t\t\t<img loading=\"lazy\" decoding=\"async\" width=\"300\" height=\"200\" src=\"https:\/\/humboldt-greifswald.de\/web\/wp-content\/uploads\/2018\/01\/zeitlos_15-300x200.jpg\" class=\"attachment-medium size-medium wp-image-14753\" alt=\"\" srcset=\"https:\/\/humboldt-greifswald.de\/web\/wp-content\/uploads\/2018\/01\/zeitlos_15-300x200.jpg 300w, https:\/\/humboldt-greifswald.de\/web\/wp-content\/uploads\/2018\/01\/zeitlos_15-1024x683.jpg 1024w, https:\/\/humboldt-greifswald.de\/web\/wp-content\/uploads\/2018\/01\/zeitlos_15-768x512.jpg 768w, https:\/\/humboldt-greifswald.de\/web\/wp-content\/uploads\/2018\/01\/zeitlos_15-600x400.jpg 600w, https:\/\/humboldt-greifswald.de\/web\/wp-content\/uploads\/2018\/01\/zeitlos_15.jpg 1500w\" sizes=\"(max-width: 300px) 100vw, 300px\" \/>\t\t\t<\/a>\n\t\t\t\t\t<\/div>\n\t\t\n\t\t\t\t\t\t<div class=\"thim-ekits-post__content\">\n\t\t\t\t<h3 class=\"thim-ekits-post__title\">\n\t\t<a href=\"https:\/\/humboldt-greifswald.de\/web\/zeitlos\/\" >\n\t\t\tzeitlos\t\t<\/a>\n\t\t<\/h3>\n\t\t\n\t\t<div class=\"thim-ekits-post__excerpt\">\n\t\t\tProjektjahr: 2017\/18 | Spielleitung: Barbara Gottwald, Katja Klemt, Anne Reinhold &#038; Martin Schirbel | \u00dcber das St\u00fcck: Was ist nur mit der Zeit los? Sie scheint v\u00f6llig aus dem Rhythmus: Mal geht sie zu schnell, dann wiederholt sie sich oder &hellip;\t\t<\/div>\n\n\t\t\t\t<a class=\"thim-ekits-post__read-more\"\n\t\t   href=\"https:\/\/humboldt-greifswald.de\/web\/zeitlos\/\" >\n\t\t\tWeiterlesen \u00bb\t\t\t\t\t<\/a>\n\t\t\t\t<\/div>\n\t\t\t\t\t\t\t<\/div>\n\t\t\t\t<div class=\"thim-ekits-post__article post-14440 post type-post status-publish format-standard has-post-thumbnail hentry category-theaterprojekt-9r\">\n\t\t\t\t\t\t\t\t\t<div class=\"thim-ekits-post__thumbnail\">\n\t\t\t<a class=\"post-thumbnail\"\n\t\t\t   href=\"https:\/\/humboldt-greifswald.de\/web\/brainstorm\/\" >\n\t\t\t\t<img loading=\"lazy\" decoding=\"async\" width=\"300\" height=\"200\" src=\"https:\/\/humboldt-greifswald.de\/web\/wp-content\/uploads\/2023\/08\/Brainstorm_19-300x200.jpg\" class=\"attachment-medium size-medium wp-image-14811\" alt=\"\" srcset=\"https:\/\/humboldt-greifswald.de\/web\/wp-content\/uploads\/2023\/08\/Brainstorm_19-300x200.jpg 300w, https:\/\/humboldt-greifswald.de\/web\/wp-content\/uploads\/2023\/08\/Brainstorm_19-1024x683.jpg 1024w, https:\/\/humboldt-greifswald.de\/web\/wp-content\/uploads\/2023\/08\/Brainstorm_19-768x512.jpg 768w, https:\/\/humboldt-greifswald.de\/web\/wp-content\/uploads\/2023\/08\/Brainstorm_19-600x400.jpg 600w, https:\/\/humboldt-greifswald.de\/web\/wp-content\/uploads\/2023\/08\/Brainstorm_19.jpg 1500w\" sizes=\"(max-width: 300px) 100vw, 300px\" \/>\t\t\t<\/a>\n\t\t\t\t\t<\/div>\n\t\t\n\t\t\t\t\t\t<div class=\"thim-ekits-post__content\">\n\t\t\t\t<h3 class=\"thim-ekits-post__title\">\n\t\t<a href=\"https:\/\/humboldt-greifswald.de\/web\/brainstorm\/\" >\n\t\t\tbrainstorm!\t\t<\/a>\n\t\t<\/h3>\n\t\t\n\t\t<div class=\"thim-ekits-post__excerpt\">\n\t\t\tProjektjahr: 2016\/17 | Ein St\u00fcck von Christian Holm | Regie: Christian Holm &#038; Eva-Maria Blumentrath | Projektbericht &#8222;Turow-Tagebuch&#8220; hier zum Download:\t\t<\/div>\n\n\t\t\t\t<a class=\"thim-ekits-post__read-more\"\n\t\t   href=\"https:\/\/humboldt-greifswald.de\/web\/brainstorm\/\" >\n\t\t\tWeiterlesen \u00bb\t\t\t\t\t<\/a>\n\t\t\t\t<\/div>\n\t\t\t\t\t\t\t<\/div>\n\t\t\t\t\t\t<\/div>\n\t\t\t<\/div>\n\n\t\t\t\t\t\t\t<\/div>\n\t\t\t\t<\/div>\n\t\t\t\t<div class=\"elementor-element elementor-element-540133e elementor-widget elementor-widget-heading\" data-id=\"540133e\" data-element_type=\"widget\" data-e-type=\"widget\" data-widget_type=\"heading.default\">\n\t\t\t\t<div class=\"elementor-widget-container\">\n\t\t\t\t\t<h4 class=\"elementor-heading-title elementor-size-default\">\u00c4ltere Produktionen<\/h4>\t\t\t\t<\/div>\n\t\t\t\t<\/div>\n\t\t\t\t<div class=\"elementor-element elementor-element-96019aa elementor-icon-list--layout-traditional elementor-list-item-link-full_width elementor-widget elementor-widget-icon-list\" data-id=\"96019aa\" data-element_type=\"widget\" data-e-type=\"widget\" data-widget_type=\"icon-list.default\">\n\t\t\t\t<div class=\"elementor-widget-container\">\n\t\t\t\t\t\t\t<ul class=\"elementor-icon-list-items\">\n\t\t\t\t\t\t\t<li class=\"elementor-icon-list-item\">\n\t\t\t\t\t\t\t\t\t\t\t<span class=\"elementor-icon-list-icon\">\n\t\t\t\t\t\t\t<i aria-hidden=\"true\" class=\"fas fa-theater-masks\"><\/i>\t\t\t\t\t\t<\/span>\n\t\t\t\t\t\t\t\t\t\t<span class=\"elementor-icon-list-text\">2015\/16: <b>Generation Z \u2013 oder was?<\/b> (Regie: Henriette Sehmsdorf)<\/span>\n\t\t\t\t\t\t\t\t\t<\/li>\n\t\t\t\t\t\t\t\t<li class=\"elementor-icon-list-item\">\n\t\t\t\t\t\t\t\t\t\t\t<span class=\"elementor-icon-list-icon\">\n\t\t\t\t\t\t\t<i aria-hidden=\"true\" class=\"fas fa-theater-masks\"><\/i>\t\t\t\t\t\t<\/span>\n\t\t\t\t\t\t\t\t\t\t<span class=\"elementor-icon-list-text\">2014\/15: <b>Variante RD<\/b> (Choreografie: Katja Maul)<\/span>\n\t\t\t\t\t\t\t\t\t<\/li>\n\t\t\t\t\t\t\t\t<li class=\"elementor-icon-list-item\">\n\t\t\t\t\t\t\t\t\t\t\t<span class=\"elementor-icon-list-icon\">\n\t\t\t\t\t\t\t<i aria-hidden=\"true\" class=\"fas fa-theater-masks\"><\/i>\t\t\t\t\t\t<\/span>\n\t\t\t\t\t\t\t\t\t\t<span class=\"elementor-icon-list-text\">2013\/14: <b>Looking for Parzival<\/b> Ein St\u00fcck von Christian Holm (Regie: Christian Holm und Eva-Maria Blumentrath)<\/span>\n\t\t\t\t\t\t\t\t\t<\/li>\n\t\t\t\t\t\t\t\t<li class=\"elementor-icon-list-item\">\n\t\t\t\t\t\t\t\t\t\t\t<span class=\"elementor-icon-list-icon\">\n\t\t\t\t\t\t\t<i aria-hidden=\"true\" class=\"fas fa-theater-masks\"><\/i>\t\t\t\t\t\t<\/span>\n\t\t\t\t\t\t\t\t\t\t<span class=\"elementor-icon-list-text\">2012\/13: Janne Teller: <b>Nichts. Was im Leben wichtig ist<\/b> (Regie: Katja Klemt)<\/span>\n\t\t\t\t\t\t\t\t\t<\/li>\n\t\t\t\t\t\t\t\t<li class=\"elementor-icon-list-item\">\n\t\t\t\t\t\t\t\t\t\t\t<span class=\"elementor-icon-list-icon\">\n\t\t\t\t\t\t\t<i aria-hidden=\"true\" class=\"fas fa-theater-masks\"><\/i>\t\t\t\t\t\t<\/span>\n\t\t\t\t\t\t\t\t\t\t<span class=\"elementor-icon-list-text\">2011\/12: Bertolt Brecht: <b>Der Jasager<\/b> (Regie: Henriette Sehmsdorf, Musikalische Leitung: Georg Fischer)<\/span>\n\t\t\t\t\t\t\t\t\t<\/li>\n\t\t\t\t\t\t\t\t<li class=\"elementor-icon-list-item\">\n\t\t\t\t\t\t\t\t\t\t\t<span class=\"elementor-icon-list-icon\">\n\t\t\t\t\t\t\t<i aria-hidden=\"true\" class=\"fas fa-theater-masks\"><\/i>\t\t\t\t\t\t<\/span>\n\t\t\t\t\t\t\t\t\t\t<span class=\"elementor-icon-list-text\">2010\/11: <b>kopflos<\/b> (Regie: Barbara Gottwald)<\/span>\n\t\t\t\t\t\t\t\t\t<\/li>\n\t\t\t\t\t\t\t\t<li class=\"elementor-icon-list-item\">\n\t\t\t\t\t\t\t\t\t\t\t<span class=\"elementor-icon-list-icon\">\n\t\t\t\t\t\t\t<i aria-hidden=\"true\" class=\"fas fa-theater-masks\"><\/i>\t\t\t\t\t\t<\/span>\n\t\t\t\t\t\t\t\t\t\t<span class=\"elementor-icon-list-text\">2009\/10: Antonia Michaelis: <b>Finnland oder Noras Tag<\/b> (Regie: Henriette Sehmsdorf)<\/span>\n\t\t\t\t\t\t\t\t\t<\/li>\n\t\t\t\t\t\t<\/ul>\n\t\t\t\t\t\t<\/div>\n\t\t\t\t<\/div>\n\t\t\t\t<div class=\"elementor-element elementor-element-4702f96 elementor-widget elementor-widget-image\" data-id=\"4702f96\" data-element_type=\"widget\" data-e-type=\"widget\" data-widget_type=\"image.default\">\n\t\t\t\t<div class=\"elementor-widget-container\">\n\t\t\t\t\t\t\t\t\t\t\t\t\t\t\t<img loading=\"lazy\" decoding=\"async\" width=\"640\" height=\"640\" src=\"https:\/\/humboldt-greifswald.de\/web\/wp-content\/uploads\/2023\/08\/Theaterprojekt_AvH_aeltere-Collage-1024x1024.jpg\" class=\"attachment-large size-large wp-image-14398\" alt=\"\" srcset=\"https:\/\/humboldt-greifswald.de\/web\/wp-content\/uploads\/2023\/08\/Theaterprojekt_AvH_aeltere-Collage-1024x1024.jpg 1024w, https:\/\/humboldt-greifswald.de\/web\/wp-content\/uploads\/2023\/08\/Theaterprojekt_AvH_aeltere-Collage-300x300.jpg 300w, https:\/\/humboldt-greifswald.de\/web\/wp-content\/uploads\/2023\/08\/Theaterprojekt_AvH_aeltere-Collage-150x150.jpg 150w, https:\/\/humboldt-greifswald.de\/web\/wp-content\/uploads\/2023\/08\/Theaterprojekt_AvH_aeltere-Collage-768x768.jpg 768w, https:\/\/humboldt-greifswald.de\/web\/wp-content\/uploads\/2023\/08\/Theaterprojekt_AvH_aeltere-Collage-1536x1536.jpg 1536w, https:\/\/humboldt-greifswald.de\/web\/wp-content\/uploads\/2023\/08\/Theaterprojekt_AvH_aeltere-Collage-2048x2048.jpg 2048w, https:\/\/humboldt-greifswald.de\/web\/wp-content\/uploads\/2023\/08\/Theaterprojekt_AvH_aeltere-Collage-600x600.jpg 600w, https:\/\/humboldt-greifswald.de\/web\/wp-content\/uploads\/2023\/08\/Theaterprojekt_AvH_aeltere-Collage-100x100.jpg 100w\" sizes=\"(max-width: 640px) 100vw, 640px\" \/>\t\t\t\t\t\t\t\t\t\t\t\t\t\t\t<\/div>\n\t\t\t\t<\/div>\n\t\t\t\t\t<\/div>\n\t\t\t\t<\/div>\n\t\t\t\t<\/div>\n\t\t","protected":false},"excerpt":{"rendered":"<p>&#8222;Das Theater bildet mehr als ein dickes Buch.&#8220; Voltaire (1694 &#8211; 1778) Im j\u00e4hrlich stattfindenden Theaterprojekt der jeweiligen 9. Klasse des R-Bereichs sammeln die Sch\u00fcler:innen ganz besondere Erfahrungen.\u00a0 Welche genau es sein werden, l\u00e4sst sich meist bis zur Premiere nicht &hellip; <\/p>\n","protected":false},"author":1,"featured_media":0,"parent":0,"menu_order":0,"comment_status":"closed","ping_status":"closed","template":"","meta":{"footnotes":""},"class_list":["post-14174","page","type-page","status-publish","hentry"],"_links":{"self":[{"href":"https:\/\/humboldt-greifswald.de\/web\/wp-json\/wp\/v2\/pages\/14174","targetHints":{"allow":["GET"]}}],"collection":[{"href":"https:\/\/humboldt-greifswald.de\/web\/wp-json\/wp\/v2\/pages"}],"about":[{"href":"https:\/\/humboldt-greifswald.de\/web\/wp-json\/wp\/v2\/types\/page"}],"author":[{"embeddable":true,"href":"https:\/\/humboldt-greifswald.de\/web\/wp-json\/wp\/v2\/users\/1"}],"replies":[{"embeddable":true,"href":"https:\/\/humboldt-greifswald.de\/web\/wp-json\/wp\/v2\/comments?post=14174"}],"version-history":[{"count":22,"href":"https:\/\/humboldt-greifswald.de\/web\/wp-json\/wp\/v2\/pages\/14174\/revisions"}],"predecessor-version":[{"id":15427,"href":"https:\/\/humboldt-greifswald.de\/web\/wp-json\/wp\/v2\/pages\/14174\/revisions\/15427"}],"wp:attachment":[{"href":"https:\/\/humboldt-greifswald.de\/web\/wp-json\/wp\/v2\/media?parent=14174"}],"curies":[{"name":"wp","href":"https:\/\/api.w.org\/{rel}","templated":true}]}}