{"id":14193,"date":"2023-08-20T02:50:29","date_gmt":"2023-08-20T00:50:29","guid":{"rendered":"https:\/\/humboldt-greifswald.de\/web\/?page_id=14193"},"modified":"2026-04-17T21:39:21","modified_gmt":"2026-04-17T19:39:21","slug":"oberstufe","status":"publish","type":"page","link":"https:\/\/humboldt-greifswald.de\/web\/oberstufe\/","title":{"rendered":"Oberstufen-Infos zu Leistungsbewertung, Mittlerer Reife, Kurswahl &#038; Abiturphase"},"content":{"rendered":"\t\t<div data-elementor-type=\"wp-page\" data-elementor-id=\"14193\" class=\"elementor elementor-14193\">\n\t\t\t\t<div class=\"elementor-element elementor-element-eeac5ee e-flex e-con-boxed e-con e-parent\" data-id=\"eeac5ee\" data-element_type=\"container\" data-e-type=\"container\">\n\t\t\t\t\t<div class=\"e-con-inner\">\n\t\t\t\t<div class=\"elementor-element elementor-element-fa64e10 elementor-widget elementor-widget-heading\" data-id=\"fa64e10\" data-element_type=\"widget\" data-e-type=\"widget\" data-widget_type=\"heading.default\">\n\t\t\t\t<div class=\"elementor-widget-container\">\n\t\t\t\t\t<h1 class=\"elementor-heading-title elementor-size-default\">Informationen f\u00fcr Klasse 10<\/h1>\t\t\t\t<\/div>\n\t\t\t\t<\/div>\n\t\t\t\t<div class=\"elementor-element elementor-element-dd82509 elementor-widget elementor-widget-heading\" data-id=\"dd82509\" data-element_type=\"widget\" data-e-type=\"widget\" data-widget_type=\"heading.default\">\n\t\t\t\t<div class=\"elementor-widget-container\">\n\t\t\t\t\t<h3 class=\"elementor-heading-title elementor-size-default\">Zur Leistungsbewertung<\/h3>\t\t\t\t<\/div>\n\t\t\t\t<\/div>\n\t\t\t\t<div class=\"elementor-element elementor-element-7ee8e52 elementor-position-inline-start elementor-view-default elementor-mobile-position-block-start elementor-widget elementor-widget-icon-box\" data-id=\"7ee8e52\" data-element_type=\"widget\" data-e-type=\"widget\" data-widget_type=\"icon-box.default\">\n\t\t\t\t<div class=\"elementor-widget-container\">\n\t\t\t\t\t\t\t<div class=\"elementor-icon-box-wrapper\">\n\n\t\t\t\t\t\t<div class=\"elementor-icon-box-icon\">\n\t\t\t\t<a href=\"https:\/\/humboldt-greifswald.de\/web\/wp-content\/uploads\/2025\/09\/Praesentation-Leistungsbewertung-10_abitur2028-2.pdf\" class=\"elementor-icon\" tabindex=\"-1\" aria-label=\"Pr\u00e4sentation zur Leistungsbewertung in Klasse 10\">\n\t\t\t\t<i aria-hidden=\"true\" class=\"far fa-file-powerpoint\"><\/i>\t\t\t\t<\/a>\n\t\t\t<\/div>\n\t\t\t\n\t\t\t\t\t\t<div class=\"elementor-icon-box-content\">\n\n\t\t\t\t\t\t\t\t\t<h3 class=\"elementor-icon-box-title\">\n\t\t\t\t\t\t<a href=\"https:\/\/humboldt-greifswald.de\/web\/wp-content\/uploads\/2025\/09\/Praesentation-Leistungsbewertung-10_abitur2028-2.pdf\" >\n\t\t\t\t\t\t\tPr\u00e4sentation zur Leistungsbewertung in Klasse 10\t\t\t\t\t\t<\/a>\n\t\t\t\t\t<\/h3>\n\t\t\t\t\n\t\t\t\t\t\t\t\t\t<p class=\"elementor-icon-box-description\">\n\t\t\t\t\t\tStand 05.09.2025\t\t\t\t\t<\/p>\n\t\t\t\t\n\t\t\t<\/div>\n\t\t\t\n\t\t<\/div>\n\t\t\t\t\t\t<\/div>\n\t\t\t\t<\/div>\n\t\t\t\t<div class=\"elementor-element elementor-element-cc5c2fc elementor-widget elementor-widget-heading\" data-id=\"cc5c2fc\" data-element_type=\"widget\" data-e-type=\"widget\" data-widget_type=\"heading.default\">\n\t\t\t\t<div class=\"elementor-widget-container\">\n\t\t\t\t\t<h3 class=\"elementor-heading-title elementor-size-default\">Zur Mittleren Reife<\/h3>\t\t\t\t<\/div>\n\t\t\t\t<\/div>\n\t\t\t\t<div class=\"elementor-element elementor-element-3434f33 elementor-position-inline-start elementor-view-default elementor-mobile-position-block-start elementor-widget elementor-widget-icon-box\" data-id=\"3434f33\" data-element_type=\"widget\" data-e-type=\"widget\" data-widget_type=\"icon-box.default\">\n\t\t\t\t<div class=\"elementor-widget-container\">\n\t\t\t\t\t\t\t<div class=\"elementor-icon-box-wrapper\">\n\n\t\t\t\t\t\t<div class=\"elementor-icon-box-icon\">\n\t\t\t\t<a href=\"https:\/\/humboldt-greifswald.de\/web\/wp-content\/uploads\/2025\/09\/Praesentation-Mittlere-Reife-am-Gymnasium.pdf\" class=\"elementor-icon\" tabindex=\"-1\" aria-label=\"Pr\u00e4sentation zur Mittleren Reife am Gymnasium (inkl. Termine 2026)\">\n\t\t\t\t<i aria-hidden=\"true\" class=\"far fa-file-powerpoint\"><\/i>\t\t\t\t<\/a>\n\t\t\t<\/div>\n\t\t\t\n\t\t\t\t\t\t<div class=\"elementor-icon-box-content\">\n\n\t\t\t\t\t\t\t\t\t<h3 class=\"elementor-icon-box-title\">\n\t\t\t\t\t\t<a href=\"https:\/\/humboldt-greifswald.de\/web\/wp-content\/uploads\/2025\/09\/Praesentation-Mittlere-Reife-am-Gymnasium.pdf\" >\n\t\t\t\t\t\t\tPr\u00e4sentation zur Mittleren Reife am Gymnasium (inkl. Termine 2026)\t\t\t\t\t\t<\/a>\n\t\t\t\t\t<\/h3>\n\t\t\t\t\n\t\t\t\t\t\t\t\t\t<p class=\"elementor-icon-box-description\">\n\t\t\t\t\t\tStand 01.09.2025\t\t\t\t\t<\/p>\n\t\t\t\t\n\t\t\t<\/div>\n\t\t\t\n\t\t<\/div>\n\t\t\t\t\t\t<\/div>\n\t\t\t\t<\/div>\n\t\t\t\t<div class=\"elementor-element elementor-element-c667078 elementor-widget elementor-widget-heading\" data-id=\"c667078\" data-element_type=\"widget\" data-e-type=\"widget\" data-widget_type=\"heading.default\">\n\t\t\t\t<div class=\"elementor-widget-container\">\n\t\t\t\t\t<h3 class=\"elementor-heading-title elementor-size-default\">Zur zuk\u00fcnftigen Oberstufe f\u00fcr die jetzige Klasse 10 (ab Abitur 2028)<\/h3>\t\t\t\t<\/div>\n\t\t\t\t<\/div>\n\t\t\t\t<div class=\"elementor-element elementor-element-0edce78 elementor-position-inline-start elementor-view-default elementor-mobile-position-block-start elementor-widget elementor-widget-icon-box\" data-id=\"0edce78\" data-element_type=\"widget\" data-e-type=\"widget\" data-widget_type=\"icon-box.default\">\n\t\t\t\t<div class=\"elementor-widget-container\">\n\t\t\t\t\t\t\t<div class=\"elementor-icon-box-wrapper\">\n\n\t\t\t\t\t\t<div class=\"elementor-icon-box-icon\">\n\t\t\t\t<a href=\"https:\/\/humboldt-greifswald.de\/web\/wp-content\/uploads\/2025\/09\/infobrief1-kurswahl_abi2028.pdf\" class=\"elementor-icon\" tabindex=\"-1\" aria-label=\"Informationsbrief 1 zur Kurswahl\">\n\t\t\t\t<i aria-hidden=\"true\" class=\"far fa-file-alt\"><\/i>\t\t\t\t<\/a>\n\t\t\t<\/div>\n\t\t\t\n\t\t\t\t\t\t<div class=\"elementor-icon-box-content\">\n\n\t\t\t\t\t\t\t\t\t<h3 class=\"elementor-icon-box-title\">\n\t\t\t\t\t\t<a href=\"https:\/\/humboldt-greifswald.de\/web\/wp-content\/uploads\/2025\/09\/infobrief1-kurswahl_abi2028.pdf\" >\n\t\t\t\t\t\t\tInformationsbrief 1 zur Kurswahl\t\t\t\t\t\t<\/a>\n\t\t\t\t\t<\/h3>\n\t\t\t\t\n\t\t\t\t\t\t\t\t\t<p class=\"elementor-icon-box-description\">\n\t\t\t\t\t\tStand 16.09.2025\t\t\t\t\t<\/p>\n\t\t\t\t\n\t\t\t<\/div>\n\t\t\t\n\t\t<\/div>\n\t\t\t\t\t\t<\/div>\n\t\t\t\t<\/div>\n\t\t\t\t<div class=\"elementor-element elementor-element-9d5a634 elementor-position-inline-start elementor-view-default elementor-mobile-position-block-start elementor-widget elementor-widget-icon-box\" data-id=\"9d5a634\" data-element_type=\"widget\" data-e-type=\"widget\" data-widget_type=\"icon-box.default\">\n\t\t\t\t<div class=\"elementor-widget-container\">\n\t\t\t\t\t\t\t<div class=\"elementor-icon-box-wrapper\">\n\n\t\t\t\t\t\t<div class=\"elementor-icon-box-icon\">\n\t\t\t\t<a href=\"http:\/\/www.humboldt-greifswald.de\/kurswahl\" class=\"elementor-icon\" tabindex=\"-1\" aria-label=\"Online-Kurswahl f\u00fcr die zuk\u00fcnftige Klasse 11\">\n\t\t\t\t<i aria-hidden=\"true\" class=\"fas fa-external-link-alt\"><\/i>\t\t\t\t<\/a>\n\t\t\t<\/div>\n\t\t\t\n\t\t\t\t\t\t<div class=\"elementor-icon-box-content\">\n\n\t\t\t\t\t\t\t\t\t<h3 class=\"elementor-icon-box-title\">\n\t\t\t\t\t\t<a href=\"http:\/\/www.humboldt-greifswald.de\/kurswahl\" >\n\t\t\t\t\t\t\tOnline-Kurswahl f\u00fcr die zuk\u00fcnftige Klasse 11\t\t\t\t\t\t<\/a>\n\t\t\t\t\t<\/h3>\n\t\t\t\t\n\t\t\t\t\t\t\t\t\t<p class=\"elementor-icon-box-description\">\n\t\t\t\t\t\tLink zur Seite, auf der ihr eure Wahl vorbereiten k\u00f6nnt und bis zu einem Stichtag absenden m\u00fcsst.\t\t\t\t\t<\/p>\n\t\t\t\t\n\t\t\t<\/div>\n\t\t\t\n\t\t<\/div>\n\t\t\t\t\t\t<\/div>\n\t\t\t\t<\/div>\n\t\t\t\t<div class=\"elementor-element elementor-element-85197a3 elementor-position-inline-start elementor-view-default elementor-mobile-position-block-start elementor-widget elementor-widget-icon-box\" data-id=\"85197a3\" data-element_type=\"widget\" data-e-type=\"widget\" data-widget_type=\"icon-box.default\">\n\t\t\t\t<div class=\"elementor-widget-container\">\n\t\t\t\t\t\t\t<div class=\"elementor-icon-box-wrapper\">\n\n\t\t\t\t\t\t<div class=\"elementor-icon-box-icon\">\n\t\t\t\t<a href=\"https:\/\/humboldt-greifswald.de\/web\/wp-content\/uploads\/2025\/09\/Abiturpruefungsverordnung-Teil1-Kurswahl_abitur2028-1.pdf\" class=\"elementor-icon\" tabindex=\"-1\" aria-label=\"Pr\u00e4sentation zur Abiturpr\u00fcfungsverordnung - Teil 1: Schwerpunkt Kurswahl\">\n\t\t\t\t<i aria-hidden=\"true\" class=\"far fa-file-powerpoint\"><\/i>\t\t\t\t<\/a>\n\t\t\t<\/div>\n\t\t\t\n\t\t\t\t\t\t<div class=\"elementor-icon-box-content\">\n\n\t\t\t\t\t\t\t\t\t<h3 class=\"elementor-icon-box-title\">\n\t\t\t\t\t\t<a href=\"https:\/\/humboldt-greifswald.de\/web\/wp-content\/uploads\/2025\/09\/Abiturpruefungsverordnung-Teil1-Kurswahl_abitur2028-1.pdf\" >\n\t\t\t\t\t\t\tPr\u00e4sentation zur Abiturpr\u00fcfungsverordnung - Teil 1: Schwerpunkt Kurswahl\t\t\t\t\t\t<\/a>\n\t\t\t\t\t<\/h3>\n\t\t\t\t\n\t\t\t\t\t\t\t\t\t<p class=\"elementor-icon-box-description\">\n\t\t\t\t\t\tStand 16.09.2025\t\t\t\t\t<\/p>\n\t\t\t\t\n\t\t\t<\/div>\n\t\t\t\n\t\t<\/div>\n\t\t\t\t\t\t<\/div>\n\t\t\t\t<\/div>\n\t\t\t\t<div class=\"elementor-element elementor-element-0afff08 elementor-position-inline-start elementor-view-default elementor-mobile-position-block-start elementor-widget elementor-widget-icon-box\" data-id=\"0afff08\" data-element_type=\"widget\" data-e-type=\"widget\" data-widget_type=\"icon-box.default\">\n\t\t\t\t<div class=\"elementor-widget-container\">\n\t\t\t\t\t\t\t<div class=\"elementor-icon-box-wrapper\">\n\n\t\t\t\t\t\t<div class=\"elementor-icon-box-icon\">\n\t\t\t\t<a href=\"https:\/\/humboldt-greifswald.de\/web\/wp-content\/uploads\/2025\/09\/infobrief2-abitur_abi2028.pdf\" class=\"elementor-icon\" tabindex=\"-1\" aria-label=\"Informationsbrief 2  zur Qualifikationsphase\">\n\t\t\t\t<i aria-hidden=\"true\" class=\"far fa-file-alt\"><\/i>\t\t\t\t<\/a>\n\t\t\t<\/div>\n\t\t\t\n\t\t\t\t\t\t<div class=\"elementor-icon-box-content\">\n\n\t\t\t\t\t\t\t\t\t<h3 class=\"elementor-icon-box-title\">\n\t\t\t\t\t\t<a href=\"https:\/\/humboldt-greifswald.de\/web\/wp-content\/uploads\/2025\/09\/infobrief2-abitur_abi2028.pdf\" >\n\t\t\t\t\t\t\tInformationsbrief 2  zur Qualifikationsphase\t\t\t\t\t\t<\/a>\n\t\t\t\t\t<\/h3>\n\t\t\t\t\n\t\t\t\t\t\t\t\t\t<p class=\"elementor-icon-box-description\">\n\t\t\t\t\t\tStand 16.09.2025\t\t\t\t\t<\/p>\n\t\t\t\t\n\t\t\t<\/div>\n\t\t\t\n\t\t<\/div>\n\t\t\t\t\t\t<\/div>\n\t\t\t\t<\/div>\n\t\t\t\t<div class=\"elementor-element elementor-element-16d1135 elementor-position-inline-start elementor-view-default elementor-mobile-position-block-start elementor-widget elementor-widget-icon-box\" data-id=\"16d1135\" data-element_type=\"widget\" data-e-type=\"widget\" data-widget_type=\"icon-box.default\">\n\t\t\t\t<div class=\"elementor-widget-container\">\n\t\t\t\t\t\t\t<div class=\"elementor-icon-box-wrapper\">\n\n\t\t\t\t\t\t<div class=\"elementor-icon-box-icon\">\n\t\t\t\t<a href=\"https:\/\/humboldt-greifswald.de\/web\/wp-content\/uploads\/2025\/09\/Abiturpruefungsverordnung-Teil2-Gesamtqualifikation_abitur2028-1.pdf\" class=\"elementor-icon\" tabindex=\"-1\" aria-label=\"Pr\u00e4sentation zur Abiturpr\u00fcfungsverordnung - Teil 2: Gesamtqualifikation\">\n\t\t\t\t<i aria-hidden=\"true\" class=\"far fa-file-powerpoint\"><\/i>\t\t\t\t<\/a>\n\t\t\t<\/div>\n\t\t\t\n\t\t\t\t\t\t<div class=\"elementor-icon-box-content\">\n\n\t\t\t\t\t\t\t\t\t<h3 class=\"elementor-icon-box-title\">\n\t\t\t\t\t\t<a href=\"https:\/\/humboldt-greifswald.de\/web\/wp-content\/uploads\/2025\/09\/Abiturpruefungsverordnung-Teil2-Gesamtqualifikation_abitur2028-1.pdf\" >\n\t\t\t\t\t\t\tPr\u00e4sentation zur Abiturpr\u00fcfungsverordnung - Teil 2: Gesamtqualifikation\t\t\t\t\t\t<\/a>\n\t\t\t\t\t<\/h3>\n\t\t\t\t\n\t\t\t\t\t\t\t\t\t<p class=\"elementor-icon-box-description\">\n\t\t\t\t\t\tStand 16.09.2025\t\t\t\t\t<\/p>\n\t\t\t\t\n\t\t\t<\/div>\n\t\t\t\n\t\t<\/div>\n\t\t\t\t\t\t<\/div>\n\t\t\t\t<\/div>\n\t\t\t\t<div class=\"elementor-element elementor-element-4f7835d elementor-widget elementor-widget-heading\" data-id=\"4f7835d\" data-element_type=\"widget\" data-e-type=\"widget\" data-widget_type=\"heading.default\">\n\t\t\t\t<div class=\"elementor-widget-container\">\n\t\t\t\t\t<h1 class=\"elementor-heading-title elementor-size-default\">Informationen f\u00fcr Klassen 11 &amp; 12<\/h1>\t\t\t\t<\/div>\n\t\t\t\t<\/div>\n\t\t\t\t<div class=\"elementor-element elementor-element-7c1fe33 elementor-widget elementor-widget-heading\" data-id=\"7c1fe33\" data-element_type=\"widget\" data-e-type=\"widget\" data-widget_type=\"heading.default\">\n\t\t\t\t<div class=\"elementor-widget-container\">\n\t\t\t\t\t<h3 class=\"elementor-heading-title elementor-size-default\">Terminpl\u00e4ne<\/h3>\t\t\t\t<\/div>\n\t\t\t\t<\/div>\n\t\t\t\t<div class=\"elementor-element elementor-element-126ab3c elementor-position-inline-start elementor-view-default elementor-mobile-position-block-start elementor-widget elementor-widget-icon-box\" data-id=\"126ab3c\" data-element_type=\"widget\" data-e-type=\"widget\" data-widget_type=\"icon-box.default\">\n\t\t\t\t<div class=\"elementor-widget-container\">\n\t\t\t\t\t\t\t<div class=\"elementor-icon-box-wrapper\">\n\n\t\t\t\t\t\t<div class=\"elementor-icon-box-icon\">\n\t\t\t\t<a href=\"https:\/\/humboldt-greifswald.de\/web\/wp-content\/uploads\/2026\/04\/Abiturablaufplan_Schueler_2026.pdf\" class=\"elementor-icon\" tabindex=\"-1\" aria-label=\"Ablaufplan Abitur\">\n\t\t\t\t<i aria-hidden=\"true\" class=\"far fa-calendar\"><\/i>\t\t\t\t<\/a>\n\t\t\t<\/div>\n\t\t\t\n\t\t\t\t\t\t<div class=\"elementor-icon-box-content\">\n\n\t\t\t\t\t\t\t\t\t<h3 class=\"elementor-icon-box-title\">\n\t\t\t\t\t\t<a href=\"https:\/\/humboldt-greifswald.de\/web\/wp-content\/uploads\/2026\/04\/Abiturablaufplan_Schueler_2026.pdf\" >\n\t\t\t\t\t\t\tAblaufplan Abitur\t\t\t\t\t\t<\/a>\n\t\t\t\t\t<\/h3>\n\t\t\t\t\n\t\t\t\t\t\t\t\t\t<p class=\"elementor-icon-box-description\">\n\t\t\t\t\t\tf\u00fcr das Abitur 2026 (Stand 17.04.2026)\t\t\t\t\t<\/p>\n\t\t\t\t\n\t\t\t<\/div>\n\t\t\t\n\t\t<\/div>\n\t\t\t\t\t\t<\/div>\n\t\t\t\t<\/div>\n\t\t\t\t<div class=\"elementor-element elementor-element-0ce8771 elementor-position-inline-start elementor-view-default elementor-mobile-position-block-start elementor-widget elementor-widget-icon-box\" data-id=\"0ce8771\" data-element_type=\"widget\" data-e-type=\"widget\" data-widget_type=\"icon-box.default\">\n\t\t\t\t<div class=\"elementor-widget-container\">\n\t\t\t\t\t\t\t<div class=\"elementor-icon-box-wrapper\">\n\n\t\t\t\t\t\t<div class=\"elementor-icon-box-icon\">\n\t\t\t\t<a href=\"https:\/\/moodle.humboldt-greifswald.de\/enrol\/index.php?id=14\" class=\"elementor-icon\" tabindex=\"-1\" aria-label=\"Klausurpl\u00e4ne und zus\u00e4tzliche Informationsmaterialien f\u00fcr die Sek II gibt es wie \u00fcblich auf Moodle!\">\n\t\t\t\t<i aria-hidden=\"true\" class=\"fas fa-external-link-alt\"><\/i>\t\t\t\t<\/a>\n\t\t\t<\/div>\n\t\t\t\n\t\t\t\t\t\t<div class=\"elementor-icon-box-content\">\n\n\t\t\t\t\t\t\t\t\t<h3 class=\"elementor-icon-box-title\">\n\t\t\t\t\t\t<a href=\"https:\/\/moodle.humboldt-greifswald.de\/enrol\/index.php?id=14\" >\n\t\t\t\t\t\t\tKlausurpl\u00e4ne und zus\u00e4tzliche Informationsmaterialien f\u00fcr die Sek II gibt es wie \u00fcblich auf Moodle!\t\t\t\t\t\t<\/a>\n\t\t\t\t\t<\/h3>\n\t\t\t\t\n\t\t\t\t\n\t\t\t<\/div>\n\t\t\t\n\t\t<\/div>\n\t\t\t\t\t\t<\/div>\n\t\t\t\t<\/div>\n\t\t\t\t<div class=\"elementor-element elementor-element-255295a elementor-widget elementor-widget-heading\" data-id=\"255295a\" data-element_type=\"widget\" data-e-type=\"widget\" data-widget_type=\"heading.default\">\n\t\t\t\t<div class=\"elementor-widget-container\">\n\t\t\t\t\t<h3 class=\"elementor-heading-title elementor-size-default\">Informationsbriefe<\/h3>\t\t\t\t<\/div>\n\t\t\t\t<\/div>\n\t\t\t\t<div class=\"elementor-element elementor-element-b0c9716 elementor-position-inline-start elementor-view-default elementor-mobile-position-block-start elementor-widget elementor-widget-icon-box\" data-id=\"b0c9716\" data-element_type=\"widget\" data-e-type=\"widget\" data-widget_type=\"icon-box.default\">\n\t\t\t\t<div class=\"elementor-widget-container\">\n\t\t\t\t\t\t\t<div class=\"elementor-icon-box-wrapper\">\n\n\t\t\t\t\t\t<div class=\"elementor-icon-box-icon\">\n\t\t\t\t<a href=\"https:\/\/humboldt-greifswald.de\/web\/wp-content\/uploads\/2024\/09\/infobrief1-kurswahl.pdf\" class=\"elementor-icon\" tabindex=\"-1\" aria-label=\"Informationsbrief 1 zur Kurswahl f\u00fcr Klasse 11\">\n\t\t\t\t<i aria-hidden=\"true\" class=\"far fa-file-alt\"><\/i>\t\t\t\t<\/a>\n\t\t\t<\/div>\n\t\t\t\n\t\t\t\t\t\t<div class=\"elementor-icon-box-content\">\n\n\t\t\t\t\t\t\t\t\t<h3 class=\"elementor-icon-box-title\">\n\t\t\t\t\t\t<a href=\"https:\/\/humboldt-greifswald.de\/web\/wp-content\/uploads\/2024\/09\/infobrief1-kurswahl.pdf\" >\n\t\t\t\t\t\t\tInformationsbrief 1 zur Kurswahl f\u00fcr Klasse 11\t\t\t\t\t\t<\/a>\n\t\t\t\t\t<\/h3>\n\t\t\t\t\n\t\t\t\t\t\t\t\t\t<p class=\"elementor-icon-box-description\">\n\t\t\t\t\t\tStand 16.09.2024\t\t\t\t\t<\/p>\n\t\t\t\t\n\t\t\t<\/div>\n\t\t\t\n\t\t<\/div>\n\t\t\t\t\t\t<\/div>\n\t\t\t\t<\/div>\n\t\t\t\t<div class=\"elementor-element elementor-element-8bb6c23 elementor-position-inline-start elementor-view-default elementor-mobile-position-block-start elementor-widget elementor-widget-icon-box\" data-id=\"8bb6c23\" data-element_type=\"widget\" data-e-type=\"widget\" data-widget_type=\"icon-box.default\">\n\t\t\t\t<div class=\"elementor-widget-container\">\n\t\t\t\t\t\t\t<div class=\"elementor-icon-box-wrapper\">\n\n\t\t\t\t\t\t<div class=\"elementor-icon-box-icon\">\n\t\t\t\t<a href=\"https:\/\/humboldt-greifswald.de\/web\/wp-content\/uploads\/2025\/09\/infobrief2-abitur.pdf\" class=\"elementor-icon\" tabindex=\"-1\" aria-label=\"Informationsbrief 2 zur Qualifikationsphase f\u00fcr Klasse 11 und 12\">\n\t\t\t\t<i aria-hidden=\"true\" class=\"far fa-file-alt\"><\/i>\t\t\t\t<\/a>\n\t\t\t<\/div>\n\t\t\t\n\t\t\t\t\t\t<div class=\"elementor-icon-box-content\">\n\n\t\t\t\t\t\t\t\t\t<h3 class=\"elementor-icon-box-title\">\n\t\t\t\t\t\t<a href=\"https:\/\/humboldt-greifswald.de\/web\/wp-content\/uploads\/2025\/09\/infobrief2-abitur.pdf\" >\n\t\t\t\t\t\t\tInformationsbrief 2 zur Qualifikationsphase f\u00fcr Klasse 11 und 12\t\t\t\t\t\t<\/a>\n\t\t\t\t\t<\/h3>\n\t\t\t\t\n\t\t\t\t\t\t\t\t\t<p class=\"elementor-icon-box-description\">\n\t\t\t\t\t\tStand 01.09.2025\t\t\t\t\t<\/p>\n\t\t\t\t\n\t\t\t<\/div>\n\t\t\t\n\t\t<\/div>\n\t\t\t\t\t\t<\/div>\n\t\t\t\t<\/div>\n\t\t\t\t<div class=\"elementor-element elementor-element-4d67678 elementor-widget elementor-widget-heading\" data-id=\"4d67678\" data-element_type=\"widget\" data-e-type=\"widget\" data-widget_type=\"heading.default\">\n\t\t\t\t<div class=\"elementor-widget-container\">\n\t\t\t\t\t<h3 class=\"elementor-heading-title elementor-size-default\">Informations-Pr\u00e4sentationen und mehr<\/h3>\t\t\t\t<\/div>\n\t\t\t\t<\/div>\n\t\t\t\t<div class=\"elementor-element elementor-element-c00abff elementor-position-inline-start elementor-view-default elementor-mobile-position-block-start elementor-widget elementor-widget-icon-box\" data-id=\"c00abff\" data-element_type=\"widget\" data-e-type=\"widget\" data-widget_type=\"icon-box.default\">\n\t\t\t\t<div class=\"elementor-widget-container\">\n\t\t\t\t\t\t\t<div class=\"elementor-icon-box-wrapper\">\n\n\t\t\t\t\t\t<div class=\"elementor-icon-box-icon\">\n\t\t\t\t<a href=\"https:\/\/humboldt-greifswald.de\/web\/wp-content\/uploads\/2024\/09\/Abiturpruefungsverordnung-Teil1-Kurswahl-1.pdf\" class=\"elementor-icon\" tabindex=\"-1\" aria-label=\"Pr\u00e4sentation zur Abiturpr\u00fcfungsverordnung - Teil 1: Schwerpunkt Kurswahl\">\n\t\t\t\t<i aria-hidden=\"true\" class=\"far fa-file-powerpoint\"><\/i>\t\t\t\t<\/a>\n\t\t\t<\/div>\n\t\t\t\n\t\t\t\t\t\t<div class=\"elementor-icon-box-content\">\n\n\t\t\t\t\t\t\t\t\t<h3 class=\"elementor-icon-box-title\">\n\t\t\t\t\t\t<a href=\"https:\/\/humboldt-greifswald.de\/web\/wp-content\/uploads\/2024\/09\/Abiturpruefungsverordnung-Teil1-Kurswahl-1.pdf\" >\n\t\t\t\t\t\t\tPr\u00e4sentation zur Abiturpr\u00fcfungsverordnung - Teil 1: Schwerpunkt Kurswahl\t\t\t\t\t\t<\/a>\n\t\t\t\t\t<\/h3>\n\t\t\t\t\n\t\t\t\t\t\t\t\t\t<p class=\"elementor-icon-box-description\">\n\t\t\t\t\t\tStand 16.09.2024\t\t\t\t\t<\/p>\n\t\t\t\t\n\t\t\t<\/div>\n\t\t\t\n\t\t<\/div>\n\t\t\t\t\t\t<\/div>\n\t\t\t\t<\/div>\n\t\t\t\t<div class=\"elementor-element elementor-element-6963be7 elementor-position-inline-start elementor-view-default elementor-mobile-position-block-start elementor-widget elementor-widget-icon-box\" data-id=\"6963be7\" data-element_type=\"widget\" data-e-type=\"widget\" data-widget_type=\"icon-box.default\">\n\t\t\t\t<div class=\"elementor-widget-container\">\n\t\t\t\t\t\t\t<div class=\"elementor-icon-box-wrapper\">\n\n\t\t\t\t\t\t<div class=\"elementor-icon-box-icon\">\n\t\t\t\t<a href=\"https:\/\/humboldt-greifswald.de\/web\/wp-content\/uploads\/2024\/09\/Abiturpruefungsverordnung-Teil2-Gesamtqualifikation.pdf\" class=\"elementor-icon\" tabindex=\"-1\" aria-label=\"Pr\u00e4sentation zur Abiturpr\u00fcfungsverordnung - Teil 2: Gesamtqualifikation\">\n\t\t\t\t<i aria-hidden=\"true\" class=\"far fa-file-powerpoint\"><\/i>\t\t\t\t<\/a>\n\t\t\t<\/div>\n\t\t\t\n\t\t\t\t\t\t<div class=\"elementor-icon-box-content\">\n\n\t\t\t\t\t\t\t\t\t<h3 class=\"elementor-icon-box-title\">\n\t\t\t\t\t\t<a href=\"https:\/\/humboldt-greifswald.de\/web\/wp-content\/uploads\/2024\/09\/Abiturpruefungsverordnung-Teil2-Gesamtqualifikation.pdf\" >\n\t\t\t\t\t\t\tPr\u00e4sentation zur Abiturpr\u00fcfungsverordnung - Teil 2: Gesamtqualifikation\t\t\t\t\t\t<\/a>\n\t\t\t\t\t<\/h3>\n\t\t\t\t\n\t\t\t\t\t\t\t\t\t<p class=\"elementor-icon-box-description\">\n\t\t\t\t\t\tStand 16.09.2024\t\t\t\t\t<\/p>\n\t\t\t\t\n\t\t\t<\/div>\n\t\t\t\n\t\t<\/div>\n\t\t\t\t\t\t<\/div>\n\t\t\t\t<\/div>\n\t\t\t\t<div class=\"elementor-element elementor-element-7e29b55 elementor-position-inline-start elementor-view-default elementor-mobile-position-block-start elementor-widget elementor-widget-icon-box\" data-id=\"7e29b55\" data-element_type=\"widget\" data-e-type=\"widget\" data-widget_type=\"icon-box.default\">\n\t\t\t\t<div class=\"elementor-widget-container\">\n\t\t\t\t\t\t\t<div class=\"elementor-icon-box-wrapper\">\n\n\t\t\t\t\t\t<div class=\"elementor-icon-box-icon\">\n\t\t\t\t<a href=\"https:\/\/humboldt-greifswald.de\/web\/wp-content\/uploads\/2025\/09\/Abiturpruefungsverordnung-Teil3-Abitur-2026.pdf\" class=\"elementor-icon\" tabindex=\"-1\" aria-label=\"Pr\u00e4sentation zur Abiturpr\u00fcfungsverordnung - Teil 3: Das Abitur 2026 (f\u00fcr jetzige Klasse 12)\">\n\t\t\t\t<i aria-hidden=\"true\" class=\"far fa-file-powerpoint\"><\/i>\t\t\t\t<\/a>\n\t\t\t<\/div>\n\t\t\t\n\t\t\t\t\t\t<div class=\"elementor-icon-box-content\">\n\n\t\t\t\t\t\t\t\t\t<h3 class=\"elementor-icon-box-title\">\n\t\t\t\t\t\t<a href=\"https:\/\/humboldt-greifswald.de\/web\/wp-content\/uploads\/2025\/09\/Abiturpruefungsverordnung-Teil3-Abitur-2026.pdf\" >\n\t\t\t\t\t\t\tPr\u00e4sentation zur Abiturpr\u00fcfungsverordnung - Teil 3: Das Abitur 2026 (f\u00fcr jetzige Klasse 12)\t\t\t\t\t\t<\/a>\n\t\t\t\t\t<\/h3>\n\t\t\t\t\n\t\t\t\t\t\t\t\t\t<p class=\"elementor-icon-box-description\">\n\t\t\t\t\t\tStand 01.09.2025\t\t\t\t\t<\/p>\n\t\t\t\t\n\t\t\t<\/div>\n\t\t\t\n\t\t<\/div>\n\t\t\t\t\t\t<\/div>\n\t\t\t\t<\/div>\n\t\t\t\t<div class=\"elementor-element elementor-element-a0f5669 elementor-position-inline-start elementor-view-default elementor-mobile-position-block-start elementor-widget elementor-widget-icon-box\" data-id=\"a0f5669\" data-element_type=\"widget\" data-e-type=\"widget\" data-widget_type=\"icon-box.default\">\n\t\t\t\t<div class=\"elementor-widget-container\">\n\t\t\t\t\t\t\t<div class=\"elementor-icon-box-wrapper\">\n\n\t\t\t\t\t\t<div class=\"elementor-icon-box-icon\">\n\t\t\t\t<a href=\"https:\/\/humboldt-greifswald.de\/web\/wp-content\/uploads\/2023\/08\/schulischer-Teil-Fachhochschulreife.pdf\" class=\"elementor-icon\" tabindex=\"-1\" aria-label=\"Bedingungen f\u00fcr die Erlangung des schulischen Teils der Fachhochschulreife\">\n\t\t\t\t<i aria-hidden=\"true\" class=\"far fa-file-alt\"><\/i>\t\t\t\t<\/a>\n\t\t\t<\/div>\n\t\t\t\n\t\t\t\t\t\t<div class=\"elementor-icon-box-content\">\n\n\t\t\t\t\t\t\t\t\t<h3 class=\"elementor-icon-box-title\">\n\t\t\t\t\t\t<a href=\"https:\/\/humboldt-greifswald.de\/web\/wp-content\/uploads\/2023\/08\/schulischer-Teil-Fachhochschulreife.pdf\" >\n\t\t\t\t\t\t\tBedingungen f\u00fcr die Erlangung des schulischen Teils der Fachhochschulreife\t\t\t\t\t\t<\/a>\n\t\t\t\t\t<\/h3>\n\t\t\t\t\n\t\t\t\t\t\t\t\t\t<p class=\"elementor-icon-box-description\">\n\t\t\t\t\t\tStand 31.08.2023\t\t\t\t\t<\/p>\n\t\t\t\t\n\t\t\t<\/div>\n\t\t\t\n\t\t<\/div>\n\t\t\t\t\t\t<\/div>\n\t\t\t\t<\/div>\n\t\t\t\t\t<\/div>\n\t\t\t\t<\/div>\n\t\t\t\t<\/div>\n\t\t","protected":false},"excerpt":{"rendered":"<p>Informationen f\u00fcr Klasse 10 Zur Leistungsbewertung Pr\u00e4sentation zur Leistungsbewertung in Klasse 10 Stand 05.09.2025 Zur Mittleren Reife Pr\u00e4sentation zur Mittleren Reife am Gymnasium (inkl. Termine 2026) Stand 01.09.2025 Zur zuk\u00fcnftigen Oberstufe f\u00fcr die jetzige Klasse 10 (ab Abitur 2028) Informationsbrief &hellip; <\/p>\n","protected":false},"author":1,"featured_media":0,"parent":0,"menu_order":0,"comment_status":"closed","ping_status":"closed","template":"","meta":{"footnotes":""},"class_list":["post-14193","page","type-page","status-publish","hentry"],"_links":{"self":[{"href":"https:\/\/humboldt-greifswald.de\/web\/wp-json\/wp\/v2\/pages\/14193","targetHints":{"allow":["GET"]}}],"collection":[{"href":"https:\/\/humboldt-greifswald.de\/web\/wp-json\/wp\/v2\/pages"}],"about":[{"href":"https:\/\/humboldt-greifswald.de\/web\/wp-json\/wp\/v2\/types\/page"}],"author":[{"embeddable":true,"href":"https:\/\/humboldt-greifswald.de\/web\/wp-json\/wp\/v2\/users\/1"}],"replies":[{"embeddable":true,"href":"https:\/\/humboldt-greifswald.de\/web\/wp-json\/wp\/v2\/comments?post=14193"}],"version-history":[{"count":44,"href":"https:\/\/humboldt-greifswald.de\/web\/wp-json\/wp\/v2\/pages\/14193\/revisions"}],"predecessor-version":[{"id":16356,"href":"https:\/\/humboldt-greifswald.de\/web\/wp-json\/wp\/v2\/pages\/14193\/revisions\/16356"}],"wp:attachment":[{"href":"https:\/\/humboldt-greifswald.de\/web\/wp-json\/wp\/v2\/media?parent=14193"}],"curies":[{"name":"wp","href":"https:\/\/api.w.org\/{rel}","templated":true}]}}