{"id":14197,"date":"2023-08-20T02:50:53","date_gmt":"2023-08-20T00:50:53","guid":{"rendered":"https:\/\/humboldt-greifswald.de\/web\/?page_id=14197"},"modified":"2024-09-05T12:51:14","modified_gmt":"2024-09-05T10:51:14","slug":"schuelerbefoerderung","status":"publish","type":"page","link":"https:\/\/humboldt-greifswald.de\/web\/schuelerbefoerderung\/","title":{"rendered":"Sch\u00fclerbef\u00f6rderung"},"content":{"rendered":"\t\t<div data-elementor-type=\"wp-page\" data-elementor-id=\"14197\" class=\"elementor elementor-14197\">\n\t\t\t\t<div class=\"elementor-element elementor-element-7bc98ee e-flex e-con-boxed e-con e-parent\" data-id=\"7bc98ee\" data-element_type=\"container\" data-e-type=\"container\">\n\t\t\t\t\t<div class=\"e-con-inner\">\n\t\t\t\t<div class=\"elementor-element elementor-element-f0403f3 elementor-position-inline-start elementor-view-default elementor-mobile-position-block-start elementor-widget elementor-widget-icon-box\" data-id=\"f0403f3\" data-element_type=\"widget\" data-e-type=\"widget\" data-widget_type=\"icon-box.default\">\n\t\t\t\t<div class=\"elementor-widget-container\">\n\t\t\t\t\t\t\t<div class=\"elementor-icon-box-wrapper\">\n\n\t\t\t\t\t\t<div class=\"elementor-icon-box-icon\">\n\t\t\t\t<a href=\"https:\/\/humboldt-greifswald.de\/web\/aktuelle-information-zur-vg-card\/\" target=\"_blank\" class=\"elementor-icon\" tabindex=\"-1\" aria-label=\"Bitte beachten Sie zum Schuljahresstart 2024\/25 unseren aktuellen Informationsbeitrag.\">\n\t\t\t\t<i aria-hidden=\"true\" class=\"fas fa-external-link-alt\"><\/i>\t\t\t\t<\/a>\n\t\t\t<\/div>\n\t\t\t\n\t\t\t\t\t\t<div class=\"elementor-icon-box-content\">\n\n\t\t\t\t\t\t\t\t\t<h4 class=\"elementor-icon-box-title\">\n\t\t\t\t\t\t<a href=\"https:\/\/humboldt-greifswald.de\/web\/aktuelle-information-zur-vg-card\/\" target=\"_blank\" >\n\t\t\t\t\t\t\tBitte beachten Sie zum Schuljahresstart 2024\/25 unseren aktuellen Informationsbeitrag.\t\t\t\t\t\t<\/a>\n\t\t\t\t\t<\/h4>\n\t\t\t\t\n\t\t\t\t\t\t\t\t\t<p class=\"elementor-icon-box-description\">\n\t\t\t\t\t\tStand 05.09.2024\t\t\t\t\t<\/p>\n\t\t\t\t\n\t\t\t<\/div>\n\t\t\t\n\t\t<\/div>\n\t\t\t\t\t\t<\/div>\n\t\t\t\t<\/div>\n\t\t\t\t<div class=\"elementor-element elementor-element-14a1d90 elementor-widget elementor-widget-heading\" data-id=\"14a1d90\" data-element_type=\"widget\" data-e-type=\"widget\" data-widget_type=\"heading.default\">\n\t\t\t\t<div class=\"elementor-widget-container\">\n\t\t\t\t\t<h3 class=\"elementor-heading-title elementor-size-default\">Antr\u00e4ge f\u00fcr die <u>kostenfreie<\/u> Bef\u00f6rderung Ihres Kindes<\/h3>\t\t\t\t<\/div>\n\t\t\t\t<\/div>\n\t\t\t\t<div class=\"elementor-element elementor-element-d8174e9 elementor-position-inline-start elementor-view-default elementor-mobile-position-block-start elementor-widget elementor-widget-icon-box\" data-id=\"d8174e9\" data-element_type=\"widget\" data-e-type=\"widget\" data-widget_type=\"icon-box.default\">\n\t\t\t\t<div class=\"elementor-widget-container\">\n\t\t\t\t\t\t\t<div class=\"elementor-icon-box-wrapper\">\n\n\t\t\t\t\t\t<div class=\"elementor-icon-box-icon\">\n\t\t\t\t<a href=\"https:\/\/sbf-lkvg.neu-itec.de\/\" target=\"_blank\" class=\"elementor-icon\" tabindex=\"-1\" aria-label=\"Digitaler Dienst &quot;Antrag auf Sch\u00fclerbef\u00f6rderung&quot; vom Kreis VG\">\n\t\t\t\t<i aria-hidden=\"true\" class=\"fas fa-external-link-alt\"><\/i>\t\t\t\t<\/a>\n\t\t\t<\/div>\n\t\t\t\n\t\t\t\t\t\t<div class=\"elementor-icon-box-content\">\n\n\t\t\t\t\t\t\t\t\t<h3 class=\"elementor-icon-box-title\">\n\t\t\t\t\t\t<a href=\"https:\/\/sbf-lkvg.neu-itec.de\/\" target=\"_blank\" >\n\t\t\t\t\t\t\tDigitaler Dienst \"Antrag auf Sch\u00fclerbef\u00f6rderung\" vom Kreis VG\t\t\t\t\t\t<\/a>\n\t\t\t\t\t<\/h3>\n\t\t\t\t\n\t\t\t\t\t\t\t\t\t<p class=\"elementor-icon-box-description\">\n\t\t\t\t\t\tMittlerweile kann der Antrag auf Sch\u00fclerbef\u00f6rderung <u>nur noch online<\/u> erfolgen!\t\t\t\t\t<\/p>\n\t\t\t\t\n\t\t\t<\/div>\n\t\t\t\n\t\t<\/div>\n\t\t\t\t\t\t<\/div>\n\t\t\t\t<\/div>\n\t\t\t\t<div class=\"elementor-element elementor-element-748aabc elementor-position-inline-start elementor-view-default elementor-mobile-position-block-start elementor-widget elementor-widget-icon-box\" data-id=\"748aabc\" data-element_type=\"widget\" data-e-type=\"widget\" data-widget_type=\"icon-box.default\">\n\t\t\t\t<div class=\"elementor-widget-container\">\n\t\t\t\t\t\t\t<div class=\"elementor-icon-box-wrapper\">\n\n\t\t\t\t\t\t<div class=\"elementor-icon-box-icon\">\n\t\t\t\t<a href=\"https:\/\/www.kreis-vg.de\/index.php?object=tx,3079.2&#038;ModID=10&#038;FID=3079.48.1\" target=\"_blank\" class=\"elementor-icon\" tabindex=\"-1\" aria-label=\"Weitergehende Informationen gibt es auf dieser Seite zur Sch\u00fclerbef\u00f6rderung im Landkreis Vorpommern-Greifswald\">\n\t\t\t\t<i aria-hidden=\"true\" class=\"fas fa-external-link-alt\"><\/i>\t\t\t\t<\/a>\n\t\t\t<\/div>\n\t\t\t\n\t\t\t\t\t\t<div class=\"elementor-icon-box-content\">\n\n\t\t\t\t\t\t\t\t\t<h3 class=\"elementor-icon-box-title\">\n\t\t\t\t\t\t<a href=\"https:\/\/www.kreis-vg.de\/index.php?object=tx,3079.2&#038;ModID=10&#038;FID=3079.48.1\" target=\"_blank\" >\n\t\t\t\t\t\t\tWeitergehende Informationen gibt es auf dieser Seite zur Sch\u00fclerbef\u00f6rderung im Landkreis Vorpommern-Greifswald\t\t\t\t\t\t<\/a>\n\t\t\t\t\t<\/h3>\n\t\t\t\t\n\t\t\t\t\n\t\t\t<\/div>\n\t\t\t\n\t\t<\/div>\n\t\t\t\t\t\t<\/div>\n\t\t\t\t<\/div>\n\t\t\t\t\t<\/div>\n\t\t\t\t<\/div>\n\t\t\t\t<\/div>\n\t\t","protected":false},"excerpt":{"rendered":"<p>Bitte beachten Sie zum Schuljahresstart 2024\/25 unseren aktuellen Informationsbeitrag. Stand 05.09.2024 Antr\u00e4ge f\u00fcr die kostenfreie Bef\u00f6rderung Ihres Kindes Digitaler Dienst &#8222;Antrag auf Sch\u00fclerbef\u00f6rderung&#8220; vom Kreis VG Mittlerweile kann der Antrag auf Sch\u00fclerbef\u00f6rderung nur noch online erfolgen! Weitergehende Informationen gibt es &hellip; <\/p>\n","protected":false},"author":1,"featured_media":0,"parent":0,"menu_order":0,"comment_status":"closed","ping_status":"closed","template":"","meta":{"footnotes":""},"class_list":["post-14197","page","type-page","status-publish","hentry"],"_links":{"self":[{"href":"https:\/\/humboldt-greifswald.de\/web\/wp-json\/wp\/v2\/pages\/14197","targetHints":{"allow":["GET"]}}],"collection":[{"href":"https:\/\/humboldt-greifswald.de\/web\/wp-json\/wp\/v2\/pages"}],"about":[{"href":"https:\/\/humboldt-greifswald.de\/web\/wp-json\/wp\/v2\/types\/page"}],"author":[{"embeddable":true,"href":"https:\/\/humboldt-greifswald.de\/web\/wp-json\/wp\/v2\/users\/1"}],"replies":[{"embeddable":true,"href":"https:\/\/humboldt-greifswald.de\/web\/wp-json\/wp\/v2\/comments?post=14197"}],"version-history":[{"count":10,"href":"https:\/\/humboldt-greifswald.de\/web\/wp-json\/wp\/v2\/pages\/14197\/revisions"}],"predecessor-version":[{"id":15713,"href":"https:\/\/humboldt-greifswald.de\/web\/wp-json\/wp\/v2\/pages\/14197\/revisions\/15713"}],"wp:attachment":[{"href":"https:\/\/humboldt-greifswald.de\/web\/wp-json\/wp\/v2\/media?parent=14197"}],"curies":[{"name":"wp","href":"https:\/\/api.w.org\/{rel}","templated":true}]}}