{"id":15834,"date":"2025-01-05T22:56:09","date_gmt":"2025-01-05T21:56:09","guid":{"rendered":"https:\/\/humboldt-greifswald.de\/web\/?page_id=15834"},"modified":"2025-01-07T13:03:02","modified_gmt":"2025-01-07T12:03:02","slug":"schulsozialarbeit","status":"publish","type":"page","link":"https:\/\/humboldt-greifswald.de\/web\/schulsozialarbeit\/","title":{"rendered":"Schulsozialarbeit"},"content":{"rendered":"\t\t<div data-elementor-type=\"wp-page\" data-elementor-id=\"15834\" class=\"elementor elementor-15834\">\n\t\t\t\t<div class=\"elementor-element elementor-element-a8f8d50 e-flex e-con-boxed e-con e-parent\" data-id=\"a8f8d50\" data-element_type=\"container\" data-e-type=\"container\">\n\t\t\t\t\t<div class=\"e-con-inner\">\n\t\t\t\t<div class=\"elementor-element elementor-element-682baaa4 elementor-position-inline-start elementor-widget__width-initial elementor-view-default elementor-mobile-position-block-start elementor-widget elementor-widget-icon-box\" data-id=\"682baaa4\" data-element_type=\"widget\" data-e-type=\"widget\" data-widget_type=\"icon-box.default\">\n\t\t\t\t<div class=\"elementor-widget-container\">\n\t\t\t\t\t\t\t<div class=\"elementor-icon-box-wrapper\">\n\n\t\t\t\t\t\t<div class=\"elementor-icon-box-icon\">\n\t\t\t\t<a href=\"mailto:schoenerstedt@oeffnung-der-schulen.de\" class=\"elementor-icon\" tabindex=\"-1\" aria-label=\"Schulsozialarbeiterin: Frau T. Sch\u00f6nerstedt\">\n\t\t\t\t<i aria-hidden=\"true\" class=\"fas fa-smile\"><\/i>\t\t\t\t<\/a>\n\t\t\t<\/div>\n\t\t\t\n\t\t\t\t\t\t<div class=\"elementor-icon-box-content\">\n\n\t\t\t\t\t\t\t\t\t<h3 class=\"elementor-icon-box-title\">\n\t\t\t\t\t\t<a href=\"mailto:schoenerstedt@oeffnung-der-schulen.de\" >\n\t\t\t\t\t\t\tSchulsozialarbeiterin: Frau T. Sch\u00f6nerstedt\t\t\t\t\t\t<\/a>\n\t\t\t\t\t<\/h3>\n\t\t\t\t\n\t\t\t\t\t\t\t\t\t<p class=\"elementor-icon-box-description\">\n\t\t\t\t\t\tTelefon: +49 (0)3834 \/ 8056-14<br \/>\nMobil: +49 (0)157 \/ 362 795 05<br \/>\nE-Mail: <a href=\"mailto:schoenerstedt@oeffnung-der-schulen.de\">schoenerstedt@oeffnung-der-schulen.de<\/a>\t\t\t\t\t<\/p>\n\t\t\t\t\n\t\t\t<\/div>\n\t\t\t\n\t\t<\/div>\n\t\t\t\t\t\t<\/div>\n\t\t\t\t<\/div>\n\t\t\t\t<div class=\"elementor-element elementor-element-75dd77b7 elementor-position-inline-start elementor-widget__width-initial elementor-view-default elementor-mobile-position-block-start elementor-widget elementor-widget-icon-box\" data-id=\"75dd77b7\" data-element_type=\"widget\" data-e-type=\"widget\" data-widget_type=\"icon-box.default\">\n\t\t\t\t<div class=\"elementor-widget-container\">\n\t\t\t\t\t\t\t<div class=\"elementor-icon-box-wrapper\">\n\n\t\t\t\t\t\t<div class=\"elementor-icon-box-icon\">\n\t\t\t\t<a href=\"mailto:kostack@oeffnung-der-schulen.de\" class=\"elementor-icon\" tabindex=\"-1\" aria-label=\"Schulsozialarbeiter: Herr T. Kostack\">\n\t\t\t\t<i aria-hidden=\"true\" class=\"fas fa-smile\"><\/i>\t\t\t\t<\/a>\n\t\t\t<\/div>\n\t\t\t\n\t\t\t\t\t\t<div class=\"elementor-icon-box-content\">\n\n\t\t\t\t\t\t\t\t\t<h3 class=\"elementor-icon-box-title\">\n\t\t\t\t\t\t<a href=\"mailto:kostack@oeffnung-der-schulen.de\" >\n\t\t\t\t\t\t\tSchulsozialarbeiter: Herr T. Kostack\t\t\t\t\t\t<\/a>\n\t\t\t\t\t<\/h3>\n\t\t\t\t\n\t\t\t\t\t\t\t\t\t<p class=\"elementor-icon-box-description\">\n\t\t\t\t\t\tTelefon: +49 (0)3834 \/ 8056-18<br \/>\nMobil: +49 (0)157 \/ 383 196 43<br \/>\nE-Mail: <a href=\"mailto:kostack@oeffnung-der-schulen.de\">kostack@oeffnung-der-schulen.de<\/a>\t\t\t\t\t<\/p>\n\t\t\t\t\n\t\t\t<\/div>\n\t\t\t\n\t\t<\/div>\n\t\t\t\t\t\t<\/div>\n\t\t\t\t<\/div>\n\t\t\t\t<div class=\"elementor-element elementor-element-803df58 elementor-position-inline-start elementor-widget__width-initial elementor-view-default elementor-mobile-position-block-start elementor-widget elementor-widget-icon-box\" data-id=\"803df58\" data-element_type=\"widget\" data-e-type=\"widget\" data-widget_type=\"icon-box.default\">\n\t\t\t\t<div class=\"elementor-widget-container\">\n\t\t\t\t\t\t\t<div class=\"elementor-icon-box-wrapper\">\n\n\t\t\t\t\t\t<div class=\"elementor-icon-box-icon\">\n\t\t\t\t<span  class=\"elementor-icon\">\n\t\t\t\t<i aria-hidden=\"true\" class=\"far fa-clock\"><\/i>\t\t\t\t<\/span>\n\t\t\t<\/div>\n\t\t\t\n\t\t\t\t\t\t<div class=\"elementor-icon-box-content\">\n\n\t\t\t\t\t\t\t\t\t<h3 class=\"elementor-icon-box-title\">\n\t\t\t\t\t\t<span  >\n\t\t\t\t\t\t\tUnsere Sprechzeiten\t\t\t\t\t\t<\/span>\n\t\t\t\t\t<\/h3>\n\t\t\t\t\n\t\t\t\t\t\t\t\t\t<p class=\"elementor-icon-box-description\">\n\t\t\t\t\t\tMo. - Fr., 08:30 - 15:30<br \/>\nIndividuelle Termine nach Absprache m\u00f6glich\t\t\t\t\t<\/p>\n\t\t\t\t\n\t\t\t<\/div>\n\t\t\t\n\t\t<\/div>\n\t\t\t\t\t\t<\/div>\n\t\t\t\t<\/div>\n\t\t\t\t<div class=\"elementor-element elementor-element-6bdf55ed elementor-position-inline-start elementor-widget__width-initial elementor-view-default elementor-mobile-position-block-start elementor-widget elementor-widget-icon-box\" data-id=\"6bdf55ed\" data-element_type=\"widget\" data-e-type=\"widget\" data-widget_type=\"icon-box.default\">\n\t\t\t\t<div class=\"elementor-widget-container\">\n\t\t\t\t\t\t\t<div class=\"elementor-icon-box-wrapper\">\n\n\t\t\t\t\t\t<div class=\"elementor-icon-box-icon\">\n\t\t\t\t<span  class=\"elementor-icon\">\n\t\t\t\t<i aria-hidden=\"true\" class=\"tk tk-tasks\"><\/i>\t\t\t\t<\/span>\n\t\t\t<\/div>\n\t\t\t\n\t\t\t\t\t\t<div class=\"elementor-icon-box-content\">\n\n\t\t\t\t\t\t\t\t\t<h3 class=\"elementor-icon-box-title\">\n\t\t\t\t\t\t<span  >\n\t\t\t\t\t\t\tUnsere Aufgaben und Angebote\t\t\t\t\t\t<\/span>\n\t\t\t\t\t<\/h3>\n\t\t\t\t\n\t\t\t\t\t\t\t\t\t<p class=\"elementor-icon-box-description\">\n\t\t\t\t\t\t- Beratung und Unterst\u00fctzung aller Sch\u00fcler*innen des Alexander von Humboldt Gymnasiums bei pers\u00f6nlichen, schulischen und famili\u00e4ren Problemen und in individuellen Krisensituationen<br \/>\n- Beratung von Eltern und Sorgeberechtigten<br \/>\n- Vermittlung von au\u00dferschulischen Unterst\u00fctzungs- und Hilfeangeboten, z.B. Beratungsstellen<br \/>\n- Kinderschutz<br \/>\n- Projekte f\u00fcr Klassen, z.B. zum Klassenklima und zur Teambildung<br \/>\n- uvm\u2026\n\t\t\t\t\t<\/p>\n\t\t\t\t\n\t\t\t<\/div>\n\t\t\t\n\t\t<\/div>\n\t\t\t\t\t\t<\/div>\n\t\t\t\t<\/div>\n\t\t\t\t<div class=\"elementor-element elementor-element-b8bf2b elementor-icon-list--layout-traditional elementor-list-item-link-full_width elementor-widget elementor-widget-icon-list\" data-id=\"b8bf2b\" data-element_type=\"widget\" data-e-type=\"widget\" data-widget_type=\"icon-list.default\">\n\t\t\t\t<div class=\"elementor-widget-container\">\n\t\t\t\t\t\t\t<ul class=\"elementor-icon-list-items\">\n\t\t\t\t\t\t\t<li class=\"elementor-icon-list-item\">\n\t\t\t\t\t\t\t\t\t\t\t<a href=\"https:\/\/humboldt-greifswald.de\/web\/wp-content\/uploads\/2025\/01\/Broschuere-Hilfe-finden-Greifswald-und-Umgebug.pdf\" target=\"_blank\">\n\n\t\t\t\t\t\t\t\t\t\t\t\t<span class=\"elementor-icon-list-icon\">\n\t\t\t\t\t\t\t<i aria-hidden=\"true\" class=\"fas fa-info-circle\"><\/i>\t\t\t\t\t\t<\/span>\n\t\t\t\t\t\t\t\t\t\t<span class=\"elementor-icon-list-text\">Hilfreiche Brosch\u00fcre \"Hilfe finden\" f\u00fcr Greifswald und Umgebung<\/span>\n\t\t\t\t\t\t\t\t\t\t\t<\/a>\n\t\t\t\t\t\t\t\t\t<\/li>\n\t\t\t\t\t\t\t\t<li class=\"elementor-icon-list-item\">\n\t\t\t\t\t\t\t\t\t\t\t<a href=\"https:\/\/oeffnung-der-schulen.de\/\">\n\n\t\t\t\t\t\t\t\t\t\t\t\t<span class=\"elementor-icon-list-icon\">\n\t\t\t\t\t\t\t<i aria-hidden=\"true\" class=\"fas fa-external-link-alt\"><\/i>\t\t\t\t\t\t<\/span>\n\t\t\t\t\t\t\t\t\t\t<span class=\"elementor-icon-list-text\">\u00d6ffnung der Schulen e.V.<\/span>\n\t\t\t\t\t\t\t\t\t\t\t<\/a>\n\t\t\t\t\t\t\t\t\t<\/li>\n\t\t\t\t\t\t<\/ul>\n\t\t\t\t\t\t<\/div>\n\t\t\t\t<\/div>\n\t\t\t\t<div class=\"elementor-element elementor-element-15268cc6 elementor-widget elementor-widget-image\" data-id=\"15268cc6\" data-element_type=\"widget\" data-e-type=\"widget\" data-widget_type=\"image.default\">\n\t\t\t\t<div class=\"elementor-widget-container\">\n\t\t\t\t\t\t\t\t\t\t\t\t\t\t\t<img decoding=\"async\" width=\"150\" height=\"150\" src=\"https:\/\/humboldt-greifswald.de\/web\/wp-content\/uploads\/2023\/08\/logo-ds-150x150.jpg\" class=\"attachment-thumbnail size-thumbnail wp-image-14297\" alt=\"\" srcset=\"https:\/\/humboldt-greifswald.de\/web\/wp-content\/uploads\/2023\/08\/logo-ds-150x150.jpg 150w, https:\/\/humboldt-greifswald.de\/web\/wp-content\/uploads\/2023\/08\/logo-ds-300x300.jpg 300w, https:\/\/humboldt-greifswald.de\/web\/wp-content\/uploads\/2023\/08\/logo-ds-100x100.jpg 100w\" sizes=\"(max-width: 150px) 100vw, 150px\" \/>\t\t\t\t\t\t\t\t\t\t\t\t\t\t\t<\/div>\n\t\t\t\t<\/div>\n\t\t\t\t<div class=\"elementor-element elementor-element-60d775ae elementor-widget elementor-widget-image\" data-id=\"60d775ae\" data-element_type=\"widget\" data-e-type=\"widget\" data-widget_type=\"image.default\">\n\t\t\t\t<div class=\"elementor-widget-container\">\n\t\t\t\t\t\t\t\t\t\t\t\t\t\t\t<img decoding=\"async\" src=\"https:\/\/humboldt-greifswald.de\/web\/wp-content\/uploads\/2025\/01\/DEKofinanziertvonderEuropaeischenUnion_POSneu-scaled-400x75.jpg\" title=\"DE+Kofinanziert+von+der+Europ\u00e4ischen+Union_POSneu\" alt=\"DE+Kofinanziert+von+der+Europ\u00e4ischen+Union_POSneu\" loading=\"lazy\" \/>\t\t\t\t\t\t\t\t\t\t\t\t\t\t\t<\/div>\n\t\t\t\t<\/div>\n\t\t\t\t\t<\/div>\n\t\t\t\t<\/div>\n\t\t\t\t<\/div>\n\t\t","protected":false},"excerpt":{"rendered":"<p>Schulsozialarbeiterin: Frau T. Sch\u00f6nerstedt Telefon: +49 (0)3834 \/ 8056-14 Mobil: +49 (0)157 \/ 362 795 05 E-Mail: schoenerstedt@oeffnung-der-schulen.de Schulsozialarbeiter: Herr T. Kostack Telefon: +49 (0)3834 \/ 8056-18 Mobil: +49 (0)157 \/ 383 196 43 E-Mail: kostack@oeffnung-der-schulen.de Unsere Sprechzeiten Mo. &#8211; &hellip; <\/p>\n","protected":false},"author":1,"featured_media":0,"parent":0,"menu_order":0,"comment_status":"closed","ping_status":"closed","template":"","meta":{"footnotes":""},"class_list":["post-15834","page","type-page","status-publish","hentry"],"_links":{"self":[{"href":"https:\/\/humboldt-greifswald.de\/web\/wp-json\/wp\/v2\/pages\/15834","targetHints":{"allow":["GET"]}}],"collection":[{"href":"https:\/\/humboldt-greifswald.de\/web\/wp-json\/wp\/v2\/pages"}],"about":[{"href":"https:\/\/humboldt-greifswald.de\/web\/wp-json\/wp\/v2\/types\/page"}],"author":[{"embeddable":true,"href":"https:\/\/humboldt-greifswald.de\/web\/wp-json\/wp\/v2\/users\/1"}],"replies":[{"embeddable":true,"href":"https:\/\/humboldt-greifswald.de\/web\/wp-json\/wp\/v2\/comments?post=15834"}],"version-history":[{"count":7,"href":"https:\/\/humboldt-greifswald.de\/web\/wp-json\/wp\/v2\/pages\/15834\/revisions"}],"predecessor-version":[{"id":15887,"href":"https:\/\/humboldt-greifswald.de\/web\/wp-json\/wp\/v2\/pages\/15834\/revisions\/15887"}],"wp:attachment":[{"href":"https:\/\/humboldt-greifswald.de\/web\/wp-json\/wp\/v2\/media?parent=15834"}],"curies":[{"name":"wp","href":"https:\/\/api.w.org\/{rel}","templated":true}]}}